{"id":100,"date":"2020-02-03T11:04:30","date_gmt":"2020-02-03T11:04:30","guid":{"rendered":"http:\/\/192.168.1.111\/?page_id=100"},"modified":"2026-01-05T17:12:28","modified_gmt":"2026-01-05T17:12:28","slug":"paisajes","status":"publish","type":"page","link":"https:\/\/adriansediles.es\/?page_id=100","title":{"rendered":"PAISAJES"},"content":{"rendered":"\t\t<div data-elementor-type=\"wp-page\" data-elementor-id=\"100\" class=\"elementor elementor-100\">\n\t\t\t\t\t\t<section class=\"elementor-section elementor-top-section elementor-element elementor-element-ac6b002 elementor-section-boxed elementor-section-height-default elementor-section-height-default\" data-id=\"ac6b002\" data-element_type=\"section\" data-e-type=\"section\">\n\t\t\t\t\t\t<div class=\"elementor-container elementor-column-gap-default\">\n\t\t\t\t\t<div class=\"elementor-column elementor-col-100 elementor-top-column elementor-element elementor-element-6939b9b\" data-id=\"6939b9b\" data-element_type=\"column\" data-e-type=\"column\">\n\t\t\t<div class=\"elementor-widget-wrap elementor-element-populated\">\n\t\t\t\t\t\t<div class=\"elementor-element elementor-element-7179c36 elementor-widget elementor-widget-image-gallery\" data-id=\"7179c36\" data-element_type=\"widget\" data-e-type=\"widget\" data-widget_type=\"image-gallery.default\">\n\t\t\t\t<div class=\"elementor-widget-container\">\n\t\t\t\t\t\t\t<div class=\"elementor-image-gallery\">\n\t\t\t<div id='gallery-1' class='gallery galleryid-100 gallery-columns-6 gallery-size-medium'><figure class='gallery-item'>\n\t\t\t<div class='gallery-icon landscape'>\n\t\t\t\t<a data-elementor-open-lightbox=\"yes\" data-elementor-lightbox-slideshow=\"7179c36\" data-elementor-lightbox-title=\"Atardecer en Torla (Huesca) - Adrian Sediles Embi\" data-elementor-lightbox-description=\"Atardecer en Torla (Huesca) - Adrian Sediles Embi\" data-e-action-hash=\"#elementor-action%3Aaction%3Dlightbox%26settings%3DeyJpZCI6MTU4LCJ1cmwiOiJodHRwczpcL1wvYWRyaWFuc2VkaWxlcy5lc1wvd3AtY29udGVudFwvdXBsb2Fkc1wvMjAyMFwvMDJcL0F0YXJkZWNlci1lbi1Ub3JsYS1IdWVzY2EtQWRyaWFuLVNlZGlsZXMtRW1iaS0xLmpwZyIsInNsaWRlc2hvdyI6IjcxNzljMzYifQ%3D%3D\" href='https:\/\/adriansediles.es\/wp-content\/uploads\/2020\/02\/Atardecer-en-Torla-Huesca-Adrian-Sediles-Embi-1.jpg'><img fetchpriority=\"high\" decoding=\"async\" width=\"300\" height=\"200\" src=\"https:\/\/adriansediles.es\/wp-content\/uploads\/2020\/02\/Atardecer-en-Torla-Huesca-Adrian-Sediles-Embi-1-300x200.jpg\" class=\"attachment-medium size-medium\" alt=\"Atardecer en Torla (Huesca) - Adrian Sediles Embi\" aria-describedby=\"gallery-1-158\" srcset=\"https:\/\/adriansediles.es\/wp-content\/uploads\/2020\/02\/Atardecer-en-Torla-Huesca-Adrian-Sediles-Embi-1-300x200.jpg 300w, https:\/\/adriansediles.es\/wp-content\/uploads\/2020\/02\/Atardecer-en-Torla-Huesca-Adrian-Sediles-Embi-1-768x512.jpg 768w, https:\/\/adriansediles.es\/wp-content\/uploads\/2020\/02\/Atardecer-en-Torla-Huesca-Adrian-Sediles-Embi-1-666x444.jpg 666w, https:\/\/adriansediles.es\/wp-content\/uploads\/2020\/02\/Atardecer-en-Torla-Huesca-Adrian-Sediles-Embi-1.jpg 1024w\" sizes=\"(max-width: 300px) 100vw, 300px\" \/><\/a>\n\t\t\t<\/div>\n\t\t\t\t<figcaption class='wp-caption-text gallery-caption' id='gallery-1-158'>\n\t\t\t\tFotograf\u00eda realizada por Adrian Sediles Embi en el atardecer de Torla (Huesca), un lugar con vistas privilegiadas situado en Arag\u00f3n.\n\t\t\t\t<\/figcaption><\/figure><figure class='gallery-item'>\n\t\t\t<div class='gallery-icon landscape'>\n\t\t\t\t<a data-elementor-open-lightbox=\"yes\" data-elementor-lightbox-slideshow=\"7179c36\" data-elementor-lightbox-title=\"Embalse de Lanuza con Pe\u00f1a Foratata al fondo\" data-elementor-lightbox-description=\"Embalse de Lanuza con Pe\u00f1a Foratata al fondo\" data-e-action-hash=\"#elementor-action%3Aaction%3Dlightbox%26settings%3DeyJpZCI6MTUyMywidXJsIjoiaHR0cHM6XC9cL2FkcmlhbnNlZGlsZXMuZXNcL3dwLWNvbnRlbnRcL3VwbG9hZHNcLzIwMjNcLzExXC9ESklfMDk2Ny5qcGciLCJzbGlkZXNob3ciOiI3MTc5YzM2In0%3D\" href='https:\/\/adriansediles.es\/wp-content\/uploads\/2023\/11\/DJI_0967.jpg'><img decoding=\"async\" width=\"300\" height=\"169\" src=\"https:\/\/adriansediles.es\/wp-content\/uploads\/2023\/11\/DJI_0967-300x169.jpg\" class=\"attachment-medium size-medium\" alt=\"Embalse de Lanuza con Pe\u00f1a Foratata al fondo\" aria-describedby=\"gallery-1-1523\" srcset=\"https:\/\/adriansediles.es\/wp-content\/uploads\/2023\/11\/DJI_0967-300x169.jpg 300w, https:\/\/adriansediles.es\/wp-content\/uploads\/2023\/11\/DJI_0967-1024x575.jpg 1024w, https:\/\/adriansediles.es\/wp-content\/uploads\/2023\/11\/DJI_0967-768x432.jpg 768w, https:\/\/adriansediles.es\/wp-content\/uploads\/2023\/11\/DJI_0967-1536x863.jpg 1536w, https:\/\/adriansediles.es\/wp-content\/uploads\/2023\/11\/DJI_0967-2048x1151.jpg 2048w, https:\/\/adriansediles.es\/wp-content\/uploads\/2023\/11\/DJI_0967-990x556.jpg 990w, https:\/\/adriansediles.es\/wp-content\/uploads\/2023\/11\/DJI_0967-1920x1080.jpg 1920w\" sizes=\"(max-width: 300px) 100vw, 300px\" \/><\/a>\n\t\t\t<\/div>\n\t\t\t\t<figcaption class='wp-caption-text gallery-caption' id='gallery-1-1523'>\n\t\t\t\tEmbalse de Lanuza con Pe\u00f1a Foratata al fondo tomada desde un dron en Oto\u00f1o.\n\t\t\t\t<\/figcaption><\/figure><figure class='gallery-item'>\n\t\t\t<div class='gallery-icon landscape'>\n\t\t\t\t<a data-elementor-open-lightbox=\"yes\" data-elementor-lightbox-slideshow=\"7179c36\" data-elementor-lightbox-title=\"Castillo de Acher en Hecho, en la Selva de Oza - Adrian Sediles Embi\" data-elementor-lightbox-description=\"Castillo de Acher en Hecho, en la Selva de Oza - Adrian Sediles Embi\" data-e-action-hash=\"#elementor-action%3Aaction%3Dlightbox%26settings%3DeyJpZCI6MTMxNiwidXJsIjoiaHR0cHM6XC9cL2FkcmlhbnNlZGlsZXMuZXNcL3dwLWNvbnRlbnRcL3VwbG9hZHNcLzIwMjJcLzA5XC9ESklfMDIxOC0wMS1zY2FsZWQuanBlZyIsInNsaWRlc2hvdyI6IjcxNzljMzYifQ%3D%3D\" href='https:\/\/adriansediles.es\/wp-content\/uploads\/2022\/09\/DJI_0218-01-scaled.jpeg'><img decoding=\"async\" width=\"300\" height=\"225\" src=\"https:\/\/adriansediles.es\/wp-content\/uploads\/2022\/09\/DJI_0218-01-300x225.jpeg\" class=\"attachment-medium size-medium\" alt=\"Castillo de Acher en Hecho, en la Selva de Oza - Adrian Sediles Embi\" aria-describedby=\"gallery-1-1316\" srcset=\"https:\/\/adriansediles.es\/wp-content\/uploads\/2022\/09\/DJI_0218-01-300x225.jpeg 300w, https:\/\/adriansediles.es\/wp-content\/uploads\/2022\/09\/DJI_0218-01-1024x768.jpeg 1024w, https:\/\/adriansediles.es\/wp-content\/uploads\/2022\/09\/DJI_0218-01-768x576.jpeg 768w, https:\/\/adriansediles.es\/wp-content\/uploads\/2022\/09\/DJI_0218-01-1536x1152.jpeg 1536w, https:\/\/adriansediles.es\/wp-content\/uploads\/2022\/09\/DJI_0218-01-2048x1536.jpeg 2048w, https:\/\/adriansediles.es\/wp-content\/uploads\/2022\/09\/DJI_0218-01-755x566.jpeg 755w\" sizes=\"(max-width: 300px) 100vw, 300px\" \/><\/a>\n\t\t\t<\/div>\n\t\t\t\t<figcaption class='wp-caption-text gallery-caption' id='gallery-1-1316'>\n\t\t\t\tCastillo de Acher en Hecho, en la Selva de Oza &#8211; Adrian Sediles Embi\n\t\t\t\t<\/figcaption><\/figure><figure class='gallery-item'>\n\t\t\t<div class='gallery-icon landscape'>\n\t\t\t\t<a data-elementor-open-lightbox=\"yes\" data-elementor-lightbox-slideshow=\"7179c36\" data-elementor-lightbox-title=\"Pico Aguerri en los Valles Occidentales\" data-elementor-lightbox-description=\"Ascenso al pico Aguerri en los Valles Occidentales\" data-e-action-hash=\"#elementor-action%3Aaction%3Dlightbox%26settings%3DeyJpZCI6MTU5OCwidXJsIjoiaHR0cHM6XC9cL2FkcmlhbnNlZGlsZXMuZXNcL3dwLWNvbnRlbnRcL3VwbG9hZHNcLzIwMjRcLzA2XC9QWExfMjAyNDA2MjJfMTAyMjI3ODAwLmpwZyIsInNsaWRlc2hvdyI6IjcxNzljMzYifQ%3D%3D\" href='https:\/\/adriansediles.es\/wp-content\/uploads\/2024\/06\/PXL_20240622_102227800.jpg'><img loading=\"lazy\" decoding=\"async\" width=\"300\" height=\"169\" src=\"https:\/\/adriansediles.es\/wp-content\/uploads\/2024\/06\/PXL_20240622_102227800-300x169.jpg\" class=\"attachment-medium size-medium\" alt=\"Ascenso al pico Aguerri en los Valles Occidentales\" aria-describedby=\"gallery-1-1598\" srcset=\"https:\/\/adriansediles.es\/wp-content\/uploads\/2024\/06\/PXL_20240622_102227800-300x169.jpg 300w, https:\/\/adriansediles.es\/wp-content\/uploads\/2024\/06\/PXL_20240622_102227800-1024x576.jpg 1024w, https:\/\/adriansediles.es\/wp-content\/uploads\/2024\/06\/PXL_20240622_102227800-768x432.jpg 768w, https:\/\/adriansediles.es\/wp-content\/uploads\/2024\/06\/PXL_20240622_102227800-1536x864.jpg 1536w, https:\/\/adriansediles.es\/wp-content\/uploads\/2024\/06\/PXL_20240622_102227800-2048x1152.jpg 2048w, https:\/\/adriansediles.es\/wp-content\/uploads\/2024\/06\/PXL_20240622_102227800-990x557.jpg 990w, https:\/\/adriansediles.es\/wp-content\/uploads\/2024\/06\/PXL_20240622_102227800-1920x1080.jpg 1920w\" sizes=\"(max-width: 300px) 100vw, 300px\" \/><\/a>\n\t\t\t<\/div>\n\t\t\t\t<figcaption class='wp-caption-text gallery-caption' id='gallery-1-1598'>\n\t\t\t\tAscenso al pico Aguerri en los Valles Occidentales\n\t\t\t\t<\/figcaption><\/figure><figure class='gallery-item'>\n\t\t\t<div class='gallery-icon landscape'>\n\t\t\t\t<a data-elementor-open-lightbox=\"yes\" data-elementor-lightbox-slideshow=\"7179c36\" data-elementor-lightbox-title=\"Picos de los infiernos en Panticosa.00_00_04_01.Imagen fija002\" data-elementor-lightbox-description=\"Panor\u00e1mica de la ascensi\u00f3n a los 3 Picos de los infiernos en Panticosa\" data-e-action-hash=\"#elementor-action%3Aaction%3Dlightbox%26settings%3DeyJpZCI6MTg2MywidXJsIjoiaHR0cHM6XC9cL2FkcmlhbnNlZGlsZXMuZXNcL3dwLWNvbnRlbnRcL3VwbG9hZHNcLzIwMjVcLzA4XC9ESklfMjAyNTA4MDkxMDUxMTNfMDAzNF9ELjAwXzAwXzA0XzAxLkltYWdlbi1maWphMDAyLmpwZyIsInNsaWRlc2hvdyI6IjcxNzljMzYifQ%3D%3D\" href='https:\/\/adriansediles.es\/wp-content\/uploads\/2025\/08\/DJI_20250809105113_0034_D.00_00_04_01.Imagen-fija002.jpg'><img loading=\"lazy\" decoding=\"async\" width=\"300\" height=\"169\" src=\"https:\/\/adriansediles.es\/wp-content\/uploads\/2025\/08\/DJI_20250809105113_0034_D.00_00_04_01.Imagen-fija002-300x169.jpg\" class=\"attachment-medium size-medium\" alt=\"Picos de los infiernos en Panticosa\" aria-describedby=\"gallery-1-1863\" srcset=\"https:\/\/adriansediles.es\/wp-content\/uploads\/2025\/08\/DJI_20250809105113_0034_D.00_00_04_01.Imagen-fija002-300x169.jpg 300w, https:\/\/adriansediles.es\/wp-content\/uploads\/2025\/08\/DJI_20250809105113_0034_D.00_00_04_01.Imagen-fija002-1024x576.jpg 1024w, https:\/\/adriansediles.es\/wp-content\/uploads\/2025\/08\/DJI_20250809105113_0034_D.00_00_04_01.Imagen-fija002-768x432.jpg 768w, https:\/\/adriansediles.es\/wp-content\/uploads\/2025\/08\/DJI_20250809105113_0034_D.00_00_04_01.Imagen-fija002-1536x864.jpg 1536w, https:\/\/adriansediles.es\/wp-content\/uploads\/2025\/08\/DJI_20250809105113_0034_D.00_00_04_01.Imagen-fija002-2048x1152.jpg 2048w, https:\/\/adriansediles.es\/wp-content\/uploads\/2025\/08\/DJI_20250809105113_0034_D.00_00_04_01.Imagen-fija002-990x557.jpg 990w, https:\/\/adriansediles.es\/wp-content\/uploads\/2025\/08\/DJI_20250809105113_0034_D.00_00_04_01.Imagen-fija002-1920x1080.jpg 1920w\" sizes=\"(max-width: 300px) 100vw, 300px\" \/><\/a>\n\t\t\t<\/div>\n\t\t\t\t<figcaption class='wp-caption-text gallery-caption' id='gallery-1-1863'>\n\t\t\t\tPanor\u00e1mica de la ascensi\u00f3n a los 3 Picos de los infiernos en Panticosa\n\t\t\t\t<\/figcaption><\/figure><figure class='gallery-item'>\n\t\t\t<div class='gallery-icon landscape'>\n\t\t\t\t<a data-elementor-open-lightbox=\"yes\" data-elementor-lightbox-slideshow=\"7179c36\" data-elementor-lightbox-title=\"Basilica del Pilar en Zaragoza - Adrian Sediles Embi\" data-elementor-lightbox-description=\"Basilica del Pilar en Zaragoza - Adrian Sediles Embi\" data-e-action-hash=\"#elementor-action%3Aaction%3Dlightbox%26settings%3DeyJpZCI6MTYyLCJ1cmwiOiJodHRwczpcL1wvYWRyaWFuc2VkaWxlcy5lc1wvd3AtY29udGVudFwvdXBsb2Fkc1wvMjAyMFwvMDJcL0Jhc2lsaWNhLWRlbC1QaWxhci1lbi1aYXJhZ296YS1BZHJpYW4tU2VkaWxlcy1FbWJpLmpwZyIsInNsaWRlc2hvdyI6IjcxNzljMzYifQ%3D%3D\" href='https:\/\/adriansediles.es\/wp-content\/uploads\/2020\/02\/Basilica-del-Pilar-en-Zaragoza-Adrian-Sediles-Embi.jpg'><img loading=\"lazy\" decoding=\"async\" width=\"300\" height=\"200\" src=\"https:\/\/adriansediles.es\/wp-content\/uploads\/2020\/02\/Basilica-del-Pilar-en-Zaragoza-Adrian-Sediles-Embi-300x200.jpg\" class=\"attachment-medium size-medium\" alt=\"Basilica del Pilar en Zaragoza - Adrian Sediles Embi\" aria-describedby=\"gallery-1-162\" srcset=\"https:\/\/adriansediles.es\/wp-content\/uploads\/2020\/02\/Basilica-del-Pilar-en-Zaragoza-Adrian-Sediles-Embi-300x200.jpg 300w, https:\/\/adriansediles.es\/wp-content\/uploads\/2020\/02\/Basilica-del-Pilar-en-Zaragoza-Adrian-Sediles-Embi-768x512.jpg 768w, https:\/\/adriansediles.es\/wp-content\/uploads\/2020\/02\/Basilica-del-Pilar-en-Zaragoza-Adrian-Sediles-Embi-666x444.jpg 666w, https:\/\/adriansediles.es\/wp-content\/uploads\/2020\/02\/Basilica-del-Pilar-en-Zaragoza-Adrian-Sediles-Embi.jpg 1024w\" sizes=\"(max-width: 300px) 100vw, 300px\" \/><\/a>\n\t\t\t<\/div>\n\t\t\t\t<figcaption class='wp-caption-text gallery-caption' id='gallery-1-162'>\n\t\t\t\tFotografia realizada por Adrian Sediles Embi en Zaragoza, desde el Puente de Piedra, sobre el R\u00edo Ebro y frente a la Bas\u00edlica del Pilar.\n\t\t\t\t<\/figcaption><\/figure><figure class='gallery-item'>\n\t\t\t<div class='gallery-icon landscape'>\n\t\t\t\t<a data-elementor-open-lightbox=\"yes\" data-elementor-lightbox-slideshow=\"7179c36\" data-elementor-lightbox-title=\"Estrechos del R\u00edo Mart\u00edn entre Alcaine y Ob\u00f3n en la comunidad de Teruel, Arag\u00f3n.\" data-elementor-lightbox-description=\"Estrechos del R\u00edo Mart\u00edn entre Alcaine y Ob\u00f3n en la comunidad de Teruel, Arag\u00f3n.\" data-e-action-hash=\"#elementor-action%3Aaction%3Dlightbox%26settings%3DeyJpZCI6MTE2NCwidXJsIjoiaHR0cHM6XC9cL2FkcmlhbnNlZGlsZXMuZXNcL3dwLWNvbnRlbnRcL3VwbG9hZHNcLzIwMjJcLzAzXC9ESklfMDU3Ny1zY2FsZWQuanBnIiwic2xpZGVzaG93IjoiNzE3OWMzNiJ9\" href='https:\/\/adriansediles.es\/wp-content\/uploads\/2022\/03\/DJI_0577-scaled.jpg'><img loading=\"lazy\" decoding=\"async\" width=\"300\" height=\"225\" src=\"https:\/\/adriansediles.es\/wp-content\/uploads\/2022\/03\/DJI_0577-300x225.jpg\" class=\"attachment-medium size-medium\" alt=\"Estrechos del R\u00edo Mart\u00edn entre Alcaine y Ob\u00f3n en la comunidad de Teruel, Arag\u00f3n.\" aria-describedby=\"gallery-1-1164\" srcset=\"https:\/\/adriansediles.es\/wp-content\/uploads\/2022\/03\/DJI_0577-300x225.jpg 300w, https:\/\/adriansediles.es\/wp-content\/uploads\/2022\/03\/DJI_0577-1024x768.jpg 1024w, https:\/\/adriansediles.es\/wp-content\/uploads\/2022\/03\/DJI_0577-768x576.jpg 768w, https:\/\/adriansediles.es\/wp-content\/uploads\/2022\/03\/DJI_0577-1536x1152.jpg 1536w, https:\/\/adriansediles.es\/wp-content\/uploads\/2022\/03\/DJI_0577-2048x1536.jpg 2048w, https:\/\/adriansediles.es\/wp-content\/uploads\/2022\/03\/DJI_0577-755x566.jpg 755w\" sizes=\"(max-width: 300px) 100vw, 300px\" \/><\/a>\n\t\t\t<\/div>\n\t\t\t\t<figcaption class='wp-caption-text gallery-caption' id='gallery-1-1164'>\n\t\t\t\tEstrechos del R\u00edo Mart\u00edn entre Alcaine y Ob\u00f3n en la comunidad de Teruel, Arag\u00f3n.\n\t\t\t\t<\/figcaption><\/figure><figure class='gallery-item'>\n\t\t\t<div class='gallery-icon landscape'>\n\t\t\t\t<a data-elementor-open-lightbox=\"yes\" data-elementor-lightbox-slideshow=\"7179c36\" data-elementor-lightbox-title=\"Nieve en Zaragoza tras borrasca Filomena - Adrian Sediles Embi\" data-elementor-lightbox-description=\"Fotograf\u00eda a\u00e9rea de Zaragoza cubierta por la nieve tras el paso de la borrasca Filomena por Espa\u00f1a, realizada por Adrian Sediles Embi.\" data-e-action-hash=\"#elementor-action%3Aaction%3Dlightbox%26settings%3DeyJpZCI6OTEzLCJ1cmwiOiJodHRwczpcL1wvYWRyaWFuc2VkaWxlcy5lc1wvd3AtY29udGVudFwvdXBsb2Fkc1wvMjAyMVwvMDFcL05pZXZlLWVuLVphcmFnb3phLXRyYXMtYm9ycmFzY2EtRmlsb21lbmEtQWRyaWFuLVNlZGlsZXMtRW1iaS0xLXNjYWxlZC5qcGciLCJzbGlkZXNob3ciOiI3MTc5YzM2In0%3D\" href='https:\/\/adriansediles.es\/wp-content\/uploads\/2021\/01\/Nieve-en-Zaragoza-tras-borrasca-Filomena-Adrian-Sediles-Embi-1-scaled.jpg'><img loading=\"lazy\" decoding=\"async\" width=\"300\" height=\"225\" src=\"https:\/\/adriansediles.es\/wp-content\/uploads\/2021\/01\/Nieve-en-Zaragoza-tras-borrasca-Filomena-Adrian-Sediles-Embi-1-300x225.jpg\" class=\"attachment-medium size-medium\" alt=\"Nieve en Zaragoza - Adrian Sediles Embi\" aria-describedby=\"gallery-1-913\" \/><\/a>\n\t\t\t<\/div>\n\t\t\t\t<figcaption class='wp-caption-text gallery-caption' id='gallery-1-913'>\n\t\t\t\tFilomena a su paso por Zaragoza &#8211; Adrian Sediles Embi\n\t\t\t\t<\/figcaption><\/figure><figure class='gallery-item'>\n\t\t\t<div class='gallery-icon landscape'>\n\t\t\t\t<a data-elementor-open-lightbox=\"yes\" data-elementor-lightbox-slideshow=\"7179c36\" data-elementor-lightbox-title=\"Pico de Fragineto de 1734m, en la Sierra de Guara - Huesca\" data-elementor-lightbox-description=\"Fotograf\u00eda a\u00e9rea en lo alto del pico Fragineto 1734m en la Sierra de Guara, frente al pico Tozal de Guara.\" data-e-action-hash=\"#elementor-action%3Aaction%3Dlightbox%26settings%3DeyJpZCI6MTM3NCwidXJsIjoiaHR0cHM6XC9cL2FkcmlhbnNlZGlsZXMuZXNcL3dwLWNvbnRlbnRcL3VwbG9hZHNcLzIwMjNcLzAyXC9QaWNvLUZyYWdpbmV0by1lbi1sYS1TaWVycmEtZGUtR3VhcmEtc2NhbGVkLmpwZWciLCJzbGlkZXNob3ciOiI3MTc5YzM2In0%3D\" href='https:\/\/adriansediles.es\/wp-content\/uploads\/2023\/02\/Pico-Fragineto-en-la-Sierra-de-Guara-scaled.jpeg'><img loading=\"lazy\" decoding=\"async\" width=\"300\" height=\"169\" src=\"https:\/\/adriansediles.es\/wp-content\/uploads\/2023\/02\/Pico-Fragineto-en-la-Sierra-de-Guara-300x169.jpeg\" class=\"attachment-medium size-medium\" alt=\"Pico de Fragineto de 1734m, en la Sierra de Guara - Huesca\" aria-describedby=\"gallery-1-1374\" srcset=\"https:\/\/adriansediles.es\/wp-content\/uploads\/2023\/02\/Pico-Fragineto-en-la-Sierra-de-Guara-300x169.jpeg 300w, https:\/\/adriansediles.es\/wp-content\/uploads\/2023\/02\/Pico-Fragineto-en-la-Sierra-de-Guara-1024x576.jpeg 1024w, https:\/\/adriansediles.es\/wp-content\/uploads\/2023\/02\/Pico-Fragineto-en-la-Sierra-de-Guara-768x432.jpeg 768w, https:\/\/adriansediles.es\/wp-content\/uploads\/2023\/02\/Pico-Fragineto-en-la-Sierra-de-Guara-1536x864.jpeg 1536w, https:\/\/adriansediles.es\/wp-content\/uploads\/2023\/02\/Pico-Fragineto-en-la-Sierra-de-Guara-2048x1152.jpeg 2048w, https:\/\/adriansediles.es\/wp-content\/uploads\/2023\/02\/Pico-Fragineto-en-la-Sierra-de-Guara-990x556.jpeg 990w, https:\/\/adriansediles.es\/wp-content\/uploads\/2023\/02\/Pico-Fragineto-en-la-Sierra-de-Guara-1920x1080.jpeg 1920w\" sizes=\"(max-width: 300px) 100vw, 300px\" \/><\/a>\n\t\t\t<\/div>\n\t\t\t\t<figcaption class='wp-caption-text gallery-caption' id='gallery-1-1374'>\n\t\t\t\tPico de Fragineto de 1734m, en la Sierra de Guara &#8211; Huesca\n\t\t\t\t<\/figcaption><\/figure><figure class='gallery-item'>\n\t\t\t<div class='gallery-icon landscape'>\n\t\t\t\t<a data-elementor-open-lightbox=\"yes\" data-elementor-lightbox-slideshow=\"7179c36\" data-elementor-lightbox-title=\"Pico de Guara 2077m - Adrian Sediles Embi\" data-elementor-lightbox-description=\"Pico de Guara 2077m - Adrian Sediles Embi\" data-e-action-hash=\"#elementor-action%3Aaction%3Dlightbox%26settings%3DeyJpZCI6MTMyNywidXJsIjoiaHR0cHM6XC9cL2FkcmlhbnNlZGlsZXMuZXNcL3dwLWNvbnRlbnRcL3VwbG9hZHNcLzIwMjJcLzEwXC9ESklfMDM1MC1zY2FsZWQuanBnIiwic2xpZGVzaG93IjoiNzE3OWMzNiJ9\" href='https:\/\/adriansediles.es\/wp-content\/uploads\/2022\/10\/DJI_0350-scaled.jpg'><img loading=\"lazy\" decoding=\"async\" width=\"300\" height=\"169\" src=\"https:\/\/adriansediles.es\/wp-content\/uploads\/2022\/10\/DJI_0350-300x169.jpg\" class=\"attachment-medium size-medium\" alt=\"Pico de Guara 2077m - Adrian Sediles Embi\" aria-describedby=\"gallery-1-1327\" srcset=\"https:\/\/adriansediles.es\/wp-content\/uploads\/2022\/10\/DJI_0350-300x169.jpg 300w, https:\/\/adriansediles.es\/wp-content\/uploads\/2022\/10\/DJI_0350-1024x576.jpg 1024w, https:\/\/adriansediles.es\/wp-content\/uploads\/2022\/10\/DJI_0350-768x432.jpg 768w, https:\/\/adriansediles.es\/wp-content\/uploads\/2022\/10\/DJI_0350-1536x864.jpg 1536w, https:\/\/adriansediles.es\/wp-content\/uploads\/2022\/10\/DJI_0350-2048x1152.jpg 2048w, https:\/\/adriansediles.es\/wp-content\/uploads\/2022\/10\/DJI_0350-990x556.jpg 990w, https:\/\/adriansediles.es\/wp-content\/uploads\/2022\/10\/DJI_0350-1920x1080.jpg 1920w\" sizes=\"(max-width: 300px) 100vw, 300px\" \/><\/a>\n\t\t\t<\/div>\n\t\t\t\t<figcaption class='wp-caption-text gallery-caption' id='gallery-1-1327'>\n\t\t\t\tFotograf\u00eda a\u00e9rea de el Pico de Guara 2077m desde el Tozal de Cubilas &#8211; Adrian Sediles Embi\n\t\t\t\t<\/figcaption><\/figure><figure class='gallery-item'>\n\t\t\t<div class='gallery-icon landscape'>\n\t\t\t\t<a data-elementor-open-lightbox=\"yes\" data-elementor-lightbox-slideshow=\"7179c36\" data-elementor-lightbox-title=\"Ascenso al pico Argualas en el valle de Tena, Panticosa.\" data-elementor-lightbox-description=\"Ascenso al pico Argualas en el valle de Tena, Panticosa.\" data-e-action-hash=\"#elementor-action%3Aaction%3Dlightbox%26settings%3DeyJpZCI6MTYxNywidXJsIjoiaHR0cHM6XC9cL2FkcmlhbnNlZGlsZXMuZXNcL3dwLWNvbnRlbnRcL3VwbG9hZHNcLzIwMjRcLzA4XC9ESklfMDIwN18yMS5qcGciLCJzbGlkZXNob3ciOiI3MTc5YzM2In0%3D\" href='https:\/\/adriansediles.es\/wp-content\/uploads\/2024\/08\/DJI_0207_21.jpg'><img loading=\"lazy\" decoding=\"async\" width=\"300\" height=\"169\" src=\"https:\/\/adriansediles.es\/wp-content\/uploads\/2024\/08\/DJI_0207_21-300x169.jpg\" class=\"attachment-medium size-medium\" alt=\"Ascenso al pico Argualas en el valle de Tena, Panticosa.\" aria-describedby=\"gallery-1-1617\" srcset=\"https:\/\/adriansediles.es\/wp-content\/uploads\/2024\/08\/DJI_0207_21-300x169.jpg 300w, https:\/\/adriansediles.es\/wp-content\/uploads\/2024\/08\/DJI_0207_21-1024x576.jpg 1024w, https:\/\/adriansediles.es\/wp-content\/uploads\/2024\/08\/DJI_0207_21-768x432.jpg 768w, https:\/\/adriansediles.es\/wp-content\/uploads\/2024\/08\/DJI_0207_21-1536x864.jpg 1536w, https:\/\/adriansediles.es\/wp-content\/uploads\/2024\/08\/DJI_0207_21-2048x1152.jpg 2048w, https:\/\/adriansediles.es\/wp-content\/uploads\/2024\/08\/DJI_0207_21-990x557.jpg 990w, https:\/\/adriansediles.es\/wp-content\/uploads\/2024\/08\/DJI_0207_21-1920x1080.jpg 1920w\" sizes=\"(max-width: 300px) 100vw, 300px\" \/><\/a>\n\t\t\t<\/div>\n\t\t\t\t<figcaption class='wp-caption-text gallery-caption' id='gallery-1-1617'>\n\t\t\t\tAscenso al pico Argualas en el valle de Tena, Panticosa.\n\t\t\t\t<\/figcaption><\/figure><figure class='gallery-item'>\n\t\t\t<div class='gallery-icon landscape'>\n\t\t\t\t<a data-elementor-open-lightbox=\"yes\" data-elementor-lightbox-slideshow=\"7179c36\" data-elementor-lightbox-title=\"Cascada de Cotatuero, Ordesa - Adrian Sediles Embi\" data-elementor-lightbox-description=\"Cascada de Cotatuero, Ordesa - Adrian Sediles Embi\" data-e-action-hash=\"#elementor-action%3Aaction%3Dlightbox%26settings%3DeyJpZCI6MTUxLCJ1cmwiOiJodHRwczpcL1wvYWRyaWFuc2VkaWxlcy5lc1wvd3AtY29udGVudFwvdXBsb2Fkc1wvMjAyMFwvMDJcL0RTQzU1MTQtMS1zY2FsZWQuanBnIiwic2xpZGVzaG93IjoiNzE3OWMzNiJ9\" href='https:\/\/adriansediles.es\/wp-content\/uploads\/2020\/02\/DSC5514-1-scaled.jpg'><img loading=\"lazy\" decoding=\"async\" width=\"300\" height=\"200\" src=\"https:\/\/adriansediles.es\/wp-content\/uploads\/2020\/02\/DSC5514-1-300x200.jpg\" class=\"attachment-medium size-medium\" alt=\"Cascada de Cotatuero, Ordesa - Adrian Sediles Embi\" aria-describedby=\"gallery-1-151\" srcset=\"https:\/\/adriansediles.es\/wp-content\/uploads\/2020\/02\/DSC5514-1-300x200.jpg 300w, https:\/\/adriansediles.es\/wp-content\/uploads\/2020\/02\/DSC5514-1-1024x683.jpg 1024w, https:\/\/adriansediles.es\/wp-content\/uploads\/2020\/02\/DSC5514-1-768x512.jpg 768w, https:\/\/adriansediles.es\/wp-content\/uploads\/2020\/02\/DSC5514-1-1536x1024.jpg 1536w, https:\/\/adriansediles.es\/wp-content\/uploads\/2020\/02\/DSC5514-1-2048x1365.jpg 2048w, https:\/\/adriansediles.es\/wp-content\/uploads\/2020\/02\/DSC5514-1-666x444.jpg 666w\" sizes=\"(max-width: 300px) 100vw, 300px\" \/><\/a>\n\t\t\t<\/div>\n\t\t\t\t<figcaption class='wp-caption-text gallery-caption' id='gallery-1-151'>\n\t\t\t\tCascada de Cotatuero, Ordesa &#8211; Adrian Sediles Embi\n\t\t\t\t<\/figcaption><\/figure><figure class='gallery-item'>\n\t\t\t<div class='gallery-icon landscape'>\n\t\t\t\t<a data-elementor-open-lightbox=\"yes\" data-elementor-lightbox-slideshow=\"7179c36\" data-elementor-lightbox-title=\"Fiestas del Pilar en Zaragoza - Adrian Sediles Embi\" data-elementor-lightbox-description=\"Fiestas del Pilar en Zaragoza - Adrian Sediles Embi\" data-e-action-hash=\"#elementor-action%3Aaction%3Dlightbox%26settings%3DeyJpZCI6MTY2LCJ1cmwiOiJodHRwczpcL1wvYWRyaWFuc2VkaWxlcy5lc1wvd3AtY29udGVudFwvdXBsb2Fkc1wvMjAyMFwvMDJcL0ZpZXN0YXMtZGVsLVBpbGFyLWVuLVphcmFnb3phLUFkcmlhbi1TZWRpbGVzLUVtYmkuanBnIiwic2xpZGVzaG93IjoiNzE3OWMzNiJ9\" href='https:\/\/adriansediles.es\/wp-content\/uploads\/2020\/02\/Fiestas-del-Pilar-en-Zaragoza-Adrian-Sediles-Embi.jpg'><img loading=\"lazy\" decoding=\"async\" width=\"300\" height=\"200\" src=\"https:\/\/adriansediles.es\/wp-content\/uploads\/2020\/02\/Fiestas-del-Pilar-en-Zaragoza-Adrian-Sediles-Embi-300x200.jpg\" class=\"attachment-medium size-medium\" alt=\"Fiestas del Pilar en Zaragoza - Adrian Sediles Embi\" aria-describedby=\"gallery-1-166\" srcset=\"https:\/\/adriansediles.es\/wp-content\/uploads\/2020\/02\/Fiestas-del-Pilar-en-Zaragoza-Adrian-Sediles-Embi-300x200.jpg 300w, https:\/\/adriansediles.es\/wp-content\/uploads\/2020\/02\/Fiestas-del-Pilar-en-Zaragoza-Adrian-Sediles-Embi-768x512.jpg 768w, https:\/\/adriansediles.es\/wp-content\/uploads\/2020\/02\/Fiestas-del-Pilar-en-Zaragoza-Adrian-Sediles-Embi-666x444.jpg 666w, https:\/\/adriansediles.es\/wp-content\/uploads\/2020\/02\/Fiestas-del-Pilar-en-Zaragoza-Adrian-Sediles-Embi.jpg 1024w\" sizes=\"(max-width: 300px) 100vw, 300px\" \/><\/a>\n\t\t\t<\/div>\n\t\t\t\t<figcaption class='wp-caption-text gallery-caption' id='gallery-1-166'>\n\t\t\t\tFotograf\u00eda del final de las Fiestas del Pilar 2018 en Zaragoza, realizada desde el Puente de Hierro por Adri\u00e1n Sediles Embi.\n\t\t\t\t<\/figcaption><\/figure><figure class='gallery-item'>\n\t\t\t<div class='gallery-icon landscape'>\n\t\t\t\t<a data-elementor-open-lightbox=\"yes\" data-elementor-lightbox-slideshow=\"7179c36\" data-elementor-lightbox-title=\"Castillo de Butron en Gatika, Vizcaya - Adrian Sediles Embi\" data-elementor-lightbox-description=\"Fotograf\u00eda aerea del Castillo de Butron en Gatika, provincia de Vizcaya en el Pais Vasco, realizada desde un dron Mavic Air por el fot\u00f3grafo Adrian Sediles Embi.\" data-e-action-hash=\"#elementor-action%3Aaction%3Dlightbox%26settings%3DeyJpZCI6OTgxLCJ1cmwiOiJodHRwczpcL1wvYWRyaWFuc2VkaWxlcy5lc1wvd3AtY29udGVudFwvdXBsb2Fkc1wvMjAyMVwvMDZcL0Nhc3RpbGxvLWRlLUJ1dHJvbi1lbi1HYXRpa2EtVml6Y2F5YS1BZHJpYW4tU2VkaWxlcy1FbWJpLXNjYWxlZC5qcGciLCJzbGlkZXNob3ciOiI3MTc5YzM2In0%3D\" href='https:\/\/adriansediles.es\/wp-content\/uploads\/2021\/06\/Castillo-de-Butron-en-Gatika-Vizcaya-Adrian-Sediles-Embi-scaled.jpg'><img loading=\"lazy\" decoding=\"async\" width=\"300\" height=\"225\" src=\"https:\/\/adriansediles.es\/wp-content\/uploads\/2021\/06\/Castillo-de-Butron-en-Gatika-Vizcaya-Adrian-Sediles-Embi-300x225.jpg\" class=\"attachment-medium size-medium\" alt=\"Castillo de Butron en Gatika, Vizcaya - Adrian Sediles Embi\" aria-describedby=\"gallery-1-981\" srcset=\"https:\/\/adriansediles.es\/wp-content\/uploads\/2021\/06\/Castillo-de-Butron-en-Gatika-Vizcaya-Adrian-Sediles-Embi-300x225.jpg 300w, https:\/\/adriansediles.es\/wp-content\/uploads\/2021\/06\/Castillo-de-Butron-en-Gatika-Vizcaya-Adrian-Sediles-Embi-1024x767.jpg 1024w, https:\/\/adriansediles.es\/wp-content\/uploads\/2021\/06\/Castillo-de-Butron-en-Gatika-Vizcaya-Adrian-Sediles-Embi-768x575.jpg 768w, https:\/\/adriansediles.es\/wp-content\/uploads\/2021\/06\/Castillo-de-Butron-en-Gatika-Vizcaya-Adrian-Sediles-Embi-1536x1150.jpg 1536w, https:\/\/adriansediles.es\/wp-content\/uploads\/2021\/06\/Castillo-de-Butron-en-Gatika-Vizcaya-Adrian-Sediles-Embi-2048x1533.jpg 2048w, https:\/\/adriansediles.es\/wp-content\/uploads\/2021\/06\/Castillo-de-Butron-en-Gatika-Vizcaya-Adrian-Sediles-Embi-755x566.jpg 755w\" sizes=\"(max-width: 300px) 100vw, 300px\" \/><\/a>\n\t\t\t<\/div>\n\t\t\t\t<figcaption class='wp-caption-text gallery-caption' id='gallery-1-981'>\n\t\t\t\tFotograf\u00eda aerea del Castillo de Butron en Gatika, provincia de Vizcaya en el Pais Vasco, realizada desde un dron Mavic Air por el fot\u00f3grafo Adrian Sediles Embi.\n\t\t\t\t<\/figcaption><\/figure><figure class='gallery-item'>\n\t\t\t<div class='gallery-icon landscape'>\n\t\t\t\t<a data-elementor-open-lightbox=\"yes\" data-elementor-lightbox-slideshow=\"7179c36\" data-elementor-lightbox-title=\"Castillos de la Sierra de Armantes en Calatayud- Adrian Sediles Embi\" data-elementor-lightbox-description=\"Fotograf\u00eda de los castillos de la Sierra de Armantes en Calatayud, a vista de dron,  realizada por Adrian Sediles Embi.\" data-e-action-hash=\"#elementor-action%3Aaction%3Dlightbox%26settings%3DeyJpZCI6OTMyLCJ1cmwiOiJodHRwczpcL1wvYWRyaWFuc2VkaWxlcy5lc1wvd3AtY29udGVudFwvdXBsb2Fkc1wvMjAyMVwvMDNcL0Nhc3RpbGxvcy1kZS1sYS1TaWVycmEtZGUtQXJtYW50ZXMtZW4tQ2FsYXRheXVkLUFkcmlhbi1TZWRpbGVzLUVtYmktc2NhbGVkLmpwZyIsInNsaWRlc2hvdyI6IjcxNzljMzYifQ%3D%3D\" href='https:\/\/adriansediles.es\/wp-content\/uploads\/2021\/03\/Castillos-de-la-Sierra-de-Armantes-en-Calatayud-Adrian-Sediles-Embi-scaled.jpg'><img loading=\"lazy\" decoding=\"async\" width=\"300\" height=\"225\" src=\"https:\/\/adriansediles.es\/wp-content\/uploads\/2021\/03\/Castillos-de-la-Sierra-de-Armantes-en-Calatayud-Adrian-Sediles-Embi-300x225.jpg\" class=\"attachment-medium size-medium\" alt=\"Castillos de la Sierra de Armantes en Calatayud- Adrian Sediles Embi\" aria-describedby=\"gallery-1-932\" srcset=\"https:\/\/adriansediles.es\/wp-content\/uploads\/2021\/03\/Castillos-de-la-Sierra-de-Armantes-en-Calatayud-Adrian-Sediles-Embi-300x225.jpg 300w, https:\/\/adriansediles.es\/wp-content\/uploads\/2021\/03\/Castillos-de-la-Sierra-de-Armantes-en-Calatayud-Adrian-Sediles-Embi-1024x767.jpg 1024w, https:\/\/adriansediles.es\/wp-content\/uploads\/2021\/03\/Castillos-de-la-Sierra-de-Armantes-en-Calatayud-Adrian-Sediles-Embi-768x575.jpg 768w, https:\/\/adriansediles.es\/wp-content\/uploads\/2021\/03\/Castillos-de-la-Sierra-de-Armantes-en-Calatayud-Adrian-Sediles-Embi-1536x1150.jpg 1536w, https:\/\/adriansediles.es\/wp-content\/uploads\/2021\/03\/Castillos-de-la-Sierra-de-Armantes-en-Calatayud-Adrian-Sediles-Embi-2048x1534.jpg 2048w, https:\/\/adriansediles.es\/wp-content\/uploads\/2021\/03\/Castillos-de-la-Sierra-de-Armantes-en-Calatayud-Adrian-Sediles-Embi-755x566.jpg 755w\" sizes=\"(max-width: 300px) 100vw, 300px\" \/><\/a>\n\t\t\t<\/div>\n\t\t\t\t<figcaption class='wp-caption-text gallery-caption' id='gallery-1-932'>\n\t\t\t\tFotograf\u00eda de los castillos de la Sierra de Armantes en Calatayud, a vista de dron,  realizada por Adrian Sediles Embi.\n\t\t\t\t<\/figcaption><\/figure><figure class='gallery-item'>\n\t\t\t<div class='gallery-icon landscape'>\n\t\t\t\t<a data-elementor-open-lightbox=\"yes\" data-elementor-lightbox-slideshow=\"7179c36\" data-elementor-lightbox-title=\"Cascada de cola de caballo en Ordesa y Monte Perdido - Adrian Sediles Embi\" data-elementor-lightbox-description=\"Cascada de cola de caballo en Ordesa y Monte Perdido - Adrian Sediles Embi\" data-e-action-hash=\"#elementor-action%3Aaction%3Dlightbox%26settings%3DeyJpZCI6MTgxLCJ1cmwiOiJodHRwczpcL1wvYWRyaWFuc2VkaWxlcy5lc1wvd3AtY29udGVudFwvdXBsb2Fkc1wvMjAyMFwvMDJcL0RTQzI1MjQtY29tby1vYmpldG8taW50ZWxpZ2VudGUtMS1zY2FsZWQuanBnIiwic2xpZGVzaG93IjoiNzE3OWMzNiJ9\" href='https:\/\/adriansediles.es\/wp-content\/uploads\/2020\/02\/DSC2524-como-objeto-inteligente-1-scaled.jpg'><img loading=\"lazy\" decoding=\"async\" width=\"300\" height=\"200\" src=\"https:\/\/adriansediles.es\/wp-content\/uploads\/2020\/02\/DSC2524-como-objeto-inteligente-1-300x200.jpg\" class=\"attachment-medium size-medium\" alt=\"Cascada de cola de caballo en Ordesa y Monte Perdido - Adrian Sediles Embi\" aria-describedby=\"gallery-1-181\" srcset=\"https:\/\/adriansediles.es\/wp-content\/uploads\/2020\/02\/DSC2524-como-objeto-inteligente-1-300x200.jpg 300w, https:\/\/adriansediles.es\/wp-content\/uploads\/2020\/02\/DSC2524-como-objeto-inteligente-1-1024x683.jpg 1024w, https:\/\/adriansediles.es\/wp-content\/uploads\/2020\/02\/DSC2524-como-objeto-inteligente-1-768x512.jpg 768w, https:\/\/adriansediles.es\/wp-content\/uploads\/2020\/02\/DSC2524-como-objeto-inteligente-1-1536x1024.jpg 1536w, https:\/\/adriansediles.es\/wp-content\/uploads\/2020\/02\/DSC2524-como-objeto-inteligente-1-2048x1365.jpg 2048w, https:\/\/adriansediles.es\/wp-content\/uploads\/2020\/02\/DSC2524-como-objeto-inteligente-1-666x444.jpg 666w\" sizes=\"(max-width: 300px) 100vw, 300px\" \/><\/a>\n\t\t\t<\/div>\n\t\t\t\t<figcaption class='wp-caption-text gallery-caption' id='gallery-1-181'>\n\t\t\t\tCascada de cola de caballo en Ordesa y Monte Perdido &#8211; Adrian Sediles Embi\n\t\t\t\t<\/figcaption><\/figure><figure class='gallery-item'>\n\t\t\t<div class='gallery-icon landscape'>\n\t\t\t\t<a data-elementor-open-lightbox=\"yes\" data-elementor-lightbox-slideshow=\"7179c36\" data-elementor-lightbox-title=\"Mercado central de Zaragoza - Adrian Sediles Embi\" data-elementor-lightbox-description=\"Fotograf\u00eda del atardecer en el mercado central de Zaragoza, realizada por Adrian Sediles Embi\" data-e-action-hash=\"#elementor-action%3Aaction%3Dlightbox%26settings%3DeyJpZCI6MzM1LCJ1cmwiOiJodHRwczpcL1wvYWRyaWFuc2VkaWxlcy5lc1wvd3AtY29udGVudFwvdXBsb2Fkc1wvMjAyMFwvMDJcL01lcmNhZG8tY2VudHJhbC1kZS1aYXJhZ296YS1BZHJpYW4tU2VkaWxlcy1FbWJpLXNjYWxlZC5qcGciLCJzbGlkZXNob3ciOiI3MTc5YzM2In0%3D\" href='https:\/\/adriansediles.es\/wp-content\/uploads\/2020\/02\/Mercado-central-de-Zaragoza-Adrian-Sediles-Embi-scaled.jpg'><img loading=\"lazy\" decoding=\"async\" width=\"300\" height=\"225\" src=\"https:\/\/adriansediles.es\/wp-content\/uploads\/2020\/02\/Mercado-central-de-Zaragoza-Adrian-Sediles-Embi-300x225.jpg\" class=\"attachment-medium size-medium\" alt=\"Mercado central de Zaragoza - Adrian Sediles Embi\" aria-describedby=\"gallery-1-335\" srcset=\"https:\/\/adriansediles.es\/wp-content\/uploads\/2020\/02\/Mercado-central-de-Zaragoza-Adrian-Sediles-Embi-300x225.jpg 300w, https:\/\/adriansediles.es\/wp-content\/uploads\/2020\/02\/Mercado-central-de-Zaragoza-Adrian-Sediles-Embi-1024x768.jpg 1024w, https:\/\/adriansediles.es\/wp-content\/uploads\/2020\/02\/Mercado-central-de-Zaragoza-Adrian-Sediles-Embi-768x576.jpg 768w, https:\/\/adriansediles.es\/wp-content\/uploads\/2020\/02\/Mercado-central-de-Zaragoza-Adrian-Sediles-Embi-1536x1152.jpg 1536w, https:\/\/adriansediles.es\/wp-content\/uploads\/2020\/02\/Mercado-central-de-Zaragoza-Adrian-Sediles-Embi-2048x1536.jpg 2048w, https:\/\/adriansediles.es\/wp-content\/uploads\/2020\/02\/Mercado-central-de-Zaragoza-Adrian-Sediles-Embi-755x566.jpg 755w\" sizes=\"(max-width: 300px) 100vw, 300px\" \/><\/a>\n\t\t\t<\/div>\n\t\t\t\t<figcaption class='wp-caption-text gallery-caption' id='gallery-1-335'>\n\t\t\t\tFotograf\u00eda del atardecer en el mercado central de Zaragoza, realizada por Adrian Sediles Embi\n\t\t\t\t<\/figcaption><\/figure><figure class='gallery-item'>\n\t\t\t<div class='gallery-icon landscape'>\n\t\t\t\t<a data-elementor-open-lightbox=\"yes\" data-elementor-lightbox-slideshow=\"7179c36\" data-elementor-lightbox-title=\"Ojos del Jiloca en Monreal del Campo, Teruel - Adrian Sediles Embi (1)\" data-elementor-lightbox-description=\"Fotograf\u00eda tomada desde un dron de los ojos del R\u00edo Jiloca en Monreal del Campo, Teruel, realizada por Adrian Sediles Embi\" data-e-action-hash=\"#elementor-action%3Aaction%3Dlightbox%26settings%3DeyJpZCI6MTA0NCwidXJsIjoiaHR0cHM6XC9cL2FkcmlhbnNlZGlsZXMuZXNcL3dwLWNvbnRlbnRcL3VwbG9hZHNcLzIwMjFcLzA5XC9Pam9zLWRlbC1KaWxvY2EtZW4tTW9ucmVhbC1kZWwtQ2FtcG8tVGVydWVsLUFkcmlhbi1TZWRpbGVzLUVtYmktMS1zY2FsZWQuanBnIiwic2xpZGVzaG93IjoiNzE3OWMzNiJ9\" href='https:\/\/adriansediles.es\/wp-content\/uploads\/2021\/09\/Ojos-del-Jiloca-en-Monreal-del-Campo-Teruel-Adrian-Sediles-Embi-1-scaled.jpg'><img loading=\"lazy\" decoding=\"async\" width=\"300\" height=\"225\" src=\"https:\/\/adriansediles.es\/wp-content\/uploads\/2021\/09\/Ojos-del-Jiloca-en-Monreal-del-Campo-Teruel-Adrian-Sediles-Embi-1-300x225.jpg\" class=\"attachment-medium size-medium\" alt=\"Ojos del Jiloca en Monreal del Campo, Teruel - Adrian Sediles Embi (1)\" aria-describedby=\"gallery-1-1044\" srcset=\"https:\/\/adriansediles.es\/wp-content\/uploads\/2021\/09\/Ojos-del-Jiloca-en-Monreal-del-Campo-Teruel-Adrian-Sediles-Embi-1-300x225.jpg 300w, https:\/\/adriansediles.es\/wp-content\/uploads\/2021\/09\/Ojos-del-Jiloca-en-Monreal-del-Campo-Teruel-Adrian-Sediles-Embi-1-1024x767.jpg 1024w, https:\/\/adriansediles.es\/wp-content\/uploads\/2021\/09\/Ojos-del-Jiloca-en-Monreal-del-Campo-Teruel-Adrian-Sediles-Embi-1-768x575.jpg 768w, https:\/\/adriansediles.es\/wp-content\/uploads\/2021\/09\/Ojos-del-Jiloca-en-Monreal-del-Campo-Teruel-Adrian-Sediles-Embi-1-1536x1150.jpg 1536w, https:\/\/adriansediles.es\/wp-content\/uploads\/2021\/09\/Ojos-del-Jiloca-en-Monreal-del-Campo-Teruel-Adrian-Sediles-Embi-1-2048x1534.jpg 2048w, https:\/\/adriansediles.es\/wp-content\/uploads\/2021\/09\/Ojos-del-Jiloca-en-Monreal-del-Campo-Teruel-Adrian-Sediles-Embi-1-755x566.jpg 755w\" sizes=\"(max-width: 300px) 100vw, 300px\" \/><\/a>\n\t\t\t<\/div>\n\t\t\t\t<figcaption class='wp-caption-text gallery-caption' id='gallery-1-1044'>\n\t\t\t\tFotograf\u00eda tomada desde un dron de los ojos del R\u00edo Jiloca en Monreal del Campo, Teruel, realizada por Adrian Sediles Embi\n\t\t\t\t<\/figcaption><\/figure><figure class='gallery-item'>\n\t\t\t<div class='gallery-icon landscape'>\n\t\t\t\t<a data-elementor-open-lightbox=\"yes\" data-elementor-lightbox-slideshow=\"7179c36\" data-elementor-lightbox-title=\"Pe\u00f1as de Herrera en Talamantes\" data-elementor-lightbox-description=\"Fotograf\u00eda de las Pe\u00f1as de Herrera junto a Talamantes, alado del Moncayo en la provincia de Zaragoza, realizada por Adrian Sediles Embi.\" data-e-action-hash=\"#elementor-action%3Aaction%3Dlightbox%26settings%3DeyJpZCI6ODU4LCJ1cmwiOiJodHRwczpcL1wvYWRyaWFuc2VkaWxlcy5lc1wvd3AtY29udGVudFwvdXBsb2Fkc1wvMjAyMFwvMTBcL1BlbmFzLWRlLUhlcnJlcmEtZW4tVGFsYW1hbnRlcy1zY2FsZWQuanBnIiwic2xpZGVzaG93IjoiNzE3OWMzNiJ9\" href='https:\/\/adriansediles.es\/wp-content\/uploads\/2020\/10\/Penas-de-Herrera-en-Talamantes-scaled.jpg'><img loading=\"lazy\" decoding=\"async\" width=\"300\" height=\"225\" src=\"https:\/\/adriansediles.es\/wp-content\/uploads\/2020\/10\/Penas-de-Herrera-en-Talamantes-300x225.jpg\" class=\"attachment-medium size-medium\" alt=\"Pe\u00f1as de Herrera en Talamantes\" aria-describedby=\"gallery-1-858\" srcset=\"https:\/\/adriansediles.es\/wp-content\/uploads\/2020\/10\/Penas-de-Herrera-en-Talamantes-300x225.jpg 300w, https:\/\/adriansediles.es\/wp-content\/uploads\/2020\/10\/Penas-de-Herrera-en-Talamantes-1024x768.jpg 1024w, https:\/\/adriansediles.es\/wp-content\/uploads\/2020\/10\/Penas-de-Herrera-en-Talamantes-768x576.jpg 768w, https:\/\/adriansediles.es\/wp-content\/uploads\/2020\/10\/Penas-de-Herrera-en-Talamantes-1536x1152.jpg 1536w, https:\/\/adriansediles.es\/wp-content\/uploads\/2020\/10\/Penas-de-Herrera-en-Talamantes-2048x1536.jpg 2048w, https:\/\/adriansediles.es\/wp-content\/uploads\/2020\/10\/Penas-de-Herrera-en-Talamantes-755x566.jpg 755w\" sizes=\"(max-width: 300px) 100vw, 300px\" \/><\/a>\n\t\t\t<\/div>\n\t\t\t\t<figcaption class='wp-caption-text gallery-caption' id='gallery-1-858'>\n\t\t\t\tFotograf\u00eda de las Pe\u00f1as de Herrera junto a Talamantes, alado del Moncayo en la provincia de Zaragoza, realizada por Adrian Sediles Embi.\n\t\t\t\t<\/figcaption><\/figure><figure class='gallery-item'>\n\t\t\t<div class='gallery-icon landscape'>\n\t\t\t\t<a data-elementor-open-lightbox=\"yes\" data-elementor-lightbox-slideshow=\"7179c36\" data-elementor-lightbox-title=\"Vistas de Sancha Collons desde el pico Musales en el Valle de Te\" data-elementor-lightbox-description=\"Fotograf\u00eda de las vistas del Pico Sancha Collons (2697m) desde el Pico Musales (2654) junto a Sallent de G\u00e1llego, cubiertos por la nieve, fotograf\u00eda realizada por Adrian Sediles Embi\" data-e-action-hash=\"#elementor-action%3Aaction%3Dlightbox%26settings%3DeyJpZCI6OTU3LCJ1cmwiOiJodHRwczpcL1wvYWRyaWFuc2VkaWxlcy5lc1wvd3AtY29udGVudFwvdXBsb2Fkc1wvMjAyMVwvMDVcL1Zpc3Rhcy1kZS1TYW5jaGEtQ29sbG9ucy1kZXNkZS1lbC1waWNvLU11c2FsZXMtZW4tZWwtVmFsbGUtZGUtVGVuYS1BZHJpYW4tU2VkaWxlcy1FbWJpLXNjYWxlZC5qcGciLCJzbGlkZXNob3ciOiI3MTc5YzM2In0%3D\" href='https:\/\/adriansediles.es\/wp-content\/uploads\/2021\/05\/Vistas-de-Sancha-Collons-desde-el-pico-Musales-en-el-Valle-de-Tena-Adrian-Sediles-Embi-scaled.jpg'><img loading=\"lazy\" decoding=\"async\" width=\"300\" height=\"200\" src=\"https:\/\/adriansediles.es\/wp-content\/uploads\/2021\/05\/Vistas-de-Sancha-Collons-desde-el-pico-Musales-en-el-Valle-de-Tena-Adrian-Sediles-Embi-300x200.jpg\" class=\"attachment-medium size-medium\" alt=\"Vistas de Sancha Collons desde el pico Musales en el Valle de Te\" aria-describedby=\"gallery-1-957\" srcset=\"https:\/\/adriansediles.es\/wp-content\/uploads\/2021\/05\/Vistas-de-Sancha-Collons-desde-el-pico-Musales-en-el-Valle-de-Tena-Adrian-Sediles-Embi-300x200.jpg 300w, https:\/\/adriansediles.es\/wp-content\/uploads\/2021\/05\/Vistas-de-Sancha-Collons-desde-el-pico-Musales-en-el-Valle-de-Tena-Adrian-Sediles-Embi-1024x683.jpg 1024w, https:\/\/adriansediles.es\/wp-content\/uploads\/2021\/05\/Vistas-de-Sancha-Collons-desde-el-pico-Musales-en-el-Valle-de-Tena-Adrian-Sediles-Embi-768x512.jpg 768w, https:\/\/adriansediles.es\/wp-content\/uploads\/2021\/05\/Vistas-de-Sancha-Collons-desde-el-pico-Musales-en-el-Valle-de-Tena-Adrian-Sediles-Embi-1536x1025.jpg 1536w, https:\/\/adriansediles.es\/wp-content\/uploads\/2021\/05\/Vistas-de-Sancha-Collons-desde-el-pico-Musales-en-el-Valle-de-Tena-Adrian-Sediles-Embi-2048x1366.jpg 2048w, https:\/\/adriansediles.es\/wp-content\/uploads\/2021\/05\/Vistas-de-Sancha-Collons-desde-el-pico-Musales-en-el-Valle-de-Tena-Adrian-Sediles-Embi-666x444.jpg 666w\" sizes=\"(max-width: 300px) 100vw, 300px\" \/><\/a>\n\t\t\t<\/div>\n\t\t\t\t<figcaption class='wp-caption-text gallery-caption' id='gallery-1-957'>\n\t\t\t\tvistas del Pico Sancha Collons (2697m) desde el Pico Musales (2654) &#8211; Adrian Sediles Embi\n\t\t\t\t<\/figcaption><\/figure><figure class='gallery-item'>\n\t\t\t<div class='gallery-icon landscape'>\n\t\t\t\t<a data-elementor-open-lightbox=\"yes\" data-elementor-lightbox-slideshow=\"7179c36\" data-elementor-lightbox-title=\"Oto\u00f1o en el Ca\u00f3n de A\u00f1isclo en el Parque Nacional de Ordesa y Monte Perdido en los Pirineos de Arag\u00f3n.\" data-elementor-lightbox-description=\"Oto\u00f1o en el Ca\u00f3n de A\u00f1isclo en el Parque Nacional de Ordesa y Monte Perdido en los Pirineos de Arag\u00f3n.\" data-e-action-hash=\"#elementor-action%3Aaction%3Dlightbox%26settings%3DeyJpZCI6MTM2MSwidXJsIjoiaHR0cHM6XC9cL2FkcmlhbnNlZGlsZXMuZXNcL3dwLWNvbnRlbnRcL3VwbG9hZHNcLzIwMjJcLzExXC9EU0M2NTA3LXNjYWxlZC5qcGciLCJzbGlkZXNob3ciOiI3MTc5YzM2In0%3D\" href='https:\/\/adriansediles.es\/wp-content\/uploads\/2022\/11\/DSC6507-scaled.jpg'><img loading=\"lazy\" decoding=\"async\" width=\"300\" height=\"169\" src=\"https:\/\/adriansediles.es\/wp-content\/uploads\/2022\/11\/DSC6507-300x169.jpg\" class=\"attachment-medium size-medium\" alt=\"Oto\u00f1o en el Ca\u00f3n de A\u00f1isclo en el Parque Nacional de Ordesa y Monte Perdido en los Pirineos de Arag\u00f3n.\" aria-describedby=\"gallery-1-1361\" srcset=\"https:\/\/adriansediles.es\/wp-content\/uploads\/2022\/11\/DSC6507-300x169.jpg 300w, https:\/\/adriansediles.es\/wp-content\/uploads\/2022\/11\/DSC6507-1024x576.jpg 1024w, https:\/\/adriansediles.es\/wp-content\/uploads\/2022\/11\/DSC6507-768x432.jpg 768w, https:\/\/adriansediles.es\/wp-content\/uploads\/2022\/11\/DSC6507-1536x864.jpg 1536w, https:\/\/adriansediles.es\/wp-content\/uploads\/2022\/11\/DSC6507-2048x1152.jpg 2048w, https:\/\/adriansediles.es\/wp-content\/uploads\/2022\/11\/DSC6507-990x556.jpg 990w, https:\/\/adriansediles.es\/wp-content\/uploads\/2022\/11\/DSC6507-1920x1080.jpg 1920w\" sizes=\"(max-width: 300px) 100vw, 300px\" \/><\/a>\n\t\t\t<\/div>\n\t\t\t\t<figcaption class='wp-caption-text gallery-caption' id='gallery-1-1361'>\n\t\t\t\tOto\u00f1o en el Ca\u00f3n de A\u00f1isclo en el Parque Nacional de Ordesa y Monte Perdido en los Pirineos de Arag\u00f3n.\n\t\t\t\t<\/figcaption><\/figure><figure class='gallery-item'>\n\t\t\t<div class='gallery-icon landscape'>\n\t\t\t\t<a data-elementor-open-lightbox=\"yes\" data-elementor-lightbox-slideshow=\"7179c36\" data-elementor-lightbox-title=\"Atardecer en Zaragoza- Adrian Sediles Embi\" data-elementor-lightbox-description=\"Fotografia tomada durante el atardecer en Zaragoza, junto a la basilica del Pilar, el puente de Piedra y el rio Ebro, realizada por el fotografo Adrian Sediles Embi.\" data-e-action-hash=\"#elementor-action%3Aaction%3Dlightbox%26settings%3DeyJpZCI6MjEyLCJ1cmwiOiJodHRwczpcL1wvYWRyaWFuc2VkaWxlcy5lc1wvd3AtY29udGVudFwvdXBsb2Fkc1wvMjAyMFwvMDJcL0F0YXJkZWNlci1lbi1aYXJhZ296YS1BZHJpYW4tU2VkaWxlcy1FbWJpLTEtc2NhbGVkLmpwZyIsInNsaWRlc2hvdyI6IjcxNzljMzYifQ%3D%3D\" href='https:\/\/adriansediles.es\/wp-content\/uploads\/2020\/02\/Atardecer-en-Zaragoza-Adrian-Sediles-Embi-1-scaled.jpg'><img loading=\"lazy\" decoding=\"async\" width=\"300\" height=\"225\" src=\"https:\/\/adriansediles.es\/wp-content\/uploads\/2020\/02\/Atardecer-en-Zaragoza-Adrian-Sediles-Embi-1-300x225.jpg\" class=\"attachment-medium size-medium\" alt=\"Atardecer en Zaragoza- Adrian Sediles Embi\" aria-describedby=\"gallery-1-212\" srcset=\"https:\/\/adriansediles.es\/wp-content\/uploads\/2020\/02\/Atardecer-en-Zaragoza-Adrian-Sediles-Embi-1-300x225.jpg 300w, https:\/\/adriansediles.es\/wp-content\/uploads\/2020\/02\/Atardecer-en-Zaragoza-Adrian-Sediles-Embi-1-1024x768.jpg 1024w, https:\/\/adriansediles.es\/wp-content\/uploads\/2020\/02\/Atardecer-en-Zaragoza-Adrian-Sediles-Embi-1-768x576.jpg 768w, https:\/\/adriansediles.es\/wp-content\/uploads\/2020\/02\/Atardecer-en-Zaragoza-Adrian-Sediles-Embi-1-1536x1152.jpg 1536w, https:\/\/adriansediles.es\/wp-content\/uploads\/2020\/02\/Atardecer-en-Zaragoza-Adrian-Sediles-Embi-1-2048x1536.jpg 2048w, https:\/\/adriansediles.es\/wp-content\/uploads\/2020\/02\/Atardecer-en-Zaragoza-Adrian-Sediles-Embi-1-755x566.jpg 755w\" sizes=\"(max-width: 300px) 100vw, 300px\" \/><\/a>\n\t\t\t<\/div>\n\t\t\t\t<figcaption class='wp-caption-text gallery-caption' id='gallery-1-212'>\n\t\t\t\tFotografia tomada durante el atardecer en Zaragoza, junto a la basilica del Pilar, el puente de Piedra y el rio Ebro, realizada por el fotografo Adrian Sediles Embi.\n\t\t\t\t<\/figcaption><\/figure><figure class='gallery-item'>\n\t\t\t<div class='gallery-icon landscape'>\n\t\t\t\t<a data-elementor-open-lightbox=\"yes\" data-elementor-lightbox-slideshow=\"7179c36\" data-elementor-lightbox-title=\"Embalse de las Torcas en Tosos (Arag\u00f3n) - Adrian Sediles Embi\" data-elementor-lightbox-description=\"Embalse de las Torcas en Tosos (Arag\u00f3n) - Adrian Sediles Embi\" data-e-action-hash=\"#elementor-action%3Aaction%3Dlightbox%26settings%3DeyJpZCI6ODg0LCJ1cmwiOiJodHRwczpcL1wvYWRyaWFuc2VkaWxlcy5lc1wvd3AtY29udGVudFwvdXBsb2Fkc1wvMjAyMFwvMTJcL0VtYmFsc2UtZGUtbGFzLVRvcmNhcy1lbi1Ub3Nvcy1BcmFnb24tQWRyaWFuLVNlZGlsZXMtRW1iaS1zY2FsZWQuanBnIiwic2xpZGVzaG93IjoiNzE3OWMzNiJ9\" href='https:\/\/adriansediles.es\/wp-content\/uploads\/2020\/12\/Embalse-de-las-Torcas-en-Tosos-Aragon-Adrian-Sediles-Embi-scaled.jpg'><img loading=\"lazy\" decoding=\"async\" width=\"300\" height=\"224\" src=\"https:\/\/adriansediles.es\/wp-content\/uploads\/2020\/12\/Embalse-de-las-Torcas-en-Tosos-Aragon-Adrian-Sediles-Embi-300x224.jpg\" class=\"attachment-medium size-medium\" alt=\"Embalse de las Torcas en Tosos (Arag\u00f3n) - Adrian Sediles Embi\" aria-describedby=\"gallery-1-884\" \/><\/a>\n\t\t\t<\/div>\n\t\t\t\t<figcaption class='wp-caption-text gallery-caption' id='gallery-1-884'>\n\t\t\t\tFotograf\u00eda realizada con un dron desde el embalse de las Torcas en Tosos, Zaragoza, hecha por el fotografo Adrian Sediles Embi.\n\t\t\t\t<\/figcaption><\/figure><figure class='gallery-item'>\n\t\t\t<div class='gallery-icon landscape'>\n\t\t\t\t<a data-elementor-open-lightbox=\"yes\" data-elementor-lightbox-slideshow=\"7179c36\" data-elementor-lightbox-title=\"Parrizal de Beceite- Adrian Sediles Embi\" data-elementor-lightbox-description=\"Fotograf\u00eda de la cascada del Parrizal de Beceite en el Matarra\u00f1a, Arag\u00f3n, realizada por Adrian Sediles Embi.\" data-e-action-hash=\"#elementor-action%3Aaction%3Dlightbox%26settings%3DeyJpZCI6MzYwLCJ1cmwiOiJodHRwczpcL1wvYWRyaWFuc2VkaWxlcy5lc1wvd3AtY29udGVudFwvdXBsb2Fkc1wvMjAyMFwvMDNcL1BhcnJpemFsLWRlLUJlY2VpdGUtQWRyaWFuLVNlZGlsZXMtRW1iaS1zY2FsZWQuanBnIiwic2xpZGVzaG93IjoiNzE3OWMzNiJ9\" href='https:\/\/adriansediles.es\/wp-content\/uploads\/2020\/03\/Parrizal-de-Beceite-Adrian-Sediles-Embi-scaled.jpg'><img loading=\"lazy\" decoding=\"async\" width=\"300\" height=\"225\" src=\"https:\/\/adriansediles.es\/wp-content\/uploads\/2020\/03\/Parrizal-de-Beceite-Adrian-Sediles-Embi-300x225.jpg\" class=\"attachment-medium size-medium\" alt=\"Cascada del Parrizal de Beceite en el Matarra\u00f1a, Arag\u00f3n - Adrian Sediles Embi\" aria-describedby=\"gallery-1-360\" srcset=\"https:\/\/adriansediles.es\/wp-content\/uploads\/2020\/03\/Parrizal-de-Beceite-Adrian-Sediles-Embi-300x225.jpg 300w, https:\/\/adriansediles.es\/wp-content\/uploads\/2020\/03\/Parrizal-de-Beceite-Adrian-Sediles-Embi-1024x768.jpg 1024w, https:\/\/adriansediles.es\/wp-content\/uploads\/2020\/03\/Parrizal-de-Beceite-Adrian-Sediles-Embi-768x576.jpg 768w, https:\/\/adriansediles.es\/wp-content\/uploads\/2020\/03\/Parrizal-de-Beceite-Adrian-Sediles-Embi-1536x1152.jpg 1536w, https:\/\/adriansediles.es\/wp-content\/uploads\/2020\/03\/Parrizal-de-Beceite-Adrian-Sediles-Embi-2048x1536.jpg 2048w, https:\/\/adriansediles.es\/wp-content\/uploads\/2020\/03\/Parrizal-de-Beceite-Adrian-Sediles-Embi-755x566.jpg 755w\" sizes=\"(max-width: 300px) 100vw, 300px\" \/><\/a>\n\t\t\t<\/div>\n\t\t\t\t<figcaption class='wp-caption-text gallery-caption' id='gallery-1-360'>\n\t\t\t\tFotograf\u00eda de la cascada del Parrizal de Beceite en el Matarra\u00f1a, Arag\u00f3n, realizada por Adrian Sediles Embi.\n\t\t\t\t<\/figcaption><\/figure><figure class='gallery-item'>\n\t\t\t<div class='gallery-icon landscape'>\n\t\t\t\t<a data-elementor-open-lightbox=\"yes\" data-elementor-lightbox-slideshow=\"7179c36\" data-elementor-lightbox-title=\"Fuegos artificiales final Fiestas del Pilar 2022 en Zaragoza - Adrian Sediles Embi\" data-elementor-lightbox-description=\"Fuegos artificiales final Fiestas del Pilar 2022 en Zaragoza - Adrian Sediles Embi\" data-e-action-hash=\"#elementor-action%3Aaction%3Dlightbox%26settings%3DeyJpZCI6MTMzNywidXJsIjoiaHR0cHM6XC9cL2FkcmlhbnNlZGlsZXMuZXNcL3dwLWNvbnRlbnRcL3VwbG9hZHNcLzIwMjJcLzEwXC9GaW5hbDIyLTAxLXNjYWxlZC5qcGVnIiwic2xpZGVzaG93IjoiNzE3OWMzNiJ9\" href='https:\/\/adriansediles.es\/wp-content\/uploads\/2022\/10\/Final22-01-scaled.jpeg'><img loading=\"lazy\" decoding=\"async\" width=\"300\" height=\"169\" src=\"https:\/\/adriansediles.es\/wp-content\/uploads\/2022\/10\/Final22-01-300x169.jpeg\" class=\"attachment-medium size-medium\" alt=\"Fuegos artificiales final Fiestas del Pilar 2022 en Zaragoza - Adrian Sediles Embi\" aria-describedby=\"gallery-1-1337\" srcset=\"https:\/\/adriansediles.es\/wp-content\/uploads\/2022\/10\/Final22-01-300x169.jpeg 300w, https:\/\/adriansediles.es\/wp-content\/uploads\/2022\/10\/Final22-01-1024x576.jpeg 1024w, https:\/\/adriansediles.es\/wp-content\/uploads\/2022\/10\/Final22-01-768x432.jpeg 768w, https:\/\/adriansediles.es\/wp-content\/uploads\/2022\/10\/Final22-01-1536x864.jpeg 1536w, https:\/\/adriansediles.es\/wp-content\/uploads\/2022\/10\/Final22-01-2048x1152.jpeg 2048w, https:\/\/adriansediles.es\/wp-content\/uploads\/2022\/10\/Final22-01-990x556.jpeg 990w, https:\/\/adriansediles.es\/wp-content\/uploads\/2022\/10\/Final22-01-1920x1080.jpeg 1920w\" sizes=\"(max-width: 300px) 100vw, 300px\" \/><\/a>\n\t\t\t<\/div>\n\t\t\t\t<figcaption class='wp-caption-text gallery-caption' id='gallery-1-1337'>\n\t\t\t\tFotograf\u00eda de los Fuegos artificiales final Fiestas del Pilar 2022 en Zaragoza &#8211; Adrian Sediles Embi\n\t\t\t\t<\/figcaption><\/figure><figure class='gallery-item'>\n\t\t\t<div class='gallery-icon landscape'>\n\t\t\t\t<a data-elementor-open-lightbox=\"yes\" data-elementor-lightbox-slideshow=\"7179c36\" data-elementor-lightbox-title=\"Plaza de Espa\u00f1a en Sevilla - Adrian Sediles Embi\" data-elementor-lightbox-description=\"Plaza de Espa\u00f1a en Sevilla - Adrian Sediles Embi\" data-e-action-hash=\"#elementor-action%3Aaction%3Dlightbox%26settings%3DeyJpZCI6NzIsInVybCI6Imh0dHBzOlwvXC9hZHJpYW5zZWRpbGVzLmVzXC93cC1jb250ZW50XC91cGxvYWRzXC8yMDIwXC8wMlwvTUdfODkwNS1jb21vLW9iamV0by1pbnRlbGlnZW50ZS0xLXNjYWxlZC5qcGciLCJzbGlkZXNob3ciOiI3MTc5YzM2In0%3D\" href='https:\/\/adriansediles.es\/wp-content\/uploads\/2020\/02\/MG_8905-como-objeto-inteligente-1-scaled.jpg'><img loading=\"lazy\" decoding=\"async\" width=\"300\" height=\"200\" src=\"https:\/\/adriansediles.es\/wp-content\/uploads\/2020\/02\/MG_8905-como-objeto-inteligente-1-300x200.jpg\" class=\"attachment-medium size-medium\" alt=\"Plaza de Espa\u00f1a en Sevilla - Adrian Sediles Embi\" aria-describedby=\"gallery-1-72\" srcset=\"https:\/\/adriansediles.es\/wp-content\/uploads\/2020\/02\/MG_8905-como-objeto-inteligente-1-300x200.jpg 300w, https:\/\/adriansediles.es\/wp-content\/uploads\/2020\/02\/MG_8905-como-objeto-inteligente-1-1024x683.jpg 1024w, https:\/\/adriansediles.es\/wp-content\/uploads\/2020\/02\/MG_8905-como-objeto-inteligente-1-768x512.jpg 768w, https:\/\/adriansediles.es\/wp-content\/uploads\/2020\/02\/MG_8905-como-objeto-inteligente-1-1536x1024.jpg 1536w, https:\/\/adriansediles.es\/wp-content\/uploads\/2020\/02\/MG_8905-como-objeto-inteligente-1-2048x1365.jpg 2048w, https:\/\/adriansediles.es\/wp-content\/uploads\/2020\/02\/MG_8905-como-objeto-inteligente-1-666x444.jpg 666w\" sizes=\"(max-width: 300px) 100vw, 300px\" \/><\/a>\n\t\t\t<\/div>\n\t\t\t\t<figcaption class='wp-caption-text gallery-caption' id='gallery-1-72'>\n\t\t\t\tPlaza de Espa\u00f1a en Sevilla &#8211; Adrian Sediles Embi\n\t\t\t\t<\/figcaption><\/figure><figure class='gallery-item'>\n\t\t\t<div class='gallery-icon landscape'>\n\t\t\t\t<a data-elementor-open-lightbox=\"yes\" data-elementor-lightbox-slideshow=\"7179c36\" data-elementor-lightbox-title=\"Crecida R\u00edo Aguasvivas en Almonacid de la Cuba - Adrian Sediles Embi\" data-elementor-lightbox-description=\"Crecida R\u00edo Aguasvivas en Almonacid de la Cuba - Adrian Sediles Embi\" data-e-action-hash=\"#elementor-action%3Aaction%3Dlightbox%26settings%3DeyJpZCI6MTU0LCJ1cmwiOiJodHRwczpcL1wvYWRyaWFuc2VkaWxlcy5lc1wvd3AtY29udGVudFwvdXBsb2Fkc1wvMjAyMFwvMDJcL0RTQzQzMjgtY29tby1vYmpldG8taW50ZWxpZ2VudGUtMS1zY2FsZWQuanBnIiwic2xpZGVzaG93IjoiNzE3OWMzNiJ9\" href='https:\/\/adriansediles.es\/wp-content\/uploads\/2020\/02\/DSC4328-como-objeto-inteligente-1-scaled.jpg'><img loading=\"lazy\" decoding=\"async\" width=\"300\" height=\"200\" src=\"https:\/\/adriansediles.es\/wp-content\/uploads\/2020\/02\/DSC4328-como-objeto-inteligente-1-300x200.jpg\" class=\"attachment-medium size-medium\" alt=\"Crecida R\u00edo Aguasvivas en Almonacid de la Cuba - Adrian Sediles Embi\" aria-describedby=\"gallery-1-154\" srcset=\"https:\/\/adriansediles.es\/wp-content\/uploads\/2020\/02\/DSC4328-como-objeto-inteligente-1-300x200.jpg 300w, https:\/\/adriansediles.es\/wp-content\/uploads\/2020\/02\/DSC4328-como-objeto-inteligente-1-1024x683.jpg 1024w, https:\/\/adriansediles.es\/wp-content\/uploads\/2020\/02\/DSC4328-como-objeto-inteligente-1-768x512.jpg 768w, https:\/\/adriansediles.es\/wp-content\/uploads\/2020\/02\/DSC4328-como-objeto-inteligente-1-1536x1024.jpg 1536w, https:\/\/adriansediles.es\/wp-content\/uploads\/2020\/02\/DSC4328-como-objeto-inteligente-1-2048x1365.jpg 2048w, https:\/\/adriansediles.es\/wp-content\/uploads\/2020\/02\/DSC4328-como-objeto-inteligente-1-666x444.jpg 666w\" sizes=\"(max-width: 300px) 100vw, 300px\" \/><\/a>\n\t\t\t<\/div>\n\t\t\t\t<figcaption class='wp-caption-text gallery-caption' id='gallery-1-154'>\n\t\t\t\tCrecida R\u00edo Aguasvivas en Almonacid de la Cuba &#8211; Adrian Sediles Embi\n\t\t\t\t<\/figcaption><\/figure><figure class='gallery-item'>\n\t\t\t<div class='gallery-icon landscape'>\n\t\t\t\t<a data-elementor-open-lightbox=\"yes\" data-elementor-lightbox-slideshow=\"7179c36\" data-elementor-lightbox-title=\"Puente de entrada a Valderrobres en el Matarra\u00f1a, provincia de Teruel, Arag\u00f3n.\" data-elementor-lightbox-description=\"Puente de entrada a Valderrobres en el Matarra\u00f1a, provincia de Teruel, Arag\u00f3n.\n\" data-e-action-hash=\"#elementor-action%3Aaction%3Dlightbox%26settings%3DeyJpZCI6MTY5NywidXJsIjoiaHR0cHM6XC9cL2FkcmlhbnNlZGlsZXMuZXNcL3dwLWNvbnRlbnRcL3VwbG9hZHNcLzIwMjVcLzAzXC9ESklfMjAyNTAzMjAxNzMzMjBfMDAyMV9ELjAwXzAwXzI0XzAyLkltYWdlbi1maWphMDA2LmpwZyIsInNsaWRlc2hvdyI6IjcxNzljMzYifQ%3D%3D\" href='https:\/\/adriansediles.es\/wp-content\/uploads\/2025\/03\/DJI_20250320173320_0021_D.00_00_24_02.Imagen-fija006.jpg'><img loading=\"lazy\" decoding=\"async\" width=\"300\" height=\"169\" src=\"https:\/\/adriansediles.es\/wp-content\/uploads\/2025\/03\/DJI_20250320173320_0021_D.00_00_24_02.Imagen-fija006-300x169.jpg\" class=\"attachment-medium size-medium\" alt=\"Puente de entrada a Valderrobres en el Matarra\u00f1a, provincia de Teruel, Arag\u00f3n.\" aria-describedby=\"gallery-1-1697\" srcset=\"https:\/\/adriansediles.es\/wp-content\/uploads\/2025\/03\/DJI_20250320173320_0021_D.00_00_24_02.Imagen-fija006-300x169.jpg 300w, https:\/\/adriansediles.es\/wp-content\/uploads\/2025\/03\/DJI_20250320173320_0021_D.00_00_24_02.Imagen-fija006-1024x576.jpg 1024w, https:\/\/adriansediles.es\/wp-content\/uploads\/2025\/03\/DJI_20250320173320_0021_D.00_00_24_02.Imagen-fija006-768x432.jpg 768w, https:\/\/adriansediles.es\/wp-content\/uploads\/2025\/03\/DJI_20250320173320_0021_D.00_00_24_02.Imagen-fija006-1536x864.jpg 1536w, https:\/\/adriansediles.es\/wp-content\/uploads\/2025\/03\/DJI_20250320173320_0021_D.00_00_24_02.Imagen-fija006-2048x1152.jpg 2048w, https:\/\/adriansediles.es\/wp-content\/uploads\/2025\/03\/DJI_20250320173320_0021_D.00_00_24_02.Imagen-fija006-990x557.jpg 990w, https:\/\/adriansediles.es\/wp-content\/uploads\/2025\/03\/DJI_20250320173320_0021_D.00_00_24_02.Imagen-fija006-1920x1080.jpg 1920w\" sizes=\"(max-width: 300px) 100vw, 300px\" \/><\/a>\n\t\t\t<\/div>\n\t\t\t\t<figcaption class='wp-caption-text gallery-caption' id='gallery-1-1697'>\n\t\t\t\tPuente de entrada a Valderrobres en el Matarra\u00f1a, provincia de Teruel, Arag\u00f3n.\n\n\t\t\t\t<\/figcaption><\/figure><figure class='gallery-item'>\n\t\t\t<div class='gallery-icon landscape'>\n\t\t\t\t<a data-elementor-open-lightbox=\"yes\" data-elementor-lightbox-slideshow=\"7179c36\" data-elementor-lightbox-title=\"Albarrac\u00edn - teruel - Adri\u00e1n Sediles Embi\" data-elementor-lightbox-description=\"Albarrac\u00edn - teruel - Adri\u00e1n Sediles Embi\" data-e-action-hash=\"#elementor-action%3Aaction%3Dlightbox%26settings%3DeyJpZCI6MTU1LCJ1cmwiOiJodHRwczpcL1wvYWRyaWFuc2VkaWxlcy5lc1wvd3AtY29udGVudFwvdXBsb2Fkc1wvMjAyMFwvMDJcL0FsYmFycmFjXHUwMGVkbi1UZXJ1ZWwtQWRyaVx1MDBlMW4tU2VkaWxlcy1FbWJpLmpwZyIsInNsaWRlc2hvdyI6IjcxNzljMzYifQ%3D%3D\" href='https:\/\/adriansediles.es\/wp-content\/uploads\/2020\/02\/Albarrac\u00edn-Teruel-Adri\u00e1n-Sediles-Embi.jpg'><img loading=\"lazy\" decoding=\"async\" width=\"300\" height=\"200\" src=\"https:\/\/adriansediles.es\/wp-content\/uploads\/2020\/02\/Albarrac\u00edn-Teruel-Adri\u00e1n-Sediles-Embi-300x200.jpg\" class=\"attachment-medium size-medium\" alt=\"Albarrac\u00edn - teruel - Adri\u00e1n Sediles Embi\" aria-describedby=\"gallery-1-155\" srcset=\"https:\/\/adriansediles.es\/wp-content\/uploads\/2020\/02\/Albarrac\u00edn-Teruel-Adri\u00e1n-Sediles-Embi-300x200.jpg 300w, https:\/\/adriansediles.es\/wp-content\/uploads\/2020\/02\/Albarrac\u00edn-Teruel-Adri\u00e1n-Sediles-Embi-768x512.jpg 768w, https:\/\/adriansediles.es\/wp-content\/uploads\/2020\/02\/Albarrac\u00edn-Teruel-Adri\u00e1n-Sediles-Embi-666x444.jpg 666w, https:\/\/adriansediles.es\/wp-content\/uploads\/2020\/02\/Albarrac\u00edn-Teruel-Adri\u00e1n-Sediles-Embi.jpg 1024w\" sizes=\"(max-width: 300px) 100vw, 300px\" \/><\/a>\n\t\t\t<\/div>\n\t\t\t\t<figcaption class='wp-caption-text gallery-caption' id='gallery-1-155'>\n\t\t\t\tAdri\u00e1n Sediles Embi, Adri\u00e1n Sediles, Zaragoza, Albarrac\u00edn, Albarracin, Teruel, Arag\u00f3n, muralla,turismo, Espa\u00f1a, Spain, el tiempo en zaragoza, tiempo zaragoza, zaragoza espa\u00f1a, noticias zaragoza, foto zaragoza,\n\t\t\t\t<\/figcaption><\/figure><figure class='gallery-item'>\n\t\t\t<div class='gallery-icon landscape'>\n\t\t\t\t<a data-elementor-open-lightbox=\"yes\" data-elementor-lightbox-slideshow=\"7179c36\" data-elementor-lightbox-title=\"Pico Garmo Negro 3065m - Panticosa\" data-elementor-lightbox-description=\"Pico Garmo Negro (3065m) en Panticosa\" data-e-action-hash=\"#elementor-action%3Aaction%3Dlightbox%26settings%3DeyJpZCI6MTI5MSwidXJsIjoiaHR0cHM6XC9cL2FkcmlhbnNlZGlsZXMuZXNcL3dwLWNvbnRlbnRcL3VwbG9hZHNcLzIwMjJcLzA4XC9QaWNvLUdhcm1vLU5lZ3JvLTMwNjVtLVBhbnRpY29zYS1zY2FsZWQuanBnIiwic2xpZGVzaG93IjoiNzE3OWMzNiJ9\" href='https:\/\/adriansediles.es\/wp-content\/uploads\/2022\/08\/Pico-Garmo-Negro-3065m-Panticosa-scaled.jpg'><img loading=\"lazy\" decoding=\"async\" width=\"300\" height=\"225\" src=\"https:\/\/adriansediles.es\/wp-content\/uploads\/2022\/08\/Pico-Garmo-Negro-3065m-Panticosa-300x225.jpg\" class=\"attachment-medium size-medium\" alt=\"Pico Garmo Negro (3065m) en Panticosa\" aria-describedby=\"gallery-1-1291\" srcset=\"https:\/\/adriansediles.es\/wp-content\/uploads\/2022\/08\/Pico-Garmo-Negro-3065m-Panticosa-300x225.jpg 300w, https:\/\/adriansediles.es\/wp-content\/uploads\/2022\/08\/Pico-Garmo-Negro-3065m-Panticosa-1024x768.jpg 1024w, https:\/\/adriansediles.es\/wp-content\/uploads\/2022\/08\/Pico-Garmo-Negro-3065m-Panticosa-768x576.jpg 768w, https:\/\/adriansediles.es\/wp-content\/uploads\/2022\/08\/Pico-Garmo-Negro-3065m-Panticosa-1536x1152.jpg 1536w, https:\/\/adriansediles.es\/wp-content\/uploads\/2022\/08\/Pico-Garmo-Negro-3065m-Panticosa-2048x1536.jpg 2048w, https:\/\/adriansediles.es\/wp-content\/uploads\/2022\/08\/Pico-Garmo-Negro-3065m-Panticosa-755x566.jpg 755w\" sizes=\"(max-width: 300px) 100vw, 300px\" \/><\/a>\n\t\t\t<\/div>\n\t\t\t\t<figcaption class='wp-caption-text gallery-caption' id='gallery-1-1291'>\n\t\t\t\tVista a\u00e9rea de el Pico Garmo Negro (3065m) en Panticosa\n\t\t\t\t<\/figcaption><\/figure><figure class='gallery-item'>\n\t\t\t<div class='gallery-icon landscape'>\n\t\t\t\t<a data-elementor-open-lightbox=\"yes\" data-elementor-lightbox-slideshow=\"7179c36\" data-elementor-lightbox-title=\"Ca\u00f1on de D\u00e9lica, con el r\u00edo Nervi\u00f3n - Adrian Sediles Embi\" data-elementor-lightbox-description=\"Ca\u00f1on de D\u00e9lica, con el r\u00edo Nervi\u00f3n - Adrian Sediles Embi\" data-e-action-hash=\"#elementor-action%3Aaction%3Dlightbox%26settings%3DeyJpZCI6MTY3LCJ1cmwiOiJodHRwczpcL1wvYWRyaWFuc2VkaWxlcy5lc1wvd3AtY29udGVudFwvdXBsb2Fkc1wvMjAyMFwvMDJcL0RTQzI2OTAtY29tby1vYmpldG8taW50ZWxpZ2VudGUtMS1zY2FsZWQuanBnIiwic2xpZGVzaG93IjoiNzE3OWMzNiJ9\" href='https:\/\/adriansediles.es\/wp-content\/uploads\/2020\/02\/DSC2690-como-objeto-inteligente-1-scaled.jpg'><img loading=\"lazy\" decoding=\"async\" width=\"300\" height=\"200\" src=\"https:\/\/adriansediles.es\/wp-content\/uploads\/2020\/02\/DSC2690-como-objeto-inteligente-1-300x200.jpg\" class=\"attachment-medium size-medium\" alt=\"Ca\u00f1on de D\u00e9lica, con el r\u00edo Nervi\u00f3n - Adrian Sediles Embi\" aria-describedby=\"gallery-1-167\" srcset=\"https:\/\/adriansediles.es\/wp-content\/uploads\/2020\/02\/DSC2690-como-objeto-inteligente-1-300x200.jpg 300w, https:\/\/adriansediles.es\/wp-content\/uploads\/2020\/02\/DSC2690-como-objeto-inteligente-1-1024x683.jpg 1024w, https:\/\/adriansediles.es\/wp-content\/uploads\/2020\/02\/DSC2690-como-objeto-inteligente-1-768x512.jpg 768w, https:\/\/adriansediles.es\/wp-content\/uploads\/2020\/02\/DSC2690-como-objeto-inteligente-1-1536x1024.jpg 1536w, https:\/\/adriansediles.es\/wp-content\/uploads\/2020\/02\/DSC2690-como-objeto-inteligente-1-2048x1365.jpg 2048w, https:\/\/adriansediles.es\/wp-content\/uploads\/2020\/02\/DSC2690-como-objeto-inteligente-1-666x444.jpg 666w\" sizes=\"(max-width: 300px) 100vw, 300px\" \/><\/a>\n\t\t\t<\/div>\n\t\t\t\t<figcaption class='wp-caption-text gallery-caption' id='gallery-1-167'>\n\t\t\t\tCa\u00f1on de D\u00e9lica, con el r\u00edo Nervi\u00f3n &#8211; Adrian Sediles Embi\n\t\t\t\t<\/figcaption><\/figure><figure class='gallery-item'>\n\t\t\t<div class='gallery-icon landscape'>\n\t\t\t\t<a data-elementor-open-lightbox=\"yes\" data-elementor-lightbox-slideshow=\"7179c36\" data-elementor-lightbox-title=\"Cascada de Fuentetoba en Soria\" data-elementor-lightbox-description=\"Paseo por el pueblo de Fuentetoba, perteneciente a Golmayo en Soria, cascada del rio Golmayo.\" data-e-action-hash=\"#elementor-action%3Aaction%3Dlightbox%26settings%3DeyJpZCI6MTkyMSwidXJsIjoiaHR0cHM6XC9cL2FkcmlhbnNlZGlsZXMuZXNcL3dwLWNvbnRlbnRcL3VwbG9hZHNcLzIwMjZcLzAxXC9ESklfMjAyNTEyMzAxMTI4NDJfMDAwNF9ELjAwXzAwXzE0XzE1LkltYWdlbi1maWphMDAyLmpwZyIsInNsaWRlc2hvdyI6IjcxNzljMzYifQ%3D%3D\" href='https:\/\/adriansediles.es\/wp-content\/uploads\/2026\/01\/DJI_20251230112842_0004_D.00_00_14_15.Imagen-fija002.jpg'><img loading=\"lazy\" decoding=\"async\" width=\"300\" height=\"169\" src=\"https:\/\/adriansediles.es\/wp-content\/uploads\/2026\/01\/DJI_20251230112842_0004_D.00_00_14_15.Imagen-fija002-300x169.jpg\" class=\"attachment-medium size-medium\" alt=\"Cascada de Fuentetoba en Soria\" aria-describedby=\"gallery-1-1921\" srcset=\"https:\/\/adriansediles.es\/wp-content\/uploads\/2026\/01\/DJI_20251230112842_0004_D.00_00_14_15.Imagen-fija002-300x169.jpg 300w, https:\/\/adriansediles.es\/wp-content\/uploads\/2026\/01\/DJI_20251230112842_0004_D.00_00_14_15.Imagen-fija002-1024x576.jpg 1024w, https:\/\/adriansediles.es\/wp-content\/uploads\/2026\/01\/DJI_20251230112842_0004_D.00_00_14_15.Imagen-fija002-768x432.jpg 768w, https:\/\/adriansediles.es\/wp-content\/uploads\/2026\/01\/DJI_20251230112842_0004_D.00_00_14_15.Imagen-fija002-1536x864.jpg 1536w, https:\/\/adriansediles.es\/wp-content\/uploads\/2026\/01\/DJI_20251230112842_0004_D.00_00_14_15.Imagen-fija002-2048x1152.jpg 2048w, https:\/\/adriansediles.es\/wp-content\/uploads\/2026\/01\/DJI_20251230112842_0004_D.00_00_14_15.Imagen-fija002-990x557.jpg 990w, https:\/\/adriansediles.es\/wp-content\/uploads\/2026\/01\/DJI_20251230112842_0004_D.00_00_14_15.Imagen-fija002-1920x1080.jpg 1920w\" sizes=\"(max-width: 300px) 100vw, 300px\" \/><\/a>\n\t\t\t<\/div>\n\t\t\t\t<figcaption class='wp-caption-text gallery-caption' id='gallery-1-1921'>\n\t\t\t\tPaseo por el pueblo de Fuentetoba, perteneciente a Golmayo en Soria, cascada del rio Golmayo.\n\t\t\t\t<\/figcaption><\/figure><figure class='gallery-item'>\n\t\t\t<div class='gallery-icon landscape'>\n\t\t\t\t<a data-elementor-open-lightbox=\"yes\" data-elementor-lightbox-slideshow=\"7179c36\" data-elementor-lightbox-title=\"El Salto de la Portellada - Adrian Sediles Embi\" data-elementor-lightbox-description=\"El Salto de la Portellada - Adrian Sediles Embi\" data-e-action-hash=\"#elementor-action%3Aaction%3Dlightbox%26settings%3DeyJpZCI6MTUyLCJ1cmwiOiJodHRwczpcL1wvYWRyaWFuc2VkaWxlcy5lc1wvd3AtY29udGVudFwvdXBsb2Fkc1wvMjAyMFwvMDJcL0RTQzUwOTItY29tby1vYmpldG8taW50ZWxpZ2VudGUtMS1zY2FsZWQuanBnIiwic2xpZGVzaG93IjoiNzE3OWMzNiJ9\" href='https:\/\/adriansediles.es\/wp-content\/uploads\/2020\/02\/DSC5092-como-objeto-inteligente-1-scaled.jpg'><img loading=\"lazy\" decoding=\"async\" width=\"300\" height=\"200\" src=\"https:\/\/adriansediles.es\/wp-content\/uploads\/2020\/02\/DSC5092-como-objeto-inteligente-1-300x200.jpg\" class=\"attachment-medium size-medium\" alt=\"El Salto de la Portellada - Adrian Sediles Embi\" aria-describedby=\"gallery-1-152\" srcset=\"https:\/\/adriansediles.es\/wp-content\/uploads\/2020\/02\/DSC5092-como-objeto-inteligente-1-300x200.jpg 300w, https:\/\/adriansediles.es\/wp-content\/uploads\/2020\/02\/DSC5092-como-objeto-inteligente-1-1024x683.jpg 1024w, https:\/\/adriansediles.es\/wp-content\/uploads\/2020\/02\/DSC5092-como-objeto-inteligente-1-768x512.jpg 768w, https:\/\/adriansediles.es\/wp-content\/uploads\/2020\/02\/DSC5092-como-objeto-inteligente-1-1536x1024.jpg 1536w, https:\/\/adriansediles.es\/wp-content\/uploads\/2020\/02\/DSC5092-como-objeto-inteligente-1-2048x1365.jpg 2048w, https:\/\/adriansediles.es\/wp-content\/uploads\/2020\/02\/DSC5092-como-objeto-inteligente-1-666x444.jpg 666w\" sizes=\"(max-width: 300px) 100vw, 300px\" \/><\/a>\n\t\t\t<\/div>\n\t\t\t\t<figcaption class='wp-caption-text gallery-caption' id='gallery-1-152'>\n\t\t\t\tEl Salto de la Portellada &#8211; Adrian Sediles Embi\n\t\t\t\t<\/figcaption><\/figure><figure class='gallery-item'>\n\t\t\t<div class='gallery-icon landscape'>\n\t\t\t\t<a data-elementor-open-lightbox=\"yes\" data-elementor-lightbox-slideshow=\"7179c36\" data-elementor-lightbox-title=\"Salto de Rold\u00e1n en Huesca - Adrian Sediles Embi\" data-elementor-lightbox-description=\"Fotograf\u00eda a\u00e9rea del amanecer desde el Salto de Rold\u00e1n a las puertas del Parque Natural de la Sierra y Ca\u00f1ones de Guara, realizada por Adri\u00e1n Sediles Embi.\" data-e-action-hash=\"#elementor-action%3Aaction%3Dlightbox%26settings%3DeyJpZCI6OTcwLCJ1cmwiOiJodHRwczpcL1wvYWRyaWFuc2VkaWxlcy5lc1wvd3AtY29udGVudFwvdXBsb2Fkc1wvMjAyMVwvMDZcL1NhbHRvLWRlLVJvbGRhbi1lbi1IdWVzY2EtQWRyaWFuLVNlZGlsZXMtRW1iaS1zY2FsZWQuanBnIiwic2xpZGVzaG93IjoiNzE3OWMzNiJ9\" href='https:\/\/adriansediles.es\/wp-content\/uploads\/2021\/06\/Salto-de-Roldan-en-Huesca-Adrian-Sediles-Embi-scaled.jpg'><img loading=\"lazy\" decoding=\"async\" width=\"300\" height=\"225\" src=\"https:\/\/adriansediles.es\/wp-content\/uploads\/2021\/06\/Salto-de-Roldan-en-Huesca-Adrian-Sediles-Embi-300x225.jpg\" class=\"attachment-medium size-medium\" alt=\"Salto de Rold\u00e1n en Huesca - Adrian Sediles Embi\" aria-describedby=\"gallery-1-970\" srcset=\"https:\/\/adriansediles.es\/wp-content\/uploads\/2021\/06\/Salto-de-Roldan-en-Huesca-Adrian-Sediles-Embi-300x225.jpg 300w, https:\/\/adriansediles.es\/wp-content\/uploads\/2021\/06\/Salto-de-Roldan-en-Huesca-Adrian-Sediles-Embi-1024x767.jpg 1024w, https:\/\/adriansediles.es\/wp-content\/uploads\/2021\/06\/Salto-de-Roldan-en-Huesca-Adrian-Sediles-Embi-768x575.jpg 768w, https:\/\/adriansediles.es\/wp-content\/uploads\/2021\/06\/Salto-de-Roldan-en-Huesca-Adrian-Sediles-Embi-1536x1150.jpg 1536w, https:\/\/adriansediles.es\/wp-content\/uploads\/2021\/06\/Salto-de-Roldan-en-Huesca-Adrian-Sediles-Embi-2048x1534.jpg 2048w, https:\/\/adriansediles.es\/wp-content\/uploads\/2021\/06\/Salto-de-Roldan-en-Huesca-Adrian-Sediles-Embi-755x566.jpg 755w\" sizes=\"(max-width: 300px) 100vw, 300px\" \/><\/a>\n\t\t\t<\/div>\n\t\t\t\t<figcaption class='wp-caption-text gallery-caption' id='gallery-1-970'>\n\t\t\t\tFotograf\u00eda a\u00e9rea del amanecer desde el Salto de Rold\u00e1n a las puertas del Parque Natural de la Sierra y Ca\u00f1ones de Guara, realizada por Adri\u00e1n Sediles Embi.\n\t\t\t\t<\/figcaption><\/figure><figure class='gallery-item'>\n\t\t\t<div class='gallery-icon landscape'>\n\t\t\t\t<a data-elementor-open-lightbox=\"yes\" data-elementor-lightbox-slideshow=\"7179c36\" data-elementor-lightbox-title=\"Embalse de Mezalocha en Zaragoza\" data-elementor-lightbox-description=\"Fotograf\u00eda a\u00e9rea tomada con un dron en el embalse de Mezalocha en la provincia de Zaragoza, realizada por Adrian Sediles Embi.\" data-e-action-hash=\"#elementor-action%3Aaction%3Dlightbox%26settings%3DeyJpZCI6MTEyOSwidXJsIjoiaHR0cHM6XC9cL2FkcmlhbnNlZGlsZXMuZXNcL3dwLWNvbnRlbnRcL3VwbG9hZHNcLzIwMjJcLzAxXC9ESklfMDM5Mi1zY2FsZWQuanBnIiwic2xpZGVzaG93IjoiNzE3OWMzNiJ9\" href='https:\/\/adriansediles.es\/wp-content\/uploads\/2022\/01\/DJI_0392-scaled.jpg'><img loading=\"lazy\" decoding=\"async\" width=\"300\" height=\"225\" src=\"https:\/\/adriansediles.es\/wp-content\/uploads\/2022\/01\/DJI_0392-300x225.jpg\" class=\"attachment-medium size-medium\" alt=\"Embalse de Mezalocha en Zaragoza\" aria-describedby=\"gallery-1-1129\" srcset=\"https:\/\/adriansediles.es\/wp-content\/uploads\/2022\/01\/DJI_0392-300x225.jpg 300w, https:\/\/adriansediles.es\/wp-content\/uploads\/2022\/01\/DJI_0392-1024x768.jpg 1024w, https:\/\/adriansediles.es\/wp-content\/uploads\/2022\/01\/DJI_0392-768x576.jpg 768w, https:\/\/adriansediles.es\/wp-content\/uploads\/2022\/01\/DJI_0392-1536x1152.jpg 1536w, https:\/\/adriansediles.es\/wp-content\/uploads\/2022\/01\/DJI_0392-2048x1536.jpg 2048w, https:\/\/adriansediles.es\/wp-content\/uploads\/2022\/01\/DJI_0392-755x566.jpg 755w\" sizes=\"(max-width: 300px) 100vw, 300px\" \/><\/a>\n\t\t\t<\/div>\n\t\t\t\t<figcaption class='wp-caption-text gallery-caption' id='gallery-1-1129'>\n\t\t\t\tFotograf\u00eda a\u00e9rea tomada con un dron en el embalse de Mezalocha en la provincia de Zaragoza, realizada por Adrian Sediles Embi.\n\t\t\t\t<\/figcaption><\/figure><figure class='gallery-item'>\n\t\t\t<div class='gallery-icon landscape'>\n\t\t\t\t<a data-elementor-open-lightbox=\"yes\" data-elementor-lightbox-slideshow=\"7179c36\" data-elementor-lightbox-title=\"Pico Vignemale desde Punta Bacias en Panticosa - Adrian Sediles Embi\" data-elementor-lightbox-description=\"Pico Vignemale desde Punta Bacias en Panticosa - Adrian Sediles Embi\" data-e-action-hash=\"#elementor-action%3Aaction%3Dlightbox%26settings%3DeyJpZCI6MTMwNSwidXJsIjoiaHR0cHM6XC9cL2FkcmlhbnNlZGlsZXMuZXNcL3dwLWNvbnRlbnRcL3VwbG9hZHNcLzIwMjJcLzA5XC9ESklfMDE2OS1zY2FsZWQuanBnIiwic2xpZGVzaG93IjoiNzE3OWMzNiJ9\" href='https:\/\/adriansediles.es\/wp-content\/uploads\/2022\/09\/DJI_0169-scaled.jpg'><img loading=\"lazy\" decoding=\"async\" width=\"300\" height=\"169\" src=\"https:\/\/adriansediles.es\/wp-content\/uploads\/2022\/09\/DJI_0169-300x169.jpg\" class=\"attachment-medium size-medium\" alt=\"Pico Vignemale desde Punta Bacias en Panticosa - Adrian Sediles Embi\" aria-describedby=\"gallery-1-1305\" srcset=\"https:\/\/adriansediles.es\/wp-content\/uploads\/2022\/09\/DJI_0169-300x169.jpg 300w, https:\/\/adriansediles.es\/wp-content\/uploads\/2022\/09\/DJI_0169-1024x576.jpg 1024w, https:\/\/adriansediles.es\/wp-content\/uploads\/2022\/09\/DJI_0169-768x432.jpg 768w, https:\/\/adriansediles.es\/wp-content\/uploads\/2022\/09\/DJI_0169-1536x864.jpg 1536w, https:\/\/adriansediles.es\/wp-content\/uploads\/2022\/09\/DJI_0169-2048x1152.jpg 2048w, https:\/\/adriansediles.es\/wp-content\/uploads\/2022\/09\/DJI_0169-990x556.jpg 990w, https:\/\/adriansediles.es\/wp-content\/uploads\/2022\/09\/DJI_0169-1920x1080.jpg 1920w\" sizes=\"(max-width: 300px) 100vw, 300px\" \/><\/a>\n\t\t\t<\/div>\n\t\t\t\t<figcaption class='wp-caption-text gallery-caption' id='gallery-1-1305'>\n\t\t\t\tFotograf\u00eda del Pico Vignemale desde Punta Bacias en Panticosa &#8211; Adrian Sediles Embi\n\t\t\t\t<\/figcaption><\/figure><figure class='gallery-item'>\n\t\t\t<div class='gallery-icon landscape'>\n\t\t\t\t<a data-elementor-open-lightbox=\"yes\" data-elementor-lightbox-slideshow=\"7179c36\" data-elementor-lightbox-title=\"Atardecer en Zaragoza- Adrian Sediles Embi\" data-elementor-lightbox-description=\"Fotografia tomada durante el atardecer en Zaragoza, junto a la basilica del Pilar, el puente de Piedra y el rio Ebro, realizada por el fotografo Adrian Sediles Embi.\" data-e-action-hash=\"#elementor-action%3Aaction%3Dlightbox%26settings%3DeyJpZCI6MjE2LCJ1cmwiOiJodHRwczpcL1wvYWRyaWFuc2VkaWxlcy5lc1wvd3AtY29udGVudFwvdXBsb2Fkc1wvMjAyMFwvMDJcL0F0YXJkZWNlci1lbi1aYXJhZ296YS1BZHJpYW4tU2VkaWxlcy1FbWJpMi1zY2FsZWQuanBnIiwic2xpZGVzaG93IjoiNzE3OWMzNiJ9\" href='https:\/\/adriansediles.es\/wp-content\/uploads\/2020\/02\/Atardecer-en-Zaragoza-Adrian-Sediles-Embi2-scaled.jpg'><img loading=\"lazy\" decoding=\"async\" width=\"300\" height=\"225\" src=\"https:\/\/adriansediles.es\/wp-content\/uploads\/2020\/02\/Atardecer-en-Zaragoza-Adrian-Sediles-Embi2-300x225.jpg\" class=\"attachment-medium size-medium\" alt=\"Atardecer en Zaragoza- Adrian Sediles Embi\" aria-describedby=\"gallery-1-216\" srcset=\"https:\/\/adriansediles.es\/wp-content\/uploads\/2020\/02\/Atardecer-en-Zaragoza-Adrian-Sediles-Embi2-300x225.jpg 300w, https:\/\/adriansediles.es\/wp-content\/uploads\/2020\/02\/Atardecer-en-Zaragoza-Adrian-Sediles-Embi2-1024x768.jpg 1024w, https:\/\/adriansediles.es\/wp-content\/uploads\/2020\/02\/Atardecer-en-Zaragoza-Adrian-Sediles-Embi2-768x576.jpg 768w, https:\/\/adriansediles.es\/wp-content\/uploads\/2020\/02\/Atardecer-en-Zaragoza-Adrian-Sediles-Embi2-1536x1152.jpg 1536w, https:\/\/adriansediles.es\/wp-content\/uploads\/2020\/02\/Atardecer-en-Zaragoza-Adrian-Sediles-Embi2-2048x1536.jpg 2048w, https:\/\/adriansediles.es\/wp-content\/uploads\/2020\/02\/Atardecer-en-Zaragoza-Adrian-Sediles-Embi2-755x566.jpg 755w\" sizes=\"(max-width: 300px) 100vw, 300px\" \/><\/a>\n\t\t\t<\/div>\n\t\t\t\t<figcaption class='wp-caption-text gallery-caption' id='gallery-1-216'>\n\t\t\t\tFotografia tomada durante el atardecer en Zaragoza, junto a la basilica del Pilar, el puente de Piedra y el rio Ebro, realizada por el fotografo Adrian Sediles Embi.\n\t\t\t\t<\/figcaption><\/figure><figure class='gallery-item'>\n\t\t\t<div class='gallery-icon landscape'>\n\t\t\t\t<a data-elementor-open-lightbox=\"yes\" data-elementor-lightbox-slideshow=\"7179c36\" data-elementor-lightbox-title=\"Atardecer en Zaragoza - Adrian Sediles Embi\" data-elementor-lightbox-description=\"Atardecer en Zaragoza - Adrian Sediles Embi\" data-e-action-hash=\"#elementor-action%3Aaction%3Dlightbox%26settings%3DeyJpZCI6MTYwLCJ1cmwiOiJodHRwczpcL1wvYWRyaWFuc2VkaWxlcy5lc1wvd3AtY29udGVudFwvdXBsb2Fkc1wvMjAyMFwvMDJcL0F0YXJkZWNlci1lbi1aYXJhZ296YS1BZHJpYW4tU2VkaWxlcy1FbWJpLmpwZyIsInNsaWRlc2hvdyI6IjcxNzljMzYifQ%3D%3D\" href='https:\/\/adriansediles.es\/wp-content\/uploads\/2020\/02\/Atardecer-en-Zaragoza-Adrian-Sediles-Embi.jpg'><img loading=\"lazy\" decoding=\"async\" width=\"300\" height=\"200\" src=\"https:\/\/adriansediles.es\/wp-content\/uploads\/2020\/02\/Atardecer-en-Zaragoza-Adrian-Sediles-Embi-300x200.jpg\" class=\"attachment-medium size-medium\" alt=\"Atardecer en Zaragoza - Adrian Sediles Embi\" aria-describedby=\"gallery-1-160\" srcset=\"https:\/\/adriansediles.es\/wp-content\/uploads\/2020\/02\/Atardecer-en-Zaragoza-Adrian-Sediles-Embi-300x200.jpg 300w, https:\/\/adriansediles.es\/wp-content\/uploads\/2020\/02\/Atardecer-en-Zaragoza-Adrian-Sediles-Embi-768x512.jpg 768w, https:\/\/adriansediles.es\/wp-content\/uploads\/2020\/02\/Atardecer-en-Zaragoza-Adrian-Sediles-Embi-666x444.jpg 666w, https:\/\/adriansediles.es\/wp-content\/uploads\/2020\/02\/Atardecer-en-Zaragoza-Adrian-Sediles-Embi.jpg 1024w\" sizes=\"(max-width: 300px) 100vw, 300px\" \/><\/a>\n\t\t\t<\/div>\n\t\t\t\t<figcaption class='wp-caption-text gallery-caption' id='gallery-1-160'>\n\t\t\t\tFotografia realizada por Adrian Sediles Embi en el atardecer de Zaragoza, se puede observar la bas\u00edlica del Pilar, el R\u00edo Ebro y un gran atardecer muy colorido.\n\t\t\t\t<\/figcaption><\/figure><figure class='gallery-item'>\n\t\t\t<div class='gallery-icon landscape'>\n\t\t\t\t<a data-elementor-open-lightbox=\"yes\" data-elementor-lightbox-slideshow=\"7179c36\" data-elementor-lightbox-title=\"San Juan de Gaztelugatxe - Adrian Sediles Embi\" data-elementor-lightbox-description=\"San Juan de Gaztelugatxe - Adrian Sediles Embi\" data-e-action-hash=\"#elementor-action%3Aaction%3Dlightbox%26settings%3DeyJpZCI6MTc3LCJ1cmwiOiJodHRwczpcL1wvYWRyaWFuc2VkaWxlcy5lc1wvd3AtY29udGVudFwvdXBsb2Fkc1wvMjAyMFwvMDJcL1Nhbi1KdWFuLWRlLUdhenRlbHVnYXR4ZS1BZHJpYW4tU2VkaWxlcy1FbWJpLmpwZyIsInNsaWRlc2hvdyI6IjcxNzljMzYifQ%3D%3D\" href='https:\/\/adriansediles.es\/wp-content\/uploads\/2020\/02\/San-Juan-de-Gaztelugatxe-Adrian-Sediles-Embi.jpg'><img loading=\"lazy\" decoding=\"async\" width=\"300\" height=\"200\" src=\"https:\/\/adriansediles.es\/wp-content\/uploads\/2020\/02\/San-Juan-de-Gaztelugatxe-Adrian-Sediles-Embi-300x200.jpg\" class=\"attachment-medium size-medium\" alt=\"San Juan de Gaztelugatxe - Adrian Sediles Embi\" aria-describedby=\"gallery-1-177\" srcset=\"https:\/\/adriansediles.es\/wp-content\/uploads\/2020\/02\/San-Juan-de-Gaztelugatxe-Adrian-Sediles-Embi-300x200.jpg 300w, https:\/\/adriansediles.es\/wp-content\/uploads\/2020\/02\/San-Juan-de-Gaztelugatxe-Adrian-Sediles-Embi-768x512.jpg 768w, https:\/\/adriansediles.es\/wp-content\/uploads\/2020\/02\/San-Juan-de-Gaztelugatxe-Adrian-Sediles-Embi-666x444.jpg 666w, https:\/\/adriansediles.es\/wp-content\/uploads\/2020\/02\/San-Juan-de-Gaztelugatxe-Adrian-Sediles-Embi.jpg 1024w\" sizes=\"(max-width: 300px) 100vw, 300px\" \/><\/a>\n\t\t\t<\/div>\n\t\t\t\t<figcaption class='wp-caption-text gallery-caption' id='gallery-1-177'>\n\t\t\t\tFotograf\u00eda tomada en el atardecer en San Juan de Gaztelugatxe, Bermeo. Realizada por Adri\u00e1n Sediles Embi.\n\t\t\t\t<\/figcaption><\/figure><figure class='gallery-item'>\n\t\t\t<div class='gallery-icon landscape'>\n\t\t\t\t<a data-elementor-open-lightbox=\"yes\" data-elementor-lightbox-slideshow=\"7179c36\" data-elementor-lightbox-title=\"Nieve en Zaragoza tras borrasca Filomena - Adrian Sediles Embi\" data-elementor-lightbox-description=\"Fotograf\u00eda a\u00e9rea de Zaragoza cubierta por la nieve tras el paso de la borrasca Filomena por Espa\u00f1a, realizada por Adrian Sediles Embi.\" data-e-action-hash=\"#elementor-action%3Aaction%3Dlightbox%26settings%3DeyJpZCI6OTEyLCJ1cmwiOiJodHRwczpcL1wvYWRyaWFuc2VkaWxlcy5lc1wvd3AtY29udGVudFwvdXBsb2Fkc1wvMjAyMVwvMDFcL05pZXZlLWVuLVphcmFnb3phLXRyYXMtYm9ycmFzY2EtRmlsb21lbmEtQWRyaWFuLVNlZGlsZXMtRW1iaS1zY2FsZWQuanBnIiwic2xpZGVzaG93IjoiNzE3OWMzNiJ9\" href='https:\/\/adriansediles.es\/wp-content\/uploads\/2021\/01\/Nieve-en-Zaragoza-tras-borrasca-Filomena-Adrian-Sediles-Embi-scaled.jpg'><img loading=\"lazy\" decoding=\"async\" width=\"300\" height=\"225\" src=\"https:\/\/adriansediles.es\/wp-content\/uploads\/2021\/01\/Nieve-en-Zaragoza-tras-borrasca-Filomena-Adrian-Sediles-Embi-300x225.jpg\" class=\"attachment-medium size-medium\" alt=\"Basilica del Pilar nevada en Zaragoza - Adrian Sediles Embi\" aria-describedby=\"gallery-1-912\" \/><\/a>\n\t\t\t<\/div>\n\t\t\t\t<figcaption class='wp-caption-text gallery-caption' id='gallery-1-912'>\n\t\t\t\tFotograf\u00eda a\u00e9rea de Zaragoza cubierta por la nieve tras el paso de la borrasca Filomena por Espa\u00f1a, realizada por Adrian Sediles Embi.\n\t\t\t\t<\/figcaption><\/figure><figure class='gallery-item'>\n\t\t\t<div class='gallery-icon landscape'>\n\t\t\t\t<a data-elementor-open-lightbox=\"yes\" data-elementor-lightbox-slideshow=\"7179c36\" data-elementor-lightbox-title=\"Pico Boron en el Embalse de Vadiello, Huesca\" data-elementor-lightbox-description=\"Pico Boron en el Embalse de Vadiello, Huesca\" data-e-action-hash=\"#elementor-action%3Aaction%3Dlightbox%26settings%3DeyJpZCI6MTU0NCwidXJsIjoiaHR0cHM6XC9cL2FkcmlhbnNlZGlsZXMuZXNcL3dwLWNvbnRlbnRcL3VwbG9hZHNcLzIwMjNcLzExXC9ESklfMDAwOC5qcGciLCJzbGlkZXNob3ciOiI3MTc5YzM2In0%3D\" href='https:\/\/adriansediles.es\/wp-content\/uploads\/2023\/11\/DJI_0008.jpg'><img loading=\"lazy\" decoding=\"async\" width=\"300\" height=\"169\" src=\"https:\/\/adriansediles.es\/wp-content\/uploads\/2023\/11\/DJI_0008-300x169.jpg\" class=\"attachment-medium size-medium\" alt=\"Pico Boron en el Embalse de Vadiello, Huesca\" aria-describedby=\"gallery-1-1544\" srcset=\"https:\/\/adriansediles.es\/wp-content\/uploads\/2023\/11\/DJI_0008-300x169.jpg 300w, https:\/\/adriansediles.es\/wp-content\/uploads\/2023\/11\/DJI_0008-1024x575.jpg 1024w, https:\/\/adriansediles.es\/wp-content\/uploads\/2023\/11\/DJI_0008-768x432.jpg 768w, https:\/\/adriansediles.es\/wp-content\/uploads\/2023\/11\/DJI_0008-1536x863.jpg 1536w, https:\/\/adriansediles.es\/wp-content\/uploads\/2023\/11\/DJI_0008-2048x1151.jpg 2048w, https:\/\/adriansediles.es\/wp-content\/uploads\/2023\/11\/DJI_0008-990x556.jpg 990w, https:\/\/adriansediles.es\/wp-content\/uploads\/2023\/11\/DJI_0008-1920x1080.jpg 1920w\" sizes=\"(max-width: 300px) 100vw, 300px\" \/><\/a>\n\t\t\t<\/div>\n\t\t\t\t<figcaption class='wp-caption-text gallery-caption' id='gallery-1-1544'>\n\t\t\t\tPico Boron en el Embalse de Vadiello, Huesca\n\t\t\t\t<\/figcaption><\/figure><figure class='gallery-item'>\n\t\t\t<div class='gallery-icon landscape'>\n\t\t\t\t<a data-elementor-open-lightbox=\"yes\" data-elementor-lightbox-slideshow=\"7179c36\" data-elementor-lightbox-title=\"Embalse o presa de Lanuza, con pe\u00f1a Foratata al fondo.\" data-elementor-lightbox-description=\"Embalse de Lanuza, con Pe\u00f1a Foratata al fondo, realizada con un dron.\" data-e-action-hash=\"#elementor-action%3Aaction%3Dlightbox%26settings%3DeyJpZCI6MTQxMiwidXJsIjoiaHR0cHM6XC9cL2FkcmlhbnNlZGlsZXMuZXNcL3dwLWNvbnRlbnRcL3VwbG9hZHNcLzIwMjNcLzAzXC9XaGF0c0FwcC1JbWFnZS0yMDIzLTAzLTEzLWF0LTA5LjAzLjM5LmpwZWciLCJzbGlkZXNob3ciOiI3MTc5YzM2In0%3D\" href='https:\/\/adriansediles.es\/wp-content\/uploads\/2023\/03\/WhatsApp-Image-2023-03-13-at-09.03.39.jpeg'><img loading=\"lazy\" decoding=\"async\" width=\"300\" height=\"168\" src=\"https:\/\/adriansediles.es\/wp-content\/uploads\/2023\/03\/WhatsApp-Image-2023-03-13-at-09.03.39-300x168.jpeg\" class=\"attachment-medium size-medium\" alt=\"Embalse o presa de Lanuza, con pe\u00f1a Foratata al fondo.\" aria-describedby=\"gallery-1-1412\" srcset=\"https:\/\/adriansediles.es\/wp-content\/uploads\/2023\/03\/WhatsApp-Image-2023-03-13-at-09.03.39-300x168.jpeg 300w, https:\/\/adriansediles.es\/wp-content\/uploads\/2023\/03\/WhatsApp-Image-2023-03-13-at-09.03.39-1024x575.jpeg 1024w, https:\/\/adriansediles.es\/wp-content\/uploads\/2023\/03\/WhatsApp-Image-2023-03-13-at-09.03.39-768x431.jpeg 768w, https:\/\/adriansediles.es\/wp-content\/uploads\/2023\/03\/WhatsApp-Image-2023-03-13-at-09.03.39-1536x863.jpeg 1536w, https:\/\/adriansediles.es\/wp-content\/uploads\/2023\/03\/WhatsApp-Image-2023-03-13-at-09.03.39-990x556.jpeg 990w, https:\/\/adriansediles.es\/wp-content\/uploads\/2023\/03\/WhatsApp-Image-2023-03-13-at-09.03.39-1920x1080.jpeg 1920w, https:\/\/adriansediles.es\/wp-content\/uploads\/2023\/03\/WhatsApp-Image-2023-03-13-at-09.03.39.jpeg 2048w\" sizes=\"(max-width: 300px) 100vw, 300px\" \/><\/a>\n\t\t\t<\/div>\n\t\t\t\t<figcaption class='wp-caption-text gallery-caption' id='gallery-1-1412'>\n\t\t\t\tEmbalse de Lanuza, con Pe\u00f1a Foratata al fondo, realizada con un dron.\n\t\t\t\t<\/figcaption><\/figure><figure class='gallery-item'>\n\t\t\t<div class='gallery-icon landscape'>\n\t\t\t\t<a data-elementor-open-lightbox=\"yes\" data-elementor-lightbox-slideshow=\"7179c36\" data-elementor-lightbox-title=\"Valle de Ordesa y Monte Perdido - Adrian Sediles Embi\" data-elementor-lightbox-description=\"Valle de Ordesa y Monte Perdido - Adrian Sediles Embi\" data-e-action-hash=\"#elementor-action%3Aaction%3Dlightbox%26settings%3DeyJpZCI6MTgzLCJ1cmwiOiJodHRwczpcL1wvYWRyaWFuc2VkaWxlcy5lc1wvd3AtY29udGVudFwvdXBsb2Fkc1wvMjAyMFwvMDJcL0RTQzI0MzQtc2NhbGVkLmpwZyIsInNsaWRlc2hvdyI6IjcxNzljMzYifQ%3D%3D\" href='https:\/\/adriansediles.es\/wp-content\/uploads\/2020\/02\/DSC2434-scaled.jpg'><img loading=\"lazy\" decoding=\"async\" width=\"300\" height=\"200\" src=\"https:\/\/adriansediles.es\/wp-content\/uploads\/2020\/02\/DSC2434-300x200.jpg\" class=\"attachment-medium size-medium\" alt=\"Valle de Ordesa y Monte Perdido - Adrian Sediles Embi\" aria-describedby=\"gallery-1-183\" srcset=\"https:\/\/adriansediles.es\/wp-content\/uploads\/2020\/02\/DSC2434-300x200.jpg 300w, https:\/\/adriansediles.es\/wp-content\/uploads\/2020\/02\/DSC2434-1024x683.jpg 1024w, https:\/\/adriansediles.es\/wp-content\/uploads\/2020\/02\/DSC2434-768x512.jpg 768w, https:\/\/adriansediles.es\/wp-content\/uploads\/2020\/02\/DSC2434-1536x1024.jpg 1536w, https:\/\/adriansediles.es\/wp-content\/uploads\/2020\/02\/DSC2434-2048x1365.jpg 2048w, https:\/\/adriansediles.es\/wp-content\/uploads\/2020\/02\/DSC2434-666x444.jpg 666w\" sizes=\"(max-width: 300px) 100vw, 300px\" \/><\/a>\n\t\t\t<\/div>\n\t\t\t\t<figcaption class='wp-caption-text gallery-caption' id='gallery-1-183'>\n\t\t\t\tValle de Ordesa y Monte Perdido &#8211; Adrian Sediles Embi\n\t\t\t\t<\/figcaption><\/figure><figure class='gallery-item'>\n\t\t\t<div class='gallery-icon landscape'>\n\t\t\t\t<a data-elementor-open-lightbox=\"yes\" data-elementor-lightbox-slideshow=\"7179c36\" data-elementor-lightbox-title=\"Plaza Espa\u00f1a Sevilla - Adrian Sediles Embi\" data-elementor-lightbox-description=\"Plaza Espa\u00f1a Sevilla - Adrian Sediles Embi\" data-e-action-hash=\"#elementor-action%3Aaction%3Dlightbox%26settings%3DeyJpZCI6MTc0LCJ1cmwiOiJodHRwczpcL1wvYWRyaWFuc2VkaWxlcy5lc1wvd3AtY29udGVudFwvdXBsb2Fkc1wvMjAyMFwvMDJcL1BsYXphLWRlLUVzcGFcdTAwZjFhLVNldmlsbGEtQWRyaWFuLVNlZGlsZXMtRW1iaS5qcGciLCJzbGlkZXNob3ciOiI3MTc5YzM2In0%3D\" href='https:\/\/adriansediles.es\/wp-content\/uploads\/2020\/02\/Plaza-de-Espa\u00f1a-Sevilla-Adrian-Sediles-Embi.jpg'><img loading=\"lazy\" decoding=\"async\" width=\"300\" height=\"200\" src=\"https:\/\/adriansediles.es\/wp-content\/uploads\/2020\/02\/Plaza-de-Espa\u00f1a-Sevilla-Adrian-Sediles-Embi-300x200.jpg\" class=\"attachment-medium size-medium\" alt=\"Plaza Espa\u00f1a Sevilla - Adrian Sediles Embi\" aria-describedby=\"gallery-1-174\" srcset=\"https:\/\/adriansediles.es\/wp-content\/uploads\/2020\/02\/Plaza-de-Espa\u00f1a-Sevilla-Adrian-Sediles-Embi-300x200.jpg 300w, https:\/\/adriansediles.es\/wp-content\/uploads\/2020\/02\/Plaza-de-Espa\u00f1a-Sevilla-Adrian-Sediles-Embi-768x512.jpg 768w, https:\/\/adriansediles.es\/wp-content\/uploads\/2020\/02\/Plaza-de-Espa\u00f1a-Sevilla-Adrian-Sediles-Embi-666x444.jpg 666w, https:\/\/adriansediles.es\/wp-content\/uploads\/2020\/02\/Plaza-de-Espa\u00f1a-Sevilla-Adrian-Sediles-Embi.jpg 1024w\" sizes=\"(max-width: 300px) 100vw, 300px\" \/><\/a>\n\t\t\t<\/div>\n\t\t\t\t<figcaption class='wp-caption-text gallery-caption' id='gallery-1-174'>\n\t\t\t\tAdri\u00e1n Sediles Embi, Adri\u00e1n Sediles, Plaza Espa\u00f1a, Sevilla,Andaluc\u00eda,Espa\u00f1a, Spain, el tiempo en sevilla, tiempo sevilla, sevilla  espa\u00f1a, noticias sevilla, foto sevilla,  Parque de Maria Luisa, Maria Luisa.  parqu, Plaza de Espa\u00f1a Sevilla\n\t\t\t\t<\/figcaption><\/figure><figure class='gallery-item'>\n\t\t\t<div class='gallery-icon landscape'>\n\t\t\t\t<a data-elementor-open-lightbox=\"yes\" data-elementor-lightbox-slideshow=\"7179c36\" data-elementor-lightbox-title=\"Raso de la Cruz Almonacid de la Sierra\" data-elementor-lightbox-description=\"Fotograf\u00eda del amanecer en lo alto del Raso de la Cruz en el municipio de Almonacid de la Sierra, provincia de Zaragoza.\" data-e-action-hash=\"#elementor-action%3Aaction%3Dlightbox%26settings%3DeyJpZCI6MTA1NSwidXJsIjoiaHR0cHM6XC9cL2FkcmlhbnNlZGlsZXMuZXNcL3dwLWNvbnRlbnRcL3VwbG9hZHNcLzIwMjFcLzEyXC9SYXNvLWRlLWxhLUNydXotQWxtb25hY2lkLWRlLWxhLVNpZXJyYS1zY2FsZWQuanBnIiwic2xpZGVzaG93IjoiNzE3OWMzNiJ9\" href='https:\/\/adriansediles.es\/wp-content\/uploads\/2021\/12\/Raso-de-la-Cruz-Almonacid-de-la-Sierra-scaled.jpg'><img loading=\"lazy\" decoding=\"async\" width=\"300\" height=\"225\" src=\"https:\/\/adriansediles.es\/wp-content\/uploads\/2021\/12\/Raso-de-la-Cruz-Almonacid-de-la-Sierra-300x225.jpg\" class=\"attachment-medium size-medium\" alt=\"Raso de la Cruz Almonacid de la Sierra\" aria-describedby=\"gallery-1-1055\" srcset=\"https:\/\/adriansediles.es\/wp-content\/uploads\/2021\/12\/Raso-de-la-Cruz-Almonacid-de-la-Sierra-300x225.jpg 300w, https:\/\/adriansediles.es\/wp-content\/uploads\/2021\/12\/Raso-de-la-Cruz-Almonacid-de-la-Sierra-1024x768.jpg 1024w, https:\/\/adriansediles.es\/wp-content\/uploads\/2021\/12\/Raso-de-la-Cruz-Almonacid-de-la-Sierra-768x576.jpg 768w, https:\/\/adriansediles.es\/wp-content\/uploads\/2021\/12\/Raso-de-la-Cruz-Almonacid-de-la-Sierra-1536x1152.jpg 1536w, https:\/\/adriansediles.es\/wp-content\/uploads\/2021\/12\/Raso-de-la-Cruz-Almonacid-de-la-Sierra-2048x1536.jpg 2048w, https:\/\/adriansediles.es\/wp-content\/uploads\/2021\/12\/Raso-de-la-Cruz-Almonacid-de-la-Sierra-755x566.jpg 755w\" sizes=\"(max-width: 300px) 100vw, 300px\" \/><\/a>\n\t\t\t<\/div>\n\t\t\t\t<figcaption class='wp-caption-text gallery-caption' id='gallery-1-1055'>\n\t\t\t\tFotograf\u00eda del amanecer en lo alto del Raso de la Cruz en el municipio de Almonacid de la Sierra, provincia de Zaragoza.\n\t\t\t\t<\/figcaption><\/figure><figure class='gallery-item'>\n\t\t\t<div class='gallery-icon landscape'>\n\t\t\t\t<a data-elementor-open-lightbox=\"yes\" data-elementor-lightbox-slideshow=\"7179c36\" data-elementor-lightbox-title=\"Noche en Zaragoza - Adri\u00e1n Sediles Embi\" data-elementor-lightbox-description=\"Noche en Zaragoza - Adri\u00e1n Sediles Embi\" data-e-action-hash=\"#elementor-action%3Aaction%3Dlightbox%26settings%3DeyJpZCI6MTczLCJ1cmwiOiJodHRwczpcL1wvYWRyaWFuc2VkaWxlcy5lc1wvd3AtY29udGVudFwvdXBsb2Fkc1wvMjAyMFwvMDJcL05vY2hlLWVuLVphcmFnb3phLUFkcmlcdTAwZTFuLVNlZGlsZXMtRW1iaS5qcGciLCJzbGlkZXNob3ciOiI3MTc5YzM2In0%3D\" href='https:\/\/adriansediles.es\/wp-content\/uploads\/2020\/02\/Noche-en-Zaragoza-Adri\u00e1n-Sediles-Embi.jpg'><img loading=\"lazy\" decoding=\"async\" width=\"300\" height=\"200\" src=\"https:\/\/adriansediles.es\/wp-content\/uploads\/2020\/02\/Noche-en-Zaragoza-Adri\u00e1n-Sediles-Embi-300x200.jpg\" class=\"attachment-medium size-medium\" alt=\"Noche en Zaragoza - Adri\u00e1n Sediles Embi\" aria-describedby=\"gallery-1-173\" srcset=\"https:\/\/adriansediles.es\/wp-content\/uploads\/2020\/02\/Noche-en-Zaragoza-Adri\u00e1n-Sediles-Embi-300x200.jpg 300w, https:\/\/adriansediles.es\/wp-content\/uploads\/2020\/02\/Noche-en-Zaragoza-Adri\u00e1n-Sediles-Embi-768x512.jpg 768w, https:\/\/adriansediles.es\/wp-content\/uploads\/2020\/02\/Noche-en-Zaragoza-Adri\u00e1n-Sediles-Embi-666x444.jpg 666w, https:\/\/adriansediles.es\/wp-content\/uploads\/2020\/02\/Noche-en-Zaragoza-Adri\u00e1n-Sediles-Embi.jpg 1024w\" sizes=\"(max-width: 300px) 100vw, 300px\" \/><\/a>\n\t\t\t<\/div>\n\t\t\t\t<figcaption class='wp-caption-text gallery-caption' id='gallery-1-173'>\n\t\t\t\tAdri\u00e1n Sediles Embi, Adri\u00e1n Sediles, Zaragoza, Zgz, atardecer, sunset, noche, night, hora azul, Arag\u00f3n, Espa\u00f1a, Spain, el tiempo en zaragoza, tiempo zaragoza, zaragoza espa\u00f1a, noticias zaragoza, foto zaragoza, rio Ebro, Ebro, Pilar; basilica; arquitectura;\n\t\t\t\t<\/figcaption><\/figure><figure class='gallery-item'>\n\t\t\t<div class='gallery-icon landscape'>\n\t\t\t\t<a data-elementor-open-lightbox=\"yes\" data-elementor-lightbox-slideshow=\"7179c36\" data-elementor-lightbox-title=\"Fiestas del Pilar 2024 - Zaragoza\" data-elementor-lightbox-description=\"Noche en Zaragoza - Adri\u00e1n Sediles Embi\" data-e-action-hash=\"#elementor-action%3Aaction%3Dlightbox%26settings%3DeyJpZCI6MTYyOCwidXJsIjoiaHR0cHM6XC9cL2FkcmlhbnNlZGlsZXMuZXNcL3dwLWNvbnRlbnRcL3VwbG9hZHNcLzIwMjRcLzEwXC9JTUdfMTYxMy5qcGciLCJzbGlkZXNob3ciOiI3MTc5YzM2In0%3D\" href='https:\/\/adriansediles.es\/wp-content\/uploads\/2024\/10\/IMG_1613.jpg'><img loading=\"lazy\" decoding=\"async\" width=\"300\" height=\"200\" src=\"https:\/\/adriansediles.es\/wp-content\/uploads\/2024\/10\/IMG_1613-300x200.jpg\" class=\"attachment-medium size-medium\" alt=\"Fiestas del Pilar 2024 - Zaragoza\" aria-describedby=\"gallery-1-1628\" srcset=\"https:\/\/adriansediles.es\/wp-content\/uploads\/2024\/10\/IMG_1613-300x200.jpg 300w, https:\/\/adriansediles.es\/wp-content\/uploads\/2024\/10\/IMG_1613-1024x683.jpg 1024w, https:\/\/adriansediles.es\/wp-content\/uploads\/2024\/10\/IMG_1613-768x512.jpg 768w, https:\/\/adriansediles.es\/wp-content\/uploads\/2024\/10\/IMG_1613-1536x1024.jpg 1536w, https:\/\/adriansediles.es\/wp-content\/uploads\/2024\/10\/IMG_1613-2048x1365.jpg 2048w, https:\/\/adriansediles.es\/wp-content\/uploads\/2024\/10\/IMG_1613-990x660.jpg 990w\" sizes=\"(max-width: 300px) 100vw, 300px\" \/><\/a>\n\t\t\t<\/div>\n\t\t\t\t<figcaption class='wp-caption-text gallery-caption' id='gallery-1-1628'>\n\t\t\t\tFotograf\u00eda de los fuegos de final de fiestas del Pilar 2024  con la bas\u00edlica del Pilar de fondo desde Villamayor de Gallego.\n\t\t\t\t<\/figcaption><\/figure><figure class='gallery-item'>\n\t\t\t<div class='gallery-icon landscape'>\n\t\t\t\t<a data-elementor-open-lightbox=\"yes\" data-elementor-lightbox-slideshow=\"7179c36\" data-elementor-lightbox-title=\"Valderrobres Teruel - Adri\u00e1n Sediles Embi\" data-elementor-lightbox-description=\"Valderrobres Teruel - Adri\u00e1n Sediles Embi\" data-e-action-hash=\"#elementor-action%3Aaction%3Dlightbox%26settings%3DeyJpZCI6MTc5LCJ1cmwiOiJodHRwczpcL1wvYWRyaWFuc2VkaWxlcy5lc1wvd3AtY29udGVudFwvdXBsb2Fkc1wvMjAyMFwvMDJcL1ZhbGRlcnJvYnJlcy1UZXJ1ZWwtQWRyaVx1MDBlMW4tU2VkaWxlcy1FbWJpLTIuanBnIiwic2xpZGVzaG93IjoiNzE3OWMzNiJ9\" href='https:\/\/adriansediles.es\/wp-content\/uploads\/2020\/02\/Valderrobres-Teruel-Adri\u00e1n-Sediles-Embi-2.jpg'><img loading=\"lazy\" decoding=\"async\" width=\"300\" height=\"200\" src=\"https:\/\/adriansediles.es\/wp-content\/uploads\/2020\/02\/Valderrobres-Teruel-Adri\u00e1n-Sediles-Embi-2-300x200.jpg\" class=\"attachment-medium size-medium\" alt=\"Valderrobres Teruel - Adri\u00e1n Sediles Embi\" aria-describedby=\"gallery-1-179\" srcset=\"https:\/\/adriansediles.es\/wp-content\/uploads\/2020\/02\/Valderrobres-Teruel-Adri\u00e1n-Sediles-Embi-2-300x200.jpg 300w, https:\/\/adriansediles.es\/wp-content\/uploads\/2020\/02\/Valderrobres-Teruel-Adri\u00e1n-Sediles-Embi-2-768x512.jpg 768w, https:\/\/adriansediles.es\/wp-content\/uploads\/2020\/02\/Valderrobres-Teruel-Adri\u00e1n-Sediles-Embi-2-666x444.jpg 666w, https:\/\/adriansediles.es\/wp-content\/uploads\/2020\/02\/Valderrobres-Teruel-Adri\u00e1n-Sediles-Embi-2.jpg 1024w\" sizes=\"(max-width: 300px) 100vw, 300px\" \/><\/a>\n\t\t\t<\/div>\n\t\t\t\t<figcaption class='wp-caption-text gallery-caption' id='gallery-1-179'>\n\t\t\t\tAdri\u00e1n Sediles Embi, Adri\u00e1n Sediles, Valderrobres, Teruel, agua, reflejo, Arag\u00f3n, Espa\u00f1a, Spain, zaragoza espa\u00f1a, noticias zaragoza, foto zaragoza, Matarra\u00f1a, rio Matarra\u00f1a, river, Pueblo, village\n\t\t\t\t<\/figcaption><\/figure><figure class='gallery-item'>\n\t\t\t<div class='gallery-icon landscape'>\n\t\t\t\t<a data-elementor-open-lightbox=\"yes\" data-elementor-lightbox-slideshow=\"7179c36\" data-elementor-lightbox-title=\"Fuente de Fornos en Badain, Pirineo de Huesca, Arag\u00f3n.\" data-elementor-lightbox-description=\"Fuente de Fornos en Badain, Pirineo de Huesca, Arag\u00f3n.\" data-e-action-hash=\"#elementor-action%3Aaction%3Dlightbox%26settings%3DeyJpZCI6MTcwOCwidXJsIjoiaHR0cHM6XC9cL2FkcmlhbnNlZGlsZXMuZXNcL3dwLWNvbnRlbnRcL3VwbG9hZHNcLzIwMjVcLzA1XC9ESklfMjAyNTA1MDExMDQ4MzVfMDEyNF9ELTEuanBnIiwic2xpZGVzaG93IjoiNzE3OWMzNiJ9\" href='https:\/\/adriansediles.es\/wp-content\/uploads\/2025\/05\/DJI_20250501104835_0124_D-1.jpg'><img loading=\"lazy\" decoding=\"async\" width=\"300\" height=\"169\" src=\"https:\/\/adriansediles.es\/wp-content\/uploads\/2025\/05\/DJI_20250501104835_0124_D-1-300x169.jpg\" class=\"attachment-medium size-medium\" alt=\"Fuente de Fornos en Badain, Pirineo de Huesca, Arag\u00f3n.\" aria-describedby=\"gallery-1-1708\" srcset=\"https:\/\/adriansediles.es\/wp-content\/uploads\/2025\/05\/DJI_20250501104835_0124_D-1-300x169.jpg 300w, https:\/\/adriansediles.es\/wp-content\/uploads\/2025\/05\/DJI_20250501104835_0124_D-1-1024x578.jpg 1024w, https:\/\/adriansediles.es\/wp-content\/uploads\/2025\/05\/DJI_20250501104835_0124_D-1-768x433.jpg 768w, https:\/\/adriansediles.es\/wp-content\/uploads\/2025\/05\/DJI_20250501104835_0124_D-1-1536x866.jpg 1536w, https:\/\/adriansediles.es\/wp-content\/uploads\/2025\/05\/DJI_20250501104835_0124_D-1-2048x1155.jpg 2048w, https:\/\/adriansediles.es\/wp-content\/uploads\/2025\/05\/DJI_20250501104835_0124_D-1-990x558.jpg 990w, https:\/\/adriansediles.es\/wp-content\/uploads\/2025\/05\/DJI_20250501104835_0124_D-1-1920x1080.jpg 1920w\" sizes=\"(max-width: 300px) 100vw, 300px\" \/><\/a>\n\t\t\t<\/div>\n\t\t\t\t<figcaption class='wp-caption-text gallery-caption' id='gallery-1-1708'>\n\t\t\t\tFuente de Fornos en Badain, Pirineo de Huesca, Arag\u00f3n.\n\t\t\t\t<\/figcaption><\/figure><figure class='gallery-item'>\n\t\t\t<div class='gallery-icon landscape'>\n\t\t\t\t<a data-elementor-open-lightbox=\"yes\" data-elementor-lightbox-slideshow=\"7179c36\" data-elementor-lightbox-title=\"Ermita de Nuestra Se\u00f1ora del Pilar en Fay\u00f3n - Adrian Sediles E\" data-elementor-lightbox-description=\"Ermita de Nuestra Se\u00f1ora del Pilar en Fay\u00f3n - Adrian Sediles E\" data-e-action-hash=\"#elementor-action%3Aaction%3Dlightbox%26settings%3DeyJpZCI6OTQ2LCJ1cmwiOiJodHRwczpcL1wvYWRyaWFuc2VkaWxlcy5lc1wvd3AtY29udGVudFwvdXBsb2Fkc1wvMjAyMVwvMDRcL0VybWl0YS1kZS1OdWVzdHJhLVNlbm9yYS1kZWwtUGlsYXItZW4tRmF5b24tQWRyaWFuLVNlZGlsZXMtRW1iaS1zY2FsZWQuanBnIiwic2xpZGVzaG93IjoiNzE3OWMzNiJ9\" href='https:\/\/adriansediles.es\/wp-content\/uploads\/2021\/04\/Ermita-de-Nuestra-Senora-del-Pilar-en-Fayon-Adrian-Sediles-Embi-scaled.jpg'><img loading=\"lazy\" decoding=\"async\" width=\"300\" height=\"225\" src=\"https:\/\/adriansediles.es\/wp-content\/uploads\/2021\/04\/Ermita-de-Nuestra-Senora-del-Pilar-en-Fayon-Adrian-Sediles-Embi-300x225.jpg\" class=\"attachment-medium size-medium\" alt=\"Ermita de Nuestra Se\u00f1ora del Pilar en Fay\u00f3n - Adrian Sediles E\" aria-describedby=\"gallery-1-946\" srcset=\"https:\/\/adriansediles.es\/wp-content\/uploads\/2021\/04\/Ermita-de-Nuestra-Senora-del-Pilar-en-Fayon-Adrian-Sediles-Embi-300x225.jpg 300w, https:\/\/adriansediles.es\/wp-content\/uploads\/2021\/04\/Ermita-de-Nuestra-Senora-del-Pilar-en-Fayon-Adrian-Sediles-Embi-1024x766.jpg 1024w, https:\/\/adriansediles.es\/wp-content\/uploads\/2021\/04\/Ermita-de-Nuestra-Senora-del-Pilar-en-Fayon-Adrian-Sediles-Embi-768x575.jpg 768w, https:\/\/adriansediles.es\/wp-content\/uploads\/2021\/04\/Ermita-de-Nuestra-Senora-del-Pilar-en-Fayon-Adrian-Sediles-Embi-1536x1150.jpg 1536w, https:\/\/adriansediles.es\/wp-content\/uploads\/2021\/04\/Ermita-de-Nuestra-Senora-del-Pilar-en-Fayon-Adrian-Sediles-Embi-2048x1533.jpg 2048w, https:\/\/adriansediles.es\/wp-content\/uploads\/2021\/04\/Ermita-de-Nuestra-Senora-del-Pilar-en-Fayon-Adrian-Sediles-Embi-755x566.jpg 755w\" sizes=\"(max-width: 300px) 100vw, 300px\" \/><\/a>\n\t\t\t<\/div>\n\t\t\t\t<figcaption class='wp-caption-text gallery-caption' id='gallery-1-946'>\n\t\t\t\tErmita de Nuestra Se\u00f1ora del Pilar en Fay\u00f3n (Zaragoza), junto a la desembocadura del Matarra\u00f1a en el Ebro, realizada con un dron por Adrian Sediles Embi.\n\t\t\t\t<\/figcaption><\/figure><figure class='gallery-item'>\n\t\t\t<div class='gallery-icon landscape'>\n\t\t\t\t<a data-elementor-open-lightbox=\"yes\" data-elementor-lightbox-slideshow=\"7179c36\" data-elementor-lightbox-title=\"Cascada del Cinca y llanos de La Larri en el Valle de Pineta.\" data-elementor-lightbox-description=\"Ascensi\u00f3n a la cascada del Cinca y llanos de La Larri en el Valle de Pineta.\" data-e-action-hash=\"#elementor-action%3Aaction%3Dlightbox%26settings%3DeyJpZCI6MTg1NywidXJsIjoiaHR0cHM6XC9cL2FkcmlhbnNlZGlsZXMuZXNcL3dwLWNvbnRlbnRcL3VwbG9hZHNcLzIwMjVcLzA4XC9ESklfMjAyNTA4MDkxMDA1NTVfMDAxM19ELjAwXzAwXzAyXzI3LkltYWdlbi1maWphMDAzLmpwZyIsInNsaWRlc2hvdyI6IjcxNzljMzYifQ%3D%3D\" href='https:\/\/adriansediles.es\/wp-content\/uploads\/2025\/08\/DJI_20250809100555_0013_D.00_00_02_27.Imagen-fija003.jpg'><img loading=\"lazy\" decoding=\"async\" width=\"300\" height=\"169\" src=\"https:\/\/adriansediles.es\/wp-content\/uploads\/2025\/08\/DJI_20250809100555_0013_D.00_00_02_27.Imagen-fija003-300x169.jpg\" class=\"attachment-medium size-medium\" alt=\"Cascada del Cinca y llanos de La Larri en el Valle de Pineta.\" aria-describedby=\"gallery-1-1857\" srcset=\"https:\/\/adriansediles.es\/wp-content\/uploads\/2025\/08\/DJI_20250809100555_0013_D.00_00_02_27.Imagen-fija003-300x169.jpg 300w, https:\/\/adriansediles.es\/wp-content\/uploads\/2025\/08\/DJI_20250809100555_0013_D.00_00_02_27.Imagen-fija003-1024x576.jpg 1024w, https:\/\/adriansediles.es\/wp-content\/uploads\/2025\/08\/DJI_20250809100555_0013_D.00_00_02_27.Imagen-fija003-768x432.jpg 768w, https:\/\/adriansediles.es\/wp-content\/uploads\/2025\/08\/DJI_20250809100555_0013_D.00_00_02_27.Imagen-fija003-1536x864.jpg 1536w, https:\/\/adriansediles.es\/wp-content\/uploads\/2025\/08\/DJI_20250809100555_0013_D.00_00_02_27.Imagen-fija003-2048x1152.jpg 2048w, https:\/\/adriansediles.es\/wp-content\/uploads\/2025\/08\/DJI_20250809100555_0013_D.00_00_02_27.Imagen-fija003-990x557.jpg 990w, https:\/\/adriansediles.es\/wp-content\/uploads\/2025\/08\/DJI_20250809100555_0013_D.00_00_02_27.Imagen-fija003-1920x1080.jpg 1920w\" sizes=\"(max-width: 300px) 100vw, 300px\" \/><\/a>\n\t\t\t<\/div>\n\t\t\t\t<figcaption class='wp-caption-text gallery-caption' id='gallery-1-1857'>\n\t\t\t\tAscensi\u00f3n a la cascada del Cinca y llanos de La Larri en el Valle de Pineta.\n\t\t\t\t<\/figcaption><\/figure><figure class='gallery-item'>\n\t\t\t<div class='gallery-icon landscape'>\n\t\t\t\t<a data-elementor-open-lightbox=\"yes\" data-elementor-lightbox-slideshow=\"7179c36\" data-elementor-lightbox-title=\"Cala Ebi Dozzi en Cerde\u00f1a\" data-elementor-lightbox-description=\"Fotograf\u00eda de la Cala Ebi Dozzi en Cerde\u00f1a\" data-e-action-hash=\"#elementor-action%3Aaction%3Dlightbox%26settings%3DeyJpZCI6ODQyLCJ1cmwiOiJodHRwczpcL1wvYWRyaWFuc2VkaWxlcy5lc1wvd3AtY29udGVudFwvdXBsb2Fkc1wvMjAyMFwvMDlcL0RKSV8wMzg3LXNjYWxlZC5qcGciLCJzbGlkZXNob3ciOiI3MTc5YzM2In0%3D\" href='https:\/\/adriansediles.es\/wp-content\/uploads\/2020\/09\/DJI_0387-scaled.jpg'><img loading=\"lazy\" decoding=\"async\" width=\"300\" height=\"225\" src=\"https:\/\/adriansediles.es\/wp-content\/uploads\/2020\/09\/DJI_0387-300x225.jpg\" class=\"attachment-medium size-medium\" alt=\"Cala Ebi Dozzi en Cerde\u00f1a\" aria-describedby=\"gallery-1-842\" srcset=\"https:\/\/adriansediles.es\/wp-content\/uploads\/2020\/09\/DJI_0387-300x225.jpg 300w, https:\/\/adriansediles.es\/wp-content\/uploads\/2020\/09\/DJI_0387-1024x768.jpg 1024w, https:\/\/adriansediles.es\/wp-content\/uploads\/2020\/09\/DJI_0387-768x576.jpg 768w, https:\/\/adriansediles.es\/wp-content\/uploads\/2020\/09\/DJI_0387-1536x1152.jpg 1536w, https:\/\/adriansediles.es\/wp-content\/uploads\/2020\/09\/DJI_0387-2048x1536.jpg 2048w, https:\/\/adriansediles.es\/wp-content\/uploads\/2020\/09\/DJI_0387-755x566.jpg 755w\" sizes=\"(max-width: 300px) 100vw, 300px\" \/><\/a>\n\t\t\t<\/div>\n\t\t\t\t<figcaption class='wp-caption-text gallery-caption' id='gallery-1-842'>\n\t\t\t\tCala Ebi Dozzi en Cerde\u00f1a\n\t\t\t\t<\/figcaption><\/figure><figure class='gallery-item'>\n\t\t\t<div class='gallery-icon landscape'>\n\t\t\t\t<a data-elementor-open-lightbox=\"yes\" data-elementor-lightbox-slideshow=\"7179c36\" data-elementor-lightbox-title=\"Amanecer en Zaragoza - Adri\u00e1n Sediles Embi\" data-elementor-lightbox-description=\"Amanecer en Zaragoza - Adri\u00e1n Sediles Embi\" data-e-action-hash=\"#elementor-action%3Aaction%3Dlightbox%26settings%3DeyJpZCI6MTU2LCJ1cmwiOiJodHRwczpcL1wvYWRyaWFuc2VkaWxlcy5lc1wvd3AtY29udGVudFwvdXBsb2Fkc1wvMjAyMFwvMDJcL0FtYW5lY2VyLWVuLVphcmFnb3phLUFkcmlcdTAwZTFuLVNlZGlsZXMtRW1iaS5qcGciLCJzbGlkZXNob3ciOiI3MTc5YzM2In0%3D\" href='https:\/\/adriansediles.es\/wp-content\/uploads\/2020\/02\/Amanecer-en-Zaragoza-Adri\u00e1n-Sediles-Embi.jpg'><img loading=\"lazy\" decoding=\"async\" width=\"300\" height=\"200\" src=\"https:\/\/adriansediles.es\/wp-content\/uploads\/2020\/02\/Amanecer-en-Zaragoza-Adri\u00e1n-Sediles-Embi-300x200.jpg\" class=\"attachment-medium size-medium\" alt=\"Amanecer en Zaragoza - Adri\u00e1n Sediles Embi\" aria-describedby=\"gallery-1-156\" srcset=\"https:\/\/adriansediles.es\/wp-content\/uploads\/2020\/02\/Amanecer-en-Zaragoza-Adri\u00e1n-Sediles-Embi-300x200.jpg 300w, https:\/\/adriansediles.es\/wp-content\/uploads\/2020\/02\/Amanecer-en-Zaragoza-Adri\u00e1n-Sediles-Embi-768x512.jpg 768w, https:\/\/adriansediles.es\/wp-content\/uploads\/2020\/02\/Amanecer-en-Zaragoza-Adri\u00e1n-Sediles-Embi-666x444.jpg 666w, https:\/\/adriansediles.es\/wp-content\/uploads\/2020\/02\/Amanecer-en-Zaragoza-Adri\u00e1n-Sediles-Embi.jpg 1024w\" sizes=\"(max-width: 300px) 100vw, 300px\" \/><\/a>\n\t\t\t<\/div>\n\t\t\t\t<figcaption class='wp-caption-text gallery-caption' id='gallery-1-156'>\n\t\t\t\tAdri\u00e1n Sediles Embi, Adri\u00e1n Sediles, Zaragoza, Zgz, atardecer, sunset,Arag\u00f3n, Espa\u00f1a, Spain, el tiempo en zaragoza, tiempo zaragoza, zaragoza espa\u00f1a, noticias zaragoza, foto zaragoza, rio Ebro, Ebro, Pilar; basilica; arquitectura;\n\t\t\t\t<\/figcaption><\/figure><figure class='gallery-item'>\n\t\t\t<div class='gallery-icon landscape'>\n\t\t\t\t<a data-elementor-open-lightbox=\"yes\" data-elementor-lightbox-slideshow=\"7179c36\" data-elementor-lightbox-title=\"Ib\u00f3n de Piedrafita en el Valle de Tena, Huesca.\" data-elementor-lightbox-description=\"Panor\u00e1mica del Ib\u00f3n de Piedrafita en el Valle de Tena, Huesca.\" data-e-action-hash=\"#elementor-action%3Aaction%3Dlightbox%26settings%3DeyJpZCI6MTg1MCwidXJsIjoiaHR0cHM6XC9cL2FkcmlhbnNlZGlsZXMuZXNcL3dwLWNvbnRlbnRcL3VwbG9hZHNcLzIwMjVcLzA4XC9ESklfMjAyNTA3MjYwOTQ1MDBfMDAwMV9ELjAwXzAwXzA5XzAwLkltYWdlbi1maWphMDM3LmpwZyIsInNsaWRlc2hvdyI6IjcxNzljMzYifQ%3D%3D\" href='https:\/\/adriansediles.es\/wp-content\/uploads\/2025\/08\/DJI_20250726094500_0001_D.00_00_09_00.Imagen-fija037.jpg'><img loading=\"lazy\" decoding=\"async\" width=\"300\" height=\"169\" src=\"https:\/\/adriansediles.es\/wp-content\/uploads\/2025\/08\/DJI_20250726094500_0001_D.00_00_09_00.Imagen-fija037-300x169.jpg\" class=\"attachment-medium size-medium\" alt=\"Ib\u00f3n de Piedrafita en el Valle de Tena, Huesca.\" aria-describedby=\"gallery-1-1850\" srcset=\"https:\/\/adriansediles.es\/wp-content\/uploads\/2025\/08\/DJI_20250726094500_0001_D.00_00_09_00.Imagen-fija037-300x169.jpg 300w, https:\/\/adriansediles.es\/wp-content\/uploads\/2025\/08\/DJI_20250726094500_0001_D.00_00_09_00.Imagen-fija037-1024x576.jpg 1024w, https:\/\/adriansediles.es\/wp-content\/uploads\/2025\/08\/DJI_20250726094500_0001_D.00_00_09_00.Imagen-fija037-768x432.jpg 768w, https:\/\/adriansediles.es\/wp-content\/uploads\/2025\/08\/DJI_20250726094500_0001_D.00_00_09_00.Imagen-fija037-1536x864.jpg 1536w, https:\/\/adriansediles.es\/wp-content\/uploads\/2025\/08\/DJI_20250726094500_0001_D.00_00_09_00.Imagen-fija037-2048x1152.jpg 2048w, https:\/\/adriansediles.es\/wp-content\/uploads\/2025\/08\/DJI_20250726094500_0001_D.00_00_09_00.Imagen-fija037-990x557.jpg 990w, https:\/\/adriansediles.es\/wp-content\/uploads\/2025\/08\/DJI_20250726094500_0001_D.00_00_09_00.Imagen-fija037-1920x1080.jpg 1920w\" sizes=\"(max-width: 300px) 100vw, 300px\" \/><\/a>\n\t\t\t<\/div>\n\t\t\t\t<figcaption class='wp-caption-text gallery-caption' id='gallery-1-1850'>\n\t\t\t\tPanor\u00e1mica del Ib\u00f3n de Piedrafita en el Valle de Tena, Huesca.\n\t\t\t\t<\/figcaption><\/figure><figure class='gallery-item'>\n\t\t\t<div class='gallery-icon landscape'>\n\t\t\t\t<a data-elementor-open-lightbox=\"yes\" data-elementor-lightbox-slideshow=\"7179c36\" data-elementor-lightbox-title=\"Amanecer en la Muela - Adrian Sediles Embi\" data-elementor-lightbox-description=\"Amanecer en la Muela - Adrian Sediles Embi\" data-e-action-hash=\"#elementor-action%3Aaction%3Dlightbox%26settings%3DeyJpZCI6MTg0LCJ1cmwiOiJodHRwczpcL1wvYWRyaWFuc2VkaWxlcy5lc1wvd3AtY29udGVudFwvdXBsb2Fkc1wvMjAyMFwvMDJcL0lNR18yMDIwMDExNV8wNzU0NTgtMS1zY2FsZWQuanBnIiwic2xpZGVzaG93IjoiNzE3OWMzNiJ9\" href='https:\/\/adriansediles.es\/wp-content\/uploads\/2020\/02\/IMG_20200115_075458-1-scaled.jpg'><img loading=\"lazy\" decoding=\"async\" width=\"300\" height=\"225\" src=\"https:\/\/adriansediles.es\/wp-content\/uploads\/2020\/02\/IMG_20200115_075458-1-300x225.jpg\" class=\"attachment-medium size-medium\" alt=\"Amanecer en la Muela - Adrian Sediles Embi\" aria-describedby=\"gallery-1-184\" srcset=\"https:\/\/adriansediles.es\/wp-content\/uploads\/2020\/02\/IMG_20200115_075458-1-300x225.jpg 300w, https:\/\/adriansediles.es\/wp-content\/uploads\/2020\/02\/IMG_20200115_075458-1-1024x768.jpg 1024w, https:\/\/adriansediles.es\/wp-content\/uploads\/2020\/02\/IMG_20200115_075458-1-768x576.jpg 768w, https:\/\/adriansediles.es\/wp-content\/uploads\/2020\/02\/IMG_20200115_075458-1-1536x1152.jpg 1536w, https:\/\/adriansediles.es\/wp-content\/uploads\/2020\/02\/IMG_20200115_075458-1-2048x1536.jpg 2048w, https:\/\/adriansediles.es\/wp-content\/uploads\/2020\/02\/IMG_20200115_075458-1-755x566.jpg 755w\" sizes=\"(max-width: 300px) 100vw, 300px\" \/><\/a>\n\t\t\t<\/div>\n\t\t\t\t<figcaption class='wp-caption-text gallery-caption' id='gallery-1-184'>\n\t\t\t\tAmanecer en la Muela &#8211; Adrian Sediles Embi\n\t\t\t\t<\/figcaption><\/figure><figure class='gallery-item'>\n\t\t\t<div class='gallery-icon landscape'>\n\t\t\t\t<a data-elementor-open-lightbox=\"yes\" data-elementor-lightbox-slideshow=\"7179c36\" data-elementor-lightbox-title=\"Barranco de Masc\u00fan en Rodellar, Aragon.Espa\u00f1a (9)\" data-elementor-lightbox-description=\"Barranco del R\u00edo Masc\u00fan en el Rodellar, en la sierra  y ca\u00f1ones de Guara, Arag\u00f3n. Espa\u00f1a.\" data-e-action-hash=\"#elementor-action%3Aaction%3Dlightbox%26settings%3DeyJpZCI6MTE3NywidXJsIjoiaHR0cHM6XC9cL2FkcmlhbnNlZGlsZXMuZXNcL3dwLWNvbnRlbnRcL3VwbG9hZHNcLzIwMjJcLzA0XC9CYXJyYW5jby1kZS1NYXNjdW4tZW4tUm9kZWxsYXItQXJhZ29uLkVzcGFuYS05LXNjYWxlZC5qcGciLCJzbGlkZXNob3ciOiI3MTc5YzM2In0%3D\" href='https:\/\/adriansediles.es\/wp-content\/uploads\/2022\/04\/Barranco-de-Mascun-en-Rodellar-Aragon.Espana-9-scaled.jpg'><img loading=\"lazy\" decoding=\"async\" width=\"300\" height=\"169\" src=\"https:\/\/adriansediles.es\/wp-content\/uploads\/2022\/04\/Barranco-de-Mascun-en-Rodellar-Aragon.Espana-9-300x169.jpg\" class=\"attachment-medium size-medium\" alt=\"Barranco del R\u00edo Masc\u00fan en el Rodellar, en la sierra y ca\u00f1ones de Guara, Arag\u00f3n. Espa\u00f1a.\" aria-describedby=\"gallery-1-1177\" srcset=\"https:\/\/adriansediles.es\/wp-content\/uploads\/2022\/04\/Barranco-de-Mascun-en-Rodellar-Aragon.Espana-9-300x169.jpg 300w, https:\/\/adriansediles.es\/wp-content\/uploads\/2022\/04\/Barranco-de-Mascun-en-Rodellar-Aragon.Espana-9-1024x576.jpg 1024w, https:\/\/adriansediles.es\/wp-content\/uploads\/2022\/04\/Barranco-de-Mascun-en-Rodellar-Aragon.Espana-9-768x432.jpg 768w, https:\/\/adriansediles.es\/wp-content\/uploads\/2022\/04\/Barranco-de-Mascun-en-Rodellar-Aragon.Espana-9-1536x864.jpg 1536w, https:\/\/adriansediles.es\/wp-content\/uploads\/2022\/04\/Barranco-de-Mascun-en-Rodellar-Aragon.Espana-9-2048x1152.jpg 2048w, https:\/\/adriansediles.es\/wp-content\/uploads\/2022\/04\/Barranco-de-Mascun-en-Rodellar-Aragon.Espana-9-990x556.jpg 990w, https:\/\/adriansediles.es\/wp-content\/uploads\/2022\/04\/Barranco-de-Mascun-en-Rodellar-Aragon.Espana-9-1920x1080.jpg 1920w\" sizes=\"(max-width: 300px) 100vw, 300px\" \/><\/a>\n\t\t\t<\/div>\n\t\t\t\t<figcaption class='wp-caption-text gallery-caption' id='gallery-1-1177'>\n\t\t\t\tBarranco del R\u00edo Masc\u00fan en el Rodellar, en la sierra  y ca\u00f1ones de Guara, Arag\u00f3n. Espa\u00f1a.\n\t\t\t\t<\/figcaption><\/figure><figure class='gallery-item'>\n\t\t\t<div class='gallery-icon landscape'>\n\t\t\t\t<a data-elementor-open-lightbox=\"yes\" data-elementor-lightbox-slideshow=\"7179c36\" data-elementor-lightbox-title=\"Foto aerea desde un dron de la cascada del salto del Bierge en Huesca, arag\u00f3n, tomada con un dron.\" data-elementor-lightbox-description=\"Foto aerea desde un dron de la cascada del salto del Bierge en Huesca, arag\u00f3n, tomada con un dron.\" data-e-action-hash=\"#elementor-action%3Aaction%3Dlightbox%26settings%3DeyJpZCI6MTE1NSwidXJsIjoiaHR0cHM6XC9cL2FkcmlhbnNlZGlsZXMuZXNcL3dwLWNvbnRlbnRcL3VwbG9hZHNcLzIwMjJcLzAyXC9ESklfMDQ1Ni1zY2FsZWQuanBnIiwic2xpZGVzaG93IjoiNzE3OWMzNiJ9\" href='https:\/\/adriansediles.es\/wp-content\/uploads\/2022\/02\/DJI_0456-scaled.jpg'><img loading=\"lazy\" decoding=\"async\" width=\"300\" height=\"225\" src=\"https:\/\/adriansediles.es\/wp-content\/uploads\/2022\/02\/DJI_0456-300x225.jpg\" class=\"attachment-medium size-medium\" alt=\"Salto de Bierge en Huesca.\" aria-describedby=\"gallery-1-1155\" srcset=\"https:\/\/adriansediles.es\/wp-content\/uploads\/2022\/02\/DJI_0456-300x225.jpg 300w, https:\/\/adriansediles.es\/wp-content\/uploads\/2022\/02\/DJI_0456-1024x768.jpg 1024w, https:\/\/adriansediles.es\/wp-content\/uploads\/2022\/02\/DJI_0456-768x576.jpg 768w, https:\/\/adriansediles.es\/wp-content\/uploads\/2022\/02\/DJI_0456-1536x1152.jpg 1536w, https:\/\/adriansediles.es\/wp-content\/uploads\/2022\/02\/DJI_0456-2048x1536.jpg 2048w, https:\/\/adriansediles.es\/wp-content\/uploads\/2022\/02\/DJI_0456-755x566.jpg 755w\" sizes=\"(max-width: 300px) 100vw, 300px\" \/><\/a>\n\t\t\t<\/div>\n\t\t\t\t<figcaption class='wp-caption-text gallery-caption' id='gallery-1-1155'>\n\t\t\t\tFoto a\u00e9rea desde un dron de la cascada del salto del Bierge en Huesca, Arag\u00f3n.\n\t\t\t\t<\/figcaption><\/figure><figure class='gallery-item'>\n\t\t\t<div class='gallery-icon landscape'>\n\t\t\t\t<a data-elementor-open-lightbox=\"yes\" data-elementor-lightbox-slideshow=\"7179c36\" data-elementor-lightbox-title=\"Entrada Chopera de Juslibol\" data-elementor-lightbox-description=\"Entrada a los galachos de Juslibol por la Chopera principal en Zaragoza\" data-e-action-hash=\"#elementor-action%3Aaction%3Dlightbox%26settings%3DeyJpZCI6MTEwOCwidXJsIjoiaHR0cHM6XC9cL2FkcmlhbnNlZGlsZXMuZXNcL3dwLWNvbnRlbnRcL3VwbG9hZHNcLzIwMjJcLzAxXC9FbnRyYWRhLUNob3BlcmEtZGUtSnVzbGlib2wtLXNjYWxlZC5qcGciLCJzbGlkZXNob3ciOiI3MTc5YzM2In0%3D\" href='https:\/\/adriansediles.es\/wp-content\/uploads\/2022\/01\/Entrada-Chopera-de-Juslibol--scaled.jpg'><img loading=\"lazy\" decoding=\"async\" width=\"300\" height=\"225\" src=\"https:\/\/adriansediles.es\/wp-content\/uploads\/2022\/01\/Entrada-Chopera-de-Juslibol--300x225.jpg\" class=\"attachment-medium size-medium\" alt=\"Entrada chopera galachos - juslibol\" aria-describedby=\"gallery-1-1108\" srcset=\"https:\/\/adriansediles.es\/wp-content\/uploads\/2022\/01\/Entrada-Chopera-de-Juslibol--300x225.jpg 300w, https:\/\/adriansediles.es\/wp-content\/uploads\/2022\/01\/Entrada-Chopera-de-Juslibol--1024x767.jpg 1024w, https:\/\/adriansediles.es\/wp-content\/uploads\/2022\/01\/Entrada-Chopera-de-Juslibol--768x575.jpg 768w, https:\/\/adriansediles.es\/wp-content\/uploads\/2022\/01\/Entrada-Chopera-de-Juslibol--1536x1151.jpg 1536w, https:\/\/adriansediles.es\/wp-content\/uploads\/2022\/01\/Entrada-Chopera-de-Juslibol--2048x1534.jpg 2048w, https:\/\/adriansediles.es\/wp-content\/uploads\/2022\/01\/Entrada-Chopera-de-Juslibol--755x566.jpg 755w\" sizes=\"(max-width: 300px) 100vw, 300px\" \/><\/a>\n\t\t\t<\/div>\n\t\t\t\t<figcaption class='wp-caption-text gallery-caption' id='gallery-1-1108'>\n\t\t\t\tEntrada a los galachos de Juslibol por la Chopera principal en Zaragoza\n\t\t\t\t<\/figcaption><\/figure><figure class='gallery-item'>\n\t\t\t<div class='gallery-icon landscape'>\n\t\t\t\t<a data-elementor-open-lightbox=\"yes\" data-elementor-lightbox-slideshow=\"7179c36\" data-elementor-lightbox-title=\"Atardecer en Juslibol - Adrian Sediles Embi\" data-elementor-lightbox-description=\"Atardecer en Juslibol - Adrian Sediles Embi\" data-e-action-hash=\"#elementor-action%3Aaction%3Dlightbox%26settings%3DeyJpZCI6MTg2LCJ1cmwiOiJodHRwczpcL1wvYWRyaWFuc2VkaWxlcy5lc1wvd3AtY29udGVudFwvdXBsb2Fkc1wvMjAyMFwvMDJcL0lNR18yMDIwMDExOF8wOTQxMjcyLTEtc2NhbGVkLmpwZyIsInNsaWRlc2hvdyI6IjcxNzljMzYifQ%3D%3D\" href='https:\/\/adriansediles.es\/wp-content\/uploads\/2020\/02\/IMG_20200118_0941272-1-scaled.jpg'><img loading=\"lazy\" decoding=\"async\" width=\"300\" height=\"225\" src=\"https:\/\/adriansediles.es\/wp-content\/uploads\/2020\/02\/IMG_20200118_0941272-1-300x225.jpg\" class=\"attachment-medium size-medium\" alt=\"Atardecer en Juslibol - Adrian Sediles Embi\" aria-describedby=\"gallery-1-186\" srcset=\"https:\/\/adriansediles.es\/wp-content\/uploads\/2020\/02\/IMG_20200118_0941272-1-300x225.jpg 300w, https:\/\/adriansediles.es\/wp-content\/uploads\/2020\/02\/IMG_20200118_0941272-1-1024x768.jpg 1024w, https:\/\/adriansediles.es\/wp-content\/uploads\/2020\/02\/IMG_20200118_0941272-1-768x576.jpg 768w, https:\/\/adriansediles.es\/wp-content\/uploads\/2020\/02\/IMG_20200118_0941272-1-1536x1152.jpg 1536w, https:\/\/adriansediles.es\/wp-content\/uploads\/2020\/02\/IMG_20200118_0941272-1-2048x1536.jpg 2048w\" sizes=\"(max-width: 300px) 100vw, 300px\" \/><\/a>\n\t\t\t<\/div>\n\t\t\t\t<figcaption class='wp-caption-text gallery-caption' id='gallery-1-186'>\n\t\t\t\tAtardecer en Juslibol &#8211; Adrian Sediles Embi\n\t\t\t\t<\/figcaption><\/figure><figure class='gallery-item'>\n\t\t\t<div class='gallery-icon landscape'>\n\t\t\t\t<a data-elementor-open-lightbox=\"yes\" data-elementor-lightbox-slideshow=\"7179c36\" data-elementor-lightbox-title=\"La Cascada de las Televisiones est\u00e1 ubicada en el Hocino de la Rambla, cerca de la localidad de Las Parras de Mart\u00edn, en la comarca de Cuencas Mineras, provincia de Teruel, Espa\u00f1a.\" data-elementor-lightbox-description=\"La Cascada de las Televisiones est\u00e1 ubicada en el Hocino de la Rambla, cerca de la localidad de Las Parras de Mart\u00edn, en la comarca de Cuencas Mineras, provincia de Teruel, Espa\u00f1a.\" data-e-action-hash=\"#elementor-action%3Aaction%3Dlightbox%26settings%3DeyJpZCI6MTg3MywidXJsIjoiaHR0cHM6XC9cL2FkcmlhbnNlZGlsZXMuZXNcL3dwLWNvbnRlbnRcL3VwbG9hZHNcLzIwMjVcLzA5XC9ESklfMjAyNTA5MjAwOTI2MTFfMDAwMl9ELjAwXzAwXzAwXzAwLkltYWdlbi1maWphMDA0LmpwZyIsInNsaWRlc2hvdyI6IjcxNzljMzYifQ%3D%3D\" href='https:\/\/adriansediles.es\/wp-content\/uploads\/2025\/09\/DJI_20250920092611_0002_D.00_00_00_00.Imagen-fija004.jpg'><img loading=\"lazy\" decoding=\"async\" width=\"300\" height=\"169\" src=\"https:\/\/adriansediles.es\/wp-content\/uploads\/2025\/09\/DJI_20250920092611_0002_D.00_00_00_00.Imagen-fija004-300x169.jpg\" class=\"attachment-medium size-medium\" alt=\"La Cascada de las Televisiones est\u00e1 ubicada en el Hocino de la Rambla, cerca de la localidad de Las Parras de Mart\u00edn, en la comarca de Cuencas Mineras, provincia de Teruel, Espa\u00f1a.\" aria-describedby=\"gallery-1-1873\" srcset=\"https:\/\/adriansediles.es\/wp-content\/uploads\/2025\/09\/DJI_20250920092611_0002_D.00_00_00_00.Imagen-fija004-300x169.jpg 300w, https:\/\/adriansediles.es\/wp-content\/uploads\/2025\/09\/DJI_20250920092611_0002_D.00_00_00_00.Imagen-fija004-1024x576.jpg 1024w, https:\/\/adriansediles.es\/wp-content\/uploads\/2025\/09\/DJI_20250920092611_0002_D.00_00_00_00.Imagen-fija004-768x432.jpg 768w, https:\/\/adriansediles.es\/wp-content\/uploads\/2025\/09\/DJI_20250920092611_0002_D.00_00_00_00.Imagen-fija004-1536x864.jpg 1536w, https:\/\/adriansediles.es\/wp-content\/uploads\/2025\/09\/DJI_20250920092611_0002_D.00_00_00_00.Imagen-fija004-2048x1152.jpg 2048w, https:\/\/adriansediles.es\/wp-content\/uploads\/2025\/09\/DJI_20250920092611_0002_D.00_00_00_00.Imagen-fija004-990x557.jpg 990w, https:\/\/adriansediles.es\/wp-content\/uploads\/2025\/09\/DJI_20250920092611_0002_D.00_00_00_00.Imagen-fija004-1920x1080.jpg 1920w\" sizes=\"(max-width: 300px) 100vw, 300px\" \/><\/a>\n\t\t\t<\/div>\n\t\t\t\t<figcaption class='wp-caption-text gallery-caption' id='gallery-1-1873'>\n\t\t\t\tLa Cascada de las Televisiones est\u00e1 ubicada en el Hocino de la Rambla, cerca de la localidad de Las Parras de Mart\u00edn, en la comarca de Cuencas Mineras, provincia de Teruel, Espa\u00f1a.\n\t\t\t\t<\/figcaption><\/figure><figure class='gallery-item'>\n\t\t\t<div class='gallery-icon landscape'>\n\t\t\t\t<a data-elementor-open-lightbox=\"yes\" data-elementor-lightbox-slideshow=\"7179c36\" data-elementor-lightbox-title=\"Cascadas de la toberia en Andoin (Alava) - Adrian Sediles Embi\" data-elementor-lightbox-description=\"Cascadas de la toberia en Andoin (Alava) - Adrian Sediles Embi\" data-e-action-hash=\"#elementor-action%3Aaction%3Dlightbox%26settings%3DeyJpZCI6MTY0LCJ1cmwiOiJodHRwczpcL1wvYWRyaWFuc2VkaWxlcy5lc1wvd3AtY29udGVudFwvdXBsb2Fkc1wvMjAyMFwvMDJcL0Nhc2NhZGFzLWRlLWxhLXRvYmVyaWEtZW4tQW5kb2luLUFsYXZhLUFkcmlhbi1TZWRpbGVzLUVtYmkuanBnIiwic2xpZGVzaG93IjoiNzE3OWMzNiJ9\" href='https:\/\/adriansediles.es\/wp-content\/uploads\/2020\/02\/Cascadas-de-la-toberia-en-Andoin-Alava-Adrian-Sediles-Embi.jpg'><img loading=\"lazy\" decoding=\"async\" width=\"300\" height=\"200\" src=\"https:\/\/adriansediles.es\/wp-content\/uploads\/2020\/02\/Cascadas-de-la-toberia-en-Andoin-Alava-Adrian-Sediles-Embi-300x200.jpg\" class=\"attachment-medium size-medium\" alt=\"Cascadas de la toberia en Andoin (Alava) - Adrian Sediles Embi\" aria-describedby=\"gallery-1-164\" srcset=\"https:\/\/adriansediles.es\/wp-content\/uploads\/2020\/02\/Cascadas-de-la-toberia-en-Andoin-Alava-Adrian-Sediles-Embi-300x200.jpg 300w, https:\/\/adriansediles.es\/wp-content\/uploads\/2020\/02\/Cascadas-de-la-toberia-en-Andoin-Alava-Adrian-Sediles-Embi-768x512.jpg 768w, https:\/\/adriansediles.es\/wp-content\/uploads\/2020\/02\/Cascadas-de-la-toberia-en-Andoin-Alava-Adrian-Sediles-Embi-666x444.jpg 666w, https:\/\/adriansediles.es\/wp-content\/uploads\/2020\/02\/Cascadas-de-la-toberia-en-Andoin-Alava-Adrian-Sediles-Embi.jpg 1024w\" sizes=\"(max-width: 300px) 100vw, 300px\" \/><\/a>\n\t\t\t<\/div>\n\t\t\t\t<figcaption class='wp-caption-text gallery-caption' id='gallery-1-164'>\n\t\t\t\tFotografia realizada por Adrian Sediles Embi en las cascadas de la toberia en Andoin, Alava.\n\t\t\t\t<\/figcaption><\/figure><figure class='gallery-item'>\n\t\t\t<div class='gallery-icon landscape'>\n\t\t\t\t<a data-elementor-open-lightbox=\"yes\" data-elementor-lightbox-slideshow=\"7179c36\" data-elementor-lightbox-title=\"Parrizal de Beceite en el Matarra\u00f1a - Adrian Sediles Embi\" data-elementor-lightbox-description=\"Fotograf\u00eda realizada en el Parrizal de beceite en la comarca del Matarra\u00f1a en Teruel, Arag\u00f3n.\" data-e-action-hash=\"#elementor-action%3Aaction%3Dlightbox%26settings%3DeyJpZCI6ODk5LCJ1cmwiOiJodHRwczpcL1wvYWRyaWFuc2VkaWxlcy5lc1wvd3AtY29udGVudFwvdXBsb2Fkc1wvMjAyMFwvMTJcL1BhcnJpemFsLWRlLUJlY2VpdGUtZW4tZWwtTWF0YXJyYW5hLUFkcmlhbi1TZWRpbGVzLUVtYmktc2NhbGVkLmpwZyIsInNsaWRlc2hvdyI6IjcxNzljMzYifQ%3D%3D\" href='https:\/\/adriansediles.es\/wp-content\/uploads\/2020\/12\/Parrizal-de-Beceite-en-el-Matarrana-Adrian-Sediles-Embi-scaled.jpg'><img loading=\"lazy\" decoding=\"async\" width=\"300\" height=\"225\" src=\"https:\/\/adriansediles.es\/wp-content\/uploads\/2020\/12\/Parrizal-de-Beceite-en-el-Matarrana-Adrian-Sediles-Embi-300x225.jpg\" class=\"attachment-medium size-medium\" alt=\"Parrizal de Beceite en el Matarra\u00f1a - Adrian Sediles Embi\" aria-describedby=\"gallery-1-899\" \/><\/a>\n\t\t\t<\/div>\n\t\t\t\t<figcaption class='wp-caption-text gallery-caption' id='gallery-1-899'>\n\t\t\t\tFotograf\u00eda realizada en el Parrizal de beceite en la comarca del Matarra\u00f1a en Teruel, Arag\u00f3n.\n\t\t\t\t<\/figcaption><\/figure><figure class='gallery-item'>\n\t\t\t<div class='gallery-icon landscape'>\n\t\t\t\t<a data-elementor-open-lightbox=\"yes\" data-elementor-lightbox-slideshow=\"7179c36\" data-elementor-lightbox-title=\"Castillo Templario de Castellote - Adrian Sediles Embi\" data-elementor-lightbox-description=\"Fotograf\u00eda a\u00e9rea del castillo templario de Castellote en Teruel, Arag\u00f3n.\" data-e-action-hash=\"#elementor-action%3Aaction%3Dlightbox%26settings%3DeyJpZCI6MTExOSwidXJsIjoiaHR0cHM6XC9cL2FkcmlhbnNlZGlsZXMuZXNcL3dwLWNvbnRlbnRcL3VwbG9hZHNcLzIwMjJcLzAxXC9ESklfMDI3Ni1zY2FsZWQuanBnIiwic2xpZGVzaG93IjoiNzE3OWMzNiJ9\" href='https:\/\/adriansediles.es\/wp-content\/uploads\/2022\/01\/DJI_0276-scaled.jpg'><img loading=\"lazy\" decoding=\"async\" width=\"300\" height=\"225\" src=\"https:\/\/adriansediles.es\/wp-content\/uploads\/2022\/01\/DJI_0276-300x225.jpg\" class=\"attachment-medium size-medium\" alt=\"Castillo Templario de Castellote - Adrian Sediles Embi\" aria-describedby=\"gallery-1-1119\" srcset=\"https:\/\/adriansediles.es\/wp-content\/uploads\/2022\/01\/DJI_0276-300x225.jpg 300w, https:\/\/adriansediles.es\/wp-content\/uploads\/2022\/01\/DJI_0276-1024x768.jpg 1024w, https:\/\/adriansediles.es\/wp-content\/uploads\/2022\/01\/DJI_0276-768x576.jpg 768w, https:\/\/adriansediles.es\/wp-content\/uploads\/2022\/01\/DJI_0276-1536x1152.jpg 1536w, https:\/\/adriansediles.es\/wp-content\/uploads\/2022\/01\/DJI_0276-2048x1536.jpg 2048w, https:\/\/adriansediles.es\/wp-content\/uploads\/2022\/01\/DJI_0276-755x566.jpg 755w\" sizes=\"(max-width: 300px) 100vw, 300px\" \/><\/a>\n\t\t\t<\/div>\n\t\t\t\t<figcaption class='wp-caption-text gallery-caption' id='gallery-1-1119'>\n\t\t\t\tCastillo Templario de Castellote &#8211; Adrian Sediles Embi\n\t\t\t\t<\/figcaption><\/figure><figure class='gallery-item'>\n\t\t\t<div class='gallery-icon landscape'>\n\t\t\t\t<a data-elementor-open-lightbox=\"yes\" data-elementor-lightbox-slideshow=\"7179c36\" data-elementor-lightbox-title=\"Agujas e Ib\u00f3n de Lavasar - Valle de Chistau\" data-elementor-lightbox-description=\"Vista desde un dron de las Agujas e Ibon de Lavasar en Plan, junto al Ib\u00f3n de Plan en el Valle de Chistau.\" data-e-action-hash=\"#elementor-action%3Aaction%3Dlightbox%26settings%3DeyJpZCI6MTcyMCwidXJsIjoiaHR0cHM6XC9cL2FkcmlhbnNlZGlsZXMuZXNcL3dwLWNvbnRlbnRcL3VwbG9hZHNcLzIwMjVcLzA3XC9ESklfMDQwNi5qcGciLCJzbGlkZXNob3ciOiI3MTc5YzM2In0%3D\" href='https:\/\/adriansediles.es\/wp-content\/uploads\/2025\/07\/DJI_0406.jpg'><img loading=\"lazy\" decoding=\"async\" width=\"300\" height=\"169\" src=\"https:\/\/adriansediles.es\/wp-content\/uploads\/2025\/07\/DJI_0406-300x169.jpg\" class=\"attachment-medium size-medium\" alt=\"Agujas e Ib\u00f3n de Lavasar - Valle de Chistau\" aria-describedby=\"gallery-1-1720\" srcset=\"https:\/\/adriansediles.es\/wp-content\/uploads\/2025\/07\/DJI_0406-300x169.jpg 300w, https:\/\/adriansediles.es\/wp-content\/uploads\/2025\/07\/DJI_0406-1024x575.jpg 1024w, https:\/\/adriansediles.es\/wp-content\/uploads\/2025\/07\/DJI_0406-768x432.jpg 768w, https:\/\/adriansediles.es\/wp-content\/uploads\/2025\/07\/DJI_0406-1536x863.jpg 1536w, https:\/\/adriansediles.es\/wp-content\/uploads\/2025\/07\/DJI_0406-2048x1151.jpg 2048w, https:\/\/adriansediles.es\/wp-content\/uploads\/2025\/07\/DJI_0406-990x556.jpg 990w, https:\/\/adriansediles.es\/wp-content\/uploads\/2025\/07\/DJI_0406-1920x1080.jpg 1920w\" sizes=\"(max-width: 300px) 100vw, 300px\" \/><\/a>\n\t\t\t<\/div>\n\t\t\t\t<figcaption class='wp-caption-text gallery-caption' id='gallery-1-1720'>\n\t\t\t\tVista desde un dron de las Agujas e Ibon de Lavasar en Plan, junto al Ib\u00f3n de Plan en el Valle de Chistau.\n\t\t\t\t<\/figcaption><\/figure><figure class='gallery-item'>\n\t\t\t<div class='gallery-icon landscape'>\n\t\t\t\t<a data-elementor-open-lightbox=\"yes\" data-elementor-lightbox-slideshow=\"7179c36\" data-elementor-lightbox-title=\"Vista a\u00e9rea en dron de la Cala Macarella, en Menorca, Islas Baleares, un para\u00edso de aguas azul turquesa, grandes acantilados y playas blancas.. - Adri\u00e1n Sediles Embi\" data-elementor-lightbox-description=\"Vista a\u00e9rea en dron de la Cala Macarella, en Menorca, Islas Baleares, un para\u00edso de aguas azul turquesa, grandes acantilados y playas blancas.\" data-e-action-hash=\"#elementor-action%3Aaction%3Dlightbox%26settings%3DeyJpZCI6MTI0NiwidXJsIjoiaHR0cHM6XC9cL2FkcmlhbnNlZGlsZXMuZXNcL3dwLWNvbnRlbnRcL3VwbG9hZHNcLzIwMjJcLzA2XC9ESklfMDA0Mi1zY2FsZWQuanBnIiwic2xpZGVzaG93IjoiNzE3OWMzNiJ9\" href='https:\/\/adriansediles.es\/wp-content\/uploads\/2022\/06\/DJI_0042-scaled.jpg'><img loading=\"lazy\" decoding=\"async\" width=\"300\" height=\"225\" src=\"https:\/\/adriansediles.es\/wp-content\/uploads\/2022\/06\/DJI_0042-300x225.jpg\" class=\"attachment-medium size-medium\" alt=\"Vista a\u00e9rea en dron de la Cala Macarella, en Menorca, Islas Baleares, un para\u00edso de aguas azul turquesa, grandes acantilados y playas blancas.\" aria-describedby=\"gallery-1-1246\" srcset=\"https:\/\/adriansediles.es\/wp-content\/uploads\/2022\/06\/DJI_0042-300x225.jpg 300w, https:\/\/adriansediles.es\/wp-content\/uploads\/2022\/06\/DJI_0042-1024x768.jpg 1024w, https:\/\/adriansediles.es\/wp-content\/uploads\/2022\/06\/DJI_0042-768x576.jpg 768w, https:\/\/adriansediles.es\/wp-content\/uploads\/2022\/06\/DJI_0042-1536x1152.jpg 1536w, https:\/\/adriansediles.es\/wp-content\/uploads\/2022\/06\/DJI_0042-2048x1536.jpg 2048w, https:\/\/adriansediles.es\/wp-content\/uploads\/2022\/06\/DJI_0042-755x566.jpg 755w\" sizes=\"(max-width: 300px) 100vw, 300px\" \/><\/a>\n\t\t\t<\/div>\n\t\t\t\t<figcaption class='wp-caption-text gallery-caption' id='gallery-1-1246'>\n\t\t\t\tVista a\u00e9rea en dron de la Cala Macarella, en Menorca, Islas Baleares, un para\u00edso de aguas azul turquesa, grandes acantilados y playas blancas.\n\t\t\t\t<\/figcaption><\/figure><figure class='gallery-item'>\n\t\t\t<div class='gallery-icon landscape'>\n\t\t\t\t<a data-elementor-open-lightbox=\"yes\" data-elementor-lightbox-slideshow=\"7179c36\" data-elementor-lightbox-title=\"Cima del Pico Santo Domingo en Long\u00e1s (Huesca)\" data-elementor-lightbox-description=\"Fotografia de la cima del pico Santo Domingo en Long\u00e1s (Huesca)\" data-e-action-hash=\"#elementor-action%3Aaction%3Dlightbox%26settings%3DeyJpZCI6MTkxMiwidXJsIjoiaHR0cHM6XC9cL2FkcmlhbnNlZGlsZXMuZXNcL3dwLWNvbnRlbnRcL3VwbG9hZHNcLzIwMjVcLzEyXC8yMDI1MTIwN18xMjEzNDMuanBnIiwic2xpZGVzaG93IjoiNzE3OWMzNiJ9\" href='https:\/\/adriansediles.es\/wp-content\/uploads\/2025\/12\/20251207_121343.jpg'><img loading=\"lazy\" decoding=\"async\" width=\"300\" height=\"169\" src=\"https:\/\/adriansediles.es\/wp-content\/uploads\/2025\/12\/20251207_121343-300x169.jpg\" class=\"attachment-medium size-medium\" alt=\"Cima del Pico Santo Domingo en Long\u00e1s (Huesca)\" aria-describedby=\"gallery-1-1912\" srcset=\"https:\/\/adriansediles.es\/wp-content\/uploads\/2025\/12\/20251207_121343-300x169.jpg 300w, https:\/\/adriansediles.es\/wp-content\/uploads\/2025\/12\/20251207_121343-1024x576.jpg 1024w, https:\/\/adriansediles.es\/wp-content\/uploads\/2025\/12\/20251207_121343-768x432.jpg 768w, https:\/\/adriansediles.es\/wp-content\/uploads\/2025\/12\/20251207_121343-1536x864.jpg 1536w, https:\/\/adriansediles.es\/wp-content\/uploads\/2025\/12\/20251207_121343-2048x1153.jpg 2048w, https:\/\/adriansediles.es\/wp-content\/uploads\/2025\/12\/20251207_121343-990x557.jpg 990w, https:\/\/adriansediles.es\/wp-content\/uploads\/2025\/12\/20251207_121343-1920x1080.jpg 1920w\" sizes=\"(max-width: 300px) 100vw, 300px\" \/><\/a>\n\t\t\t<\/div>\n\t\t\t\t<figcaption class='wp-caption-text gallery-caption' id='gallery-1-1912'>\n\t\t\t\tFotografia de la cima del pico Santo Domingo en Long\u00e1s (Huesca)\n\t\t\t\t<\/figcaption><\/figure><figure class='gallery-item'>\n\t\t\t<div class='gallery-icon landscape'>\n\t\t\t\t<a data-elementor-open-lightbox=\"yes\" data-elementor-lightbox-slideshow=\"7179c36\" data-elementor-lightbox-title=\"Vistas de la Bas\u00edlica de Nuestra Se\u00f1ora del Pilar en Zaragoza, junto al R\u00edo Ebro, Arag\u00f3n, Espa\u00f1a - Adrian Sediles Embi\" data-elementor-lightbox-description=\"Vistas de la Bas\u00edlica de Nuestra Se\u00f1ora del Pilar en Zaragoza, junto al R\u00edo Ebro, Arag\u00f3n, Espa\u00f1a - Adrian Sediles Embi\" data-e-action-hash=\"#elementor-action%3Aaction%3Dlightbox%26settings%3DeyJpZCI6MTE4NywidXJsIjoiaHR0cHM6XC9cL2FkcmlhbnNlZGlsZXMuZXNcL3dwLWNvbnRlbnRcL3VwbG9hZHNcLzIwMjJcLzA1XC9TSU5SMDA0Ni1zY2FsZWQuanBnIiwic2xpZGVzaG93IjoiNzE3OWMzNiJ9\" href='https:\/\/adriansediles.es\/wp-content\/uploads\/2022\/05\/SINR0046-scaled.jpg'><img loading=\"lazy\" decoding=\"async\" width=\"300\" height=\"225\" src=\"https:\/\/adriansediles.es\/wp-content\/uploads\/2022\/05\/SINR0046-300x225.jpg\" class=\"attachment-medium size-medium\" alt=\"Vistas de la Bas\u00edlica de Nuestra Se\u00f1ora del Pilar en Zaragoza, junto al R\u00edo Ebro, Arag\u00f3n, Espa\u00f1a - Adrian Sediles Embi\" aria-describedby=\"gallery-1-1187\" srcset=\"https:\/\/adriansediles.es\/wp-content\/uploads\/2022\/05\/SINR0046-300x225.jpg 300w, https:\/\/adriansediles.es\/wp-content\/uploads\/2022\/05\/SINR0046-1024x768.jpg 1024w, https:\/\/adriansediles.es\/wp-content\/uploads\/2022\/05\/SINR0046-768x576.jpg 768w, https:\/\/adriansediles.es\/wp-content\/uploads\/2022\/05\/SINR0046-1536x1152.jpg 1536w, https:\/\/adriansediles.es\/wp-content\/uploads\/2022\/05\/SINR0046-2048x1536.jpg 2048w, https:\/\/adriansediles.es\/wp-content\/uploads\/2022\/05\/SINR0046-755x566.jpg 755w\" sizes=\"(max-width: 300px) 100vw, 300px\" \/><\/a>\n\t\t\t<\/div>\n\t\t\t\t<figcaption class='wp-caption-text gallery-caption' id='gallery-1-1187'>\n\t\t\t\tVistas de la Bas\u00edlica de Nuestra Se\u00f1ora del Pilar en Zaragoza, junto al R\u00edo Ebro, Arag\u00f3n, Espa\u00f1a &#8211; Adrian Sediles Embi\n\t\t\t\t<\/figcaption><\/figure><figure class='gallery-item'>\n\t\t\t<div class='gallery-icon landscape'>\n\t\t\t\t<a data-elementor-open-lightbox=\"yes\" data-elementor-lightbox-slideshow=\"7179c36\" data-elementor-lightbox-title=\"Os tablaus o rallas de Santo Domingo.\" data-elementor-lightbox-description=\"Imagen de Os tablaus o rallas de Santo Domingo en Longas, puro Pre-pirineo Aragon\u00e9s.\" data-e-action-hash=\"#elementor-action%3Aaction%3Dlightbox%26settings%3DeyJpZCI6MTkwMiwidXJsIjoiaHR0cHM6XC9cL2FkcmlhbnNlZGlsZXMuZXNcL3dwLWNvbnRlbnRcL3VwbG9hZHNcLzIwMjVcLzEyXC9ESklfMjAyNTEwMTMxMTA1NDZfMDA3OF9ELjAwXzAxXzAyXzUwLkltYWdlbi1maWphMDE1LmpwZyIsInNsaWRlc2hvdyI6IjcxNzljMzYifQ%3D%3D\" href='https:\/\/adriansediles.es\/wp-content\/uploads\/2025\/12\/DJI_20251013110546_0078_D.00_01_02_50.Imagen-fija015.jpg'><img loading=\"lazy\" decoding=\"async\" width=\"300\" height=\"169\" src=\"https:\/\/adriansediles.es\/wp-content\/uploads\/2025\/12\/DJI_20251013110546_0078_D.00_01_02_50.Imagen-fija015-300x169.jpg\" class=\"attachment-medium size-medium\" alt=\"Os tablaus o rallas de Santo Domingo.\" aria-describedby=\"gallery-1-1902\" srcset=\"https:\/\/adriansediles.es\/wp-content\/uploads\/2025\/12\/DJI_20251013110546_0078_D.00_01_02_50.Imagen-fija015-300x169.jpg 300w, https:\/\/adriansediles.es\/wp-content\/uploads\/2025\/12\/DJI_20251013110546_0078_D.00_01_02_50.Imagen-fija015-1024x576.jpg 1024w, https:\/\/adriansediles.es\/wp-content\/uploads\/2025\/12\/DJI_20251013110546_0078_D.00_01_02_50.Imagen-fija015-768x432.jpg 768w, https:\/\/adriansediles.es\/wp-content\/uploads\/2025\/12\/DJI_20251013110546_0078_D.00_01_02_50.Imagen-fija015-1536x864.jpg 1536w, https:\/\/adriansediles.es\/wp-content\/uploads\/2025\/12\/DJI_20251013110546_0078_D.00_01_02_50.Imagen-fija015-2048x1152.jpg 2048w, https:\/\/adriansediles.es\/wp-content\/uploads\/2025\/12\/DJI_20251013110546_0078_D.00_01_02_50.Imagen-fija015-990x557.jpg 990w, https:\/\/adriansediles.es\/wp-content\/uploads\/2025\/12\/DJI_20251013110546_0078_D.00_01_02_50.Imagen-fija015-1920x1080.jpg 1920w\" sizes=\"(max-width: 300px) 100vw, 300px\" \/><\/a>\n\t\t\t<\/div>\n\t\t\t\t<figcaption class='wp-caption-text gallery-caption' id='gallery-1-1902'>\n\t\t\t\tImagen de Os tablaus o rallas de Santo Domingo en Longas, puro Pre-pirineo Aragon\u00e9s.\n\t\t\t\t<\/figcaption><\/figure><figure class='gallery-item'>\n\t\t\t<div class='gallery-icon landscape'>\n\t\t\t\t<a data-elementor-open-lightbox=\"yes\" data-elementor-lightbox-slideshow=\"7179c36\" data-elementor-lightbox-title=\"Barranco de Ig\u00fcer en el Valle de Aisa- Adrian Sediles Embi\" data-elementor-lightbox-description=\"Fotograf\u00eda del barranco de Ig\u00fcer con la surgencia del Rig\u00fcelo, se pueden ver algunos picos al fondo como el Aspe, Llena de la Garganta, Llena del bozo, Pico Lecherin, Mallos de Lecherines y el Mallo de Rig\u00fcelo, realizada por el fot\u00f3grafo Adrian Sediles Embi.\n\" data-e-action-hash=\"#elementor-action%3Aaction%3Dlightbox%26settings%3DeyJpZCI6OTkyLCJ1cmwiOiJodHRwczpcL1wvYWRyaWFuc2VkaWxlcy5lc1wvd3AtY29udGVudFwvdXBsb2Fkc1wvMjAyMVwvMDdcL0JhcnJhbmNvLWRlLUlndWVyLWVuLWVsLVZhbGxlLWRlLUFpc2EtQWRyaWFuLVNlZGlsZXMtRW1iaS1zY2FsZWQuanBnIiwic2xpZGVzaG93IjoiNzE3OWMzNiJ9\" href='https:\/\/adriansediles.es\/wp-content\/uploads\/2021\/07\/Barranco-de-Iguer-en-el-Valle-de-Aisa-Adrian-Sediles-Embi-scaled.jpg'><img loading=\"lazy\" decoding=\"async\" width=\"300\" height=\"225\" src=\"https:\/\/adriansediles.es\/wp-content\/uploads\/2021\/07\/Barranco-de-Iguer-en-el-Valle-de-Aisa-Adrian-Sediles-Embi-300x225.jpg\" class=\"attachment-medium size-medium\" alt=\"Barranco de Ig\u00fcer en el Valle de Aisa- Adrian Sediles Embi\" aria-describedby=\"gallery-1-992\" srcset=\"https:\/\/adriansediles.es\/wp-content\/uploads\/2021\/07\/Barranco-de-Iguer-en-el-Valle-de-Aisa-Adrian-Sediles-Embi-300x225.jpg 300w, https:\/\/adriansediles.es\/wp-content\/uploads\/2021\/07\/Barranco-de-Iguer-en-el-Valle-de-Aisa-Adrian-Sediles-Embi-1024x768.jpg 1024w, https:\/\/adriansediles.es\/wp-content\/uploads\/2021\/07\/Barranco-de-Iguer-en-el-Valle-de-Aisa-Adrian-Sediles-Embi-768x576.jpg 768w, https:\/\/adriansediles.es\/wp-content\/uploads\/2021\/07\/Barranco-de-Iguer-en-el-Valle-de-Aisa-Adrian-Sediles-Embi-1536x1152.jpg 1536w, https:\/\/adriansediles.es\/wp-content\/uploads\/2021\/07\/Barranco-de-Iguer-en-el-Valle-de-Aisa-Adrian-Sediles-Embi-2048x1536.jpg 2048w, https:\/\/adriansediles.es\/wp-content\/uploads\/2021\/07\/Barranco-de-Iguer-en-el-Valle-de-Aisa-Adrian-Sediles-Embi-755x566.jpg 755w\" sizes=\"(max-width: 300px) 100vw, 300px\" \/><\/a>\n\t\t\t<\/div>\n\t\t\t\t<figcaption class='wp-caption-text gallery-caption' id='gallery-1-992'>\n\t\t\t\tFotograf\u00eda del barranco de Ig\u00fcer con la surgencia del Rig\u00fcelo, se pueden ver algunos picos al fondo como el Aspe, Llena de la Garganta, Llena del bozo, Pico Lecherin, Mallos de Lecherines y el Mallo de Rig\u00fcelo, realizada por el fot\u00f3grafo Adrian Sediles Embi.\n\n\t\t\t\t<\/figcaption><\/figure><figure class='gallery-item'>\n\t\t\t<div class='gallery-icon landscape'>\n\t\t\t\t<a data-elementor-open-lightbox=\"yes\" data-elementor-lightbox-slideshow=\"7179c36\" data-elementor-lightbox-title=\"Nacimiento del Rio Pitarque - Maestrazgo Teruel\" data-elementor-lightbox-description=\"Nacimiento del Rio Pitarque - Maestrazgo Teruel\" data-e-action-hash=\"#elementor-action%3Aaction%3Dlightbox%26settings%3DeyJpZCI6MTU4NiwidXJsIjoiaHR0cHM6XC9cL2FkcmlhbnNlZGlsZXMuZXNcL3dwLWNvbnRlbnRcL3VwbG9hZHNcLzIwMjRcLzAzXC9QWExfMjAyNDAzMjNfMTAzNzQ4ODIxLTEuanBnIiwic2xpZGVzaG93IjoiNzE3OWMzNiJ9\" href='https:\/\/adriansediles.es\/wp-content\/uploads\/2024\/03\/PXL_20240323_103748821-1.jpg'><img loading=\"lazy\" decoding=\"async\" width=\"300\" height=\"169\" src=\"https:\/\/adriansediles.es\/wp-content\/uploads\/2024\/03\/PXL_20240323_103748821-1-300x169.jpg\" class=\"attachment-medium size-medium\" alt=\"Nacimiento del Rio Pitarque - Maestrazgo\" aria-describedby=\"gallery-1-1586\" srcset=\"https:\/\/adriansediles.es\/wp-content\/uploads\/2024\/03\/PXL_20240323_103748821-1-300x169.jpg 300w, https:\/\/adriansediles.es\/wp-content\/uploads\/2024\/03\/PXL_20240323_103748821-1-1024x576.jpg 1024w, https:\/\/adriansediles.es\/wp-content\/uploads\/2024\/03\/PXL_20240323_103748821-1-768x432.jpg 768w, https:\/\/adriansediles.es\/wp-content\/uploads\/2024\/03\/PXL_20240323_103748821-1-1536x864.jpg 1536w, https:\/\/adriansediles.es\/wp-content\/uploads\/2024\/03\/PXL_20240323_103748821-1-2048x1152.jpg 2048w, https:\/\/adriansediles.es\/wp-content\/uploads\/2024\/03\/PXL_20240323_103748821-1-990x557.jpg 990w, https:\/\/adriansediles.es\/wp-content\/uploads\/2024\/03\/PXL_20240323_103748821-1-1920x1080.jpg 1920w\" sizes=\"(max-width: 300px) 100vw, 300px\" \/><\/a>\n\t\t\t<\/div>\n\t\t\t\t<figcaption class='wp-caption-text gallery-caption' id='gallery-1-1586'>\n\t\t\t\tNacimiento del Rio Pitarque &#8211; Maestrazgo Teruel\n\t\t\t\t<\/figcaption><\/figure><figure class='gallery-item'>\n\t\t\t<div class='gallery-icon landscape'>\n\t\t\t\t<a data-elementor-open-lightbox=\"yes\" data-elementor-lightbox-slideshow=\"7179c36\" data-elementor-lightbox-title=\"Torre del antiguo pueblo de Mediano inundado en la Sierra de Guara.\" data-elementor-lightbox-description=\"Fotograf\u00eda de la antigua torre del pueblo de Mediano inundado, junto a los estrechos de Entremon justo detr\u00e1s.\" data-e-action-hash=\"#elementor-action%3Aaction%3Dlightbox%26settings%3DeyJpZCI6MTM5NSwidXJsIjoiaHR0cHM6XC9cL2FkcmlhbnNlZGlsZXMuZXNcL3dwLWNvbnRlbnRcL3VwbG9hZHNcLzIwMjNcLzAzXC9ESklfMDA4Ny1jb3BpYS1zY2FsZWQuanBnIiwic2xpZGVzaG93IjoiNzE3OWMzNiJ9\" href='https:\/\/adriansediles.es\/wp-content\/uploads\/2023\/03\/DJI_0087-copia-scaled.jpg'><img loading=\"lazy\" decoding=\"async\" width=\"300\" height=\"169\" src=\"https:\/\/adriansediles.es\/wp-content\/uploads\/2023\/03\/DJI_0087-copia-300x169.jpg\" class=\"attachment-medium size-medium\" alt=\"Torre del antiguo pueblo de Mediano inundado en la Sierra de Guara.\" aria-describedby=\"gallery-1-1395\" srcset=\"https:\/\/adriansediles.es\/wp-content\/uploads\/2023\/03\/DJI_0087-copia-300x169.jpg 300w, https:\/\/adriansediles.es\/wp-content\/uploads\/2023\/03\/DJI_0087-copia-1024x575.jpg 1024w, https:\/\/adriansediles.es\/wp-content\/uploads\/2023\/03\/DJI_0087-copia-768x431.jpg 768w, https:\/\/adriansediles.es\/wp-content\/uploads\/2023\/03\/DJI_0087-copia-1536x863.jpg 1536w, https:\/\/adriansediles.es\/wp-content\/uploads\/2023\/03\/DJI_0087-copia-2048x1151.jpg 2048w, https:\/\/adriansediles.es\/wp-content\/uploads\/2023\/03\/DJI_0087-copia-990x556.jpg 990w, https:\/\/adriansediles.es\/wp-content\/uploads\/2023\/03\/DJI_0087-copia-1920x1080.jpg 1920w\" sizes=\"(max-width: 300px) 100vw, 300px\" \/><\/a>\n\t\t\t<\/div>\n\t\t\t\t<figcaption class='wp-caption-text gallery-caption' id='gallery-1-1395'>\n\t\t\t\tFotograf\u00eda de la antigua torre del pueblo de Mediano inundado, junto a los estrechos de Entremon justo detr\u00e1s &#8211; La Fueva\n\t\t\t\t<\/figcaption><\/figure><figure class='gallery-item'>\n\t\t\t<div class='gallery-icon landscape'>\n\t\t\t\t<a data-elementor-open-lightbox=\"yes\" data-elementor-lightbox-slideshow=\"7179c36\" data-elementor-lightbox-title=\"Salto del r\u00edo Nervi\u00f3n - Adrian Sediles Embi\" data-elementor-lightbox-description=\"Salto del r\u00edo Nervi\u00f3n - Adrian Sediles Embi\" data-e-action-hash=\"#elementor-action%3Aaction%3Dlightbox%26settings%3DeyJpZCI6MTc4LCJ1cmwiOiJodHRwczpcL1wvYWRyaWFuc2VkaWxlcy5lc1wvd3AtY29udGVudFwvdXBsb2Fkc1wvMjAyMFwvMDJcL0RTQzI1MzgtY29tby1vYmpldG8taW50ZWxpZ2VudGUtMS0xLXNjYWxlZC5qcGciLCJzbGlkZXNob3ciOiI3MTc5YzM2In0%3D\" href='https:\/\/adriansediles.es\/wp-content\/uploads\/2020\/02\/DSC2538-como-objeto-inteligente-1-1-scaled.jpg'><img loading=\"lazy\" decoding=\"async\" width=\"300\" height=\"200\" src=\"https:\/\/adriansediles.es\/wp-content\/uploads\/2020\/02\/DSC2538-como-objeto-inteligente-1-1-300x200.jpg\" class=\"attachment-medium size-medium\" alt=\"Salto del r\u00edo Nervi\u00f3n - Adrian Sediles Embi\" aria-describedby=\"gallery-1-178\" srcset=\"https:\/\/adriansediles.es\/wp-content\/uploads\/2020\/02\/DSC2538-como-objeto-inteligente-1-1-300x200.jpg 300w, https:\/\/adriansediles.es\/wp-content\/uploads\/2020\/02\/DSC2538-como-objeto-inteligente-1-1-1024x683.jpg 1024w, https:\/\/adriansediles.es\/wp-content\/uploads\/2020\/02\/DSC2538-como-objeto-inteligente-1-1-768x512.jpg 768w, https:\/\/adriansediles.es\/wp-content\/uploads\/2020\/02\/DSC2538-como-objeto-inteligente-1-1-1536x1024.jpg 1536w, https:\/\/adriansediles.es\/wp-content\/uploads\/2020\/02\/DSC2538-como-objeto-inteligente-1-1-2048x1365.jpg 2048w, https:\/\/adriansediles.es\/wp-content\/uploads\/2020\/02\/DSC2538-como-objeto-inteligente-1-1-666x444.jpg 666w\" sizes=\"(max-width: 300px) 100vw, 300px\" \/><\/a>\n\t\t\t<\/div>\n\t\t\t\t<figcaption class='wp-caption-text gallery-caption' id='gallery-1-178'>\n\t\t\t\tSalto del r\u00edo Nervi\u00f3n &#8211; Adrian Sediles Embi\n\t\t\t\t<\/figcaption><\/figure><figure class='gallery-item'>\n\t\t\t<div class='gallery-icon landscape'>\n\t\t\t\t<a data-elementor-open-lightbox=\"yes\" data-elementor-lightbox-slideshow=\"7179c36\" data-elementor-lightbox-title=\"Primavera en Zaragoza - Adri\u00e1n Sediles Embi\" data-elementor-lightbox-description=\"Primavera en Zaragoza - Adri\u00e1n Sediles Embi\" data-e-action-hash=\"#elementor-action%3Aaction%3Dlightbox%26settings%3DeyJpZCI6MTc1LCJ1cmwiOiJodHRwczpcL1wvYWRyaWFuc2VkaWxlcy5lc1wvd3AtY29udGVudFwvdXBsb2Fkc1wvMjAyMFwvMDJcL1ByaW1hdmVyYS1lbi1aYXJhZ296YS1BZHJpXHUwMGUxbi1TZWRpbGVzLUVtYmktMS5qcGciLCJzbGlkZXNob3ciOiI3MTc5YzM2In0%3D\" href='https:\/\/adriansediles.es\/wp-content\/uploads\/2020\/02\/Primavera-en-Zaragoza-Adri\u00e1n-Sediles-Embi-1.jpg'><img loading=\"lazy\" decoding=\"async\" width=\"300\" height=\"200\" src=\"https:\/\/adriansediles.es\/wp-content\/uploads\/2020\/02\/Primavera-en-Zaragoza-Adri\u00e1n-Sediles-Embi-1-300x200.jpg\" class=\"attachment-medium size-medium\" alt=\"Primavera en Zaragoza - Adri\u00e1n Sediles Embi\" aria-describedby=\"gallery-1-175\" srcset=\"https:\/\/adriansediles.es\/wp-content\/uploads\/2020\/02\/Primavera-en-Zaragoza-Adri\u00e1n-Sediles-Embi-1-300x200.jpg 300w, https:\/\/adriansediles.es\/wp-content\/uploads\/2020\/02\/Primavera-en-Zaragoza-Adri\u00e1n-Sediles-Embi-1-768x512.jpg 768w, https:\/\/adriansediles.es\/wp-content\/uploads\/2020\/02\/Primavera-en-Zaragoza-Adri\u00e1n-Sediles-Embi-1-666x444.jpg 666w, https:\/\/adriansediles.es\/wp-content\/uploads\/2020\/02\/Primavera-en-Zaragoza-Adri\u00e1n-Sediles-Embi-1.jpg 1024w\" sizes=\"(max-width: 300px) 100vw, 300px\" \/><\/a>\n\t\t\t<\/div>\n\t\t\t\t<figcaption class='wp-caption-text gallery-caption' id='gallery-1-175'>\n\t\t\t\tAdri\u00e1n Sediles Embi, Adri\u00e1n Sediles, Zaragoza, Zgz, primavera, naturaleza, nature,Arag\u00f3n, Espa\u00f1a, Spain, el tiempo en zaragoza, tiempo zaragoza, zaragoza espa\u00f1a, noticias zaragoza, foto zaragoz, flor, flores, verde, macro\n\t\t\t\t<\/figcaption><\/figure><figure class='gallery-item'>\n\t\t\t<div class='gallery-icon landscape'>\n\t\t\t\t<a data-elementor-open-lightbox=\"yes\" data-elementor-lightbox-slideshow=\"7179c36\" data-elementor-lightbox-title=\"Agujas e Ib\u00f3n de Lavasar - Valle de Chistau\" data-elementor-lightbox-description=\"Vista desde un dron de las Agujas e Ibon de Lavasar en Plan, junto al Ib\u00f3n de Plan en el Valle de Chistau.\" data-e-action-hash=\"#elementor-action%3Aaction%3Dlightbox%26settings%3DeyJpZCI6MTczMSwidXJsIjoiaHR0cHM6XC9cL2FkcmlhbnNlZGlsZXMuZXNcL3dwLWNvbnRlbnRcL3VwbG9hZHNcLzIwMjVcLzA3XC9ESklfMDQyMi0yLmpwZyIsInNsaWRlc2hvdyI6IjcxNzljMzYifQ%3D%3D\" href='https:\/\/adriansediles.es\/wp-content\/uploads\/2025\/07\/DJI_0422-2.jpg'><img loading=\"lazy\" decoding=\"async\" width=\"300\" height=\"112\" src=\"https:\/\/adriansediles.es\/wp-content\/uploads\/2025\/07\/DJI_0422-2-300x112.jpg\" class=\"attachment-medium size-medium\" alt=\"Agujas e Ib\u00f3n de Lavasar - Valle de Chistau\" aria-describedby=\"gallery-1-1731\" srcset=\"https:\/\/adriansediles.es\/wp-content\/uploads\/2025\/07\/DJI_0422-2-300x112.jpg 300w, https:\/\/adriansediles.es\/wp-content\/uploads\/2025\/07\/DJI_0422-2-1024x381.jpg 1024w, https:\/\/adriansediles.es\/wp-content\/uploads\/2025\/07\/DJI_0422-2-768x286.jpg 768w, https:\/\/adriansediles.es\/wp-content\/uploads\/2025\/07\/DJI_0422-2-1536x572.jpg 1536w, https:\/\/adriansediles.es\/wp-content\/uploads\/2025\/07\/DJI_0422-2-2048x763.jpg 2048w, https:\/\/adriansediles.es\/wp-content\/uploads\/2025\/07\/DJI_0422-2-990x369.jpg 990w\" sizes=\"(max-width: 300px) 100vw, 300px\" \/><\/a>\n\t\t\t<\/div>\n\t\t\t\t<figcaption class='wp-caption-text gallery-caption' id='gallery-1-1731'>\n\t\t\t\tVista desde un dron de las Agujas e Ibon de Lavasar en Plan, junto al Ib\u00f3n de Plan en el Valle de Chistau.\n\t\t\t\t<\/figcaption><\/figure><figure class='gallery-item'>\n\t\t\t<div class='gallery-icon landscape'>\n\t\t\t\t<a data-elementor-open-lightbox=\"yes\" data-elementor-lightbox-slideshow=\"7179c36\" data-elementor-lightbox-title=\"Nacedero del Urederra (Navarra) - Adrian Sediles Embi\" data-elementor-lightbox-description=\"Nacedero del Urederra (Navarra) - Adrian Sediles Embi\" data-e-action-hash=\"#elementor-action%3Aaction%3Dlightbox%26settings%3DeyJpZCI6MTcxLCJ1cmwiOiJodHRwczpcL1wvYWRyaWFuc2VkaWxlcy5lc1wvd3AtY29udGVudFwvdXBsb2Fkc1wvMjAyMFwvMDJcL05hY2VkZXJvLWRlbC1VcmVkZXJyYS1OYXZhcnJhLUFkcmlhbi1TZWRpbGVzLUVtYmktMS5qcGciLCJzbGlkZXNob3ciOiI3MTc5YzM2In0%3D\" href='https:\/\/adriansediles.es\/wp-content\/uploads\/2020\/02\/Nacedero-del-Urederra-Navarra-Adrian-Sediles-Embi-1.jpg'><img loading=\"lazy\" decoding=\"async\" width=\"300\" height=\"200\" src=\"https:\/\/adriansediles.es\/wp-content\/uploads\/2020\/02\/Nacedero-del-Urederra-Navarra-Adrian-Sediles-Embi-1-300x200.jpg\" class=\"attachment-medium size-medium\" alt=\"Nacedero del Urederra (Navarra) - Adrian Sediles Embi\" aria-describedby=\"gallery-1-171\" srcset=\"https:\/\/adriansediles.es\/wp-content\/uploads\/2020\/02\/Nacedero-del-Urederra-Navarra-Adrian-Sediles-Embi-1-300x200.jpg 300w, https:\/\/adriansediles.es\/wp-content\/uploads\/2020\/02\/Nacedero-del-Urederra-Navarra-Adrian-Sediles-Embi-1-768x512.jpg 768w, https:\/\/adriansediles.es\/wp-content\/uploads\/2020\/02\/Nacedero-del-Urederra-Navarra-Adrian-Sediles-Embi-1-666x444.jpg 666w, https:\/\/adriansediles.es\/wp-content\/uploads\/2020\/02\/Nacedero-del-Urederra-Navarra-Adrian-Sediles-Embi-1.jpg 1024w\" sizes=\"(max-width: 300px) 100vw, 300px\" \/><\/a>\n\t\t\t<\/div>\n\t\t\t\t<figcaption class='wp-caption-text gallery-caption' id='gallery-1-171'>\n\t\t\t\tNacedero del Urederra en Baquedano (Navarra), fotogra\u00eda tomada por el fot\u00f3grafo Adri\u00e1n Sediles Embi.\n\t\t\t\t<\/figcaption><\/figure><figure class='gallery-item'>\n\t\t\t<div class='gallery-icon landscape'>\n\t\t\t\t<a data-elementor-open-lightbox=\"yes\" data-elementor-lightbox-slideshow=\"7179c36\" data-elementor-lightbox-title=\"Vista de la Bas\u00edlica de Nuestra Se\u00f1ora del Pilar en la noche. Zaragoza\" data-elementor-lightbox-description=\"Fotograf\u00eda tomada durante la noche en Zaragoza, frente a la Bas\u00edlica del Pilar, el puente de Piedra y el r\u00edo Ebro, tomada por la fotograf\u00eda Adri\u00e1n Sediles Embi.\n\" data-e-action-hash=\"#elementor-action%3Aaction%3Dlightbox%26settings%3DeyJpZCI6MzQ5LCJ1cmwiOiJodHRwczpcL1wvYWRyaWFuc2VkaWxlcy5lc1wvd3AtY29udGVudFwvdXBsb2Fkc1wvMjAyMFwvMDNcL3ZpZXctb2YtQmFzaWxpY2Etb2YtT3VyLUxhZHktb2YtdGhlLVBpbGxhci1pbi1ldmVuaW5nLi1aYXJhZ296YS1TcGFpbi1BZHJpYW4tU2VkaWxlcy1FbWJpLXNjYWxlZC5qcGciLCJzbGlkZXNob3ciOiI3MTc5YzM2In0%3D\" href='https:\/\/adriansediles.es\/wp-content\/uploads\/2020\/03\/view-of-Basilica-of-Our-Lady-of-the-Pillar-in-evening.-Zaragoza-Spain-Adrian-Sediles-Embi-scaled.jpg'><img loading=\"lazy\" decoding=\"async\" width=\"300\" height=\"225\" src=\"https:\/\/adriansediles.es\/wp-content\/uploads\/2020\/03\/view-of-Basilica-of-Our-Lady-of-the-Pillar-in-evening.-Zaragoza-Spain-Adrian-Sediles-Embi-300x225.jpg\" class=\"attachment-medium size-medium\" alt=\"Vista de la Bas\u00edlica de Nuestra Se\u00f1ora del Pilar en la noche. Zaragoza\" aria-describedby=\"gallery-1-349\" srcset=\"https:\/\/adriansediles.es\/wp-content\/uploads\/2020\/03\/view-of-Basilica-of-Our-Lady-of-the-Pillar-in-evening.-Zaragoza-Spain-Adrian-Sediles-Embi-300x225.jpg 300w, https:\/\/adriansediles.es\/wp-content\/uploads\/2020\/03\/view-of-Basilica-of-Our-Lady-of-the-Pillar-in-evening.-Zaragoza-Spain-Adrian-Sediles-Embi-1024x768.jpg 1024w, https:\/\/adriansediles.es\/wp-content\/uploads\/2020\/03\/view-of-Basilica-of-Our-Lady-of-the-Pillar-in-evening.-Zaragoza-Spain-Adrian-Sediles-Embi-768x576.jpg 768w, https:\/\/adriansediles.es\/wp-content\/uploads\/2020\/03\/view-of-Basilica-of-Our-Lady-of-the-Pillar-in-evening.-Zaragoza-Spain-Adrian-Sediles-Embi-1536x1152.jpg 1536w, https:\/\/adriansediles.es\/wp-content\/uploads\/2020\/03\/view-of-Basilica-of-Our-Lady-of-the-Pillar-in-evening.-Zaragoza-Spain-Adrian-Sediles-Embi-2048x1536.jpg 2048w, https:\/\/adriansediles.es\/wp-content\/uploads\/2020\/03\/view-of-Basilica-of-Our-Lady-of-the-Pillar-in-evening.-Zaragoza-Spain-Adrian-Sediles-Embi-755x566.jpg 755w\" sizes=\"(max-width: 300px) 100vw, 300px\" \/><\/a>\n\t\t\t<\/div>\n\t\t\t\t<figcaption class='wp-caption-text gallery-caption' id='gallery-1-349'>\n\t\t\t\tFotograf\u00eda tomada durante la noche en Zaragoza, frente a la Bas\u00edlica del Pilar, el puente de Piedra y el r\u00edo Ebro, tomada por la fotograf\u00eda Adri\u00e1n Sediles Embi.\nFotografia tomada durante la noche en Zaragoza, frente a la basilica del Pilar, el puente de Piedra y el rio Ebro, realizada por el fotografo Adrian Sediles Embi.\n\t\t\t\t<\/figcaption><\/figure><figure class='gallery-item'>\n\t\t\t<div class='gallery-icon landscape'>\n\t\t\t\t<a data-elementor-open-lightbox=\"yes\" data-elementor-lightbox-slideshow=\"7179c36\" data-elementor-lightbox-title=\"San Juan de Gaztelugatxe - Pais Vasco\" data-elementor-lightbox-description=\"Escaleras de subida a la ermita de San Juan de Gaztelugatxe en la localidad de Bermeo, en el Pais Vasco.\" data-e-action-hash=\"#elementor-action%3Aaction%3Dlightbox%26settings%3DeyJpZCI6MTgzNywidXJsIjoiaHR0cHM6XC9cL2FkcmlhbnNlZGlsZXMuZXNcL3dwLWNvbnRlbnRcL3VwbG9hZHNcLzIwMjVcLzA3XC9ESklfMjAyNTA1MjcxMDQwMTFfMDAzNV9ELjAwXzAwXzE3XzA1LkltYWdlbi1maWphMDA1LmpwZyIsInNsaWRlc2hvdyI6IjcxNzljMzYifQ%3D%3D\" href='https:\/\/adriansediles.es\/wp-content\/uploads\/2025\/07\/DJI_20250527104011_0035_D.00_00_17_05.Imagen-fija005.jpg'><img loading=\"lazy\" decoding=\"async\" width=\"300\" height=\"169\" src=\"https:\/\/adriansediles.es\/wp-content\/uploads\/2025\/07\/DJI_20250527104011_0035_D.00_00_17_05.Imagen-fija005-300x169.jpg\" class=\"attachment-medium size-medium\" alt=\"San Juan de Gaztelugatxe - Pais Vasco\" aria-describedby=\"gallery-1-1837\" srcset=\"https:\/\/adriansediles.es\/wp-content\/uploads\/2025\/07\/DJI_20250527104011_0035_D.00_00_17_05.Imagen-fija005-300x169.jpg 300w, https:\/\/adriansediles.es\/wp-content\/uploads\/2025\/07\/DJI_20250527104011_0035_D.00_00_17_05.Imagen-fija005-1024x576.jpg 1024w, https:\/\/adriansediles.es\/wp-content\/uploads\/2025\/07\/DJI_20250527104011_0035_D.00_00_17_05.Imagen-fija005-768x432.jpg 768w, https:\/\/adriansediles.es\/wp-content\/uploads\/2025\/07\/DJI_20250527104011_0035_D.00_00_17_05.Imagen-fija005-1536x864.jpg 1536w, https:\/\/adriansediles.es\/wp-content\/uploads\/2025\/07\/DJI_20250527104011_0035_D.00_00_17_05.Imagen-fija005-2048x1152.jpg 2048w, https:\/\/adriansediles.es\/wp-content\/uploads\/2025\/07\/DJI_20250527104011_0035_D.00_00_17_05.Imagen-fija005-990x557.jpg 990w, https:\/\/adriansediles.es\/wp-content\/uploads\/2025\/07\/DJI_20250527104011_0035_D.00_00_17_05.Imagen-fija005-1920x1080.jpg 1920w\" sizes=\"(max-width: 300px) 100vw, 300px\" \/><\/a>\n\t\t\t<\/div>\n\t\t\t\t<figcaption class='wp-caption-text gallery-caption' id='gallery-1-1837'>\n\t\t\t\tEscaleras de subida a la ermita de San Juan de Gaztelugatxe en la localidad de Bermeo, en el Pais Vasco.\n\t\t\t\t<\/figcaption><\/figure><figure class='gallery-item'>\n\t\t\t<div class='gallery-icon landscape'>\n\t\t\t\t<a data-elementor-open-lightbox=\"yes\" data-elementor-lightbox-slideshow=\"7179c36\" data-elementor-lightbox-title=\"Cascada La Requijada (Monasterio de Piedra) - Adrian Sediles Emb\" data-elementor-lightbox-description=\"Cascada La Requijada (Monasterio de Piedra) - Adrian Sediles Emb\" data-e-action-hash=\"#elementor-action%3Aaction%3Dlightbox%26settings%3DeyJpZCI6MTYzLCJ1cmwiOiJodHRwczpcL1wvYWRyaWFuc2VkaWxlcy5lc1wvd3AtY29udGVudFwvdXBsb2Fkc1wvMjAyMFwvMDJcL0Nhc2NhZGEtTGEtUmVxdWlqYWRhLU1vbmFzdGVyaW8tZGUtUGllZHJhLUFkcmlhbi1TZWRpbGVzLUVtYmkuanBnIiwic2xpZGVzaG93IjoiNzE3OWMzNiJ9\" href='https:\/\/adriansediles.es\/wp-content\/uploads\/2020\/02\/Cascada-La-Requijada-Monasterio-de-Piedra-Adrian-Sediles-Embi.jpg'><img loading=\"lazy\" decoding=\"async\" width=\"300\" height=\"200\" src=\"https:\/\/adriansediles.es\/wp-content\/uploads\/2020\/02\/Cascada-La-Requijada-Monasterio-de-Piedra-Adrian-Sediles-Embi-300x200.jpg\" class=\"attachment-medium size-medium\" alt=\"Cascada La Requijada (Monasterio de Piedra) - Adrian Sediles Emb\" aria-describedby=\"gallery-1-163\" srcset=\"https:\/\/adriansediles.es\/wp-content\/uploads\/2020\/02\/Cascada-La-Requijada-Monasterio-de-Piedra-Adrian-Sediles-Embi-300x200.jpg 300w, https:\/\/adriansediles.es\/wp-content\/uploads\/2020\/02\/Cascada-La-Requijada-Monasterio-de-Piedra-Adrian-Sediles-Embi-768x512.jpg 768w, https:\/\/adriansediles.es\/wp-content\/uploads\/2020\/02\/Cascada-La-Requijada-Monasterio-de-Piedra-Adrian-Sediles-Embi-666x444.jpg 666w, https:\/\/adriansediles.es\/wp-content\/uploads\/2020\/02\/Cascada-La-Requijada-Monasterio-de-Piedra-Adrian-Sediles-Embi.jpg 1024w\" sizes=\"(max-width: 300px) 100vw, 300px\" \/><\/a>\n\t\t\t<\/div>\n\t\t\t\t<figcaption class='wp-caption-text gallery-caption' id='gallery-1-163'>\n\t\t\t\tFotograf\u00eda tomada en la cascada de la Requijada (Monasterio de Piedra), realizada por Adrian Sediles, concretamente en el salto del vado, Calatayud.\n\t\t\t\t<\/figcaption><\/figure><figure class='gallery-item'>\n\t\t\t<div class='gallery-icon landscape'>\n\t\t\t\t<a data-elementor-open-lightbox=\"yes\" data-elementor-lightbox-slideshow=\"7179c36\" data-elementor-lightbox-title=\"Panor\u00e1mica desde Anayet, Midi d&#039;Ossau - Adrian Sediles Embi\" data-elementor-lightbox-description=\"Panor\u00e1mica desde Anayet, Midi d&#039;Ossau - Adrian Sediles Embi\" data-e-action-hash=\"#elementor-action%3Aaction%3Dlightbox%26settings%3DeyJpZCI6MTUwLCJ1cmwiOiJodHRwczpcL1wvYWRyaWFuc2VkaWxlcy5lc1wvd3AtY29udGVudFwvdXBsb2Fkc1wvMjAyMFwvMDJcL0RTQzcxOTgtc2NhbGVkLmpwZyIsInNsaWRlc2hvdyI6IjcxNzljMzYifQ%3D%3D\" href='https:\/\/adriansediles.es\/wp-content\/uploads\/2020\/02\/DSC7198-scaled.jpg'><img loading=\"lazy\" decoding=\"async\" width=\"300\" height=\"68\" src=\"https:\/\/adriansediles.es\/wp-content\/uploads\/2020\/02\/DSC7198-300x68.jpg\" class=\"attachment-medium size-medium\" alt=\"Panor\u00e1mica desde Anayet, Midi d&#039;Ossau - Adrian Sediles Embi\" aria-describedby=\"gallery-1-150\" srcset=\"https:\/\/adriansediles.es\/wp-content\/uploads\/2020\/02\/DSC7198-300x68.jpg 300w, https:\/\/adriansediles.es\/wp-content\/uploads\/2020\/02\/DSC7198-1024x232.jpg 1024w, https:\/\/adriansediles.es\/wp-content\/uploads\/2020\/02\/DSC7198-768x174.jpg 768w, https:\/\/adriansediles.es\/wp-content\/uploads\/2020\/02\/DSC7198-1536x348.jpg 1536w, https:\/\/adriansediles.es\/wp-content\/uploads\/2020\/02\/DSC7198-2048x464.jpg 2048w\" sizes=\"(max-width: 300px) 100vw, 300px\" \/><\/a>\n\t\t\t<\/div>\n\t\t\t\t<figcaption class='wp-caption-text gallery-caption' id='gallery-1-150'>\n\t\t\t\tPanor\u00e1mica desde Anayet, Midi d&#8217;Ossau &#8211; Adrian Sediles Embi\n\t\t\t\t<\/figcaption><\/figure><figure class='gallery-item'>\n\t\t\t<div class='gallery-icon landscape'>\n\t\t\t\t<a data-elementor-open-lightbox=\"yes\" data-elementor-lightbox-slideshow=\"7179c36\" data-elementor-lightbox-title=\"Cascada de la cueva - Adrian Sediles Embi\" data-elementor-lightbox-description=\"Cascada de la cueva - Adrian Sediles Embi\" data-e-action-hash=\"#elementor-action%3Aaction%3Dlightbox%26settings%3DeyJpZCI6NTksInVybCI6Imh0dHBzOlwvXC9hZHJpYW5zZWRpbGVzLmVzXC93cC1jb250ZW50XC91cGxvYWRzXC8yMDIwXC8wMlwvRFNDMjM2NS1jb21vLW9iamV0by1pbnRlbGlnZW50ZS0xLXNjYWxlZC5qcGciLCJzbGlkZXNob3ciOiI3MTc5YzM2In0%3D\" href='https:\/\/adriansediles.es\/wp-content\/uploads\/2020\/02\/DSC2365-como-objeto-inteligente-1-scaled.jpg'><img loading=\"lazy\" decoding=\"async\" width=\"300\" height=\"200\" src=\"https:\/\/adriansediles.es\/wp-content\/uploads\/2020\/02\/DSC2365-como-objeto-inteligente-1-300x200.jpg\" class=\"attachment-medium size-medium\" alt=\"Cascada de la cueva - Adrian Sediles Embi\" aria-describedby=\"gallery-1-59\" srcset=\"https:\/\/adriansediles.es\/wp-content\/uploads\/2020\/02\/DSC2365-como-objeto-inteligente-1-300x200.jpg 300w, https:\/\/adriansediles.es\/wp-content\/uploads\/2020\/02\/DSC2365-como-objeto-inteligente-1-1024x683.jpg 1024w, https:\/\/adriansediles.es\/wp-content\/uploads\/2020\/02\/DSC2365-como-objeto-inteligente-1-768x512.jpg 768w, https:\/\/adriansediles.es\/wp-content\/uploads\/2020\/02\/DSC2365-como-objeto-inteligente-1-1536x1024.jpg 1536w, https:\/\/adriansediles.es\/wp-content\/uploads\/2020\/02\/DSC2365-como-objeto-inteligente-1-2048x1365.jpg 2048w, https:\/\/adriansediles.es\/wp-content\/uploads\/2020\/02\/DSC2365-como-objeto-inteligente-1-666x444.jpg 666w\" sizes=\"(max-width: 300px) 100vw, 300px\" \/><\/a>\n\t\t\t<\/div>\n\t\t\t\t<figcaption class='wp-caption-text gallery-caption' id='gallery-1-59'>\n\t\t\t\tCascada de la cueva &#8211; Adrian Sediles Embi\n\t\t\t\t<\/figcaption><\/figure><figure class='gallery-item'>\n\t\t\t<div class='gallery-icon landscape'>\n\t\t\t\t<a data-elementor-open-lightbox=\"yes\" data-elementor-lightbox-slideshow=\"7179c36\" data-elementor-lightbox-title=\"Panor\u00e1mica espectacular en el Ib\u00f3n de Plan en Invierno totalmente congelado.\" data-elementor-lightbox-description=\"Panor\u00e1mica espectacular en el Ib\u00f3n de Plan en Invierno totalmente congelado.\" data-e-action-hash=\"#elementor-action%3Aaction%3Dlightbox%26settings%3DeyJpZCI6MTU1NiwidXJsIjoiaHR0cHM6XC9cL2FkcmlhbnNlZGlsZXMuZXNcL3dwLWNvbnRlbnRcL3VwbG9hZHNcLzIwMjNcLzEyXC9ESklfMDAzMC5qcGciLCJzbGlkZXNob3ciOiI3MTc5YzM2In0%3D\" href='https:\/\/adriansediles.es\/wp-content\/uploads\/2023\/12\/DJI_0030.jpg'><img loading=\"lazy\" decoding=\"async\" width=\"300\" height=\"169\" src=\"https:\/\/adriansediles.es\/wp-content\/uploads\/2023\/12\/DJI_0030-300x169.jpg\" class=\"attachment-medium size-medium\" alt=\"Ib\u00f3n de Plan o tambi\u00e9n llamado Basa de la Mora\" aria-describedby=\"gallery-1-1556\" srcset=\"https:\/\/adriansediles.es\/wp-content\/uploads\/2023\/12\/DJI_0030-300x169.jpg 300w, https:\/\/adriansediles.es\/wp-content\/uploads\/2023\/12\/DJI_0030-1024x575.jpg 1024w, https:\/\/adriansediles.es\/wp-content\/uploads\/2023\/12\/DJI_0030-768x431.jpg 768w, https:\/\/adriansediles.es\/wp-content\/uploads\/2023\/12\/DJI_0030-1536x863.jpg 1536w, https:\/\/adriansediles.es\/wp-content\/uploads\/2023\/12\/DJI_0030-2048x1151.jpg 2048w, https:\/\/adriansediles.es\/wp-content\/uploads\/2023\/12\/DJI_0030-990x556.jpg 990w, https:\/\/adriansediles.es\/wp-content\/uploads\/2023\/12\/DJI_0030-1920x1080.jpg 1920w\" sizes=\"(max-width: 300px) 100vw, 300px\" \/><\/a>\n\t\t\t<\/div>\n\t\t\t\t<figcaption class='wp-caption-text gallery-caption' id='gallery-1-1556'>\n\t\t\t\tPanor\u00e1mica espectacular en el Ib\u00f3n de Plan en Invierno totalmente congelado.\n\t\t\t\t<\/figcaption><\/figure><figure class='gallery-item'>\n\t\t\t<div class='gallery-icon portrait'>\n\t\t\t\t<a data-elementor-open-lightbox=\"yes\" data-elementor-lightbox-slideshow=\"7179c36\" data-elementor-lightbox-title=\"Congost de Mont-Rebei - Adrian Sediles Embi\" data-elementor-lightbox-description=\"Congost de Mont-Rebei - Adrian Sediles Embi\" data-e-action-hash=\"#elementor-action%3Aaction%3Dlightbox%26settings%3DeyJpZCI6MTY1LCJ1cmwiOiJodHRwczpcL1wvYWRyaWFuc2VkaWxlcy5lc1wvd3AtY29udGVudFwvdXBsb2Fkc1wvMjAyMFwvMDJcL0Nvbmdvc3QtZGUtTW9udC1SZWJlaS1BZHJpYW4tU2VkaWxlcy1FbWJpLmpwZyIsInNsaWRlc2hvdyI6IjcxNzljMzYifQ%3D%3D\" href='https:\/\/adriansediles.es\/wp-content\/uploads\/2020\/02\/Congost-de-Mont-Rebei-Adrian-Sediles-Embi.jpg'><img loading=\"lazy\" decoding=\"async\" width=\"200\" height=\"300\" src=\"https:\/\/adriansediles.es\/wp-content\/uploads\/2020\/02\/Congost-de-Mont-Rebei-Adrian-Sediles-Embi-200x300.jpg\" class=\"attachment-medium size-medium\" alt=\"Congost de Mont-Rebei - Adrian Sediles Embi\" aria-describedby=\"gallery-1-165\" srcset=\"https:\/\/adriansediles.es\/wp-content\/uploads\/2020\/02\/Congost-de-Mont-Rebei-Adrian-Sediles-Embi-200x300.jpg 200w, https:\/\/adriansediles.es\/wp-content\/uploads\/2020\/02\/Congost-de-Mont-Rebei-Adrian-Sediles-Embi.jpg 683w\" sizes=\"(max-width: 200px) 100vw, 200px\" \/><\/a>\n\t\t\t<\/div>\n\t\t\t\t<figcaption class='wp-caption-text gallery-caption' id='gallery-1-165'>\n\t\t\t\tFotografia tomada por Adrian Sediles Embi en un tramo de las pasarelas del Congost de Mont-Rebei, justo encima del rio Noguera Ribagorzana, frontera entre Huesca y L\u00e9rida.\n\t\t\t\t<\/figcaption><\/figure><figure class='gallery-item'>\n\t\t\t<div class='gallery-icon landscape'>\n\t\t\t\t<a data-elementor-open-lightbox=\"yes\" data-elementor-lightbox-slideshow=\"7179c36\" data-elementor-lightbox-title=\"Ibones de Ordicuso en Panticosa\" data-elementor-lightbox-description=\"Ibones de Ordicuso en Panticosa, fotograf\u00eda hecha con un dron.\" data-e-action-hash=\"#elementor-action%3Aaction%3Dlightbox%26settings%3DeyJpZCI6MTQyMiwidXJsIjoiaHR0cHM6XC9cL2FkcmlhbnNlZGlsZXMuZXNcL3dwLWNvbnRlbnRcL3VwbG9hZHNcLzIwMjNcLzA1XC9ESklfMDM3OS1zY2FsZWQuanBnIiwic2xpZGVzaG93IjoiNzE3OWMzNiJ9\" href='https:\/\/adriansediles.es\/wp-content\/uploads\/2023\/05\/DJI_0379-scaled.jpg'><img loading=\"lazy\" decoding=\"async\" width=\"300\" height=\"169\" src=\"https:\/\/adriansediles.es\/wp-content\/uploads\/2023\/05\/DJI_0379-300x169.jpg\" class=\"attachment-medium size-medium\" alt=\"Ibones de Ordicuso en Panticosa\" aria-describedby=\"gallery-1-1422\" srcset=\"https:\/\/adriansediles.es\/wp-content\/uploads\/2023\/05\/DJI_0379-300x169.jpg 300w, https:\/\/adriansediles.es\/wp-content\/uploads\/2023\/05\/DJI_0379-1024x575.jpg 1024w, https:\/\/adriansediles.es\/wp-content\/uploads\/2023\/05\/DJI_0379-768x432.jpg 768w, https:\/\/adriansediles.es\/wp-content\/uploads\/2023\/05\/DJI_0379-1536x863.jpg 1536w, https:\/\/adriansediles.es\/wp-content\/uploads\/2023\/05\/DJI_0379-2048x1151.jpg 2048w, https:\/\/adriansediles.es\/wp-content\/uploads\/2023\/05\/DJI_0379-990x556.jpg 990w, https:\/\/adriansediles.es\/wp-content\/uploads\/2023\/05\/DJI_0379-1920x1080.jpg 1920w\" sizes=\"(max-width: 300px) 100vw, 300px\" \/><\/a>\n\t\t\t<\/div>\n\t\t\t\t<figcaption class='wp-caption-text gallery-caption' id='gallery-1-1422'>\n\t\t\t\tIbones de Ordicuso en Panticosa, fotograf\u00eda hecha con un dron.\n\t\t\t\t<\/figcaption><\/figure><figure class='gallery-item'>\n\t\t\t<div class='gallery-icon landscape'>\n\t\t\t\t<a data-elementor-open-lightbox=\"yes\" data-elementor-lightbox-slideshow=\"7179c36\" data-elementor-lightbox-title=\"Anochecer frente a la Bas\u00edlica del Pilar en Zaragoza\" data-elementor-lightbox-description=\"Anochecer frente a la Bas\u00edlica del Pilar en Zaragoza, el r\u00edo Ebro y el Puente de Piedra.\" data-e-action-hash=\"#elementor-action%3Aaction%3Dlightbox%26settings%3DeyJpZCI6MTU3MywidXJsIjoiaHR0cHM6XC9cL2FkcmlhbnNlZGlsZXMuZXNcL3dwLWNvbnRlbnRcL3VwbG9hZHNcLzIwMjRcLzAxXC9QWExfMjAyNDAxMTNfMTc0NzAwNzU0Lk1QMl8uanBnIiwic2xpZGVzaG93IjoiNzE3OWMzNiJ9\" href='https:\/\/adriansediles.es\/wp-content\/uploads\/2024\/01\/PXL_20240113_174700754.MP2_.jpg'><img loading=\"lazy\" decoding=\"async\" width=\"300\" height=\"169\" src=\"https:\/\/adriansediles.es\/wp-content\/uploads\/2024\/01\/PXL_20240113_174700754.MP2_-300x169.jpg\" class=\"attachment-medium size-medium\" alt=\"Anochecer frente a la Bas\u00edlica del Pilar en Zaragoza\" aria-describedby=\"gallery-1-1573\" srcset=\"https:\/\/adriansediles.es\/wp-content\/uploads\/2024\/01\/PXL_20240113_174700754.MP2_-300x169.jpg 300w, https:\/\/adriansediles.es\/wp-content\/uploads\/2024\/01\/PXL_20240113_174700754.MP2_-1024x576.jpg 1024w, https:\/\/adriansediles.es\/wp-content\/uploads\/2024\/01\/PXL_20240113_174700754.MP2_-768x432.jpg 768w, https:\/\/adriansediles.es\/wp-content\/uploads\/2024\/01\/PXL_20240113_174700754.MP2_-1536x864.jpg 1536w, https:\/\/adriansediles.es\/wp-content\/uploads\/2024\/01\/PXL_20240113_174700754.MP2_-2048x1152.jpg 2048w, https:\/\/adriansediles.es\/wp-content\/uploads\/2024\/01\/PXL_20240113_174700754.MP2_-990x557.jpg 990w, https:\/\/adriansediles.es\/wp-content\/uploads\/2024\/01\/PXL_20240113_174700754.MP2_-1920x1080.jpg 1920w\" sizes=\"(max-width: 300px) 100vw, 300px\" \/><\/a>\n\t\t\t<\/div>\n\t\t\t\t<figcaption class='wp-caption-text gallery-caption' id='gallery-1-1573'>\n\t\t\t\tAnochecer frente a la Bas\u00edlica del Pilar en Zaragoza, el r\u00edo Ebro y el Puente de Piedra.\n\t\t\t\t<\/figcaption><\/figure><figure class='gallery-item'>\n\t\t\t<div class='gallery-icon landscape'>\n\t\t\t\t<a data-elementor-open-lightbox=\"yes\" data-elementor-lightbox-slideshow=\"7179c36\" data-elementor-lightbox-title=\"Amanecer sobre el Pico Bachimala 3177m - Adrian Sediles Embi\" data-elementor-lightbox-description=\"Fotograf\u00eda del amanecer sobre el pico Bachimala en el Valle de Gistain, los Pirineos, unas nubes muy expresivas. Realizada por el fot\u00f3grafo Adrian Sediles Embi.\" data-e-action-hash=\"#elementor-action%3Aaction%3Dlightbox%26settings%3DeyJpZCI6MTAxNywidXJsIjoiaHR0cHM6XC9cL2FkcmlhbnNlZGlsZXMuZXNcL3dwLWNvbnRlbnRcL3VwbG9hZHNcLzIwMjFcLzA4XC9BbWFuZWNlci1zb2JyZS1lbC1QaWNvLUJhY2hpbWFsYS0zMTc3bS1BZHJpYW4tU2VkaWxlcy1FbWJpLXNjYWxlZC5qcGciLCJzbGlkZXNob3ciOiI3MTc5YzM2In0%3D\" href='https:\/\/adriansediles.es\/wp-content\/uploads\/2021\/08\/Amanecer-sobre-el-Pico-Bachimala-3177m-Adrian-Sediles-Embi-scaled.jpg'><img loading=\"lazy\" decoding=\"async\" width=\"300\" height=\"200\" src=\"https:\/\/adriansediles.es\/wp-content\/uploads\/2021\/08\/Amanecer-sobre-el-Pico-Bachimala-3177m-Adrian-Sediles-Embi-300x200.jpg\" class=\"attachment-medium size-medium\" alt=\"Amanecer sobre el Pico Bachimala 3177m - Adrian Sediles Embi\" aria-describedby=\"gallery-1-1017\" srcset=\"https:\/\/adriansediles.es\/wp-content\/uploads\/2021\/08\/Amanecer-sobre-el-Pico-Bachimala-3177m-Adrian-Sediles-Embi-300x200.jpg 300w, https:\/\/adriansediles.es\/wp-content\/uploads\/2021\/08\/Amanecer-sobre-el-Pico-Bachimala-3177m-Adrian-Sediles-Embi-1024x682.jpg 1024w, https:\/\/adriansediles.es\/wp-content\/uploads\/2021\/08\/Amanecer-sobre-el-Pico-Bachimala-3177m-Adrian-Sediles-Embi-768x512.jpg 768w, https:\/\/adriansediles.es\/wp-content\/uploads\/2021\/08\/Amanecer-sobre-el-Pico-Bachimala-3177m-Adrian-Sediles-Embi-1536x1023.jpg 1536w, https:\/\/adriansediles.es\/wp-content\/uploads\/2021\/08\/Amanecer-sobre-el-Pico-Bachimala-3177m-Adrian-Sediles-Embi-2048x1365.jpg 2048w, https:\/\/adriansediles.es\/wp-content\/uploads\/2021\/08\/Amanecer-sobre-el-Pico-Bachimala-3177m-Adrian-Sediles-Embi-666x444.jpg 666w\" sizes=\"(max-width: 300px) 100vw, 300px\" \/><\/a>\n\t\t\t<\/div>\n\t\t\t\t<figcaption class='wp-caption-text gallery-caption' id='gallery-1-1017'>\n\t\t\t\tFotograf\u00eda del amanecer sobre el pico Bachimala en el Valle de Gistain, los Pirineos, unas nubes muy expresivas. Realizada por el fot\u00f3grafo Adrian Sediles Embi.\n\t\t\t\t<\/figcaption><\/figure><figure class='gallery-item'>\n\t\t\t<div class='gallery-icon landscape'>\n\t\t\t\t<a data-elementor-open-lightbox=\"yes\" data-elementor-lightbox-slideshow=\"7179c36\" data-elementor-lightbox-title=\"Bajo caudal del Ebro en Zaragoza - Adrian Sediles Embi\" data-elementor-lightbox-description=\"Bajo caudal del Ebro en Zaragoza - Adrian Sediles Embi\" data-e-action-hash=\"#elementor-action%3Aaction%3Dlightbox%26settings%3DeyJpZCI6MTYxLCJ1cmwiOiJodHRwczpcL1wvYWRyaWFuc2VkaWxlcy5lc1wvd3AtY29udGVudFwvdXBsb2Fkc1wvMjAyMFwvMDJcL0Jham8tY2F1ZGFsLWRlbC1FYnJvLWVuLVphcmFnb3phLUFkcmlhbi1TZWRpbGVzLUVtYmkuanBnIiwic2xpZGVzaG93IjoiNzE3OWMzNiJ9\" href='https:\/\/adriansediles.es\/wp-content\/uploads\/2020\/02\/Bajo-caudal-del-Ebro-en-Zaragoza-Adrian-Sediles-Embi.jpg'><img loading=\"lazy\" decoding=\"async\" width=\"300\" height=\"200\" src=\"https:\/\/adriansediles.es\/wp-content\/uploads\/2020\/02\/Bajo-caudal-del-Ebro-en-Zaragoza-Adrian-Sediles-Embi-300x200.jpg\" class=\"attachment-medium size-medium\" alt=\"Bajo caudal del Ebro en Zaragoza - Adrian Sediles Embi\" aria-describedby=\"gallery-1-161\" srcset=\"https:\/\/adriansediles.es\/wp-content\/uploads\/2020\/02\/Bajo-caudal-del-Ebro-en-Zaragoza-Adrian-Sediles-Embi-300x200.jpg 300w, https:\/\/adriansediles.es\/wp-content\/uploads\/2020\/02\/Bajo-caudal-del-Ebro-en-Zaragoza-Adrian-Sediles-Embi-768x512.jpg 768w, https:\/\/adriansediles.es\/wp-content\/uploads\/2020\/02\/Bajo-caudal-del-Ebro-en-Zaragoza-Adrian-Sediles-Embi-666x444.jpg 666w, https:\/\/adriansediles.es\/wp-content\/uploads\/2020\/02\/Bajo-caudal-del-Ebro-en-Zaragoza-Adrian-Sediles-Embi.jpg 1024w\" sizes=\"(max-width: 300px) 100vw, 300px\" \/><\/a>\n\t\t\t<\/div>\n\t\t\t\t<figcaption class='wp-caption-text gallery-caption' id='gallery-1-161'>\n\t\t\t\tFotografia del bajo caudal del Rio Ebro a su paso por Zaragoza, tomada por Adrian Sediles Embi desde el lateral del puente de Piedra, frente a la basilica del Pilar.\n\t\t\t\t<\/figcaption><\/figure><figure class='gallery-item'>\n\t\t\t<div class='gallery-icon landscape'>\n\t\t\t\t<a data-elementor-open-lightbox=\"yes\" data-elementor-lightbox-slideshow=\"7179c36\" data-elementor-lightbox-title=\"Pueblo abandonado de Rod\u00e9n\" data-elementor-lightbox-description=\"Fotografia del atardecer con el dron spark en el pueblo abandonado de Roden, Zaragoza, realizada por el fotografo adrian sediles embi.\" data-e-action-hash=\"#elementor-action%3Aaction%3Dlightbox%26settings%3DeyJpZCI6NzgzLCJ1cmwiOiJodHRwczpcL1wvYWRyaWFuc2VkaWxlcy5lc1wvd3AtY29udGVudFwvdXBsb2Fkc1wvMjAyMFwvMDZcL3F1aWNrbW92aWVfYjVmN2MyMGUxMDRhYmQzOV8xNTkxMDMwMzM0MDAwMC5qcGciLCJzbGlkZXNob3ciOiI3MTc5YzM2In0%3D\" href='https:\/\/adriansediles.es\/wp-content\/uploads\/2020\/06\/quickmovie_b5f7c20e104abd39_15910303340000.jpg'><img loading=\"lazy\" decoding=\"async\" width=\"300\" height=\"169\" src=\"https:\/\/adriansediles.es\/wp-content\/uploads\/2020\/06\/quickmovie_b5f7c20e104abd39_15910303340000-300x169.jpg\" class=\"attachment-medium size-medium\" alt=\"Pueblo abandonado de Rod\u00e9n\" aria-describedby=\"gallery-1-783\" srcset=\"https:\/\/adriansediles.es\/wp-content\/uploads\/2020\/06\/quickmovie_b5f7c20e104abd39_15910303340000-300x169.jpg 300w, https:\/\/adriansediles.es\/wp-content\/uploads\/2020\/06\/quickmovie_b5f7c20e104abd39_15910303340000-1024x576.jpg 1024w, https:\/\/adriansediles.es\/wp-content\/uploads\/2020\/06\/quickmovie_b5f7c20e104abd39_15910303340000-768x432.jpg 768w, https:\/\/adriansediles.es\/wp-content\/uploads\/2020\/06\/quickmovie_b5f7c20e104abd39_15910303340000-1536x864.jpg 1536w, https:\/\/adriansediles.es\/wp-content\/uploads\/2020\/06\/quickmovie_b5f7c20e104abd39_15910303340000-990x556.jpg 990w, https:\/\/adriansediles.es\/wp-content\/uploads\/2020\/06\/quickmovie_b5f7c20e104abd39_15910303340000.jpg 1920w\" sizes=\"(max-width: 300px) 100vw, 300px\" \/><\/a>\n\t\t\t<\/div>\n\t\t\t\t<figcaption class='wp-caption-text gallery-caption' id='gallery-1-783'>\n\t\t\t\tPueblo abandonado de Rod\u00e9n en Zaragoza, Adrian Sediles Embi\n\t\t\t\t<\/figcaption><\/figure><figure class='gallery-item'>\n\t\t\t<div class='gallery-icon landscape'>\n\t\t\t\t<a data-elementor-open-lightbox=\"yes\" data-elementor-lightbox-slideshow=\"7179c36\" data-elementor-lightbox-title=\"Oto\u00f1o en la ruta de las cascadas en Covaleda, Soria.\" data-elementor-lightbox-description=\"Oto\u00f1o en la ruta de las cascadas en Covaleda, Soria.\" data-e-action-hash=\"#elementor-action%3Aaction%3Dlightbox%26settings%3DeyJpZCI6MTQzNCwidXJsIjoiaHR0cHM6XC9cL2FkcmlhbnNlZGlsZXMuZXNcL3dwLWNvbnRlbnRcL3VwbG9hZHNcLzIwMjNcLzEwXC9QWExfMjAyMzEwMjFfMTAzMzQ0MDE4LXNjYWxlZC5qcGciLCJzbGlkZXNob3ciOiI3MTc5YzM2In0%3D\" href='https:\/\/adriansediles.es\/wp-content\/uploads\/2023\/10\/PXL_20231021_103344018-scaled.jpg'><img loading=\"lazy\" decoding=\"async\" width=\"300\" height=\"169\" src=\"https:\/\/adriansediles.es\/wp-content\/uploads\/2023\/10\/PXL_20231021_103344018-300x169.jpg\" class=\"attachment-medium size-medium\" alt=\"Oto\u00f1o en la ruta de las cascadas en Covaleda, Soria.\" aria-describedby=\"gallery-1-1434\" srcset=\"https:\/\/adriansediles.es\/wp-content\/uploads\/2023\/10\/PXL_20231021_103344018-300x169.jpg 300w, https:\/\/adriansediles.es\/wp-content\/uploads\/2023\/10\/PXL_20231021_103344018-1024x576.jpg 1024w, https:\/\/adriansediles.es\/wp-content\/uploads\/2023\/10\/PXL_20231021_103344018-768x432.jpg 768w, https:\/\/adriansediles.es\/wp-content\/uploads\/2023\/10\/PXL_20231021_103344018-1536x864.jpg 1536w, https:\/\/adriansediles.es\/wp-content\/uploads\/2023\/10\/PXL_20231021_103344018-2048x1152.jpg 2048w, https:\/\/adriansediles.es\/wp-content\/uploads\/2023\/10\/PXL_20231021_103344018-990x556.jpg 990w, https:\/\/adriansediles.es\/wp-content\/uploads\/2023\/10\/PXL_20231021_103344018-1920x1080.jpg 1920w\" sizes=\"(max-width: 300px) 100vw, 300px\" \/><\/a>\n\t\t\t<\/div>\n\t\t\t\t<figcaption class='wp-caption-text gallery-caption' id='gallery-1-1434'>\n\t\t\t\tOto\u00f1o en la ruta de las cascadas en Covaleda, Soria.\n\t\t\t\t<\/figcaption><\/figure><figure class='gallery-item'>\n\t\t\t<div class='gallery-icon landscape'>\n\t\t\t\t<a data-elementor-open-lightbox=\"yes\" data-elementor-lightbox-slideshow=\"7179c36\" data-elementor-lightbox-title=\"Ca\u00f1on de Fuenblanca en A\u00f1isclo - Adrian Sediles Embi\" data-elementor-lightbox-description=\"Ca\u00f1on de Fuenblanca en A\u00f1isclo - Adrian Sediles Embi\" data-e-action-hash=\"#elementor-action%3Aaction%3Dlightbox%26settings%3DeyJpZCI6MTQ5LCJ1cmwiOiJodHRwczpcL1wvYWRyaWFuc2VkaWxlcy5lc1wvd3AtY29udGVudFwvdXBsb2Fkc1wvMjAyMFwvMDJcL0RTQzYxNDctY29tby1vYmpldG8taW50ZWxpZ2VudGUtMS0xLXNjYWxlZC5qcGciLCJzbGlkZXNob3ciOiI3MTc5YzM2In0%3D\" href='https:\/\/adriansediles.es\/wp-content\/uploads\/2020\/02\/DSC6147-como-objeto-inteligente-1-1-scaled.jpg'><img loading=\"lazy\" decoding=\"async\" width=\"300\" height=\"200\" src=\"https:\/\/adriansediles.es\/wp-content\/uploads\/2020\/02\/DSC6147-como-objeto-inteligente-1-1-300x200.jpg\" class=\"attachment-medium size-medium\" alt=\"Ca\u00f1on de Fuenblanca en A\u00f1isclo - Adrian Sediles Embi\" aria-describedby=\"gallery-1-149\" srcset=\"https:\/\/adriansediles.es\/wp-content\/uploads\/2020\/02\/DSC6147-como-objeto-inteligente-1-1-300x200.jpg 300w, https:\/\/adriansediles.es\/wp-content\/uploads\/2020\/02\/DSC6147-como-objeto-inteligente-1-1-1024x683.jpg 1024w, https:\/\/adriansediles.es\/wp-content\/uploads\/2020\/02\/DSC6147-como-objeto-inteligente-1-1-768x512.jpg 768w, https:\/\/adriansediles.es\/wp-content\/uploads\/2020\/02\/DSC6147-como-objeto-inteligente-1-1-1536x1024.jpg 1536w, https:\/\/adriansediles.es\/wp-content\/uploads\/2020\/02\/DSC6147-como-objeto-inteligente-1-1-2048x1365.jpg 2048w, https:\/\/adriansediles.es\/wp-content\/uploads\/2020\/02\/DSC6147-como-objeto-inteligente-1-1-666x444.jpg 666w\" sizes=\"(max-width: 300px) 100vw, 300px\" \/><\/a>\n\t\t\t<\/div>\n\t\t\t\t<figcaption class='wp-caption-text gallery-caption' id='gallery-1-149'>\n\t\t\t\tCa\u00f1on de Fuenblanca en A\u00f1isclo &#8211; Adrian Sediles Embi\n\t\t\t\t<\/figcaption><\/figure><figure class='gallery-item'>\n\t\t\t<div class='gallery-icon landscape'>\n\t\t\t\t<a data-elementor-open-lightbox=\"yes\" data-elementor-lightbox-slideshow=\"7179c36\" data-elementor-lightbox-title=\"Nacimiento del rio Urederra en Baquedano, Navarra.\" data-elementor-lightbox-description=\"Nacimiento del rio Urederra en Baquedano, Navarra.\" data-e-action-hash=\"#elementor-action%3Aaction%3Dlightbox%26settings%3DeyJpZCI6MTg5MSwidXJsIjoiaHR0cHM6XC9cL2FkcmlhbnNlZGlsZXMuZXNcL3dwLWNvbnRlbnRcL3VwbG9hZHNcLzIwMjVcLzEyXC9QWExfMjAyNTEwMTNfMDg0ODExNDYyLmpwZyIsInNsaWRlc2hvdyI6IjcxNzljMzYifQ%3D%3D\" href='https:\/\/adriansediles.es\/wp-content\/uploads\/2025\/12\/PXL_20251013_084811462.jpg'><img loading=\"lazy\" decoding=\"async\" width=\"300\" height=\"169\" src=\"https:\/\/adriansediles.es\/wp-content\/uploads\/2025\/12\/PXL_20251013_084811462-300x169.jpg\" class=\"attachment-medium size-medium\" alt=\"Nacimiento del rio Urederra en Baquedano, Navarra.\" aria-describedby=\"gallery-1-1891\" srcset=\"https:\/\/adriansediles.es\/wp-content\/uploads\/2025\/12\/PXL_20251013_084811462-300x169.jpg 300w, https:\/\/adriansediles.es\/wp-content\/uploads\/2025\/12\/PXL_20251013_084811462-1024x576.jpg 1024w, https:\/\/adriansediles.es\/wp-content\/uploads\/2025\/12\/PXL_20251013_084811462-768x432.jpg 768w, https:\/\/adriansediles.es\/wp-content\/uploads\/2025\/12\/PXL_20251013_084811462-1536x864.jpg 1536w, https:\/\/adriansediles.es\/wp-content\/uploads\/2025\/12\/PXL_20251013_084811462-2048x1152.jpg 2048w, https:\/\/adriansediles.es\/wp-content\/uploads\/2025\/12\/PXL_20251013_084811462-990x557.jpg 990w, https:\/\/adriansediles.es\/wp-content\/uploads\/2025\/12\/PXL_20251013_084811462-1920x1080.jpg 1920w\" sizes=\"(max-width: 300px) 100vw, 300px\" \/><\/a>\n\t\t\t<\/div>\n\t\t\t\t<figcaption class='wp-caption-text gallery-caption' id='gallery-1-1891'>\n\t\t\t\tNacimiento del rio Urederra en Baquedano, Navarra.\n\t\t\t\t<\/figcaption><\/figure><figure class='gallery-item'>\n\t\t\t<div class='gallery-icon landscape'>\n\t\t\t\t<a data-elementor-open-lightbox=\"yes\" data-elementor-lightbox-slideshow=\"7179c36\" data-elementor-lightbox-title=\"Almendros y cerezos en Binaced- Adrian Sediles Embi\" data-elementor-lightbox-description=\"Fotografia tomada en Binaced durante la floraci\u00f3n del cerezo y del almendro, realizada por el fotografo Adrian Sediles Embi.\" data-e-action-hash=\"#elementor-action%3Aaction%3Dlightbox%26settings%3DeyJpZCI6MzcyLCJ1cmwiOiJodHRwczpcL1wvYWRyaWFuc2VkaWxlcy5lc1wvd3AtY29udGVudFwvdXBsb2Fkc1wvMjAyMFwvMDNcL0FsbWVuZHJvcy15LWNlcmV6b3MtZW4tQmluYWNlZC1BZHJpYW4tU2VkaWxlcy1FbWJpLXNjYWxlZC5qcGciLCJzbGlkZXNob3ciOiI3MTc5YzM2In0%3D\" href='https:\/\/adriansediles.es\/wp-content\/uploads\/2020\/03\/Almendros-y-cerezos-en-Binaced-Adrian-Sediles-Embi-scaled.jpg'><img loading=\"lazy\" decoding=\"async\" width=\"300\" height=\"225\" src=\"https:\/\/adriansediles.es\/wp-content\/uploads\/2020\/03\/Almendros-y-cerezos-en-Binaced-Adrian-Sediles-Embi-300x225.jpg\" class=\"attachment-medium size-medium\" alt=\"Almendros y cerezos en Binaced- Adrian Sediles Embi\" aria-describedby=\"gallery-1-372\" srcset=\"https:\/\/adriansediles.es\/wp-content\/uploads\/2020\/03\/Almendros-y-cerezos-en-Binaced-Adrian-Sediles-Embi-300x225.jpg 300w, https:\/\/adriansediles.es\/wp-content\/uploads\/2020\/03\/Almendros-y-cerezos-en-Binaced-Adrian-Sediles-Embi-1024x768.jpg 1024w, https:\/\/adriansediles.es\/wp-content\/uploads\/2020\/03\/Almendros-y-cerezos-en-Binaced-Adrian-Sediles-Embi-768x576.jpg 768w, https:\/\/adriansediles.es\/wp-content\/uploads\/2020\/03\/Almendros-y-cerezos-en-Binaced-Adrian-Sediles-Embi-1536x1152.jpg 1536w, https:\/\/adriansediles.es\/wp-content\/uploads\/2020\/03\/Almendros-y-cerezos-en-Binaced-Adrian-Sediles-Embi-2048x1536.jpg 2048w, https:\/\/adriansediles.es\/wp-content\/uploads\/2020\/03\/Almendros-y-cerezos-en-Binaced-Adrian-Sediles-Embi-755x566.jpg 755w\" sizes=\"(max-width: 300px) 100vw, 300px\" \/><\/a>\n\t\t\t<\/div>\n\t\t\t\t<figcaption class='wp-caption-text gallery-caption' id='gallery-1-372'>\n\t\t\t\tFotografia tomada en Binaced durante la floraci\u00f3n del cerezo y del almendro, realizada por el fotografo Adrian Sediles Embi.\n\t\t\t\t<\/figcaption><\/figure><figure class='gallery-item'>\n\t\t\t<div class='gallery-icon landscape'>\n\t\t\t\t<a data-elementor-open-lightbox=\"yes\" data-elementor-lightbox-slideshow=\"7179c36\" data-elementor-lightbox-title=\"Monasterio de Piedra - Adrian Sediles Embi\" data-elementor-lightbox-description=\"Monasterio de Piedra - Adrian Sediles Embi\" data-e-action-hash=\"#elementor-action%3Aaction%3Dlightbox%26settings%3DeyJpZCI6MTcwLCJ1cmwiOiJodHRwczpcL1wvYWRyaWFuc2VkaWxlcy5lc1wvd3AtY29udGVudFwvdXBsb2Fkc1wvMjAyMFwvMDJcL01vbmFzdGVyaW8tZGUtUGllZHJhLUFkcmlhbi1TZWRpbGVzLUVtYmktMS5qcGciLCJzbGlkZXNob3ciOiI3MTc5YzM2In0%3D\" href='https:\/\/adriansediles.es\/wp-content\/uploads\/2020\/02\/Monasterio-de-Piedra-Adrian-Sediles-Embi-1.jpg'><img loading=\"lazy\" decoding=\"async\" width=\"300\" height=\"200\" src=\"https:\/\/adriansediles.es\/wp-content\/uploads\/2020\/02\/Monasterio-de-Piedra-Adrian-Sediles-Embi-1-300x200.jpg\" class=\"attachment-medium size-medium\" alt=\"Monasterio de Piedra - Adrian Sediles Embi\" aria-describedby=\"gallery-1-170\" srcset=\"https:\/\/adriansediles.es\/wp-content\/uploads\/2020\/02\/Monasterio-de-Piedra-Adrian-Sediles-Embi-1-300x200.jpg 300w, https:\/\/adriansediles.es\/wp-content\/uploads\/2020\/02\/Monasterio-de-Piedra-Adrian-Sediles-Embi-1-768x512.jpg 768w, https:\/\/adriansediles.es\/wp-content\/uploads\/2020\/02\/Monasterio-de-Piedra-Adrian-Sediles-Embi-1-666x444.jpg 666w, https:\/\/adriansediles.es\/wp-content\/uploads\/2020\/02\/Monasterio-de-Piedra-Adrian-Sediles-Embi-1.jpg 1024w\" sizes=\"(max-width: 300px) 100vw, 300px\" \/><\/a>\n\t\t\t<\/div>\n\t\t\t\t<figcaption class='wp-caption-text gallery-caption' id='gallery-1-170'>\n\t\t\t\tFotografia realizada por Adrian Sediles Embi en el parque del Monasterio de Piedra en Zaragoza, se puede observar la cascada del ba\u00f1o de Diana.\n\t\t\t\t<\/figcaption><\/figure><figure class='gallery-item'>\n\t\t\t<div class='gallery-icon landscape'>\n\t\t\t\t<a data-elementor-open-lightbox=\"yes\" data-elementor-lightbox-slideshow=\"7179c36\" data-elementor-lightbox-title=\"Ibon de los Asnos en el valle de Tena - Panticosa\" data-elementor-lightbox-description=\"Fotograf\u00eda tomada con el dron en el Ib\u00f3n de los Asnos en el valle de Tena, Panticosa, Huesca.\" data-e-action-hash=\"#elementor-action%3Aaction%3Dlightbox%26settings%3DeyJpZCI6MTY0MSwidXJsIjoiaHR0cHM6XC9cL2FkcmlhbnNlZGlsZXMuZXNcL3dwLWNvbnRlbnRcL3VwbG9hZHNcLzIwMjRcLzExXC9ESklfMDMxOC0xLmpwZyIsInNsaWRlc2hvdyI6IjcxNzljMzYifQ%3D%3D\" href='https:\/\/adriansediles.es\/wp-content\/uploads\/2024\/11\/DJI_0318-1.jpg'><img loading=\"lazy\" decoding=\"async\" width=\"300\" height=\"213\" src=\"https:\/\/adriansediles.es\/wp-content\/uploads\/2024\/11\/DJI_0318-1-300x213.jpg\" class=\"attachment-medium size-medium\" alt=\"Ibon de los Asnos en el valle de Tena - Panticosa\" aria-describedby=\"gallery-1-1641\" srcset=\"https:\/\/adriansediles.es\/wp-content\/uploads\/2024\/11\/DJI_0318-1-300x213.jpg 300w, https:\/\/adriansediles.es\/wp-content\/uploads\/2024\/11\/DJI_0318-1-1024x728.jpg 1024w, https:\/\/adriansediles.es\/wp-content\/uploads\/2024\/11\/DJI_0318-1-768x546.jpg 768w, https:\/\/adriansediles.es\/wp-content\/uploads\/2024\/11\/DJI_0318-1-1536x1092.jpg 1536w, https:\/\/adriansediles.es\/wp-content\/uploads\/2024\/11\/DJI_0318-1-928x660.jpg 928w, https:\/\/adriansediles.es\/wp-content\/uploads\/2024\/11\/DJI_0318-1.jpg 1800w\" sizes=\"(max-width: 300px) 100vw, 300px\" \/><\/a>\n\t\t\t<\/div>\n\t\t\t\t<figcaption class='wp-caption-text gallery-caption' id='gallery-1-1641'>\n\t\t\t\tIbon de los Asnos en el valle de Tena &#8211; Panticosa\n\t\t\t\t<\/figcaption><\/figure><figure class='gallery-item'>\n\t\t\t<div class='gallery-icon landscape'>\n\t\t\t\t<a data-elementor-open-lightbox=\"yes\" data-elementor-lightbox-slideshow=\"7179c36\" data-elementor-lightbox-title=\"Pe\u00f1a Monta\u00f1esa 2300m en Huesca\" data-elementor-lightbox-description=\"Fotograf\u00eda hecha con un dron sobre la Pe\u00f1a Monta\u00f1esa en la comarca del Sobrarbe, en Huesca.\" data-e-action-hash=\"#elementor-action%3Aaction%3Dlightbox%26settings%3DeyJpZCI6MTEzOSwidXJsIjoiaHR0cHM6XC9cL2FkcmlhbnNlZGlsZXMuZXNcL3dwLWNvbnRlbnRcL3VwbG9hZHNcLzIwMjJcLzAyXC9ESklfMDA2Ny1zY2FsZWQuanBnIiwic2xpZGVzaG93IjoiNzE3OWMzNiJ9\" href='https:\/\/adriansediles.es\/wp-content\/uploads\/2022\/02\/DJI_0067-scaled.jpg'><img loading=\"lazy\" decoding=\"async\" width=\"300\" height=\"225\" src=\"https:\/\/adriansediles.es\/wp-content\/uploads\/2022\/02\/DJI_0067-300x225.jpg\" class=\"attachment-medium size-medium\" alt=\"Pe\u00f1a Monta\u00f1esa 2300m en Huesca\" aria-describedby=\"gallery-1-1139\" srcset=\"https:\/\/adriansediles.es\/wp-content\/uploads\/2022\/02\/DJI_0067-300x225.jpg 300w, https:\/\/adriansediles.es\/wp-content\/uploads\/2022\/02\/DJI_0067-1024x768.jpg 1024w, https:\/\/adriansediles.es\/wp-content\/uploads\/2022\/02\/DJI_0067-768x576.jpg 768w, https:\/\/adriansediles.es\/wp-content\/uploads\/2022\/02\/DJI_0067-1536x1152.jpg 1536w, https:\/\/adriansediles.es\/wp-content\/uploads\/2022\/02\/DJI_0067-2048x1536.jpg 2048w, https:\/\/adriansediles.es\/wp-content\/uploads\/2022\/02\/DJI_0067-755x566.jpg 755w\" sizes=\"(max-width: 300px) 100vw, 300px\" \/><\/a>\n\t\t\t<\/div>\n\t\t\t\t<figcaption class='wp-caption-text gallery-caption' id='gallery-1-1139'>\n\t\t\t\tFotograf\u00eda hecha con un dron sobre la Pe\u00f1a Monta\u00f1esa en la comarca del Sobrarbe, en Huesca.\n\t\t\t\t<\/figcaption><\/figure><figure class='gallery-item'>\n\t\t\t<div class='gallery-icon landscape'>\n\t\t\t\t<a data-elementor-open-lightbox=\"yes\" data-elementor-lightbox-slideshow=\"7179c36\" data-elementor-lightbox-title=\"Ibon de Acherito en la selva de Oza\" data-elementor-lightbox-description=\"Ibon de Acherito en la selva de Oza\" data-e-action-hash=\"#elementor-action%3Aaction%3Dlightbox%26settings%3DeyJpZCI6MTUxMiwidXJsIjoiaHR0cHM6XC9cL2FkcmlhbnNlZGlsZXMuZXNcL3dwLWNvbnRlbnRcL3VwbG9hZHNcLzIwMjNcLzExXC9ESklfMDkwMy5qcGciLCJzbGlkZXNob3ciOiI3MTc5YzM2In0%3D\" href='https:\/\/adriansediles.es\/wp-content\/uploads\/2023\/11\/DJI_0903.jpg'><img loading=\"lazy\" decoding=\"async\" width=\"300\" height=\"169\" src=\"https:\/\/adriansediles.es\/wp-content\/uploads\/2023\/11\/DJI_0903-300x169.jpg\" class=\"attachment-medium size-medium\" alt=\"Ibon de Acherito en la selva de Oza, Huesca\" aria-describedby=\"gallery-1-1512\" srcset=\"https:\/\/adriansediles.es\/wp-content\/uploads\/2023\/11\/DJI_0903-300x169.jpg 300w, https:\/\/adriansediles.es\/wp-content\/uploads\/2023\/11\/DJI_0903-1024x575.jpg 1024w, https:\/\/adriansediles.es\/wp-content\/uploads\/2023\/11\/DJI_0903-768x432.jpg 768w, https:\/\/adriansediles.es\/wp-content\/uploads\/2023\/11\/DJI_0903-1536x863.jpg 1536w, https:\/\/adriansediles.es\/wp-content\/uploads\/2023\/11\/DJI_0903-2048x1151.jpg 2048w, https:\/\/adriansediles.es\/wp-content\/uploads\/2023\/11\/DJI_0903-990x556.jpg 990w, https:\/\/adriansediles.es\/wp-content\/uploads\/2023\/11\/DJI_0903-1920x1080.jpg 1920w\" sizes=\"(max-width: 300px) 100vw, 300px\" \/><\/a>\n\t\t\t<\/div>\n\t\t\t\t<figcaption class='wp-caption-text gallery-caption' id='gallery-1-1512'>\n\t\t\t\tFotograf\u00eda a\u00e9rea tomada con un dron sobre el ib\u00f3n de Acherito en los Pirineos, junto a la Selva de Oza, Huesca.\n\t\t\t\t<\/figcaption><\/figure><figure class='gallery-item'>\n\t\t\t<div class='gallery-icon landscape'>\n\t\t\t\t<a data-elementor-open-lightbox=\"yes\" data-elementor-lightbox-slideshow=\"7179c36\" data-elementor-lightbox-title=\"Niebla en Zaragoza - Adrian Sediles Embi\" data-elementor-lightbox-description=\"Niebla en Zaragoza - Adrian Sediles Embi\" data-e-action-hash=\"#elementor-action%3Aaction%3Dlightbox%26settings%3DeyJpZCI6MTcyLCJ1cmwiOiJodHRwczpcL1wvYWRyaWFuc2VkaWxlcy5lc1wvd3AtY29udGVudFwvdXBsb2Fkc1wvMjAyMFwvMDJcL05pZWJsYS1lbi1aYXJhZ296YS1BZHJpYW4tU2VkaWxlcy1FbWJpLmpwZyIsInNsaWRlc2hvdyI6IjcxNzljMzYifQ%3D%3D\" href='https:\/\/adriansediles.es\/wp-content\/uploads\/2020\/02\/Niebla-en-Zaragoza-Adrian-Sediles-Embi.jpg'><img loading=\"lazy\" decoding=\"async\" width=\"300\" height=\"200\" src=\"https:\/\/adriansediles.es\/wp-content\/uploads\/2020\/02\/Niebla-en-Zaragoza-Adrian-Sediles-Embi-300x200.jpg\" class=\"attachment-medium size-medium\" alt=\"Niebla en Zaragoza - Adrian Sediles Embi\" aria-describedby=\"gallery-1-172\" srcset=\"https:\/\/adriansediles.es\/wp-content\/uploads\/2020\/02\/Niebla-en-Zaragoza-Adrian-Sediles-Embi-300x200.jpg 300w, https:\/\/adriansediles.es\/wp-content\/uploads\/2020\/02\/Niebla-en-Zaragoza-Adrian-Sediles-Embi-768x512.jpg 768w, https:\/\/adriansediles.es\/wp-content\/uploads\/2020\/02\/Niebla-en-Zaragoza-Adrian-Sediles-Embi-666x444.jpg 666w, https:\/\/adriansediles.es\/wp-content\/uploads\/2020\/02\/Niebla-en-Zaragoza-Adrian-Sediles-Embi.jpg 1024w\" sizes=\"(max-width: 300px) 100vw, 300px\" \/><\/a>\n\t\t\t<\/div>\n\t\t\t\t<figcaption class='wp-caption-text gallery-caption' id='gallery-1-172'>\n\t\t\t\tAdrian Sediles Embi, Adrian Sediles, Zaragoza, Zgz, Aragon, Espa\u00f1a, niebla, fog, foggy, rio ebro, basilica del pilar, puente de piedra, noche, night, nocturna, larga exposicon, long exposure, Spain, el tiempo en zaragoza, tiempo zaragoza, zaragoza espa\u00f1a, noticias zaragoza, foto zaragoza,\n\t\t\t\t<\/figcaption><\/figure><figure class='gallery-item'>\n\t\t\t<div class='gallery-icon landscape'>\n\t\t\t\t<a data-elementor-open-lightbox=\"yes\" data-elementor-lightbox-slideshow=\"7179c36\" data-elementor-lightbox-title=\"Gorgas del Alba en Benasque - Adrian Sediles Embi\" data-elementor-lightbox-description=\"Gorgas del Alba en Benasque - Adrian Sediles Embi\" data-e-action-hash=\"#elementor-action%3Aaction%3Dlightbox%26settings%3DeyJpZCI6MTY4LCJ1cmwiOiJodHRwczpcL1wvYWRyaWFuc2VkaWxlcy5lc1wvd3AtY29udGVudFwvdXBsb2Fkc1wvMjAyMFwvMDJcL0dvcmdhcy1kZWwtQWxiYS1lbi1CZW5hc3F1ZS1BZHJpYW4tU2VkaWxlcy1FbWJpLTEuanBnIiwic2xpZGVzaG93IjoiNzE3OWMzNiJ9\" href='https:\/\/adriansediles.es\/wp-content\/uploads\/2020\/02\/Gorgas-del-Alba-en-Benasque-Adrian-Sediles-Embi-1.jpg'><img loading=\"lazy\" decoding=\"async\" width=\"300\" height=\"200\" src=\"https:\/\/adriansediles.es\/wp-content\/uploads\/2020\/02\/Gorgas-del-Alba-en-Benasque-Adrian-Sediles-Embi-1-300x200.jpg\" class=\"attachment-medium size-medium\" alt=\"Gorgas del Alba en Benasque - Adrian Sediles Embi\" aria-describedby=\"gallery-1-168\" srcset=\"https:\/\/adriansediles.es\/wp-content\/uploads\/2020\/02\/Gorgas-del-Alba-en-Benasque-Adrian-Sediles-Embi-1-300x200.jpg 300w, https:\/\/adriansediles.es\/wp-content\/uploads\/2020\/02\/Gorgas-del-Alba-en-Benasque-Adrian-Sediles-Embi-1-768x512.jpg 768w, https:\/\/adriansediles.es\/wp-content\/uploads\/2020\/02\/Gorgas-del-Alba-en-Benasque-Adrian-Sediles-Embi-1-666x444.jpg 666w, https:\/\/adriansediles.es\/wp-content\/uploads\/2020\/02\/Gorgas-del-Alba-en-Benasque-Adrian-Sediles-Embi-1.jpg 1024w\" sizes=\"(max-width: 300px) 100vw, 300px\" \/><\/a>\n\t\t\t<\/div>\n\t\t\t\t<figcaption class='wp-caption-text gallery-caption' id='gallery-1-168'>\n\t\t\t\tFotograf\u00eda en el sendero bot\u00e1nico de las Gorgas del Alba en el valle de Benasque, en pleno pirineo. Realizada por Adrian Sediles Embi.\n\t\t\t\t<\/figcaption><\/figure><figure class='gallery-item'>\n\t\t\t<div class='gallery-icon landscape'>\n\t\t\t\t<a data-elementor-open-lightbox=\"yes\" data-elementor-lightbox-slideshow=\"7179c36\" data-elementor-lightbox-title=\"Hora Azul en Zaragoza - Adri\u00e1n Sediles Embi\" data-elementor-lightbox-description=\"Hora Azul en Zaragoza - Adri\u00e1n Sediles Embi\" data-e-action-hash=\"#elementor-action%3Aaction%3Dlightbox%26settings%3DeyJpZCI6MTY5LCJ1cmwiOiJodHRwczpcL1wvYWRyaWFuc2VkaWxlcy5lc1wvd3AtY29udGVudFwvdXBsb2Fkc1wvMjAyMFwvMDJcL0hvcmEtQXp1bC1lbi1aYXJhZ296YS1BZHJpXHUwMGUxbi1TZWRpbGVzLUVtYmkuanBnIiwic2xpZGVzaG93IjoiNzE3OWMzNiJ9\" href='https:\/\/adriansediles.es\/wp-content\/uploads\/2020\/02\/Hora-Azul-en-Zaragoza-Adri\u00e1n-Sediles-Embi.jpg'><img loading=\"lazy\" decoding=\"async\" width=\"300\" height=\"200\" src=\"https:\/\/adriansediles.es\/wp-content\/uploads\/2020\/02\/Hora-Azul-en-Zaragoza-Adri\u00e1n-Sediles-Embi-300x200.jpg\" class=\"attachment-medium size-medium\" alt=\"Hora Azul en Zaragoza - Adri\u00e1n Sediles Embi\" aria-describedby=\"gallery-1-169\" srcset=\"https:\/\/adriansediles.es\/wp-content\/uploads\/2020\/02\/Hora-Azul-en-Zaragoza-Adri\u00e1n-Sediles-Embi-300x200.jpg 300w, https:\/\/adriansediles.es\/wp-content\/uploads\/2020\/02\/Hora-Azul-en-Zaragoza-Adri\u00e1n-Sediles-Embi-768x512.jpg 768w, https:\/\/adriansediles.es\/wp-content\/uploads\/2020\/02\/Hora-Azul-en-Zaragoza-Adri\u00e1n-Sediles-Embi-666x444.jpg 666w, https:\/\/adriansediles.es\/wp-content\/uploads\/2020\/02\/Hora-Azul-en-Zaragoza-Adri\u00e1n-Sediles-Embi.jpg 1024w\" sizes=\"(max-width: 300px) 100vw, 300px\" \/><\/a>\n\t\t\t<\/div>\n\t\t\t\t<figcaption class='wp-caption-text gallery-caption' id='gallery-1-169'>\n\t\t\t\tAdri\u00e1n Sediles Embi, Adri\u00e1n Sediles, Zaragoza, Zgz, atardecer, noche, hora azul, night, Arag\u00f3n, Espa\u00f1a, Spain, el tiempo en zaragoza, tiempo zaragoza, zaragoza espa\u00f1a, noticias zaragoza, foto zaragoza, rio Ebro, Ebro, Pilar; basilica; arquitectura;\n\t\t\t\t<\/figcaption><\/figure><figure class='gallery-item'>\n\t\t\t<div class='gallery-icon landscape'>\n\t\t\t\t<a data-elementor-open-lightbox=\"yes\" data-elementor-lightbox-slideshow=\"7179c36\" data-elementor-lightbox-title=\"San Juan de Gaztelugatxe - Adrian Sediles Embi\" data-elementor-lightbox-description=\"Fotograf\u00eda a\u00e9rea tomada con un dron de la ermita de San Juan de Gaztelugatxe en la localidad de Bermeo, Pais Vasco, realizada por el fotografo Adrian Sediles Embi.\n\" data-e-action-hash=\"#elementor-action%3Aaction%3Dlightbox%26settings%3DeyJpZCI6MTAwNCwidXJsIjoiaHR0cHM6XC9cL2FkcmlhbnNlZGlsZXMuZXNcL3dwLWNvbnRlbnRcL3VwbG9hZHNcLzIwMjFcLzA3XC9TYW4tSnVhbi1kZS1HYXp0ZWx1Z2F0eGUtQWRyaWFuLVNlZGlsZXMtRW1iaS1zY2FsZWQuanBnIiwic2xpZGVzaG93IjoiNzE3OWMzNiJ9\" href='https:\/\/adriansediles.es\/wp-content\/uploads\/2021\/07\/San-Juan-de-Gaztelugatxe-Adrian-Sediles-Embi-scaled.jpg'><img loading=\"lazy\" decoding=\"async\" width=\"300\" height=\"225\" src=\"https:\/\/adriansediles.es\/wp-content\/uploads\/2021\/07\/San-Juan-de-Gaztelugatxe-Adrian-Sediles-Embi-300x225.jpg\" class=\"attachment-medium size-medium\" alt=\"San Juan de Gaztelugatxe - Adrian Sediles Embi\" aria-describedby=\"gallery-1-1004\" srcset=\"https:\/\/adriansediles.es\/wp-content\/uploads\/2021\/07\/San-Juan-de-Gaztelugatxe-Adrian-Sediles-Embi-300x225.jpg 300w, https:\/\/adriansediles.es\/wp-content\/uploads\/2021\/07\/San-Juan-de-Gaztelugatxe-Adrian-Sediles-Embi-1024x767.jpg 1024w, https:\/\/adriansediles.es\/wp-content\/uploads\/2021\/07\/San-Juan-de-Gaztelugatxe-Adrian-Sediles-Embi-768x575.jpg 768w, https:\/\/adriansediles.es\/wp-content\/uploads\/2021\/07\/San-Juan-de-Gaztelugatxe-Adrian-Sediles-Embi-1536x1150.jpg 1536w, https:\/\/adriansediles.es\/wp-content\/uploads\/2021\/07\/San-Juan-de-Gaztelugatxe-Adrian-Sediles-Embi-2048x1534.jpg 2048w, https:\/\/adriansediles.es\/wp-content\/uploads\/2021\/07\/San-Juan-de-Gaztelugatxe-Adrian-Sediles-Embi-755x566.jpg 755w\" sizes=\"(max-width: 300px) 100vw, 300px\" \/><\/a>\n\t\t\t<\/div>\n\t\t\t\t<figcaption class='wp-caption-text gallery-caption' id='gallery-1-1004'>\n\t\t\t\tFotograf\u00eda a\u00e9rea tomada con un dron de la ermita de San Juan de Gaztelugatxe en la localidad de Bermeo, Pais Vasco, realizada por el fotografo Adrian Sediles Embi.\n\t\t\t\t<\/figcaption><\/figure><figure class='gallery-item'>\n\t\t\t<div class='gallery-icon landscape'>\n\t\t\t\t<a data-elementor-open-lightbox=\"yes\" data-elementor-lightbox-slideshow=\"7179c36\" data-elementor-lightbox-title=\"Cueva de los Pilares en A\u00f1on de Moncayo\" data-elementor-lightbox-description=\"Fotografia desde la Cueva de los Pilares, junto A\u00f1on del Moncayo y Alcala de Moncayo.\" data-e-action-hash=\"#elementor-action%3Aaction%3Dlightbox%26settings%3DeyJpZCI6MTM0OCwidXJsIjoiaHR0cHM6XC9cL2FkcmlhbnNlZGlsZXMuZXNcL3dwLWNvbnRlbnRcL3VwbG9hZHNcLzIwMjJcLzEwXC9TSU5SMDEzOC1zY2FsZWQuanBnIiwic2xpZGVzaG93IjoiNzE3OWMzNiJ9\" href='https:\/\/adriansediles.es\/wp-content\/uploads\/2022\/10\/SINR0138-scaled.jpg'><img loading=\"lazy\" decoding=\"async\" width=\"300\" height=\"225\" src=\"https:\/\/adriansediles.es\/wp-content\/uploads\/2022\/10\/SINR0138-300x225.jpg\" class=\"attachment-medium size-medium\" alt=\"Cueva de los Pilares en A\u00f1on de Moncayo\" aria-describedby=\"gallery-1-1348\" srcset=\"https:\/\/adriansediles.es\/wp-content\/uploads\/2022\/10\/SINR0138-300x225.jpg 300w, https:\/\/adriansediles.es\/wp-content\/uploads\/2022\/10\/SINR0138-1024x768.jpg 1024w, https:\/\/adriansediles.es\/wp-content\/uploads\/2022\/10\/SINR0138-768x576.jpg 768w, https:\/\/adriansediles.es\/wp-content\/uploads\/2022\/10\/SINR0138-1536x1152.jpg 1536w, https:\/\/adriansediles.es\/wp-content\/uploads\/2022\/10\/SINR0138-2048x1536.jpg 2048w, https:\/\/adriansediles.es\/wp-content\/uploads\/2022\/10\/SINR0138-755x566.jpg 755w\" sizes=\"(max-width: 300px) 100vw, 300px\" \/><\/a>\n\t\t\t<\/div>\n\t\t\t\t<figcaption class='wp-caption-text gallery-caption' id='gallery-1-1348'>\n\t\t\t\tFotografia desde la Cueva de los Pilares, junto A\u00f1\u00f3n del Moncayo y Alcal\u00e1 de Moncayo.\n\t\t\t\t<\/figcaption><\/figure>\n\t\t<\/div>\n\t\t<\/div>\n\t\t\t\t\t\t<\/div>\n\t\t\t\t<\/div>\n\t\t\t\t\t<\/div>\n\t\t<\/div>\n\t\t\t\t\t<\/div>\n\t\t<\/section>\n\t\t\t\t<section class=\"elementor-section elementor-top-section elementor-element elementor-element-db848ae elementor-section-boxed elementor-section-height-default elementor-section-height-default\" data-id=\"db848ae\" data-element_type=\"section\" data-e-type=\"section\">\n\t\t\t\t\t\t<div class=\"elementor-container elementor-column-gap-default\">\n\t\t\t\t\t<div class=\"elementor-column elementor-col-100 elementor-top-column elementor-element elementor-element-c435542\" data-id=\"c435542\" data-element_type=\"column\" data-e-type=\"column\">\n\t\t\t<div class=\"elementor-widget-wrap elementor-element-populated\">\n\t\t\t\t\t\t<div class=\"elementor-element elementor-element-22e1205 elementor-widget elementor-widget-button\" data-id=\"22e1205\" data-element_type=\"widget\" data-e-type=\"widget\" data-widget_type=\"button.default\">\n\t\t\t\t<div class=\"elementor-widget-container\">\n\t\t\t\t\t\t\t\t\t<div class=\"elementor-button-wrapper\">\n\t\t\t\t\t<a class=\"elementor-button elementor-button-link elementor-size-sm\" href=\"#\">\n\t\t\t\t\t\t<span class=\"elementor-button-content-wrapper\">\n\t\t\t\t\t\t\t\t\t<span class=\"elementor-button-text\">Haz clic aqu\u00ed<\/span>\n\t\t\t\t\t<\/span>\n\t\t\t\t\t<\/a>\n\t\t\t\t<\/div>\n\t\t\t\t\t\t\t\t<\/div>\n\t\t\t\t<\/div>\n\t\t\t\t\t<\/div>\n\t\t<\/div>\n\t\t\t\t\t<\/div>\n\t\t<\/section>\n\t\t\t\t<\/div>\n\t\t","protected":false},"excerpt":{"rendered":"<p>Fotograf\u00eda del Pico Vignemale desde Punta Bacias en Panticosa &#8211; Adrian Sediles Embi Puente de entrada a Valderrobres en el &hellip; <a href=\"https:\/\/adriansediles.es\/?page_id=100\" class=\"more-link\"><span class=\"more-button\">Seguir leyendo<span class=\"screen-reader-text\">PAISAJES<\/span><\/span><\/a><\/p>\n","protected":false},"author":1,"featured_media":0,"parent":0,"menu_order":0,"comment_status":"closed","ping_status":"closed","template":"elementor_header_footer","meta":{"footnotes":""},"class_list":["post-100","page","type-page","status-publish","hentry"],"_links":{"self":[{"href":"https:\/\/adriansediles.es\/index.php?rest_route=\/wp\/v2\/pages\/100","targetHints":{"allow":["GET"]}}],"collection":[{"href":"https:\/\/adriansediles.es\/index.php?rest_route=\/wp\/v2\/pages"}],"about":[{"href":"https:\/\/adriansediles.es\/index.php?rest_route=\/wp\/v2\/types\/page"}],"author":[{"embeddable":true,"href":"https:\/\/adriansediles.es\/index.php?rest_route=\/wp\/v2\/users\/1"}],"replies":[{"embeddable":true,"href":"https:\/\/adriansediles.es\/index.php?rest_route=%2Fwp%2Fv2%2Fcomments&post=100"}],"version-history":[{"count":217,"href":"https:\/\/adriansediles.es\/index.php?rest_route=\/wp\/v2\/pages\/100\/revisions"}],"predecessor-version":[{"id":1928,"href":"https:\/\/adriansediles.es\/index.php?rest_route=\/wp\/v2\/pages\/100\/revisions\/1928"}],"wp:attachment":[{"href":"https:\/\/adriansediles.es\/index.php?rest_route=%2Fwp%2Fv2%2Fmedia&parent=100"}],"curies":[{"name":"wp","href":"https:\/\/api.w.org\/{rel}","templated":true}]}}