{"id":548,"date":"2020-04-05T16:19:42","date_gmt":"2020-04-05T16:19:42","guid":{"rendered":"http:\/\/192.168.1.111\/?page_id=548"},"modified":"2025-03-28T10:58:45","modified_gmt":"2025-03-28T10:58:45","slug":"otros-trabajos-fotograficos","status":"publish","type":"page","link":"https:\/\/adriansediles.es\/?page_id=548","title":{"rendered":"OTROS"},"content":{"rendered":"\t\t<div data-elementor-type=\"wp-page\" data-elementor-id=\"548\" class=\"elementor elementor-548\">\n\t\t\t\t\t\t<section class=\"elementor-section elementor-top-section elementor-element elementor-element-2e7c841 elementor-section-boxed elementor-section-height-default elementor-section-height-default\" data-id=\"2e7c841\" data-element_type=\"section\" data-e-type=\"section\">\n\t\t\t\t\t\t<div class=\"elementor-container elementor-column-gap-default\">\n\t\t\t\t\t<div class=\"elementor-column elementor-col-50 elementor-top-column elementor-element elementor-element-efe60cb\" data-id=\"efe60cb\" data-element_type=\"column\" data-e-type=\"column\">\n\t\t\t<div class=\"elementor-widget-wrap elementor-element-populated\">\n\t\t\t\t\t\t<div class=\"elementor-element elementor-element-27b5d4a elementor-widget elementor-widget-image\" data-id=\"27b5d4a\" data-element_type=\"widget\" data-e-type=\"widget\" data-widget_type=\"image.default\">\n\t\t\t\t<div class=\"elementor-widget-container\">\n\t\t\t\t\t\t\t\t\t\t\t\t<figure class=\"wp-caption\">\n\t\t\t\t\t\t\t\t\t\t\t<a href=\"https:\/\/adriansediles.es\/?page_id=562\">\n\t\t\t\t\t\t\t<img fetchpriority=\"high\" decoding=\"async\" width=\"990\" height=\"660\" src=\"https:\/\/adriansediles.es\/wp-content\/uploads\/2020\/04\/Asociaci\u00f3n-Aragonesa-de-Bailes-de-Sal\u00f3n-19-Adrian-Sediles-Embi.jpg\" class=\"attachment-large size-large wp-image-553\" alt=\"\" srcset=\"https:\/\/adriansediles.es\/wp-content\/uploads\/2020\/04\/Asociaci\u00f3n-Aragonesa-de-Bailes-de-Sal\u00f3n-19-Adrian-Sediles-Embi.jpg 1024w, https:\/\/adriansediles.es\/wp-content\/uploads\/2020\/04\/Asociaci\u00f3n-Aragonesa-de-Bailes-de-Sal\u00f3n-19-Adrian-Sediles-Embi-300x200.jpg 300w, https:\/\/adriansediles.es\/wp-content\/uploads\/2020\/04\/Asociaci\u00f3n-Aragonesa-de-Bailes-de-Sal\u00f3n-19-Adrian-Sediles-Embi-768x512.jpg 768w, https:\/\/adriansediles.es\/wp-content\/uploads\/2020\/04\/Asociaci\u00f3n-Aragonesa-de-Bailes-de-Sal\u00f3n-19-Adrian-Sediles-Embi-666x444.jpg 666w\" sizes=\"(max-width: 990px) 100vw, 990px\" \/>\t\t\t\t\t\t\t\t<\/a>\n\t\t\t\t\t\t\t\t\t\t\t<figcaption class=\"widget-image-caption wp-caption-text\">Asociaci\u00f3n Aragonesa de Bailes de Sal\u00f3n A.A.B.S<\/figcaption>\n\t\t\t\t\t\t\t\t\t\t<\/figure>\n\t\t\t\t\t\t\t\t\t<\/div>\n\t\t\t\t<\/div>\n\t\t\t\t\t<\/div>\n\t\t<\/div>\n\t\t\t\t<div class=\"elementor-column elementor-col-50 elementor-top-column elementor-element elementor-element-9e0e4b7\" data-id=\"9e0e4b7\" data-element_type=\"column\" data-e-type=\"column\">\n\t\t\t<div class=\"elementor-widget-wrap elementor-element-populated\">\n\t\t\t\t\t\t<div class=\"elementor-element elementor-element-dda27a2 elementor-widget elementor-widget-image\" data-id=\"dda27a2\" data-element_type=\"widget\" data-e-type=\"widget\" data-widget_type=\"image.default\">\n\t\t\t\t<div class=\"elementor-widget-container\">\n\t\t\t\t\t\t\t\t\t\t\t\t<figure class=\"wp-caption\">\n\t\t\t\t\t\t\t\t\t\t\t<a href=\"https:\/\/adriansediles.es\/?page_id=596\">\n\t\t\t\t\t\t\t<img decoding=\"async\" width=\"990\" height=\"660\" src=\"https:\/\/adriansediles.es\/wp-content\/uploads\/2020\/04\/Agrupaci\u00f3n-Folkl\u00f3rica-Danzar-24-Adrian-Sediles-Embi.jpg\" class=\"attachment-large size-large wp-image-554\" alt=\"Agrupaci\u00f3n Folkl\u00f3rica Danzar- Adrian Sediles Embi\" srcset=\"https:\/\/adriansediles.es\/wp-content\/uploads\/2020\/04\/Agrupaci\u00f3n-Folkl\u00f3rica-Danzar-24-Adrian-Sediles-Embi.jpg 1024w, https:\/\/adriansediles.es\/wp-content\/uploads\/2020\/04\/Agrupaci\u00f3n-Folkl\u00f3rica-Danzar-24-Adrian-Sediles-Embi-300x200.jpg 300w, https:\/\/adriansediles.es\/wp-content\/uploads\/2020\/04\/Agrupaci\u00f3n-Folkl\u00f3rica-Danzar-24-Adrian-Sediles-Embi-768x512.jpg 768w, https:\/\/adriansediles.es\/wp-content\/uploads\/2020\/04\/Agrupaci\u00f3n-Folkl\u00f3rica-Danzar-24-Adrian-Sediles-Embi-666x444.jpg 666w\" sizes=\"(max-width: 990px) 100vw, 990px\" \/>\t\t\t\t\t\t\t\t<\/a>\n\t\t\t\t\t\t\t\t\t\t\t<figcaption class=\"widget-image-caption wp-caption-text\">Agrupaci\u00f3n Folkl\u00f3rica Danzar<\/figcaption>\n\t\t\t\t\t\t\t\t\t\t<\/figure>\n\t\t\t\t\t\t\t\t\t<\/div>\n\t\t\t\t<\/div>\n\t\t\t\t\t<\/div>\n\t\t<\/div>\n\t\t\t\t\t<\/div>\n\t\t<\/section>\n\t\t\t\t<section class=\"elementor-section elementor-top-section elementor-element elementor-element-342beff elementor-section-boxed elementor-section-height-default elementor-section-height-default\" data-id=\"342beff\" data-element_type=\"section\" data-e-type=\"section\">\n\t\t\t\t\t\t<div class=\"elementor-container elementor-column-gap-default\">\n\t\t\t\t\t<div class=\"elementor-column elementor-col-50 elementor-top-column elementor-element elementor-element-f2b6bc6\" data-id=\"f2b6bc6\" data-element_type=\"column\" data-e-type=\"column\">\n\t\t\t<div class=\"elementor-widget-wrap elementor-element-populated\">\n\t\t\t\t\t\t<div class=\"elementor-element elementor-element-2c57065 elementor-widget elementor-widget-image\" data-id=\"2c57065\" data-element_type=\"widget\" data-e-type=\"widget\" data-widget_type=\"image.default\">\n\t\t\t\t<div class=\"elementor-widget-container\">\n\t\t\t\t\t\t\t\t\t\t\t\t<figure class=\"wp-caption\">\n\t\t\t\t\t\t\t\t\t\t\t<a href=\"https:\/\/adriansediles.es\/?page_id=625\">\n\t\t\t\t\t\t\t<img decoding=\"async\" width=\"990\" height=\"660\" src=\"https:\/\/adriansediles.es\/wp-content\/uploads\/2020\/04\/Javier-Ortiz-y-Andrea-Cort\u00e9s-Adri\u00e1n-Sediles-Embi.jpg\" class=\"attachment-large size-large wp-image-555\" alt=\"Javier Ortiz y Andrea Cort\u00e9s - Adri\u00e1n Sediles Embi\" srcset=\"https:\/\/adriansediles.es\/wp-content\/uploads\/2020\/04\/Javier-Ortiz-y-Andrea-Cort\u00e9s-Adri\u00e1n-Sediles-Embi.jpg 1024w, https:\/\/adriansediles.es\/wp-content\/uploads\/2020\/04\/Javier-Ortiz-y-Andrea-Cort\u00e9s-Adri\u00e1n-Sediles-Embi-300x200.jpg 300w, https:\/\/adriansediles.es\/wp-content\/uploads\/2020\/04\/Javier-Ortiz-y-Andrea-Cort\u00e9s-Adri\u00e1n-Sediles-Embi-768x512.jpg 768w, https:\/\/adriansediles.es\/wp-content\/uploads\/2020\/04\/Javier-Ortiz-y-Andrea-Cort\u00e9s-Adri\u00e1n-Sediles-Embi-666x444.jpg 666w\" sizes=\"(max-width: 990px) 100vw, 990px\" \/>\t\t\t\t\t\t\t\t<\/a>\n\t\t\t\t\t\t\t\t\t\t\t<figcaption class=\"widget-image-caption wp-caption-text\">Fotograf\u00eda de pareja, Andrea Cort\u00e9s y Javier Ortiz<\/figcaption>\n\t\t\t\t\t\t\t\t\t\t<\/figure>\n\t\t\t\t\t\t\t\t\t<\/div>\n\t\t\t\t<\/div>\n\t\t\t\t\t<\/div>\n\t\t<\/div>\n\t\t\t\t<div class=\"elementor-column elementor-col-50 elementor-top-column elementor-element elementor-element-f477028\" data-id=\"f477028\" data-element_type=\"column\" data-e-type=\"column\">\n\t\t\t<div class=\"elementor-widget-wrap elementor-element-populated\">\n\t\t\t\t\t\t<div class=\"elementor-element elementor-element-0e3a6da elementor-widget elementor-widget-image\" data-id=\"0e3a6da\" data-element_type=\"widget\" data-e-type=\"widget\" data-widget_type=\"image.default\">\n\t\t\t\t<div class=\"elementor-widget-container\">\n\t\t\t\t\t\t\t\t\t\t\t\t<figure class=\"wp-caption\">\n\t\t\t\t\t\t\t\t\t\t\t<a href=\"https:\/\/adriansediles.es\/?page_id=644\">\n\t\t\t\t\t\t\t<img loading=\"lazy\" decoding=\"async\" width=\"680\" height=\"454\" src=\"https:\/\/adriansediles.es\/wp-content\/uploads\/2020\/04\/Federaci\u00f3n-Aragonesa-de-Baile-Deportivo-y-de-Competici\u00f3n-11-Adrian-Sediles-Embi.jpg\" class=\"attachment-large size-large wp-image-556\" alt=\"Federaci\u00f3n Aragonesa de Baile Deportivo y de Competici\u00f3n 11- Adrian Sediles Embi\" srcset=\"https:\/\/adriansediles.es\/wp-content\/uploads\/2020\/04\/Federaci\u00f3n-Aragonesa-de-Baile-Deportivo-y-de-Competici\u00f3n-11-Adrian-Sediles-Embi.jpg 680w, https:\/\/adriansediles.es\/wp-content\/uploads\/2020\/04\/Federaci\u00f3n-Aragonesa-de-Baile-Deportivo-y-de-Competici\u00f3n-11-Adrian-Sediles-Embi-300x200.jpg 300w, https:\/\/adriansediles.es\/wp-content\/uploads\/2020\/04\/Federaci\u00f3n-Aragonesa-de-Baile-Deportivo-y-de-Competici\u00f3n-11-Adrian-Sediles-Embi-666x444.jpg 666w\" sizes=\"(max-width: 680px) 100vw, 680px\" \/>\t\t\t\t\t\t\t\t<\/a>\n\t\t\t\t\t\t\t\t\t\t\t<figcaption class=\"widget-image-caption wp-caption-text\">Federaci\u00f3n Aragonesa de Baile Deportivo y de Competici\u00f3n F.A.B.D<\/figcaption>\n\t\t\t\t\t\t\t\t\t\t<\/figure>\n\t\t\t\t\t\t\t\t\t<\/div>\n\t\t\t\t<\/div>\n\t\t\t\t\t<\/div>\n\t\t<\/div>\n\t\t\t\t\t<\/div>\n\t\t<\/section>\n\t\t\t\t<section class=\"elementor-section elementor-top-section elementor-element elementor-element-1911d6e elementor-section-boxed elementor-section-height-default elementor-section-height-default\" data-id=\"1911d6e\" data-element_type=\"section\" data-e-type=\"section\">\n\t\t\t\t\t\t<div class=\"elementor-container elementor-column-gap-default\">\n\t\t\t\t\t<div class=\"elementor-column elementor-col-50 elementor-top-column elementor-element elementor-element-5fb9cba\" data-id=\"5fb9cba\" data-element_type=\"column\" data-e-type=\"column\">\n\t\t\t<div class=\"elementor-widget-wrap elementor-element-populated\">\n\t\t\t\t\t\t<div class=\"elementor-element elementor-element-1ab551a elementor-widget elementor-widget-image\" data-id=\"1ab551a\" data-element_type=\"widget\" data-e-type=\"widget\" data-widget_type=\"image.default\">\n\t\t\t\t<div class=\"elementor-widget-container\">\n\t\t\t\t\t\t\t\t\t\t\t\t<figure class=\"wp-caption\">\n\t\t\t\t\t\t\t\t\t\t\t<a href=\"https:\/\/adriansediles.es\/?page_id=667\">\n\t\t\t\t\t\t\t<img loading=\"lazy\" decoding=\"async\" width=\"680\" height=\"453\" src=\"https:\/\/adriansediles.es\/wp-content\/uploads\/2020\/04\/9-2.jpg\" class=\"attachment-large size-large wp-image-557\" alt=\"XV premios de la musica aragonesa\" srcset=\"https:\/\/adriansediles.es\/wp-content\/uploads\/2020\/04\/9-2.jpg 680w, https:\/\/adriansediles.es\/wp-content\/uploads\/2020\/04\/9-2-300x200.jpg 300w, https:\/\/adriansediles.es\/wp-content\/uploads\/2020\/04\/9-2-666x444.jpg 666w\" sizes=\"(max-width: 680px) 100vw, 680px\" \/>\t\t\t\t\t\t\t\t<\/a>\n\t\t\t\t\t\t\t\t\t\t\t<figcaption class=\"widget-image-caption wp-caption-text\">XV premios de la musica aragonesa con TOTOCI<\/figcaption>\n\t\t\t\t\t\t\t\t\t\t<\/figure>\n\t\t\t\t\t\t\t\t\t<\/div>\n\t\t\t\t<\/div>\n\t\t\t\t\t<\/div>\n\t\t<\/div>\n\t\t\t\t<div class=\"elementor-column elementor-col-50 elementor-top-column elementor-element elementor-element-92bd83f\" data-id=\"92bd83f\" data-element_type=\"column\" data-e-type=\"column\">\n\t\t\t<div class=\"elementor-widget-wrap elementor-element-populated\">\n\t\t\t\t\t\t<div class=\"elementor-element elementor-element-80a0c44 elementor-widget elementor-widget-image\" data-id=\"80a0c44\" data-element_type=\"widget\" data-e-type=\"widget\" data-widget_type=\"image.default\">\n\t\t\t\t<div class=\"elementor-widget-container\">\n\t\t\t\t\t\t\t\t\t\t\t\t<figure class=\"wp-caption\">\n\t\t\t\t\t\t\t\t\t\t\t<a href=\"https:\/\/adriansediles.es\/?page_id=691\">\n\t\t\t\t\t\t\t<img loading=\"lazy\" decoding=\"async\" width=\"990\" height=\"660\" src=\"https:\/\/adriansediles.es\/wp-content\/uploads\/2020\/04\/Daniel-Blancart-y-Tais-Lopez-Adrian-Sediles-Embi-6.jpg\" class=\"attachment-large size-large wp-image-558\" alt=\"Sesi\u00f3n embarazada,premam\u00e1 de Tais Lopez y Daniel Blancart, realizada por Adri\u00e1n Sediles;\" srcset=\"https:\/\/adriansediles.es\/wp-content\/uploads\/2020\/04\/Daniel-Blancart-y-Tais-Lopez-Adrian-Sediles-Embi-6.jpg 1024w, https:\/\/adriansediles.es\/wp-content\/uploads\/2020\/04\/Daniel-Blancart-y-Tais-Lopez-Adrian-Sediles-Embi-6-300x200.jpg 300w, https:\/\/adriansediles.es\/wp-content\/uploads\/2020\/04\/Daniel-Blancart-y-Tais-Lopez-Adrian-Sediles-Embi-6-768x512.jpg 768w, https:\/\/adriansediles.es\/wp-content\/uploads\/2020\/04\/Daniel-Blancart-y-Tais-Lopez-Adrian-Sediles-Embi-6-666x444.jpg 666w\" sizes=\"(max-width: 990px) 100vw, 990px\" \/>\t\t\t\t\t\t\t\t<\/a>\n\t\t\t\t\t\t\t\t\t\t\t<figcaption class=\"widget-image-caption wp-caption-text\">Sesi\u00f3n embarazada,premam\u00e1 de Tais Lopez y Daniel Blancart<\/figcaption>\n\t\t\t\t\t\t\t\t\t\t<\/figure>\n\t\t\t\t\t\t\t\t\t<\/div>\n\t\t\t\t<\/div>\n\t\t\t\t\t<\/div>\n\t\t<\/div>\n\t\t\t\t\t<\/div>\n\t\t<\/section>\n\t\t\t\t<section class=\"elementor-section elementor-top-section elementor-element elementor-element-21dfc3d elementor-section-boxed elementor-section-height-default elementor-section-height-default\" data-id=\"21dfc3d\" data-element_type=\"section\" data-e-type=\"section\">\n\t\t\t\t\t\t<div class=\"elementor-container elementor-column-gap-default\">\n\t\t\t\t\t<div class=\"elementor-column elementor-col-50 elementor-top-column elementor-element elementor-element-a8d514d\" data-id=\"a8d514d\" data-element_type=\"column\" data-e-type=\"column\">\n\t\t\t<div class=\"elementor-widget-wrap elementor-element-populated\">\n\t\t\t\t\t\t<div class=\"elementor-element elementor-element-494db70 elementor-widget elementor-widget-image\" data-id=\"494db70\" data-element_type=\"widget\" data-e-type=\"widget\" data-widget_type=\"image.default\">\n\t\t\t\t<div class=\"elementor-widget-container\">\n\t\t\t\t\t\t\t\t\t\t\t\t<figure class=\"wp-caption\">\n\t\t\t\t\t\t\t\t\t\t\t<a href=\"https:\/\/adriansediles.es\/?page_id=725\">\n\t\t\t\t\t\t\t<img loading=\"lazy\" decoding=\"async\" width=\"680\" height=\"453\" src=\"https:\/\/adriansediles.es\/wp-content\/uploads\/2020\/04\/Academia-de-m\u00fasica-y-danza-Acamusica-1-Adrian-Sediles-Embi.jpg\" class=\"attachment-large size-large wp-image-559\" alt=\"Academia de m\u00fasica y danza Acamusica 1 - Adrian Sediles Embi\" srcset=\"https:\/\/adriansediles.es\/wp-content\/uploads\/2020\/04\/Academia-de-m\u00fasica-y-danza-Acamusica-1-Adrian-Sediles-Embi.jpg 680w, https:\/\/adriansediles.es\/wp-content\/uploads\/2020\/04\/Academia-de-m\u00fasica-y-danza-Acamusica-1-Adrian-Sediles-Embi-300x200.jpg 300w, https:\/\/adriansediles.es\/wp-content\/uploads\/2020\/04\/Academia-de-m\u00fasica-y-danza-Acamusica-1-Adrian-Sediles-Embi-666x444.jpg 666w\" sizes=\"(max-width: 680px) 100vw, 680px\" \/>\t\t\t\t\t\t\t\t<\/a>\n\t\t\t\t\t\t\t\t\t\t\t<figcaption class=\"widget-image-caption wp-caption-text\">Festivales de la academia de m\u00fasica y danza Acamusica <\/figcaption>\n\t\t\t\t\t\t\t\t\t\t<\/figure>\n\t\t\t\t\t\t\t\t\t<\/div>\n\t\t\t\t<\/div>\n\t\t\t\t\t<\/div>\n\t\t<\/div>\n\t\t\t\t<div class=\"elementor-column elementor-col-50 elementor-top-column elementor-element elementor-element-63d8efd\" data-id=\"63d8efd\" data-element_type=\"column\" data-e-type=\"column\">\n\t\t\t<div class=\"elementor-widget-wrap elementor-element-populated\">\n\t\t\t\t\t\t<div class=\"elementor-element elementor-element-72faea1 elementor-widget elementor-widget-image\" data-id=\"72faea1\" data-element_type=\"widget\" data-e-type=\"widget\" data-widget_type=\"image.default\">\n\t\t\t\t<div class=\"elementor-widget-container\">\n\t\t\t\t\t\t\t\t\t\t\t\t<figure class=\"wp-caption\">\n\t\t\t\t\t\t\t\t\t\t\t<a href=\"https:\/\/adriansediles.es\/?page_id=742\">\n\t\t\t\t\t\t\t<img loading=\"lazy\" decoding=\"async\" width=\"680\" height=\"454\" src=\"https:\/\/adriansediles.es\/wp-content\/uploads\/2020\/04\/8.jpg\" class=\"attachment-large size-large wp-image-560\" alt=\"Reportajes fotograficos para radio Kuatro\" srcset=\"https:\/\/adriansediles.es\/wp-content\/uploads\/2020\/04\/8.jpg 680w, https:\/\/adriansediles.es\/wp-content\/uploads\/2020\/04\/8-300x200.jpg 300w, https:\/\/adriansediles.es\/wp-content\/uploads\/2020\/04\/8-666x444.jpg 666w\" sizes=\"(max-width: 680px) 100vw, 680px\" \/>\t\t\t\t\t\t\t\t<\/a>\n\t\t\t\t\t\t\t\t\t\t\t<figcaption class=\"widget-image-caption wp-caption-text\">Reportajes fotogr\u00e1ficos para radio Kuatro<\/figcaption>\n\t\t\t\t\t\t\t\t\t\t<\/figure>\n\t\t\t\t\t\t\t\t\t<\/div>\n\t\t\t\t<\/div>\n\t\t\t\t\t<\/div>\n\t\t<\/div>\n\t\t\t\t\t<\/div>\n\t\t<\/section>\n\t\t\t\t<\/div>\n\t\t","protected":false},"excerpt":{"rendered":"<p>Asociaci\u00f3n Aragonesa de Bailes de Sal\u00f3n A.A.B.S Agrupaci\u00f3n Folkl\u00f3rica Danzar Fotograf\u00eda de pareja, Andrea Cort\u00e9s y Javier Ortiz Federaci\u00f3n Aragonesa &hellip; <a href=\"https:\/\/adriansediles.es\/?page_id=548\" class=\"more-link\"><span class=\"more-button\">Seguir leyendo<span class=\"screen-reader-text\">OTROS<\/span><\/span><\/a><\/p>\n","protected":false},"author":1,"featured_media":0,"parent":0,"menu_order":0,"comment_status":"closed","ping_status":"closed","template":"","meta":{"footnotes":""},"class_list":["post-548","page","type-page","status-publish","hentry"],"_links":{"self":[{"href":"https:\/\/adriansediles.es\/index.php?rest_route=\/wp\/v2\/pages\/548","targetHints":{"allow":["GET"]}}],"collection":[{"href":"https:\/\/adriansediles.es\/index.php?rest_route=\/wp\/v2\/pages"}],"about":[{"href":"https:\/\/adriansediles.es\/index.php?rest_route=\/wp\/v2\/types\/page"}],"author":[{"embeddable":true,"href":"https:\/\/adriansediles.es\/index.php?rest_route=\/wp\/v2\/users\/1"}],"replies":[{"embeddable":true,"href":"https:\/\/adriansediles.es\/index.php?rest_route=%2Fwp%2Fv2%2Fcomments&post=548"}],"version-history":[{"count":18,"href":"https:\/\/adriansediles.es\/index.php?rest_route=\/wp\/v2\/pages\/548\/revisions"}],"predecessor-version":[{"id":1690,"href":"https:\/\/adriansediles.es\/index.php?rest_route=\/wp\/v2\/pages\/548\/revisions\/1690"}],"wp:attachment":[{"href":"https:\/\/adriansediles.es\/index.php?rest_route=%2Fwp%2Fv2%2Fmedia&parent=548"}],"curies":[{"name":"wp","href":"https:\/\/api.w.org\/{rel}","templated":true}]}}