{"id":562,"date":"2020-04-05T16:33:12","date_gmt":"2020-04-05T16:33:12","guid":{"rendered":"http:\/\/192.168.1.111\/?page_id=562"},"modified":"2020-04-05T16:35:03","modified_gmt":"2020-04-05T16:35:03","slug":"asociacion-aragonesa-de-bailes-de-salon-a-a-b-s","status":"publish","type":"page","link":"https:\/\/adriansediles.es\/?page_id=562","title":{"rendered":"Asociaci\u00f3n Aragonesa de Bailes de Sal\u00f3n A.A.B.S"},"content":{"rendered":"\t\t<div data-elementor-type=\"wp-page\" data-elementor-id=\"562\" class=\"elementor elementor-562\">\n\t\t\t\t\t\t<section class=\"elementor-section elementor-top-section elementor-element elementor-element-1a59ebc elementor-section-boxed elementor-section-height-default elementor-section-height-default\" data-id=\"1a59ebc\" data-element_type=\"section\" data-e-type=\"section\">\n\t\t\t\t\t\t<div class=\"elementor-container elementor-column-gap-default\">\n\t\t\t\t\t<div class=\"elementor-column elementor-col-100 elementor-top-column elementor-element elementor-element-7c4aed89\" data-id=\"7c4aed89\" data-element_type=\"column\" data-e-type=\"column\">\n\t\t\t<div class=\"elementor-widget-wrap elementor-element-populated\">\n\t\t\t\t\t\t<div class=\"elementor-element elementor-element-5cc096fc elementor-widget elementor-widget-text-editor\" data-id=\"5cc096fc\" data-element_type=\"widget\" data-e-type=\"widget\" data-widget_type=\"text-editor.default\">\n\t\t\t\t<div class=\"elementor-widget-container\">\n\t\t\t\t\t\t\t\t\t\n<figure class=\"wp-block-gallery columns-0 is-cropped wp-block-gallery-2 is-layout-flex wp-block-gallery-is-layout-flex\"><ul class=\"blocks-gallery-grid\"><\/ul><\/figure>\n\t\t\t\t\t\t\t\t<\/div>\n\t\t\t\t<\/div>\n\t\t\t\t\t<\/div>\n\t\t<\/div>\n\t\t\t\t\t<\/div>\n\t\t<\/section>\n\t\t\t\t<section class=\"elementor-section elementor-top-section elementor-element elementor-element-576c776 elementor-section-boxed elementor-section-height-default elementor-section-height-default\" data-id=\"576c776\" data-element_type=\"section\" data-e-type=\"section\">\n\t\t\t\t\t\t<div class=\"elementor-container elementor-column-gap-default\">\n\t\t\t\t\t<div class=\"elementor-column elementor-col-100 elementor-top-column elementor-element elementor-element-f995026\" data-id=\"f995026\" data-element_type=\"column\" data-e-type=\"column\">\n\t\t\t<div class=\"elementor-widget-wrap elementor-element-populated\">\n\t\t\t\t\t\t<div class=\"elementor-element elementor-element-dfb272e elementor-widget elementor-widget-image-gallery\" data-id=\"dfb272e\" data-element_type=\"widget\" data-e-type=\"widget\" data-widget_type=\"image-gallery.default\">\n\t\t\t\t<div class=\"elementor-widget-container\">\n\t\t\t\t\t\t\t<div class=\"elementor-image-gallery\">\n\t\t\t<div id='gallery-1' class='gallery galleryid-562 gallery-columns-3 gallery-size-medium'><figure class='gallery-item'>\n\t\t\t<div class='gallery-icon landscape'>\n\t\t\t\t<a data-elementor-open-lightbox=\"yes\" data-elementor-lightbox-slideshow=\"dfb272e\" data-elementor-lightbox-title=\"Asociaci\u00f3n Aragonesa de Bailes de Sal\u00f3n A.A.B.S\" data-elementor-lightbox-description=\"Asociaci\u00f3n Aragonesa de Bailes de Sal\u00f3n A.A.B.S\" data-e-action-hash=\"#elementor-action%3Aaction%3Dlightbox%26settings%3DeyJpZCI6NTY0LCJ1cmwiOiJodHRwczpcL1wvYWRyaWFuc2VkaWxlcy5lc1wvd3AtY29udGVudFwvdXBsb2Fkc1wvMjAyMFwvMDRcL0Fzb2NpYWNpXHUwMGYzbi1BcmFnb25lc2EtZGUtQmFpbGVzLWRlLVNhbFx1MDBmM24tMS1BZHJpYW4tU2VkaWxlcy1FbWJpLmpwZyIsInNsaWRlc2hvdyI6ImRmYjI3MmUifQ%3D%3D\" href='https:\/\/adriansediles.es\/wp-content\/uploads\/2020\/04\/Asociaci\u00f3n-Aragonesa-de-Bailes-de-Sal\u00f3n-1-Adrian-Sediles-Embi.jpg'><img fetchpriority=\"high\" decoding=\"async\" width=\"300\" height=\"200\" src=\"https:\/\/adriansediles.es\/wp-content\/uploads\/2020\/04\/Asociaci\u00f3n-Aragonesa-de-Bailes-de-Sal\u00f3n-1-Adrian-Sediles-Embi-300x200.jpg\" class=\"attachment-medium size-medium\" alt=\"Asociaci\u00f3n Aragonesa de Bailes de Sal\u00f3n A.A.B.S\" aria-describedby=\"gallery-1-564\" srcset=\"https:\/\/adriansediles.es\/wp-content\/uploads\/2020\/04\/Asociaci\u00f3n-Aragonesa-de-Bailes-de-Sal\u00f3n-1-Adrian-Sediles-Embi-300x200.jpg 300w, https:\/\/adriansediles.es\/wp-content\/uploads\/2020\/04\/Asociaci\u00f3n-Aragonesa-de-Bailes-de-Sal\u00f3n-1-Adrian-Sediles-Embi-666x444.jpg 666w, https:\/\/adriansediles.es\/wp-content\/uploads\/2020\/04\/Asociaci\u00f3n-Aragonesa-de-Bailes-de-Sal\u00f3n-1-Adrian-Sediles-Embi.jpg 680w\" sizes=\"(max-width: 300px) 100vw, 300px\" \/><\/a>\n\t\t\t<\/div>\n\t\t\t\t<figcaption class='wp-caption-text gallery-caption' id='gallery-1-564'>\n\t\t\t\tAsociaci\u00f3n Aragonesa de Bailes de Sal\u00f3n A.A.B.S\n\t\t\t\t<\/figcaption><\/figure><figure class='gallery-item'>\n\t\t\t<div class='gallery-icon landscape'>\n\t\t\t\t<a data-elementor-open-lightbox=\"yes\" data-elementor-lightbox-slideshow=\"dfb272e\" data-elementor-lightbox-title=\"Asociaci\u00f3n Aragonesa de Bailes de Sal\u00f3n A.A.B.S\" data-elementor-lightbox-description=\"Asociaci\u00f3n Aragonesa de Bailes de Sal\u00f3n A.A.B.S\" data-e-action-hash=\"#elementor-action%3Aaction%3Dlightbox%26settings%3DeyJpZCI6NTkxLCJ1cmwiOiJodHRwczpcL1wvYWRyaWFuc2VkaWxlcy5lc1wvd3AtY29udGVudFwvdXBsb2Fkc1wvMjAyMFwvMDRcL0JhaWxlcy1kZS1TYWxcdTAwZjNuLWVuLVB1ZXJ0by1WZW5lY2lhLUJhaWxhLUFkcmlcdTAwZTFuLVNlZGlsZXMtOS5qcGciLCJzbGlkZXNob3ciOiJkZmIyNzJlIn0%3D\" href='https:\/\/adriansediles.es\/wp-content\/uploads\/2020\/04\/Bailes-de-Sal\u00f3n-en-Puerto-Venecia-Baila-Adri\u00e1n-Sediles-9.jpg'><img decoding=\"async\" width=\"300\" height=\"200\" src=\"https:\/\/adriansediles.es\/wp-content\/uploads\/2020\/04\/Bailes-de-Sal\u00f3n-en-Puerto-Venecia-Baila-Adri\u00e1n-Sediles-9-300x200.jpg\" class=\"attachment-medium size-medium\" alt=\"Asociaci\u00f3n Aragonesa de Bailes de Sal\u00f3n A.A.B.S\" aria-describedby=\"gallery-1-591\" srcset=\"https:\/\/adriansediles.es\/wp-content\/uploads\/2020\/04\/Bailes-de-Sal\u00f3n-en-Puerto-Venecia-Baila-Adri\u00e1n-Sediles-9-300x200.jpg 300w, https:\/\/adriansediles.es\/wp-content\/uploads\/2020\/04\/Bailes-de-Sal\u00f3n-en-Puerto-Venecia-Baila-Adri\u00e1n-Sediles-9-768x512.jpg 768w, https:\/\/adriansediles.es\/wp-content\/uploads\/2020\/04\/Bailes-de-Sal\u00f3n-en-Puerto-Venecia-Baila-Adri\u00e1n-Sediles-9-666x444.jpg 666w, https:\/\/adriansediles.es\/wp-content\/uploads\/2020\/04\/Bailes-de-Sal\u00f3n-en-Puerto-Venecia-Baila-Adri\u00e1n-Sediles-9.jpg 1024w\" sizes=\"(max-width: 300px) 100vw, 300px\" \/><\/a>\n\t\t\t<\/div>\n\t\t\t\t<figcaption class='wp-caption-text gallery-caption' id='gallery-1-591'>\n\t\t\t\tAsociaci\u00f3n Aragonesa de Bailes de Sal\u00f3n A.A.B.S\n\t\t\t\t<\/figcaption><\/figure><figure class='gallery-item'>\n\t\t\t<div class='gallery-icon landscape'>\n\t\t\t\t<a data-elementor-open-lightbox=\"yes\" data-elementor-lightbox-slideshow=\"dfb272e\" data-elementor-lightbox-title=\"Asociaci\u00f3n Aragonesa de Bailes de Sal\u00f3n A.A.B.S\" data-elementor-lightbox-description=\"Asociaci\u00f3n Aragonesa de Bailes de Sal\u00f3n A.A.B.S\" data-e-action-hash=\"#elementor-action%3Aaction%3Dlightbox%26settings%3DeyJpZCI6NTY1LCJ1cmwiOiJodHRwczpcL1wvYWRyaWFuc2VkaWxlcy5lc1wvd3AtY29udGVudFwvdXBsb2Fkc1wvMjAyMFwvMDRcL0Fzb2NpYWNpXHUwMGYzbi1BcmFnb25lc2EtZGUtQmFpbGVzLWRlLVNhbFx1MDBmM24tMi1BZHJpYW4tU2VkaWxlcy1FbWJpLmpwZyIsInNsaWRlc2hvdyI6ImRmYjI3MmUifQ%3D%3D\" href='https:\/\/adriansediles.es\/wp-content\/uploads\/2020\/04\/Asociaci\u00f3n-Aragonesa-de-Bailes-de-Sal\u00f3n-2-Adrian-Sediles-Embi.jpg'><img decoding=\"async\" width=\"300\" height=\"200\" src=\"https:\/\/adriansediles.es\/wp-content\/uploads\/2020\/04\/Asociaci\u00f3n-Aragonesa-de-Bailes-de-Sal\u00f3n-2-Adrian-Sediles-Embi-300x200.jpg\" class=\"attachment-medium size-medium\" alt=\"Asociaci\u00f3n Aragonesa de Bailes de Sal\u00f3n A.A.B.S\" aria-describedby=\"gallery-1-565\" srcset=\"https:\/\/adriansediles.es\/wp-content\/uploads\/2020\/04\/Asociaci\u00f3n-Aragonesa-de-Bailes-de-Sal\u00f3n-2-Adrian-Sediles-Embi-300x200.jpg 300w, https:\/\/adriansediles.es\/wp-content\/uploads\/2020\/04\/Asociaci\u00f3n-Aragonesa-de-Bailes-de-Sal\u00f3n-2-Adrian-Sediles-Embi-666x444.jpg 666w, https:\/\/adriansediles.es\/wp-content\/uploads\/2020\/04\/Asociaci\u00f3n-Aragonesa-de-Bailes-de-Sal\u00f3n-2-Adrian-Sediles-Embi.jpg 680w\" sizes=\"(max-width: 300px) 100vw, 300px\" \/><\/a>\n\t\t\t<\/div>\n\t\t\t\t<figcaption class='wp-caption-text gallery-caption' id='gallery-1-565'>\n\t\t\t\tAsociaci\u00f3n Aragonesa de Bailes de Sal\u00f3n A.A.B.S\n\t\t\t\t<\/figcaption><\/figure><figure class='gallery-item'>\n\t\t\t<div class='gallery-icon landscape'>\n\t\t\t\t<a data-elementor-open-lightbox=\"yes\" data-elementor-lightbox-slideshow=\"dfb272e\" data-elementor-lightbox-title=\"Asociaci\u00f3n Aragonesa de Bailes de Sal\u00f3n A.A.B.S\" data-elementor-lightbox-description=\"Asociaci\u00f3n Aragonesa de Bailes de Sal\u00f3n A.A.B.S\" data-e-action-hash=\"#elementor-action%3Aaction%3Dlightbox%26settings%3DeyJpZCI6NTY2LCJ1cmwiOiJodHRwczpcL1wvYWRyaWFuc2VkaWxlcy5lc1wvd3AtY29udGVudFwvdXBsb2Fkc1wvMjAyMFwvMDRcL0Fzb2NpYWNpXHUwMGYzbi1BcmFnb25lc2EtZGUtQmFpbGVzLWRlLVNhbFx1MDBmM24tMy1BZHJpYW4tU2VkaWxlcy1FbWJpLmpwZyIsInNsaWRlc2hvdyI6ImRmYjI3MmUifQ%3D%3D\" href='https:\/\/adriansediles.es\/wp-content\/uploads\/2020\/04\/Asociaci\u00f3n-Aragonesa-de-Bailes-de-Sal\u00f3n-3-Adrian-Sediles-Embi.jpg'><img loading=\"lazy\" decoding=\"async\" width=\"300\" height=\"200\" src=\"https:\/\/adriansediles.es\/wp-content\/uploads\/2020\/04\/Asociaci\u00f3n-Aragonesa-de-Bailes-de-Sal\u00f3n-3-Adrian-Sediles-Embi-300x200.jpg\" class=\"attachment-medium size-medium\" alt=\"Asociaci\u00f3n Aragonesa de Bailes de Sal\u00f3n A.A.B.S\" aria-describedby=\"gallery-1-566\" srcset=\"https:\/\/adriansediles.es\/wp-content\/uploads\/2020\/04\/Asociaci\u00f3n-Aragonesa-de-Bailes-de-Sal\u00f3n-3-Adrian-Sediles-Embi-300x200.jpg 300w, https:\/\/adriansediles.es\/wp-content\/uploads\/2020\/04\/Asociaci\u00f3n-Aragonesa-de-Bailes-de-Sal\u00f3n-3-Adrian-Sediles-Embi-666x444.jpg 666w, https:\/\/adriansediles.es\/wp-content\/uploads\/2020\/04\/Asociaci\u00f3n-Aragonesa-de-Bailes-de-Sal\u00f3n-3-Adrian-Sediles-Embi.jpg 680w\" sizes=\"(max-width: 300px) 100vw, 300px\" \/><\/a>\n\t\t\t<\/div>\n\t\t\t\t<figcaption class='wp-caption-text gallery-caption' id='gallery-1-566'>\n\t\t\t\tAsociaci\u00f3n Aragonesa de Bailes de Sal\u00f3n A.A.B.S\n\t\t\t\t<\/figcaption><\/figure><figure class='gallery-item'>\n\t\t\t<div class='gallery-icon landscape'>\n\t\t\t\t<a data-elementor-open-lightbox=\"yes\" data-elementor-lightbox-slideshow=\"dfb272e\" data-elementor-lightbox-title=\"Asociaci\u00f3n Aragonesa de Bailes de Sal\u00f3n A.A.B.S\" data-elementor-lightbox-description=\"Asociaci\u00f3n Aragonesa de Bailes de Sal\u00f3n A.A.B.S\" data-e-action-hash=\"#elementor-action%3Aaction%3Dlightbox%26settings%3DeyJpZCI6NTc5LCJ1cmwiOiJodHRwczpcL1wvYWRyaWFuc2VkaWxlcy5lc1wvd3AtY29udGVudFwvdXBsb2Fkc1wvMjAyMFwvMDRcL0Fzb2NpYWNpXHUwMGYzbi1BcmFnb25lc2EtZGUtQmFpbGVzLWRlLVNhbFx1MDBmM24tMTYtQWRyaWFuLVNlZGlsZXMtRW1iaS5qcGciLCJzbGlkZXNob3ciOiJkZmIyNzJlIn0%3D\" href='https:\/\/adriansediles.es\/wp-content\/uploads\/2020\/04\/Asociaci\u00f3n-Aragonesa-de-Bailes-de-Sal\u00f3n-16-Adrian-Sediles-Embi.jpg'><img loading=\"lazy\" decoding=\"async\" width=\"300\" height=\"200\" src=\"https:\/\/adriansediles.es\/wp-content\/uploads\/2020\/04\/Asociaci\u00f3n-Aragonesa-de-Bailes-de-Sal\u00f3n-16-Adrian-Sediles-Embi-300x200.jpg\" class=\"attachment-medium size-medium\" alt=\"Asociaci\u00f3n Aragonesa de Bailes de Sal\u00f3n A.A.B.S\" aria-describedby=\"gallery-1-579\" srcset=\"https:\/\/adriansediles.es\/wp-content\/uploads\/2020\/04\/Asociaci\u00f3n-Aragonesa-de-Bailes-de-Sal\u00f3n-16-Adrian-Sediles-Embi-300x200.jpg 300w, https:\/\/adriansediles.es\/wp-content\/uploads\/2020\/04\/Asociaci\u00f3n-Aragonesa-de-Bailes-de-Sal\u00f3n-16-Adrian-Sediles-Embi-666x444.jpg 666w, https:\/\/adriansediles.es\/wp-content\/uploads\/2020\/04\/Asociaci\u00f3n-Aragonesa-de-Bailes-de-Sal\u00f3n-16-Adrian-Sediles-Embi.jpg 680w\" sizes=\"(max-width: 300px) 100vw, 300px\" \/><\/a>\n\t\t\t<\/div>\n\t\t\t\t<figcaption class='wp-caption-text gallery-caption' id='gallery-1-579'>\n\t\t\t\tAsociaci\u00f3n Aragonesa de Bailes de Sal\u00f3n A.A.B.S\n\t\t\t\t<\/figcaption><\/figure><figure class='gallery-item'>\n\t\t\t<div class='gallery-icon landscape'>\n\t\t\t\t<a data-elementor-open-lightbox=\"yes\" data-elementor-lightbox-slideshow=\"dfb272e\" data-elementor-lightbox-title=\"Asociaci\u00f3n Aragonesa de Bailes de Sal\u00f3n A.A.B.S\" data-elementor-lightbox-description=\"Asociaci\u00f3n Aragonesa de Bailes de Sal\u00f3n A.A.B.S\" data-e-action-hash=\"#elementor-action%3Aaction%3Dlightbox%26settings%3DeyJpZCI6NTg5LCJ1cmwiOiJodHRwczpcL1wvYWRyaWFuc2VkaWxlcy5lc1wvd3AtY29udGVudFwvdXBsb2Fkc1wvMjAyMFwvMDRcL0JhaWxlcy1kZS1TYWxcdTAwZjNuLWVuLVB1ZXJ0by1WZW5lY2lhLUJhaWxhLUFkcmlcdTAwZTFuLVNlZGlsZXMtNy5qcGciLCJzbGlkZXNob3ciOiJkZmIyNzJlIn0%3D\" href='https:\/\/adriansediles.es\/wp-content\/uploads\/2020\/04\/Bailes-de-Sal\u00f3n-en-Puerto-Venecia-Baila-Adri\u00e1n-Sediles-7.jpg'><img loading=\"lazy\" decoding=\"async\" width=\"300\" height=\"200\" src=\"https:\/\/adriansediles.es\/wp-content\/uploads\/2020\/04\/Bailes-de-Sal\u00f3n-en-Puerto-Venecia-Baila-Adri\u00e1n-Sediles-7-300x200.jpg\" class=\"attachment-medium size-medium\" alt=\"Asociaci\u00f3n Aragonesa de Bailes de Sal\u00f3n A.A.B.S\" aria-describedby=\"gallery-1-589\" srcset=\"https:\/\/adriansediles.es\/wp-content\/uploads\/2020\/04\/Bailes-de-Sal\u00f3n-en-Puerto-Venecia-Baila-Adri\u00e1n-Sediles-7-300x200.jpg 300w, https:\/\/adriansediles.es\/wp-content\/uploads\/2020\/04\/Bailes-de-Sal\u00f3n-en-Puerto-Venecia-Baila-Adri\u00e1n-Sediles-7-768x512.jpg 768w, https:\/\/adriansediles.es\/wp-content\/uploads\/2020\/04\/Bailes-de-Sal\u00f3n-en-Puerto-Venecia-Baila-Adri\u00e1n-Sediles-7-666x444.jpg 666w, https:\/\/adriansediles.es\/wp-content\/uploads\/2020\/04\/Bailes-de-Sal\u00f3n-en-Puerto-Venecia-Baila-Adri\u00e1n-Sediles-7.jpg 1024w\" sizes=\"(max-width: 300px) 100vw, 300px\" \/><\/a>\n\t\t\t<\/div>\n\t\t\t\t<figcaption class='wp-caption-text gallery-caption' id='gallery-1-589'>\n\t\t\t\tAsociaci\u00f3n Aragonesa de Bailes de Sal\u00f3n A.A.B.S\n\t\t\t\t<\/figcaption><\/figure><figure class='gallery-item'>\n\t\t\t<div class='gallery-icon landscape'>\n\t\t\t\t<a data-elementor-open-lightbox=\"yes\" data-elementor-lightbox-slideshow=\"dfb272e\" data-elementor-lightbox-title=\"Asociaci\u00f3n Aragonesa de Bailes de Sal\u00f3n A.A.B.S\" data-elementor-lightbox-description=\"Asociaci\u00f3n Aragonesa de Bailes de Sal\u00f3n A.A.B.S\" data-e-action-hash=\"#elementor-action%3Aaction%3Dlightbox%26settings%3DeyJpZCI6NTY3LCJ1cmwiOiJodHRwczpcL1wvYWRyaWFuc2VkaWxlcy5lc1wvd3AtY29udGVudFwvdXBsb2Fkc1wvMjAyMFwvMDRcL0Fzb2NpYWNpXHUwMGYzbi1BcmFnb25lc2EtZGUtQmFpbGVzLWRlLVNhbFx1MDBmM24tNC1BZHJpYW4tU2VkaWxlcy1FbWJpLmpwZyIsInNsaWRlc2hvdyI6ImRmYjI3MmUifQ%3D%3D\" href='https:\/\/adriansediles.es\/wp-content\/uploads\/2020\/04\/Asociaci\u00f3n-Aragonesa-de-Bailes-de-Sal\u00f3n-4-Adrian-Sediles-Embi.jpg'><img loading=\"lazy\" decoding=\"async\" width=\"300\" height=\"200\" src=\"https:\/\/adriansediles.es\/wp-content\/uploads\/2020\/04\/Asociaci\u00f3n-Aragonesa-de-Bailes-de-Sal\u00f3n-4-Adrian-Sediles-Embi-300x200.jpg\" class=\"attachment-medium size-medium\" alt=\"Asociaci\u00f3n Aragonesa de Bailes de Sal\u00f3n A.A.B.S\" aria-describedby=\"gallery-1-567\" srcset=\"https:\/\/adriansediles.es\/wp-content\/uploads\/2020\/04\/Asociaci\u00f3n-Aragonesa-de-Bailes-de-Sal\u00f3n-4-Adrian-Sediles-Embi-300x200.jpg 300w, https:\/\/adriansediles.es\/wp-content\/uploads\/2020\/04\/Asociaci\u00f3n-Aragonesa-de-Bailes-de-Sal\u00f3n-4-Adrian-Sediles-Embi-666x444.jpg 666w, https:\/\/adriansediles.es\/wp-content\/uploads\/2020\/04\/Asociaci\u00f3n-Aragonesa-de-Bailes-de-Sal\u00f3n-4-Adrian-Sediles-Embi.jpg 680w\" sizes=\"(max-width: 300px) 100vw, 300px\" \/><\/a>\n\t\t\t<\/div>\n\t\t\t\t<figcaption class='wp-caption-text gallery-caption' id='gallery-1-567'>\n\t\t\t\tAsociaci\u00f3n Aragonesa de Bailes de Sal\u00f3n A.A.B.S\n\t\t\t\t<\/figcaption><\/figure><figure class='gallery-item'>\n\t\t\t<div class='gallery-icon landscape'>\n\t\t\t\t<a data-elementor-open-lightbox=\"yes\" data-elementor-lightbox-slideshow=\"dfb272e\" data-elementor-lightbox-title=\"Asociaci\u00f3n Aragonesa de Bailes de Sal\u00f3n A.A.B.S\" data-elementor-lightbox-description=\"Asociaci\u00f3n Aragonesa de Bailes de Sal\u00f3n A.A.B.S\" data-e-action-hash=\"#elementor-action%3Aaction%3Dlightbox%26settings%3DeyJpZCI6NTg4LCJ1cmwiOiJodHRwczpcL1wvYWRyaWFuc2VkaWxlcy5lc1wvd3AtY29udGVudFwvdXBsb2Fkc1wvMjAyMFwvMDRcL0JhaWxlcy1kZS1TYWxcdTAwZjNuLWVuLVB1ZXJ0by1WZW5lY2lhLUJhaWxhLUFkcmlcdTAwZTFuLVNlZGlsZXMtNi5qcGciLCJzbGlkZXNob3ciOiJkZmIyNzJlIn0%3D\" href='https:\/\/adriansediles.es\/wp-content\/uploads\/2020\/04\/Bailes-de-Sal\u00f3n-en-Puerto-Venecia-Baila-Adri\u00e1n-Sediles-6.jpg'><img loading=\"lazy\" decoding=\"async\" width=\"300\" height=\"200\" src=\"https:\/\/adriansediles.es\/wp-content\/uploads\/2020\/04\/Bailes-de-Sal\u00f3n-en-Puerto-Venecia-Baila-Adri\u00e1n-Sediles-6-300x200.jpg\" class=\"attachment-medium size-medium\" alt=\"Asociaci\u00f3n Aragonesa de Bailes de Sal\u00f3n A.A.B.S\" aria-describedby=\"gallery-1-588\" srcset=\"https:\/\/adriansediles.es\/wp-content\/uploads\/2020\/04\/Bailes-de-Sal\u00f3n-en-Puerto-Venecia-Baila-Adri\u00e1n-Sediles-6-300x200.jpg 300w, https:\/\/adriansediles.es\/wp-content\/uploads\/2020\/04\/Bailes-de-Sal\u00f3n-en-Puerto-Venecia-Baila-Adri\u00e1n-Sediles-6-768x512.jpg 768w, https:\/\/adriansediles.es\/wp-content\/uploads\/2020\/04\/Bailes-de-Sal\u00f3n-en-Puerto-Venecia-Baila-Adri\u00e1n-Sediles-6-666x444.jpg 666w, https:\/\/adriansediles.es\/wp-content\/uploads\/2020\/04\/Bailes-de-Sal\u00f3n-en-Puerto-Venecia-Baila-Adri\u00e1n-Sediles-6.jpg 1024w\" sizes=\"(max-width: 300px) 100vw, 300px\" \/><\/a>\n\t\t\t<\/div>\n\t\t\t\t<figcaption class='wp-caption-text gallery-caption' id='gallery-1-588'>\n\t\t\t\tAsociaci\u00f3n Aragonesa de Bailes de Sal\u00f3n A.A.B.S\n\t\t\t\t<\/figcaption><\/figure><figure class='gallery-item'>\n\t\t\t<div class='gallery-icon landscape'>\n\t\t\t\t<a data-elementor-open-lightbox=\"yes\" data-elementor-lightbox-slideshow=\"dfb272e\" data-elementor-lightbox-title=\"Asociaci\u00f3n Aragonesa de Bailes de Sal\u00f3n A.A.B.S\" data-elementor-lightbox-description=\"Asociaci\u00f3n Aragonesa de Bailes de Sal\u00f3n A.A.B.S\" data-e-action-hash=\"#elementor-action%3Aaction%3Dlightbox%26settings%3DeyJpZCI6NTY4LCJ1cmwiOiJodHRwczpcL1wvYWRyaWFuc2VkaWxlcy5lc1wvd3AtY29udGVudFwvdXBsb2Fkc1wvMjAyMFwvMDRcL0Fzb2NpYWNpXHUwMGYzbi1BcmFnb25lc2EtZGUtQmFpbGVzLWRlLVNhbFx1MDBmM24tNS1BZHJpYW4tU2VkaWxlcy1FbWJpLmpwZyIsInNsaWRlc2hvdyI6ImRmYjI3MmUifQ%3D%3D\" href='https:\/\/adriansediles.es\/wp-content\/uploads\/2020\/04\/Asociaci\u00f3n-Aragonesa-de-Bailes-de-Sal\u00f3n-5-Adrian-Sediles-Embi.jpg'><img loading=\"lazy\" decoding=\"async\" width=\"300\" height=\"200\" src=\"https:\/\/adriansediles.es\/wp-content\/uploads\/2020\/04\/Asociaci\u00f3n-Aragonesa-de-Bailes-de-Sal\u00f3n-5-Adrian-Sediles-Embi-300x200.jpg\" class=\"attachment-medium size-medium\" alt=\"Asociaci\u00f3n Aragonesa de Bailes de Sal\u00f3n A.A.B.S\" aria-describedby=\"gallery-1-568\" srcset=\"https:\/\/adriansediles.es\/wp-content\/uploads\/2020\/04\/Asociaci\u00f3n-Aragonesa-de-Bailes-de-Sal\u00f3n-5-Adrian-Sediles-Embi-300x200.jpg 300w, https:\/\/adriansediles.es\/wp-content\/uploads\/2020\/04\/Asociaci\u00f3n-Aragonesa-de-Bailes-de-Sal\u00f3n-5-Adrian-Sediles-Embi-666x444.jpg 666w, https:\/\/adriansediles.es\/wp-content\/uploads\/2020\/04\/Asociaci\u00f3n-Aragonesa-de-Bailes-de-Sal\u00f3n-5-Adrian-Sediles-Embi.jpg 680w\" sizes=\"(max-width: 300px) 100vw, 300px\" \/><\/a>\n\t\t\t<\/div>\n\t\t\t\t<figcaption class='wp-caption-text gallery-caption' id='gallery-1-568'>\n\t\t\t\tAsociaci\u00f3n Aragonesa de Bailes de Sal\u00f3n A.A.B.S\n\t\t\t\t<\/figcaption><\/figure><figure class='gallery-item'>\n\t\t\t<div class='gallery-icon landscape'>\n\t\t\t\t<a data-elementor-open-lightbox=\"yes\" data-elementor-lightbox-slideshow=\"dfb272e\" data-elementor-lightbox-title=\"Asociaci\u00f3n Aragonesa de Bailes de Sal\u00f3n A.A.B.S\" data-elementor-lightbox-description=\"Asociaci\u00f3n Aragonesa de Bailes de Sal\u00f3n A.A.B.S\" data-e-action-hash=\"#elementor-action%3Aaction%3Dlightbox%26settings%3DeyJpZCI6NTY5LCJ1cmwiOiJodHRwczpcL1wvYWRyaWFuc2VkaWxlcy5lc1wvd3AtY29udGVudFwvdXBsb2Fkc1wvMjAyMFwvMDRcL0Fzb2NpYWNpXHUwMGYzbi1BcmFnb25lc2EtZGUtQmFpbGVzLWRlLVNhbFx1MDBmM24tNi1BZHJpYW4tU2VkaWxlcy1FbWJpLmpwZyIsInNsaWRlc2hvdyI6ImRmYjI3MmUifQ%3D%3D\" href='https:\/\/adriansediles.es\/wp-content\/uploads\/2020\/04\/Asociaci\u00f3n-Aragonesa-de-Bailes-de-Sal\u00f3n-6-Adrian-Sediles-Embi.jpg'><img loading=\"lazy\" decoding=\"async\" width=\"300\" height=\"200\" src=\"https:\/\/adriansediles.es\/wp-content\/uploads\/2020\/04\/Asociaci\u00f3n-Aragonesa-de-Bailes-de-Sal\u00f3n-6-Adrian-Sediles-Embi-300x200.jpg\" class=\"attachment-medium size-medium\" alt=\"Asociaci\u00f3n Aragonesa de Bailes de Sal\u00f3n A.A.B.S\" aria-describedby=\"gallery-1-569\" srcset=\"https:\/\/adriansediles.es\/wp-content\/uploads\/2020\/04\/Asociaci\u00f3n-Aragonesa-de-Bailes-de-Sal\u00f3n-6-Adrian-Sediles-Embi-300x200.jpg 300w, https:\/\/adriansediles.es\/wp-content\/uploads\/2020\/04\/Asociaci\u00f3n-Aragonesa-de-Bailes-de-Sal\u00f3n-6-Adrian-Sediles-Embi-666x444.jpg 666w, https:\/\/adriansediles.es\/wp-content\/uploads\/2020\/04\/Asociaci\u00f3n-Aragonesa-de-Bailes-de-Sal\u00f3n-6-Adrian-Sediles-Embi.jpg 680w\" sizes=\"(max-width: 300px) 100vw, 300px\" \/><\/a>\n\t\t\t<\/div>\n\t\t\t\t<figcaption class='wp-caption-text gallery-caption' id='gallery-1-569'>\n\t\t\t\tAsociaci\u00f3n Aragonesa de Bailes de Sal\u00f3n A.A.B.S\n\t\t\t\t<\/figcaption><\/figure><figure class='gallery-item'>\n\t\t\t<div class='gallery-icon landscape'>\n\t\t\t\t<a data-elementor-open-lightbox=\"yes\" data-elementor-lightbox-slideshow=\"dfb272e\" data-elementor-lightbox-title=\"Asociaci\u00f3n Aragonesa de Bailes de Sal\u00f3n A.A.B.S\" data-elementor-lightbox-description=\"Asociaci\u00f3n Aragonesa de Bailes de Sal\u00f3n A.A.B.S\" data-e-action-hash=\"#elementor-action%3Aaction%3Dlightbox%26settings%3DeyJpZCI6NTcwLCJ1cmwiOiJodHRwczpcL1wvYWRyaWFuc2VkaWxlcy5lc1wvd3AtY29udGVudFwvdXBsb2Fkc1wvMjAyMFwvMDRcL0Fzb2NpYWNpXHUwMGYzbi1BcmFnb25lc2EtZGUtQmFpbGVzLWRlLVNhbFx1MDBmM24tNy1BZHJpYW4tU2VkaWxlcy1FbWJpLmpwZyIsInNsaWRlc2hvdyI6ImRmYjI3MmUifQ%3D%3D\" href='https:\/\/adriansediles.es\/wp-content\/uploads\/2020\/04\/Asociaci\u00f3n-Aragonesa-de-Bailes-de-Sal\u00f3n-7-Adrian-Sediles-Embi.jpg'><img loading=\"lazy\" decoding=\"async\" width=\"300\" height=\"200\" src=\"https:\/\/adriansediles.es\/wp-content\/uploads\/2020\/04\/Asociaci\u00f3n-Aragonesa-de-Bailes-de-Sal\u00f3n-7-Adrian-Sediles-Embi-300x200.jpg\" class=\"attachment-medium size-medium\" alt=\"Asociaci\u00f3n Aragonesa de Bailes de Sal\u00f3n A.A.B.S\" aria-describedby=\"gallery-1-570\" srcset=\"https:\/\/adriansediles.es\/wp-content\/uploads\/2020\/04\/Asociaci\u00f3n-Aragonesa-de-Bailes-de-Sal\u00f3n-7-Adrian-Sediles-Embi-300x200.jpg 300w, https:\/\/adriansediles.es\/wp-content\/uploads\/2020\/04\/Asociaci\u00f3n-Aragonesa-de-Bailes-de-Sal\u00f3n-7-Adrian-Sediles-Embi-666x444.jpg 666w, https:\/\/adriansediles.es\/wp-content\/uploads\/2020\/04\/Asociaci\u00f3n-Aragonesa-de-Bailes-de-Sal\u00f3n-7-Adrian-Sediles-Embi.jpg 680w\" sizes=\"(max-width: 300px) 100vw, 300px\" \/><\/a>\n\t\t\t<\/div>\n\t\t\t\t<figcaption class='wp-caption-text gallery-caption' id='gallery-1-570'>\n\t\t\t\tAsociaci\u00f3n Aragonesa de Bailes de Sal\u00f3n A.A.B.S\n\t\t\t\t<\/figcaption><\/figure><figure class='gallery-item'>\n\t\t\t<div class='gallery-icon landscape'>\n\t\t\t\t<a data-elementor-open-lightbox=\"yes\" data-elementor-lightbox-slideshow=\"dfb272e\" data-elementor-lightbox-title=\"Asociaci\u00f3n Aragonesa de Bailes de Sal\u00f3n A.A.B.S\" data-elementor-lightbox-description=\"Asociaci\u00f3n Aragonesa de Bailes de Sal\u00f3n A.A.B.S\" data-e-action-hash=\"#elementor-action%3Aaction%3Dlightbox%26settings%3DeyJpZCI6NTkwLCJ1cmwiOiJodHRwczpcL1wvYWRyaWFuc2VkaWxlcy5lc1wvd3AtY29udGVudFwvdXBsb2Fkc1wvMjAyMFwvMDRcL0JhaWxlcy1kZS1TYWxcdTAwZjNuLWVuLVB1ZXJ0by1WZW5lY2lhLUJhaWxhLUFkcmlcdTAwZTFuLVNlZGlsZXMtOC5qcGciLCJzbGlkZXNob3ciOiJkZmIyNzJlIn0%3D\" href='https:\/\/adriansediles.es\/wp-content\/uploads\/2020\/04\/Bailes-de-Sal\u00f3n-en-Puerto-Venecia-Baila-Adri\u00e1n-Sediles-8.jpg'><img loading=\"lazy\" decoding=\"async\" width=\"300\" height=\"200\" src=\"https:\/\/adriansediles.es\/wp-content\/uploads\/2020\/04\/Bailes-de-Sal\u00f3n-en-Puerto-Venecia-Baila-Adri\u00e1n-Sediles-8-300x200.jpg\" class=\"attachment-medium size-medium\" alt=\"Asociaci\u00f3n Aragonesa de Bailes de Sal\u00f3n A.A.B.S\" aria-describedby=\"gallery-1-590\" srcset=\"https:\/\/adriansediles.es\/wp-content\/uploads\/2020\/04\/Bailes-de-Sal\u00f3n-en-Puerto-Venecia-Baila-Adri\u00e1n-Sediles-8-300x200.jpg 300w, https:\/\/adriansediles.es\/wp-content\/uploads\/2020\/04\/Bailes-de-Sal\u00f3n-en-Puerto-Venecia-Baila-Adri\u00e1n-Sediles-8-768x512.jpg 768w, https:\/\/adriansediles.es\/wp-content\/uploads\/2020\/04\/Bailes-de-Sal\u00f3n-en-Puerto-Venecia-Baila-Adri\u00e1n-Sediles-8-666x444.jpg 666w, https:\/\/adriansediles.es\/wp-content\/uploads\/2020\/04\/Bailes-de-Sal\u00f3n-en-Puerto-Venecia-Baila-Adri\u00e1n-Sediles-8.jpg 1024w\" sizes=\"(max-width: 300px) 100vw, 300px\" \/><\/a>\n\t\t\t<\/div>\n\t\t\t\t<figcaption class='wp-caption-text gallery-caption' id='gallery-1-590'>\n\t\t\t\tAsociaci\u00f3n Aragonesa de Bailes de Sal\u00f3n A.A.B.S\n\t\t\t\t<\/figcaption><\/figure><figure class='gallery-item'>\n\t\t\t<div class='gallery-icon landscape'>\n\t\t\t\t<a data-elementor-open-lightbox=\"yes\" data-elementor-lightbox-slideshow=\"dfb272e\" data-elementor-lightbox-title=\"Asociaci\u00f3n Aragonesa de Bailes de Sal\u00f3n A.A.B.S\" data-elementor-lightbox-description=\"Asociaci\u00f3n Aragonesa de Bailes de Sal\u00f3n A.A.B.S\" data-e-action-hash=\"#elementor-action%3Aaction%3Dlightbox%26settings%3DeyJpZCI6NTcxLCJ1cmwiOiJodHRwczpcL1wvYWRyaWFuc2VkaWxlcy5lc1wvd3AtY29udGVudFwvdXBsb2Fkc1wvMjAyMFwvMDRcL0Fzb2NpYWNpXHUwMGYzbi1BcmFnb25lc2EtZGUtQmFpbGVzLWRlLVNhbFx1MDBmM24tOC1BZHJpYW4tU2VkaWxlcy1FbWJpLmpwZyIsInNsaWRlc2hvdyI6ImRmYjI3MmUifQ%3D%3D\" href='https:\/\/adriansediles.es\/wp-content\/uploads\/2020\/04\/Asociaci\u00f3n-Aragonesa-de-Bailes-de-Sal\u00f3n-8-Adrian-Sediles-Embi.jpg'><img loading=\"lazy\" decoding=\"async\" width=\"300\" height=\"129\" src=\"https:\/\/adriansediles.es\/wp-content\/uploads\/2020\/04\/Asociaci\u00f3n-Aragonesa-de-Bailes-de-Sal\u00f3n-8-Adrian-Sediles-Embi-300x129.jpg\" class=\"attachment-medium size-medium\" alt=\"Asociaci\u00f3n Aragonesa de Bailes de Sal\u00f3n A.A.B.S\" aria-describedby=\"gallery-1-571\" srcset=\"https:\/\/adriansediles.es\/wp-content\/uploads\/2020\/04\/Asociaci\u00f3n-Aragonesa-de-Bailes-de-Sal\u00f3n-8-Adrian-Sediles-Embi-300x129.jpg 300w, https:\/\/adriansediles.es\/wp-content\/uploads\/2020\/04\/Asociaci\u00f3n-Aragonesa-de-Bailes-de-Sal\u00f3n-8-Adrian-Sediles-Embi.jpg 680w\" sizes=\"(max-width: 300px) 100vw, 300px\" \/><\/a>\n\t\t\t<\/div>\n\t\t\t\t<figcaption class='wp-caption-text gallery-caption' id='gallery-1-571'>\n\t\t\t\tAsociaci\u00f3n Aragonesa de Bailes de Sal\u00f3n A.A.B.S\n\t\t\t\t<\/figcaption><\/figure><figure class='gallery-item'>\n\t\t\t<div class='gallery-icon landscape'>\n\t\t\t\t<a data-elementor-open-lightbox=\"yes\" data-elementor-lightbox-slideshow=\"dfb272e\" data-elementor-lightbox-title=\"Asociaci\u00f3n Aragonesa de Bailes de Sal\u00f3n A.A.B.S\" data-elementor-lightbox-description=\"Asociaci\u00f3n Aragonesa de Bailes de Sal\u00f3n A.A.B.S\" data-e-action-hash=\"#elementor-action%3Aaction%3Dlightbox%26settings%3DeyJpZCI6NTcyLCJ1cmwiOiJodHRwczpcL1wvYWRyaWFuc2VkaWxlcy5lc1wvd3AtY29udGVudFwvdXBsb2Fkc1wvMjAyMFwvMDRcL0Fzb2NpYWNpXHUwMGYzbi1BcmFnb25lc2EtZGUtQmFpbGVzLWRlLVNhbFx1MDBmM24tOS1BZHJpYW4tU2VkaWxlcy1FbWJpLmpwZyIsInNsaWRlc2hvdyI6ImRmYjI3MmUifQ%3D%3D\" href='https:\/\/adriansediles.es\/wp-content\/uploads\/2020\/04\/Asociaci\u00f3n-Aragonesa-de-Bailes-de-Sal\u00f3n-9-Adrian-Sediles-Embi.jpg'><img loading=\"lazy\" decoding=\"async\" width=\"300\" height=\"73\" src=\"https:\/\/adriansediles.es\/wp-content\/uploads\/2020\/04\/Asociaci\u00f3n-Aragonesa-de-Bailes-de-Sal\u00f3n-9-Adrian-Sediles-Embi-300x73.jpg\" class=\"attachment-medium size-medium\" alt=\"Asociaci\u00f3n Aragonesa de Bailes de Sal\u00f3n A.A.B.S\" aria-describedby=\"gallery-1-572\" srcset=\"https:\/\/adriansediles.es\/wp-content\/uploads\/2020\/04\/Asociaci\u00f3n-Aragonesa-de-Bailes-de-Sal\u00f3n-9-Adrian-Sediles-Embi-300x73.jpg 300w, https:\/\/adriansediles.es\/wp-content\/uploads\/2020\/04\/Asociaci\u00f3n-Aragonesa-de-Bailes-de-Sal\u00f3n-9-Adrian-Sediles-Embi-666x165.jpg 666w, https:\/\/adriansediles.es\/wp-content\/uploads\/2020\/04\/Asociaci\u00f3n-Aragonesa-de-Bailes-de-Sal\u00f3n-9-Adrian-Sediles-Embi.jpg 680w\" sizes=\"(max-width: 300px) 100vw, 300px\" \/><\/a>\n\t\t\t<\/div>\n\t\t\t\t<figcaption class='wp-caption-text gallery-caption' id='gallery-1-572'>\n\t\t\t\tAsociaci\u00f3n Aragonesa de Bailes de Sal\u00f3n A.A.B.S\n\t\t\t\t<\/figcaption><\/figure><figure class='gallery-item'>\n\t\t\t<div class='gallery-icon landscape'>\n\t\t\t\t<a data-elementor-open-lightbox=\"yes\" data-elementor-lightbox-slideshow=\"dfb272e\" data-elementor-lightbox-title=\"Asociaci\u00f3n Aragonesa de Bailes de Sal\u00f3n A.A.B.S\" data-elementor-lightbox-description=\"Asociaci\u00f3n Aragonesa de Bailes de Sal\u00f3n A.A.B.S\" data-e-action-hash=\"#elementor-action%3Aaction%3Dlightbox%26settings%3DeyJpZCI6NTczLCJ1cmwiOiJodHRwczpcL1wvYWRyaWFuc2VkaWxlcy5lc1wvd3AtY29udGVudFwvdXBsb2Fkc1wvMjAyMFwvMDRcL0Fzb2NpYWNpXHUwMGYzbi1BcmFnb25lc2EtZGUtQmFpbGVzLWRlLVNhbFx1MDBmM24tMTAtQWRyaWFuLVNlZGlsZXMtRW1iaS5qcGciLCJzbGlkZXNob3ciOiJkZmIyNzJlIn0%3D\" href='https:\/\/adriansediles.es\/wp-content\/uploads\/2020\/04\/Asociaci\u00f3n-Aragonesa-de-Bailes-de-Sal\u00f3n-10-Adrian-Sediles-Embi.jpg'><img loading=\"lazy\" decoding=\"async\" width=\"300\" height=\"229\" src=\"https:\/\/adriansediles.es\/wp-content\/uploads\/2020\/04\/Asociaci\u00f3n-Aragonesa-de-Bailes-de-Sal\u00f3n-10-Adrian-Sediles-Embi-300x229.jpg\" class=\"attachment-medium size-medium\" alt=\"Asociaci\u00f3n Aragonesa de Bailes de Sal\u00f3n A.A.B.S\" aria-describedby=\"gallery-1-573\" srcset=\"https:\/\/adriansediles.es\/wp-content\/uploads\/2020\/04\/Asociaci\u00f3n-Aragonesa-de-Bailes-de-Sal\u00f3n-10-Adrian-Sediles-Embi-300x229.jpg 300w, https:\/\/adriansediles.es\/wp-content\/uploads\/2020\/04\/Asociaci\u00f3n-Aragonesa-de-Bailes-de-Sal\u00f3n-10-Adrian-Sediles-Embi.jpg 680w\" sizes=\"(max-width: 300px) 100vw, 300px\" \/><\/a>\n\t\t\t<\/div>\n\t\t\t\t<figcaption class='wp-caption-text gallery-caption' id='gallery-1-573'>\n\t\t\t\tAsociaci\u00f3n Aragonesa de Bailes de Sal\u00f3n A.A.B.S\n\t\t\t\t<\/figcaption><\/figure><figure class='gallery-item'>\n\t\t\t<div class='gallery-icon landscape'>\n\t\t\t\t<a data-elementor-open-lightbox=\"yes\" data-elementor-lightbox-slideshow=\"dfb272e\" data-elementor-lightbox-title=\"Asociaci\u00f3n Aragonesa de Bailes de Sal\u00f3n A.A.B.S\" data-elementor-lightbox-description=\"Asociaci\u00f3n Aragonesa de Bailes de Sal\u00f3n A.A.B.S\" data-e-action-hash=\"#elementor-action%3Aaction%3Dlightbox%26settings%3DeyJpZCI6NTc0LCJ1cmwiOiJodHRwczpcL1wvYWRyaWFuc2VkaWxlcy5lc1wvd3AtY29udGVudFwvdXBsb2Fkc1wvMjAyMFwvMDRcL0Fzb2NpYWNpXHUwMGYzbi1BcmFnb25lc2EtZGUtQmFpbGVzLWRlLVNhbFx1MDBmM24tMTEtQWRyaWFuLVNlZGlsZXMtRW1iaS5qcGciLCJzbGlkZXNob3ciOiJkZmIyNzJlIn0%3D\" href='https:\/\/adriansediles.es\/wp-content\/uploads\/2020\/04\/Asociaci\u00f3n-Aragonesa-de-Bailes-de-Sal\u00f3n-11-Adrian-Sediles-Embi.jpg'><img loading=\"lazy\" decoding=\"async\" width=\"300\" height=\"81\" src=\"https:\/\/adriansediles.es\/wp-content\/uploads\/2020\/04\/Asociaci\u00f3n-Aragonesa-de-Bailes-de-Sal\u00f3n-11-Adrian-Sediles-Embi-300x81.jpg\" class=\"attachment-medium size-medium\" alt=\"Asociaci\u00f3n Aragonesa de Bailes de Sal\u00f3n A.A.B.S\" aria-describedby=\"gallery-1-574\" srcset=\"https:\/\/adriansediles.es\/wp-content\/uploads\/2020\/04\/Asociaci\u00f3n-Aragonesa-de-Bailes-de-Sal\u00f3n-11-Adrian-Sediles-Embi-300x81.jpg 300w, https:\/\/adriansediles.es\/wp-content\/uploads\/2020\/04\/Asociaci\u00f3n-Aragonesa-de-Bailes-de-Sal\u00f3n-11-Adrian-Sediles-Embi.jpg 680w\" sizes=\"(max-width: 300px) 100vw, 300px\" \/><\/a>\n\t\t\t<\/div>\n\t\t\t\t<figcaption class='wp-caption-text gallery-caption' id='gallery-1-574'>\n\t\t\t\tAsociaci\u00f3n Aragonesa de Bailes de Sal\u00f3n A.A.B.S\n\t\t\t\t<\/figcaption><\/figure><figure class='gallery-item'>\n\t\t\t<div class='gallery-icon portrait'>\n\t\t\t\t<a data-elementor-open-lightbox=\"yes\" data-elementor-lightbox-slideshow=\"dfb272e\" data-elementor-lightbox-title=\"Asociaci\u00f3n Aragonesa de Bailes de Sal\u00f3n A.A.B.S\" data-elementor-lightbox-description=\"Asociaci\u00f3n Aragonesa de Bailes de Sal\u00f3n A.A.B.S\" data-e-action-hash=\"#elementor-action%3Aaction%3Dlightbox%26settings%3DeyJpZCI6NTc1LCJ1cmwiOiJodHRwczpcL1wvYWRyaWFuc2VkaWxlcy5lc1wvd3AtY29udGVudFwvdXBsb2Fkc1wvMjAyMFwvMDRcL0Fzb2NpYWNpXHUwMGYzbi1BcmFnb25lc2EtZGUtQmFpbGVzLWRlLVNhbFx1MDBmM24tMTItQWRyaWFuLVNlZGlsZXMtRW1iaS5qcGciLCJzbGlkZXNob3ciOiJkZmIyNzJlIn0%3D\" href='https:\/\/adriansediles.es\/wp-content\/uploads\/2020\/04\/Asociaci\u00f3n-Aragonesa-de-Bailes-de-Sal\u00f3n-12-Adrian-Sediles-Embi.jpg'><img loading=\"lazy\" decoding=\"async\" width=\"219\" height=\"300\" src=\"https:\/\/adriansediles.es\/wp-content\/uploads\/2020\/04\/Asociaci\u00f3n-Aragonesa-de-Bailes-de-Sal\u00f3n-12-Adrian-Sediles-Embi-219x300.jpg\" class=\"attachment-medium size-medium\" alt=\"Asociaci\u00f3n Aragonesa de Bailes de Sal\u00f3n A.A.B.S\" aria-describedby=\"gallery-1-575\" srcset=\"https:\/\/adriansediles.es\/wp-content\/uploads\/2020\/04\/Asociaci\u00f3n-Aragonesa-de-Bailes-de-Sal\u00f3n-12-Adrian-Sediles-Embi-219x300.jpg 219w, https:\/\/adriansediles.es\/wp-content\/uploads\/2020\/04\/Asociaci\u00f3n-Aragonesa-de-Bailes-de-Sal\u00f3n-12-Adrian-Sediles-Embi.jpg 496w\" sizes=\"(max-width: 219px) 100vw, 219px\" \/><\/a>\n\t\t\t<\/div>\n\t\t\t\t<figcaption class='wp-caption-text gallery-caption' id='gallery-1-575'>\n\t\t\t\tAsociaci\u00f3n Aragonesa de Bailes de Sal\u00f3n A.A.B.S\n\t\t\t\t<\/figcaption><\/figure><figure class='gallery-item'>\n\t\t\t<div class='gallery-icon landscape'>\n\t\t\t\t<a data-elementor-open-lightbox=\"yes\" data-elementor-lightbox-slideshow=\"dfb272e\" data-elementor-lightbox-title=\"Asociaci\u00f3n Aragonesa de Bailes de Sal\u00f3n A.A.B.S\" data-elementor-lightbox-description=\"Asociaci\u00f3n Aragonesa de Bailes de Sal\u00f3n A.A.B.S\" data-e-action-hash=\"#elementor-action%3Aaction%3Dlightbox%26settings%3DeyJpZCI6NTc2LCJ1cmwiOiJodHRwczpcL1wvYWRyaWFuc2VkaWxlcy5lc1wvd3AtY29udGVudFwvdXBsb2Fkc1wvMjAyMFwvMDRcL0Fzb2NpYWNpXHUwMGYzbi1BcmFnb25lc2EtZGUtQmFpbGVzLWRlLVNhbFx1MDBmM24tMTMtQWRyaWFuLVNlZGlsZXMtRW1iaS5qcGciLCJzbGlkZXNob3ciOiJkZmIyNzJlIn0%3D\" href='https:\/\/adriansediles.es\/wp-content\/uploads\/2020\/04\/Asociaci\u00f3n-Aragonesa-de-Bailes-de-Sal\u00f3n-13-Adrian-Sediles-Embi.jpg'><img loading=\"lazy\" decoding=\"async\" width=\"300\" height=\"200\" src=\"https:\/\/adriansediles.es\/wp-content\/uploads\/2020\/04\/Asociaci\u00f3n-Aragonesa-de-Bailes-de-Sal\u00f3n-13-Adrian-Sediles-Embi-300x200.jpg\" class=\"attachment-medium size-medium\" alt=\"Asociaci\u00f3n Aragonesa de Bailes de Sal\u00f3n A.A.B.S\" aria-describedby=\"gallery-1-576\" srcset=\"https:\/\/adriansediles.es\/wp-content\/uploads\/2020\/04\/Asociaci\u00f3n-Aragonesa-de-Bailes-de-Sal\u00f3n-13-Adrian-Sediles-Embi-300x200.jpg 300w, https:\/\/adriansediles.es\/wp-content\/uploads\/2020\/04\/Asociaci\u00f3n-Aragonesa-de-Bailes-de-Sal\u00f3n-13-Adrian-Sediles-Embi-666x444.jpg 666w, https:\/\/adriansediles.es\/wp-content\/uploads\/2020\/04\/Asociaci\u00f3n-Aragonesa-de-Bailes-de-Sal\u00f3n-13-Adrian-Sediles-Embi.jpg 680w\" sizes=\"(max-width: 300px) 100vw, 300px\" \/><\/a>\n\t\t\t<\/div>\n\t\t\t\t<figcaption class='wp-caption-text gallery-caption' id='gallery-1-576'>\n\t\t\t\tAsociaci\u00f3n Aragonesa de Bailes de Sal\u00f3n A.A.B.S\n\t\t\t\t<\/figcaption><\/figure><figure class='gallery-item'>\n\t\t\t<div class='gallery-icon landscape'>\n\t\t\t\t<a data-elementor-open-lightbox=\"yes\" data-elementor-lightbox-slideshow=\"dfb272e\" data-elementor-lightbox-title=\"Asociaci\u00f3n Aragonesa de Bailes de Sal\u00f3n A.A.B.S\" data-elementor-lightbox-description=\"Asociaci\u00f3n Aragonesa de Bailes de Sal\u00f3n A.A.B.S\" data-e-action-hash=\"#elementor-action%3Aaction%3Dlightbox%26settings%3DeyJpZCI6NTc3LCJ1cmwiOiJodHRwczpcL1wvYWRyaWFuc2VkaWxlcy5lc1wvd3AtY29udGVudFwvdXBsb2Fkc1wvMjAyMFwvMDRcL0Fzb2NpYWNpXHUwMGYzbi1BcmFnb25lc2EtZGUtQmFpbGVzLWRlLVNhbFx1MDBmM24tMTQtQWRyaWFuLVNlZGlsZXMtRW1iaS5qcGciLCJzbGlkZXNob3ciOiJkZmIyNzJlIn0%3D\" href='https:\/\/adriansediles.es\/wp-content\/uploads\/2020\/04\/Asociaci\u00f3n-Aragonesa-de-Bailes-de-Sal\u00f3n-14-Adrian-Sediles-Embi.jpg'><img loading=\"lazy\" decoding=\"async\" width=\"300\" height=\"98\" src=\"https:\/\/adriansediles.es\/wp-content\/uploads\/2020\/04\/Asociaci\u00f3n-Aragonesa-de-Bailes-de-Sal\u00f3n-14-Adrian-Sediles-Embi-300x98.jpg\" class=\"attachment-medium size-medium\" alt=\"Asociaci\u00f3n Aragonesa de Bailes de Sal\u00f3n A.A.B.S\" aria-describedby=\"gallery-1-577\" srcset=\"https:\/\/adriansediles.es\/wp-content\/uploads\/2020\/04\/Asociaci\u00f3n-Aragonesa-de-Bailes-de-Sal\u00f3n-14-Adrian-Sediles-Embi-300x98.jpg 300w, https:\/\/adriansediles.es\/wp-content\/uploads\/2020\/04\/Asociaci\u00f3n-Aragonesa-de-Bailes-de-Sal\u00f3n-14-Adrian-Sediles-Embi.jpg 680w\" sizes=\"(max-width: 300px) 100vw, 300px\" \/><\/a>\n\t\t\t<\/div>\n\t\t\t\t<figcaption class='wp-caption-text gallery-caption' id='gallery-1-577'>\n\t\t\t\tAsociaci\u00f3n Aragonesa de Bailes de Sal\u00f3n A.A.B.S\n\t\t\t\t<\/figcaption><\/figure><figure class='gallery-item'>\n\t\t\t<div class='gallery-icon portrait'>\n\t\t\t\t<a data-elementor-open-lightbox=\"yes\" data-elementor-lightbox-slideshow=\"dfb272e\" data-elementor-lightbox-title=\"Asociaci\u00f3n Aragonesa de Bailes de Sal\u00f3n A.A.B.S\" data-elementor-lightbox-description=\"Asociaci\u00f3n Aragonesa de Bailes de Sal\u00f3n A.A.B.S\" data-e-action-hash=\"#elementor-action%3Aaction%3Dlightbox%26settings%3DeyJpZCI6NTc4LCJ1cmwiOiJodHRwczpcL1wvYWRyaWFuc2VkaWxlcy5lc1wvd3AtY29udGVudFwvdXBsb2Fkc1wvMjAyMFwvMDRcL0Fzb2NpYWNpXHUwMGYzbi1BcmFnb25lc2EtZGUtQmFpbGVzLWRlLVNhbFx1MDBmM24tMTUtQWRyaWFuLVNlZGlsZXMtRW1iaS5qcGciLCJzbGlkZXNob3ciOiJkZmIyNzJlIn0%3D\" href='https:\/\/adriansediles.es\/wp-content\/uploads\/2020\/04\/Asociaci\u00f3n-Aragonesa-de-Bailes-de-Sal\u00f3n-15-Adrian-Sediles-Embi.jpg'><img loading=\"lazy\" decoding=\"async\" width=\"200\" height=\"300\" src=\"https:\/\/adriansediles.es\/wp-content\/uploads\/2020\/04\/Asociaci\u00f3n-Aragonesa-de-Bailes-de-Sal\u00f3n-15-Adrian-Sediles-Embi-200x300.jpg\" class=\"attachment-medium size-medium\" alt=\"Asociaci\u00f3n Aragonesa de Bailes de Sal\u00f3n A.A.B.S\" aria-describedby=\"gallery-1-578\" srcset=\"https:\/\/adriansediles.es\/wp-content\/uploads\/2020\/04\/Asociaci\u00f3n-Aragonesa-de-Bailes-de-Sal\u00f3n-15-Adrian-Sediles-Embi-200x300.jpg 200w, https:\/\/adriansediles.es\/wp-content\/uploads\/2020\/04\/Asociaci\u00f3n-Aragonesa-de-Bailes-de-Sal\u00f3n-15-Adrian-Sediles-Embi.jpg 453w\" sizes=\"(max-width: 200px) 100vw, 200px\" \/><\/a>\n\t\t\t<\/div>\n\t\t\t\t<figcaption class='wp-caption-text gallery-caption' id='gallery-1-578'>\n\t\t\t\tAsociaci\u00f3n Aragonesa de Bailes de Sal\u00f3n A.A.B.S\n\t\t\t\t<\/figcaption><\/figure><figure class='gallery-item'>\n\t\t\t<div class='gallery-icon landscape'>\n\t\t\t\t<a data-elementor-open-lightbox=\"yes\" data-elementor-lightbox-slideshow=\"dfb272e\" data-elementor-lightbox-title=\"Asociaci\u00f3n Aragonesa de Bailes de Sal\u00f3n A.A.B.S\" data-elementor-lightbox-description=\"Asociaci\u00f3n Aragonesa de Bailes de Sal\u00f3n A.A.B.S\" data-e-action-hash=\"#elementor-action%3Aaction%3Dlightbox%26settings%3DeyJpZCI6NTgwLCJ1cmwiOiJodHRwczpcL1wvYWRyaWFuc2VkaWxlcy5lc1wvd3AtY29udGVudFwvdXBsb2Fkc1wvMjAyMFwvMDRcL0Fzb2NpYWNpXHUwMGYzbi1BcmFnb25lc2EtZGUtQmFpbGVzLWRlLVNhbFx1MDBmM24tMTctQWRyaWFuLVNlZGlsZXMtRW1iaS5qcGciLCJzbGlkZXNob3ciOiJkZmIyNzJlIn0%3D\" href='https:\/\/adriansediles.es\/wp-content\/uploads\/2020\/04\/Asociaci\u00f3n-Aragonesa-de-Bailes-de-Sal\u00f3n-17-Adrian-Sediles-Embi.jpg'><img loading=\"lazy\" decoding=\"async\" width=\"300\" height=\"200\" src=\"https:\/\/adriansediles.es\/wp-content\/uploads\/2020\/04\/Asociaci\u00f3n-Aragonesa-de-Bailes-de-Sal\u00f3n-17-Adrian-Sediles-Embi-300x200.jpg\" class=\"attachment-medium size-medium\" alt=\"Asociaci\u00f3n Aragonesa de Bailes de Sal\u00f3n A.A.B.S\" aria-describedby=\"gallery-1-580\" srcset=\"https:\/\/adriansediles.es\/wp-content\/uploads\/2020\/04\/Asociaci\u00f3n-Aragonesa-de-Bailes-de-Sal\u00f3n-17-Adrian-Sediles-Embi-300x200.jpg 300w, https:\/\/adriansediles.es\/wp-content\/uploads\/2020\/04\/Asociaci\u00f3n-Aragonesa-de-Bailes-de-Sal\u00f3n-17-Adrian-Sediles-Embi-666x444.jpg 666w, https:\/\/adriansediles.es\/wp-content\/uploads\/2020\/04\/Asociaci\u00f3n-Aragonesa-de-Bailes-de-Sal\u00f3n-17-Adrian-Sediles-Embi.jpg 680w\" sizes=\"(max-width: 300px) 100vw, 300px\" \/><\/a>\n\t\t\t<\/div>\n\t\t\t\t<figcaption class='wp-caption-text gallery-caption' id='gallery-1-580'>\n\t\t\t\tAsociaci\u00f3n Aragonesa de Bailes de Sal\u00f3n A.A.B.S\n\t\t\t\t<\/figcaption><\/figure><figure class='gallery-item'>\n\t\t\t<div class='gallery-icon landscape'>\n\t\t\t\t<a data-elementor-open-lightbox=\"yes\" data-elementor-lightbox-slideshow=\"dfb272e\" data-elementor-lightbox-title=\"Asociaci\u00f3n Aragonesa de Bailes de Sal\u00f3n A.A.B.S\" data-elementor-lightbox-description=\"Asociaci\u00f3n Aragonesa de Bailes de Sal\u00f3n A.A.B.S\" data-e-action-hash=\"#elementor-action%3Aaction%3Dlightbox%26settings%3DeyJpZCI6NTgxLCJ1cmwiOiJodHRwczpcL1wvYWRyaWFuc2VkaWxlcy5lc1wvd3AtY29udGVudFwvdXBsb2Fkc1wvMjAyMFwvMDRcL0Fzb2NpYWNpXHUwMGYzbi1BcmFnb25lc2EtZGUtQmFpbGVzLWRlLVNhbFx1MDBmM24tMTgtQWRyaWFuLVNlZGlsZXMtRW1iaS5qcGciLCJzbGlkZXNob3ciOiJkZmIyNzJlIn0%3D\" href='https:\/\/adriansediles.es\/wp-content\/uploads\/2020\/04\/Asociaci\u00f3n-Aragonesa-de-Bailes-de-Sal\u00f3n-18-Adrian-Sediles-Embi.jpg'><img loading=\"lazy\" decoding=\"async\" width=\"300\" height=\"216\" src=\"https:\/\/adriansediles.es\/wp-content\/uploads\/2020\/04\/Asociaci\u00f3n-Aragonesa-de-Bailes-de-Sal\u00f3n-18-Adrian-Sediles-Embi-300x216.jpg\" class=\"attachment-medium size-medium\" alt=\"Asociaci\u00f3n Aragonesa de Bailes de Sal\u00f3n A.A.B.S\" aria-describedby=\"gallery-1-581\" srcset=\"https:\/\/adriansediles.es\/wp-content\/uploads\/2020\/04\/Asociaci\u00f3n-Aragonesa-de-Bailes-de-Sal\u00f3n-18-Adrian-Sediles-Embi-300x216.jpg 300w, https:\/\/adriansediles.es\/wp-content\/uploads\/2020\/04\/Asociaci\u00f3n-Aragonesa-de-Bailes-de-Sal\u00f3n-18-Adrian-Sediles-Embi.jpg 680w\" sizes=\"(max-width: 300px) 100vw, 300px\" \/><\/a>\n\t\t\t<\/div>\n\t\t\t\t<figcaption class='wp-caption-text gallery-caption' id='gallery-1-581'>\n\t\t\t\tAsociaci\u00f3n Aragonesa de Bailes de Sal\u00f3n A.A.B.S\n\t\t\t\t<\/figcaption><\/figure><figure class='gallery-item'>\n\t\t\t<div class='gallery-icon landscape'>\n\t\t\t\t<a data-elementor-open-lightbox=\"yes\" data-elementor-lightbox-slideshow=\"dfb272e\" data-elementor-lightbox-title=\"Asociaci\u00f3n Aragonesa de Bailes de Sal\u00f3n A.A.B.S\" data-elementor-lightbox-description=\"Asociaci\u00f3n Aragonesa de Bailes de Sal\u00f3n A.A.B.S\" data-e-action-hash=\"#elementor-action%3Aaction%3Dlightbox%26settings%3DeyJpZCI6NTgyLCJ1cmwiOiJodHRwczpcL1wvYWRyaWFuc2VkaWxlcy5lc1wvd3AtY29udGVudFwvdXBsb2Fkc1wvMjAyMFwvMDRcL0Fzb2NpYWNpXHUwMGYzbi1BcmFnb25lc2EtZGUtQmFpbGVzLWRlLVNhbFx1MDBmM24tMTktQWRyaWFuLVNlZGlsZXMtRW1iaS0xLmpwZyIsInNsaWRlc2hvdyI6ImRmYjI3MmUifQ%3D%3D\" href='https:\/\/adriansediles.es\/wp-content\/uploads\/2020\/04\/Asociaci\u00f3n-Aragonesa-de-Bailes-de-Sal\u00f3n-19-Adrian-Sediles-Embi-1.jpg'><img loading=\"lazy\" decoding=\"async\" width=\"300\" height=\"200\" src=\"https:\/\/adriansediles.es\/wp-content\/uploads\/2020\/04\/Asociaci\u00f3n-Aragonesa-de-Bailes-de-Sal\u00f3n-19-Adrian-Sediles-Embi-1-300x200.jpg\" class=\"attachment-medium size-medium\" alt=\"Asociaci\u00f3n Aragonesa de Bailes de Sal\u00f3n A.A.B.S\" aria-describedby=\"gallery-1-582\" srcset=\"https:\/\/adriansediles.es\/wp-content\/uploads\/2020\/04\/Asociaci\u00f3n-Aragonesa-de-Bailes-de-Sal\u00f3n-19-Adrian-Sediles-Embi-1-300x200.jpg 300w, https:\/\/adriansediles.es\/wp-content\/uploads\/2020\/04\/Asociaci\u00f3n-Aragonesa-de-Bailes-de-Sal\u00f3n-19-Adrian-Sediles-Embi-1-768x512.jpg 768w, https:\/\/adriansediles.es\/wp-content\/uploads\/2020\/04\/Asociaci\u00f3n-Aragonesa-de-Bailes-de-Sal\u00f3n-19-Adrian-Sediles-Embi-1-666x444.jpg 666w, https:\/\/adriansediles.es\/wp-content\/uploads\/2020\/04\/Asociaci\u00f3n-Aragonesa-de-Bailes-de-Sal\u00f3n-19-Adrian-Sediles-Embi-1.jpg 1024w\" sizes=\"(max-width: 300px) 100vw, 300px\" \/><\/a>\n\t\t\t<\/div>\n\t\t\t\t<figcaption class='wp-caption-text gallery-caption' id='gallery-1-582'>\n\t\t\t\tAsociaci\u00f3n Aragonesa de Bailes de Sal\u00f3n A.A.B.S\n\t\t\t\t<\/figcaption><\/figure><figure class='gallery-item'>\n\t\t\t<div class='gallery-icon landscape'>\n\t\t\t\t<a data-elementor-open-lightbox=\"yes\" data-elementor-lightbox-slideshow=\"dfb272e\" data-elementor-lightbox-title=\"Asociaci\u00f3n Aragonesa de Bailes de Sal\u00f3n A.A.B.S\" data-elementor-lightbox-description=\"Asociaci\u00f3n Aragonesa de Bailes de Sal\u00f3n A.A.B.S\" data-e-action-hash=\"#elementor-action%3Aaction%3Dlightbox%26settings%3DeyJpZCI6NTgzLCJ1cmwiOiJodHRwczpcL1wvYWRyaWFuc2VkaWxlcy5lc1wvd3AtY29udGVudFwvdXBsb2Fkc1wvMjAyMFwvMDRcL0JhaWxlcy1kZS1TYWxcdTAwZjNuLWVuLVB1ZXJ0by1WZW5lY2lhLUJhaWxhLUFkcmlcdTAwZTFuLVNlZGlsZXMtMS5qcGciLCJzbGlkZXNob3ciOiJkZmIyNzJlIn0%3D\" href='https:\/\/adriansediles.es\/wp-content\/uploads\/2020\/04\/Bailes-de-Sal\u00f3n-en-Puerto-Venecia-Baila-Adri\u00e1n-Sediles-1.jpg'><img loading=\"lazy\" decoding=\"async\" width=\"300\" height=\"200\" src=\"https:\/\/adriansediles.es\/wp-content\/uploads\/2020\/04\/Bailes-de-Sal\u00f3n-en-Puerto-Venecia-Baila-Adri\u00e1n-Sediles-1-300x200.jpg\" class=\"attachment-medium size-medium\" alt=\"Asociaci\u00f3n Aragonesa de Bailes de Sal\u00f3n A.A.B.S\" aria-describedby=\"gallery-1-583\" srcset=\"https:\/\/adriansediles.es\/wp-content\/uploads\/2020\/04\/Bailes-de-Sal\u00f3n-en-Puerto-Venecia-Baila-Adri\u00e1n-Sediles-1-300x200.jpg 300w, https:\/\/adriansediles.es\/wp-content\/uploads\/2020\/04\/Bailes-de-Sal\u00f3n-en-Puerto-Venecia-Baila-Adri\u00e1n-Sediles-1-768x512.jpg 768w, https:\/\/adriansediles.es\/wp-content\/uploads\/2020\/04\/Bailes-de-Sal\u00f3n-en-Puerto-Venecia-Baila-Adri\u00e1n-Sediles-1-666x444.jpg 666w, https:\/\/adriansediles.es\/wp-content\/uploads\/2020\/04\/Bailes-de-Sal\u00f3n-en-Puerto-Venecia-Baila-Adri\u00e1n-Sediles-1.jpg 1024w\" sizes=\"(max-width: 300px) 100vw, 300px\" \/><\/a>\n\t\t\t<\/div>\n\t\t\t\t<figcaption class='wp-caption-text gallery-caption' id='gallery-1-583'>\n\t\t\t\tAsociaci\u00f3n Aragonesa de Bailes de Sal\u00f3n A.A.B.S\n\t\t\t\t<\/figcaption><\/figure><figure class='gallery-item'>\n\t\t\t<div class='gallery-icon landscape'>\n\t\t\t\t<a data-elementor-open-lightbox=\"yes\" data-elementor-lightbox-slideshow=\"dfb272e\" data-elementor-lightbox-title=\"Asociaci\u00f3n Aragonesa de Bailes de Sal\u00f3n A.A.B.S\" data-elementor-lightbox-description=\"Asociaci\u00f3n Aragonesa de Bailes de Sal\u00f3n A.A.B.S\" data-e-action-hash=\"#elementor-action%3Aaction%3Dlightbox%26settings%3DeyJpZCI6NTg0LCJ1cmwiOiJodHRwczpcL1wvYWRyaWFuc2VkaWxlcy5lc1wvd3AtY29udGVudFwvdXBsb2Fkc1wvMjAyMFwvMDRcL0JhaWxlcy1kZS1TYWxcdTAwZjNuLWVuLVB1ZXJ0by1WZW5lY2lhLUJhaWxhLUFkcmlcdTAwZTFuLVNlZGlsZXMtMi5qcGciLCJzbGlkZXNob3ciOiJkZmIyNzJlIn0%3D\" href='https:\/\/adriansediles.es\/wp-content\/uploads\/2020\/04\/Bailes-de-Sal\u00f3n-en-Puerto-Venecia-Baila-Adri\u00e1n-Sediles-2.jpg'><img loading=\"lazy\" decoding=\"async\" width=\"300\" height=\"200\" src=\"https:\/\/adriansediles.es\/wp-content\/uploads\/2020\/04\/Bailes-de-Sal\u00f3n-en-Puerto-Venecia-Baila-Adri\u00e1n-Sediles-2-300x200.jpg\" class=\"attachment-medium size-medium\" alt=\"Asociaci\u00f3n Aragonesa de Bailes de Sal\u00f3n A.A.B.S\" aria-describedby=\"gallery-1-584\" srcset=\"https:\/\/adriansediles.es\/wp-content\/uploads\/2020\/04\/Bailes-de-Sal\u00f3n-en-Puerto-Venecia-Baila-Adri\u00e1n-Sediles-2-300x200.jpg 300w, https:\/\/adriansediles.es\/wp-content\/uploads\/2020\/04\/Bailes-de-Sal\u00f3n-en-Puerto-Venecia-Baila-Adri\u00e1n-Sediles-2-768x512.jpg 768w, https:\/\/adriansediles.es\/wp-content\/uploads\/2020\/04\/Bailes-de-Sal\u00f3n-en-Puerto-Venecia-Baila-Adri\u00e1n-Sediles-2-666x444.jpg 666w, https:\/\/adriansediles.es\/wp-content\/uploads\/2020\/04\/Bailes-de-Sal\u00f3n-en-Puerto-Venecia-Baila-Adri\u00e1n-Sediles-2.jpg 1024w\" sizes=\"(max-width: 300px) 100vw, 300px\" \/><\/a>\n\t\t\t<\/div>\n\t\t\t\t<figcaption class='wp-caption-text gallery-caption' id='gallery-1-584'>\n\t\t\t\tAsociaci\u00f3n Aragonesa de Bailes de Sal\u00f3n A.A.B.S\n\t\t\t\t<\/figcaption><\/figure><figure class='gallery-item'>\n\t\t\t<div class='gallery-icon landscape'>\n\t\t\t\t<a data-elementor-open-lightbox=\"yes\" data-elementor-lightbox-slideshow=\"dfb272e\" data-elementor-lightbox-title=\"Asociaci\u00f3n Aragonesa de Bailes de Sal\u00f3n A.A.B.S\" data-elementor-lightbox-description=\"Asociaci\u00f3n Aragonesa de Bailes de Sal\u00f3n A.A.B.S\" data-e-action-hash=\"#elementor-action%3Aaction%3Dlightbox%26settings%3DeyJpZCI6NTg1LCJ1cmwiOiJodHRwczpcL1wvYWRyaWFuc2VkaWxlcy5lc1wvd3AtY29udGVudFwvdXBsb2Fkc1wvMjAyMFwvMDRcL0JhaWxlcy1kZS1TYWxcdTAwZjNuLWVuLVB1ZXJ0by1WZW5lY2lhLUJhaWxhLUFkcmlcdTAwZTFuLVNlZGlsZXMtMy5qcGciLCJzbGlkZXNob3ciOiJkZmIyNzJlIn0%3D\" href='https:\/\/adriansediles.es\/wp-content\/uploads\/2020\/04\/Bailes-de-Sal\u00f3n-en-Puerto-Venecia-Baila-Adri\u00e1n-Sediles-3.jpg'><img loading=\"lazy\" decoding=\"async\" width=\"300\" height=\"200\" src=\"https:\/\/adriansediles.es\/wp-content\/uploads\/2020\/04\/Bailes-de-Sal\u00f3n-en-Puerto-Venecia-Baila-Adri\u00e1n-Sediles-3-300x200.jpg\" class=\"attachment-medium size-medium\" alt=\"Asociaci\u00f3n Aragonesa de Bailes de Sal\u00f3n A.A.B.S\" aria-describedby=\"gallery-1-585\" srcset=\"https:\/\/adriansediles.es\/wp-content\/uploads\/2020\/04\/Bailes-de-Sal\u00f3n-en-Puerto-Venecia-Baila-Adri\u00e1n-Sediles-3-300x200.jpg 300w, https:\/\/adriansediles.es\/wp-content\/uploads\/2020\/04\/Bailes-de-Sal\u00f3n-en-Puerto-Venecia-Baila-Adri\u00e1n-Sediles-3-768x512.jpg 768w, https:\/\/adriansediles.es\/wp-content\/uploads\/2020\/04\/Bailes-de-Sal\u00f3n-en-Puerto-Venecia-Baila-Adri\u00e1n-Sediles-3-666x444.jpg 666w, https:\/\/adriansediles.es\/wp-content\/uploads\/2020\/04\/Bailes-de-Sal\u00f3n-en-Puerto-Venecia-Baila-Adri\u00e1n-Sediles-3.jpg 1024w\" sizes=\"(max-width: 300px) 100vw, 300px\" \/><\/a>\n\t\t\t<\/div>\n\t\t\t\t<figcaption class='wp-caption-text gallery-caption' id='gallery-1-585'>\n\t\t\t\tAsociaci\u00f3n Aragonesa de Bailes de Sal\u00f3n A.A.B.S\n\t\t\t\t<\/figcaption><\/figure><figure class='gallery-item'>\n\t\t\t<div class='gallery-icon landscape'>\n\t\t\t\t<a data-elementor-open-lightbox=\"yes\" data-elementor-lightbox-slideshow=\"dfb272e\" data-elementor-lightbox-title=\"Asociaci\u00f3n Aragonesa de Bailes de Sal\u00f3n A.A.B.S\" data-elementor-lightbox-description=\"Asociaci\u00f3n Aragonesa de Bailes de Sal\u00f3n A.A.B.S\" data-e-action-hash=\"#elementor-action%3Aaction%3Dlightbox%26settings%3DeyJpZCI6NTg2LCJ1cmwiOiJodHRwczpcL1wvYWRyaWFuc2VkaWxlcy5lc1wvd3AtY29udGVudFwvdXBsb2Fkc1wvMjAyMFwvMDRcL0JhaWxlcy1kZS1TYWxcdTAwZjNuLWVuLVB1ZXJ0by1WZW5lY2lhLUJhaWxhLUFkcmlcdTAwZTFuLVNlZGlsZXMtNC5qcGciLCJzbGlkZXNob3ciOiJkZmIyNzJlIn0%3D\" href='https:\/\/adriansediles.es\/wp-content\/uploads\/2020\/04\/Bailes-de-Sal\u00f3n-en-Puerto-Venecia-Baila-Adri\u00e1n-Sediles-4.jpg'><img loading=\"lazy\" decoding=\"async\" width=\"300\" height=\"200\" src=\"https:\/\/adriansediles.es\/wp-content\/uploads\/2020\/04\/Bailes-de-Sal\u00f3n-en-Puerto-Venecia-Baila-Adri\u00e1n-Sediles-4-300x200.jpg\" class=\"attachment-medium size-medium\" alt=\"Asociaci\u00f3n Aragonesa de Bailes de Sal\u00f3n A.A.B.S\" aria-describedby=\"gallery-1-586\" srcset=\"https:\/\/adriansediles.es\/wp-content\/uploads\/2020\/04\/Bailes-de-Sal\u00f3n-en-Puerto-Venecia-Baila-Adri\u00e1n-Sediles-4-300x200.jpg 300w, https:\/\/adriansediles.es\/wp-content\/uploads\/2020\/04\/Bailes-de-Sal\u00f3n-en-Puerto-Venecia-Baila-Adri\u00e1n-Sediles-4-768x512.jpg 768w, https:\/\/adriansediles.es\/wp-content\/uploads\/2020\/04\/Bailes-de-Sal\u00f3n-en-Puerto-Venecia-Baila-Adri\u00e1n-Sediles-4-666x444.jpg 666w, https:\/\/adriansediles.es\/wp-content\/uploads\/2020\/04\/Bailes-de-Sal\u00f3n-en-Puerto-Venecia-Baila-Adri\u00e1n-Sediles-4.jpg 1024w\" sizes=\"(max-width: 300px) 100vw, 300px\" \/><\/a>\n\t\t\t<\/div>\n\t\t\t\t<figcaption class='wp-caption-text gallery-caption' id='gallery-1-586'>\n\t\t\t\tAsociaci\u00f3n Aragonesa de Bailes de Sal\u00f3n A.A.B.S\n\t\t\t\t<\/figcaption><\/figure><figure class='gallery-item'>\n\t\t\t<div class='gallery-icon landscape'>\n\t\t\t\t<a data-elementor-open-lightbox=\"yes\" data-elementor-lightbox-slideshow=\"dfb272e\" data-elementor-lightbox-title=\"Asociaci\u00f3n Aragonesa de Bailes de Sal\u00f3n A.A.B.S\" data-elementor-lightbox-description=\"Asociaci\u00f3n Aragonesa de Bailes de Sal\u00f3n A.A.B.S\" data-e-action-hash=\"#elementor-action%3Aaction%3Dlightbox%26settings%3DeyJpZCI6NTg3LCJ1cmwiOiJodHRwczpcL1wvYWRyaWFuc2VkaWxlcy5lc1wvd3AtY29udGVudFwvdXBsb2Fkc1wvMjAyMFwvMDRcL0JhaWxlcy1kZS1TYWxcdTAwZjNuLWVuLVB1ZXJ0by1WZW5lY2lhLUJhaWxhLUFkcmlcdTAwZTFuLVNlZGlsZXMtNS5qcGciLCJzbGlkZXNob3ciOiJkZmIyNzJlIn0%3D\" href='https:\/\/adriansediles.es\/wp-content\/uploads\/2020\/04\/Bailes-de-Sal\u00f3n-en-Puerto-Venecia-Baila-Adri\u00e1n-Sediles-5.jpg'><img loading=\"lazy\" decoding=\"async\" width=\"300\" height=\"200\" src=\"https:\/\/adriansediles.es\/wp-content\/uploads\/2020\/04\/Bailes-de-Sal\u00f3n-en-Puerto-Venecia-Baila-Adri\u00e1n-Sediles-5-300x200.jpg\" class=\"attachment-medium size-medium\" alt=\"Asociaci\u00f3n Aragonesa de Bailes de Sal\u00f3n A.A.B.S\" aria-describedby=\"gallery-1-587\" srcset=\"https:\/\/adriansediles.es\/wp-content\/uploads\/2020\/04\/Bailes-de-Sal\u00f3n-en-Puerto-Venecia-Baila-Adri\u00e1n-Sediles-5-300x200.jpg 300w, https:\/\/adriansediles.es\/wp-content\/uploads\/2020\/04\/Bailes-de-Sal\u00f3n-en-Puerto-Venecia-Baila-Adri\u00e1n-Sediles-5-768x512.jpg 768w, https:\/\/adriansediles.es\/wp-content\/uploads\/2020\/04\/Bailes-de-Sal\u00f3n-en-Puerto-Venecia-Baila-Adri\u00e1n-Sediles-5-666x444.jpg 666w, https:\/\/adriansediles.es\/wp-content\/uploads\/2020\/04\/Bailes-de-Sal\u00f3n-en-Puerto-Venecia-Baila-Adri\u00e1n-Sediles-5.jpg 1024w\" sizes=\"(max-width: 300px) 100vw, 300px\" \/><\/a>\n\t\t\t<\/div>\n\t\t\t\t<figcaption class='wp-caption-text gallery-caption' id='gallery-1-587'>\n\t\t\t\tAsociaci\u00f3n Aragonesa de Bailes de Sal\u00f3n A.A.B.S\n\t\t\t\t<\/figcaption><\/figure><figure class='gallery-item'>\n\t\t\t<div class='gallery-icon landscape'>\n\t\t\t\t<a data-elementor-open-lightbox=\"yes\" data-elementor-lightbox-slideshow=\"dfb272e\" data-elementor-lightbox-title=\"Asociaci\u00f3n Aragonesa de Bailes de Sal\u00f3n A.A.B.S\" data-elementor-lightbox-description=\"Asociaci\u00f3n Aragonesa de Bailes de Sal\u00f3n A.A.B.S\" data-e-action-hash=\"#elementor-action%3Aaction%3Dlightbox%26settings%3DeyJpZCI6NTkyLCJ1cmwiOiJodHRwczpcL1wvYWRyaWFuc2VkaWxlcy5lc1wvd3AtY29udGVudFwvdXBsb2Fkc1wvMjAyMFwvMDRcL0JhaWxlcy1kZS1TYWxcdTAwZjNuLWVuLVB1ZXJ0by1WZW5lY2lhLUJhaWxhLUFkcmlcdTAwZTFuLVNlZGlsZXMtMTAuanBnIiwic2xpZGVzaG93IjoiZGZiMjcyZSJ9\" href='https:\/\/adriansediles.es\/wp-content\/uploads\/2020\/04\/Bailes-de-Sal\u00f3n-en-Puerto-Venecia-Baila-Adri\u00e1n-Sediles-10.jpg'><img loading=\"lazy\" decoding=\"async\" width=\"300\" height=\"200\" src=\"https:\/\/adriansediles.es\/wp-content\/uploads\/2020\/04\/Bailes-de-Sal\u00f3n-en-Puerto-Venecia-Baila-Adri\u00e1n-Sediles-10-300x200.jpg\" class=\"attachment-medium size-medium\" alt=\"Asociaci\u00f3n Aragonesa de Bailes de Sal\u00f3n A.A.B.S\" aria-describedby=\"gallery-1-592\" srcset=\"https:\/\/adriansediles.es\/wp-content\/uploads\/2020\/04\/Bailes-de-Sal\u00f3n-en-Puerto-Venecia-Baila-Adri\u00e1n-Sediles-10-300x200.jpg 300w, https:\/\/adriansediles.es\/wp-content\/uploads\/2020\/04\/Bailes-de-Sal\u00f3n-en-Puerto-Venecia-Baila-Adri\u00e1n-Sediles-10-768x512.jpg 768w, https:\/\/adriansediles.es\/wp-content\/uploads\/2020\/04\/Bailes-de-Sal\u00f3n-en-Puerto-Venecia-Baila-Adri\u00e1n-Sediles-10-666x444.jpg 666w, https:\/\/adriansediles.es\/wp-content\/uploads\/2020\/04\/Bailes-de-Sal\u00f3n-en-Puerto-Venecia-Baila-Adri\u00e1n-Sediles-10.jpg 1024w\" sizes=\"(max-width: 300px) 100vw, 300px\" \/><\/a>\n\t\t\t<\/div>\n\t\t\t\t<figcaption class='wp-caption-text gallery-caption' id='gallery-1-592'>\n\t\t\t\tAsociaci\u00f3n Aragonesa de Bailes de Sal\u00f3n A.A.B.S\n\t\t\t\t<\/figcaption><\/figure><figure class='gallery-item'>\n\t\t\t<div class='gallery-icon portrait'>\n\t\t\t\t<a data-elementor-open-lightbox=\"yes\" data-elementor-lightbox-slideshow=\"dfb272e\" data-elementor-lightbox-title=\"Asociaci\u00f3n Aragonesa de Bailes de Sal\u00f3n A.A.B.S\" data-elementor-lightbox-description=\"Asociaci\u00f3n Aragonesa de Bailes de Sal\u00f3n A.A.B.S\" data-e-action-hash=\"#elementor-action%3Aaction%3Dlightbox%26settings%3DeyJpZCI6NTkzLCJ1cmwiOiJodHRwczpcL1wvYWRyaWFuc2VkaWxlcy5lc1wvd3AtY29udGVudFwvdXBsb2Fkc1wvMjAyMFwvMDRcL1B1ZXJ0by1WZW5lY2lhLUJhaWxhLWNvbi1Bc29jaWFjaVx1MDBmM24tQXJhZ29uZXNhLWRlLUJhaWxlcy1kZS1TYWxcdTAwZjNuLmpwZyIsInNsaWRlc2hvdyI6ImRmYjI3MmUifQ%3D%3D\" href='https:\/\/adriansediles.es\/wp-content\/uploads\/2020\/04\/Puerto-Venecia-Baila-con-Asociaci\u00f3n-Aragonesa-de-Bailes-de-Sal\u00f3n.jpg'><img loading=\"lazy\" decoding=\"async\" width=\"200\" height=\"300\" src=\"https:\/\/adriansediles.es\/wp-content\/uploads\/2020\/04\/Puerto-Venecia-Baila-con-Asociaci\u00f3n-Aragonesa-de-Bailes-de-Sal\u00f3n-200x300.jpg\" class=\"attachment-medium size-medium\" alt=\"Asociaci\u00f3n Aragonesa de Bailes de Sal\u00f3n A.A.B.S\" aria-describedby=\"gallery-1-593\" srcset=\"https:\/\/adriansediles.es\/wp-content\/uploads\/2020\/04\/Puerto-Venecia-Baila-con-Asociaci\u00f3n-Aragonesa-de-Bailes-de-Sal\u00f3n-200x300.jpg 200w, https:\/\/adriansediles.es\/wp-content\/uploads\/2020\/04\/Puerto-Venecia-Baila-con-Asociaci\u00f3n-Aragonesa-de-Bailes-de-Sal\u00f3n.jpg 453w\" sizes=\"(max-width: 200px) 100vw, 200px\" \/><\/a>\n\t\t\t<\/div>\n\t\t\t\t<figcaption class='wp-caption-text gallery-caption' id='gallery-1-593'>\n\t\t\t\tAsociaci\u00f3n Aragonesa de Bailes de Sal\u00f3n A.A.B.S\n\t\t\t\t<\/figcaption><\/figure>\n\t\t<\/div>\n\t\t<\/div>\n\t\t\t\t\t\t<\/div>\n\t\t\t\t<\/div>\n\t\t\t\t\t<\/div>\n\t\t<\/div>\n\t\t\t\t\t<\/div>\n\t\t<\/section>\n\t\t\t\t<\/div>\n\t\t","protected":false},"excerpt":{"rendered":"<p>Asociaci\u00f3n Aragonesa de Bailes de Sal\u00f3n A.A.B.S Asociaci\u00f3n Aragonesa de Bailes de Sal\u00f3n A.A.B.S Asociaci\u00f3n Aragonesa de Bailes de Sal\u00f3n &hellip; <a href=\"https:\/\/adriansediles.es\/?page_id=562\" class=\"more-link\"><span class=\"more-button\">Seguir leyendo<span class=\"screen-reader-text\">Asociaci\u00f3n Aragonesa de Bailes de Sal\u00f3n A.A.B.S<\/span><\/span><\/a><\/p>\n","protected":false},"author":1,"featured_media":0,"parent":0,"menu_order":0,"comment_status":"closed","ping_status":"closed","template":"","meta":{"footnotes":""},"class_list":["post-562","page","type-page","status-publish","hentry"],"_links":{"self":[{"href":"https:\/\/adriansediles.es\/index.php?rest_route=\/wp\/v2\/pages\/562","targetHints":{"allow":["GET"]}}],"collection":[{"href":"https:\/\/adriansediles.es\/index.php?rest_route=\/wp\/v2\/pages"}],"about":[{"href":"https:\/\/adriansediles.es\/index.php?rest_route=\/wp\/v2\/types\/page"}],"author":[{"embeddable":true,"href":"https:\/\/adriansediles.es\/index.php?rest_route=\/wp\/v2\/users\/1"}],"replies":[{"embeddable":true,"href":"https:\/\/adriansediles.es\/index.php?rest_route=%2Fwp%2Fv2%2Fcomments&post=562"}],"version-history":[{"count":3,"href":"https:\/\/adriansediles.es\/index.php?rest_route=\/wp\/v2\/pages\/562\/revisions"}],"predecessor-version":[{"id":595,"href":"https:\/\/adriansediles.es\/index.php?rest_route=\/wp\/v2\/pages\/562\/revisions\/595"}],"wp:attachment":[{"href":"https:\/\/adriansediles.es\/index.php?rest_route=%2Fwp%2Fv2%2Fmedia&parent=562"}],"curies":[{"name":"wp","href":"https:\/\/api.w.org\/{rel}","templated":true}]}}