{"id":596,"date":"2020-04-05T16:38:33","date_gmt":"2020-04-05T16:38:33","guid":{"rendered":"http:\/\/192.168.1.111\/?page_id=596"},"modified":"2020-04-05T16:38:56","modified_gmt":"2020-04-05T16:38:56","slug":"agrupacion-folklorica-danzar","status":"publish","type":"page","link":"https:\/\/adriansediles.es\/?page_id=596","title":{"rendered":"Agrupaci\u00f3n Folkl\u00f3rica Danzar"},"content":{"rendered":"\t\t<div data-elementor-type=\"wp-page\" data-elementor-id=\"596\" class=\"elementor elementor-596\">\n\t\t\t\t\t\t<section class=\"elementor-section elementor-top-section elementor-element elementor-element-1a59ebc elementor-section-boxed elementor-section-height-default elementor-section-height-default\" data-id=\"1a59ebc\" data-element_type=\"section\" data-e-type=\"section\">\n\t\t\t\t\t\t<div class=\"elementor-container elementor-column-gap-default\">\n\t\t\t\t\t<div class=\"elementor-column elementor-col-100 elementor-top-column elementor-element elementor-element-7c4aed89\" data-id=\"7c4aed89\" data-element_type=\"column\" data-e-type=\"column\">\n\t\t\t<div class=\"elementor-widget-wrap elementor-element-populated\">\n\t\t\t\t\t\t<div class=\"elementor-element elementor-element-5cc096fc elementor-widget elementor-widget-text-editor\" data-id=\"5cc096fc\" data-element_type=\"widget\" data-e-type=\"widget\" data-widget_type=\"text-editor.default\">\n\t\t\t\t<div class=\"elementor-widget-container\">\n\t\t\t\t\t\t\t\t\t\n<figure class=\"wp-block-gallery columns-0 is-cropped wp-block-gallery-2 is-layout-flex wp-block-gallery-is-layout-flex\"><ul class=\"blocks-gallery-grid\"><\/ul><\/figure>\n\t\t\t\t\t\t\t\t<\/div>\n\t\t\t\t<\/div>\n\t\t\t\t\t<\/div>\n\t\t<\/div>\n\t\t\t\t\t<\/div>\n\t\t<\/section>\n\t\t\t\t<section class=\"elementor-section elementor-top-section elementor-element elementor-element-576c776 elementor-section-boxed elementor-section-height-default elementor-section-height-default\" data-id=\"576c776\" data-element_type=\"section\" data-e-type=\"section\">\n\t\t\t\t\t\t<div class=\"elementor-container elementor-column-gap-default\">\n\t\t\t\t\t<div class=\"elementor-column elementor-col-100 elementor-top-column elementor-element elementor-element-f995026\" data-id=\"f995026\" data-element_type=\"column\" data-e-type=\"column\">\n\t\t\t<div class=\"elementor-widget-wrap elementor-element-populated\">\n\t\t\t\t\t\t<div class=\"elementor-element elementor-element-dfb272e elementor-widget elementor-widget-image-gallery\" data-id=\"dfb272e\" data-element_type=\"widget\" data-e-type=\"widget\" data-widget_type=\"image-gallery.default\">\n\t\t\t\t<div class=\"elementor-widget-container\">\n\t\t\t\t\t\t\t<div class=\"elementor-image-gallery\">\n\t\t\t<div id='gallery-1' class='gallery galleryid-596 gallery-columns-3 gallery-size-medium'><figure class='gallery-item'>\n\t\t\t<div class='gallery-icon landscape'>\n\t\t\t\t<a data-elementor-open-lightbox=\"yes\" data-elementor-lightbox-slideshow=\"dfb272e\" data-elementor-lightbox-title=\"Agrupaci\u00f3n Folkl\u00f3rica Danzar - Adri\u00e1n Sediles\" data-elementor-lightbox-description=\"Agrupaci\u00f3n Folkl\u00f3rica Danzar\" data-e-action-hash=\"#elementor-action%3Aaction%3Dlightbox%26settings%3DeyJpZCI6NTk4LCJ1cmwiOiJodHRwczpcL1wvYWRyaWFuc2VkaWxlcy5lc1wvd3AtY29udGVudFwvdXBsb2Fkc1wvMjAyMFwvMDRcL0FncnVwYWNpXHUwMGYzbi1Gb2xrbFx1MDBmM3JpY2EtRGFuemFyLTEtQWRyaWFuLVNlZGlsZXMtRW1iaS5qcGciLCJzbGlkZXNob3ciOiJkZmIyNzJlIn0%3D\" href='https:\/\/adriansediles.es\/wp-content\/uploads\/2020\/04\/Agrupaci\u00f3n-Folkl\u00f3rica-Danzar-1-Adrian-Sediles-Embi.jpg'><img fetchpriority=\"high\" decoding=\"async\" width=\"300\" height=\"200\" src=\"https:\/\/adriansediles.es\/wp-content\/uploads\/2020\/04\/Agrupaci\u00f3n-Folkl\u00f3rica-Danzar-1-Adrian-Sediles-Embi-300x200.jpg\" class=\"attachment-medium size-medium\" alt=\"Agrupaci\u00f3n Folkl\u00f3rica Danzar\" aria-describedby=\"gallery-1-598\" srcset=\"https:\/\/adriansediles.es\/wp-content\/uploads\/2020\/04\/Agrupaci\u00f3n-Folkl\u00f3rica-Danzar-1-Adrian-Sediles-Embi-300x200.jpg 300w, https:\/\/adriansediles.es\/wp-content\/uploads\/2020\/04\/Agrupaci\u00f3n-Folkl\u00f3rica-Danzar-1-Adrian-Sediles-Embi-768x512.jpg 768w, https:\/\/adriansediles.es\/wp-content\/uploads\/2020\/04\/Agrupaci\u00f3n-Folkl\u00f3rica-Danzar-1-Adrian-Sediles-Embi-666x444.jpg 666w, https:\/\/adriansediles.es\/wp-content\/uploads\/2020\/04\/Agrupaci\u00f3n-Folkl\u00f3rica-Danzar-1-Adrian-Sediles-Embi.jpg 1024w\" sizes=\"(max-width: 300px) 100vw, 300px\" \/><\/a>\n\t\t\t<\/div>\n\t\t\t\t<figcaption class='wp-caption-text gallery-caption' id='gallery-1-598'>\n\t\t\t\tAgrupaci\u00f3n Folkl\u00f3rica Danzar\n\t\t\t\t<\/figcaption><\/figure><figure class='gallery-item'>\n\t\t\t<div class='gallery-icon landscape'>\n\t\t\t\t<a data-elementor-open-lightbox=\"yes\" data-elementor-lightbox-slideshow=\"dfb272e\" data-elementor-lightbox-title=\"Agrupaci\u00f3n Folkl\u00f3rica Danzar - Adri\u00e1n Sediles\" data-elementor-lightbox-description=\"Agrupaci\u00f3n Folkl\u00f3rica Danzar\" data-e-action-hash=\"#elementor-action%3Aaction%3Dlightbox%26settings%3DeyJpZCI6NTk5LCJ1cmwiOiJodHRwczpcL1wvYWRyaWFuc2VkaWxlcy5lc1wvd3AtY29udGVudFwvdXBsb2Fkc1wvMjAyMFwvMDRcL0FncnVwYWNpXHUwMGYzbi1Gb2xrbFx1MDBmM3JpY2EtRGFuemFyLTItQWRyaWFuLVNlZGlsZXMtRW1iaS5qcGciLCJzbGlkZXNob3ciOiJkZmIyNzJlIn0%3D\" href='https:\/\/adriansediles.es\/wp-content\/uploads\/2020\/04\/Agrupaci\u00f3n-Folkl\u00f3rica-Danzar-2-Adrian-Sediles-Embi.jpg'><img decoding=\"async\" width=\"300\" height=\"200\" src=\"https:\/\/adriansediles.es\/wp-content\/uploads\/2020\/04\/Agrupaci\u00f3n-Folkl\u00f3rica-Danzar-2-Adrian-Sediles-Embi-300x200.jpg\" class=\"attachment-medium size-medium\" alt=\"Agrupaci\u00f3n Folkl\u00f3rica Danzar\" aria-describedby=\"gallery-1-599\" srcset=\"https:\/\/adriansediles.es\/wp-content\/uploads\/2020\/04\/Agrupaci\u00f3n-Folkl\u00f3rica-Danzar-2-Adrian-Sediles-Embi-300x200.jpg 300w, https:\/\/adriansediles.es\/wp-content\/uploads\/2020\/04\/Agrupaci\u00f3n-Folkl\u00f3rica-Danzar-2-Adrian-Sediles-Embi-768x512.jpg 768w, https:\/\/adriansediles.es\/wp-content\/uploads\/2020\/04\/Agrupaci\u00f3n-Folkl\u00f3rica-Danzar-2-Adrian-Sediles-Embi-666x444.jpg 666w, https:\/\/adriansediles.es\/wp-content\/uploads\/2020\/04\/Agrupaci\u00f3n-Folkl\u00f3rica-Danzar-2-Adrian-Sediles-Embi.jpg 1024w\" sizes=\"(max-width: 300px) 100vw, 300px\" \/><\/a>\n\t\t\t<\/div>\n\t\t\t\t<figcaption class='wp-caption-text gallery-caption' id='gallery-1-599'>\n\t\t\t\tAgrupaci\u00f3n Folkl\u00f3rica Danzar\n\t\t\t\t<\/figcaption><\/figure><figure class='gallery-item'>\n\t\t\t<div class='gallery-icon landscape'>\n\t\t\t\t<a data-elementor-open-lightbox=\"yes\" data-elementor-lightbox-slideshow=\"dfb272e\" data-elementor-lightbox-title=\"Agrupaci\u00f3n Folkl\u00f3rica Danzar - Adri\u00e1n Sediles\" data-elementor-lightbox-description=\"Agrupaci\u00f3n Folkl\u00f3rica Danzar\" data-e-action-hash=\"#elementor-action%3Aaction%3Dlightbox%26settings%3DeyJpZCI6NjAwLCJ1cmwiOiJodHRwczpcL1wvYWRyaWFuc2VkaWxlcy5lc1wvd3AtY29udGVudFwvdXBsb2Fkc1wvMjAyMFwvMDRcL0FncnVwYWNpXHUwMGYzbi1Gb2xrbFx1MDBmM3JpY2EtRGFuemFyLTMtQWRyaWFuLVNlZGlsZXMtRW1iaS5qcGciLCJzbGlkZXNob3ciOiJkZmIyNzJlIn0%3D\" href='https:\/\/adriansediles.es\/wp-content\/uploads\/2020\/04\/Agrupaci\u00f3n-Folkl\u00f3rica-Danzar-3-Adrian-Sediles-Embi.jpg'><img decoding=\"async\" width=\"300\" height=\"200\" src=\"https:\/\/adriansediles.es\/wp-content\/uploads\/2020\/04\/Agrupaci\u00f3n-Folkl\u00f3rica-Danzar-3-Adrian-Sediles-Embi-300x200.jpg\" class=\"attachment-medium size-medium\" alt=\"Agrupaci\u00f3n Folkl\u00f3rica Danzar\" aria-describedby=\"gallery-1-600\" srcset=\"https:\/\/adriansediles.es\/wp-content\/uploads\/2020\/04\/Agrupaci\u00f3n-Folkl\u00f3rica-Danzar-3-Adrian-Sediles-Embi-300x200.jpg 300w, https:\/\/adriansediles.es\/wp-content\/uploads\/2020\/04\/Agrupaci\u00f3n-Folkl\u00f3rica-Danzar-3-Adrian-Sediles-Embi-768x512.jpg 768w, https:\/\/adriansediles.es\/wp-content\/uploads\/2020\/04\/Agrupaci\u00f3n-Folkl\u00f3rica-Danzar-3-Adrian-Sediles-Embi-666x444.jpg 666w, https:\/\/adriansediles.es\/wp-content\/uploads\/2020\/04\/Agrupaci\u00f3n-Folkl\u00f3rica-Danzar-3-Adrian-Sediles-Embi.jpg 1024w\" sizes=\"(max-width: 300px) 100vw, 300px\" \/><\/a>\n\t\t\t<\/div>\n\t\t\t\t<figcaption class='wp-caption-text gallery-caption' id='gallery-1-600'>\n\t\t\t\tAgrupaci\u00f3n Folkl\u00f3rica Danzar\n\t\t\t\t<\/figcaption><\/figure><figure class='gallery-item'>\n\t\t\t<div class='gallery-icon landscape'>\n\t\t\t\t<a data-elementor-open-lightbox=\"yes\" data-elementor-lightbox-slideshow=\"dfb272e\" data-elementor-lightbox-title=\"Agrupaci\u00f3n Folkl\u00f3rica Danzar - Adri\u00e1n Sediles\" data-elementor-lightbox-description=\"Agrupaci\u00f3n Folkl\u00f3rica Danzar\" data-e-action-hash=\"#elementor-action%3Aaction%3Dlightbox%26settings%3DeyJpZCI6NjAxLCJ1cmwiOiJodHRwczpcL1wvYWRyaWFuc2VkaWxlcy5lc1wvd3AtY29udGVudFwvdXBsb2Fkc1wvMjAyMFwvMDRcL0FncnVwYWNpXHUwMGYzbi1Gb2xrbFx1MDBmM3JpY2EtRGFuemFyLTQtQWRyaWFuLVNlZGlsZXMtRW1iaS5qcGciLCJzbGlkZXNob3ciOiJkZmIyNzJlIn0%3D\" href='https:\/\/adriansediles.es\/wp-content\/uploads\/2020\/04\/Agrupaci\u00f3n-Folkl\u00f3rica-Danzar-4-Adrian-Sediles-Embi.jpg'><img loading=\"lazy\" decoding=\"async\" width=\"300\" height=\"200\" src=\"https:\/\/adriansediles.es\/wp-content\/uploads\/2020\/04\/Agrupaci\u00f3n-Folkl\u00f3rica-Danzar-4-Adrian-Sediles-Embi-300x200.jpg\" class=\"attachment-medium size-medium\" alt=\"Agrupaci\u00f3n Folkl\u00f3rica Danzar\" aria-describedby=\"gallery-1-601\" srcset=\"https:\/\/adriansediles.es\/wp-content\/uploads\/2020\/04\/Agrupaci\u00f3n-Folkl\u00f3rica-Danzar-4-Adrian-Sediles-Embi-300x200.jpg 300w, https:\/\/adriansediles.es\/wp-content\/uploads\/2020\/04\/Agrupaci\u00f3n-Folkl\u00f3rica-Danzar-4-Adrian-Sediles-Embi-768x512.jpg 768w, https:\/\/adriansediles.es\/wp-content\/uploads\/2020\/04\/Agrupaci\u00f3n-Folkl\u00f3rica-Danzar-4-Adrian-Sediles-Embi-666x444.jpg 666w, https:\/\/adriansediles.es\/wp-content\/uploads\/2020\/04\/Agrupaci\u00f3n-Folkl\u00f3rica-Danzar-4-Adrian-Sediles-Embi.jpg 1024w\" sizes=\"(max-width: 300px) 100vw, 300px\" \/><\/a>\n\t\t\t<\/div>\n\t\t\t\t<figcaption class='wp-caption-text gallery-caption' id='gallery-1-601'>\n\t\t\t\tAgrupaci\u00f3n Folkl\u00f3rica Danzar\n\t\t\t\t<\/figcaption><\/figure><figure class='gallery-item'>\n\t\t\t<div class='gallery-icon landscape'>\n\t\t\t\t<a data-elementor-open-lightbox=\"yes\" data-elementor-lightbox-slideshow=\"dfb272e\" data-elementor-lightbox-title=\"Agrupaci\u00f3n Folkl\u00f3rica Danzar - Adri\u00e1n Sediles\" data-elementor-lightbox-description=\"Agrupaci\u00f3n Folkl\u00f3rica Danzar\" data-e-action-hash=\"#elementor-action%3Aaction%3Dlightbox%26settings%3DeyJpZCI6NjAyLCJ1cmwiOiJodHRwczpcL1wvYWRyaWFuc2VkaWxlcy5lc1wvd3AtY29udGVudFwvdXBsb2Fkc1wvMjAyMFwvMDRcL0FncnVwYWNpXHUwMGYzbi1Gb2xrbFx1MDBmM3JpY2EtRGFuemFyLTUtQWRyaWFuLVNlZGlsZXMtRW1iaS5qcGciLCJzbGlkZXNob3ciOiJkZmIyNzJlIn0%3D\" href='https:\/\/adriansediles.es\/wp-content\/uploads\/2020\/04\/Agrupaci\u00f3n-Folkl\u00f3rica-Danzar-5-Adrian-Sediles-Embi.jpg'><img loading=\"lazy\" decoding=\"async\" width=\"300\" height=\"200\" src=\"https:\/\/adriansediles.es\/wp-content\/uploads\/2020\/04\/Agrupaci\u00f3n-Folkl\u00f3rica-Danzar-5-Adrian-Sediles-Embi-300x200.jpg\" class=\"attachment-medium size-medium\" alt=\"Agrupaci\u00f3n Folkl\u00f3rica Danzar\" aria-describedby=\"gallery-1-602\" srcset=\"https:\/\/adriansediles.es\/wp-content\/uploads\/2020\/04\/Agrupaci\u00f3n-Folkl\u00f3rica-Danzar-5-Adrian-Sediles-Embi-300x200.jpg 300w, https:\/\/adriansediles.es\/wp-content\/uploads\/2020\/04\/Agrupaci\u00f3n-Folkl\u00f3rica-Danzar-5-Adrian-Sediles-Embi-768x512.jpg 768w, https:\/\/adriansediles.es\/wp-content\/uploads\/2020\/04\/Agrupaci\u00f3n-Folkl\u00f3rica-Danzar-5-Adrian-Sediles-Embi-666x444.jpg 666w, https:\/\/adriansediles.es\/wp-content\/uploads\/2020\/04\/Agrupaci\u00f3n-Folkl\u00f3rica-Danzar-5-Adrian-Sediles-Embi.jpg 1024w\" sizes=\"(max-width: 300px) 100vw, 300px\" \/><\/a>\n\t\t\t<\/div>\n\t\t\t\t<figcaption class='wp-caption-text gallery-caption' id='gallery-1-602'>\n\t\t\t\tAgrupaci\u00f3n Folkl\u00f3rica Danzar\n\t\t\t\t<\/figcaption><\/figure><figure class='gallery-item'>\n\t\t\t<div class='gallery-icon landscape'>\n\t\t\t\t<a data-elementor-open-lightbox=\"yes\" data-elementor-lightbox-slideshow=\"dfb272e\" data-elementor-lightbox-title=\"Agrupaci\u00f3n Folkl\u00f3rica Danzar - Adri\u00e1n Sediles\" data-elementor-lightbox-description=\"Agrupaci\u00f3n Folkl\u00f3rica Danzar\" data-e-action-hash=\"#elementor-action%3Aaction%3Dlightbox%26settings%3DeyJpZCI6NjAzLCJ1cmwiOiJodHRwczpcL1wvYWRyaWFuc2VkaWxlcy5lc1wvd3AtY29udGVudFwvdXBsb2Fkc1wvMjAyMFwvMDRcL0FncnVwYWNpXHUwMGYzbi1Gb2xrbFx1MDBmM3JpY2EtRGFuemFyLTYtQWRyaWFuLVNlZGlsZXMtRW1iaS5qcGciLCJzbGlkZXNob3ciOiJkZmIyNzJlIn0%3D\" href='https:\/\/adriansediles.es\/wp-content\/uploads\/2020\/04\/Agrupaci\u00f3n-Folkl\u00f3rica-Danzar-6-Adrian-Sediles-Embi.jpg'><img loading=\"lazy\" decoding=\"async\" width=\"300\" height=\"200\" src=\"https:\/\/adriansediles.es\/wp-content\/uploads\/2020\/04\/Agrupaci\u00f3n-Folkl\u00f3rica-Danzar-6-Adrian-Sediles-Embi-300x200.jpg\" class=\"attachment-medium size-medium\" alt=\"Agrupaci\u00f3n Folkl\u00f3rica Danzar\" aria-describedby=\"gallery-1-603\" srcset=\"https:\/\/adriansediles.es\/wp-content\/uploads\/2020\/04\/Agrupaci\u00f3n-Folkl\u00f3rica-Danzar-6-Adrian-Sediles-Embi-300x200.jpg 300w, https:\/\/adriansediles.es\/wp-content\/uploads\/2020\/04\/Agrupaci\u00f3n-Folkl\u00f3rica-Danzar-6-Adrian-Sediles-Embi-768x512.jpg 768w, https:\/\/adriansediles.es\/wp-content\/uploads\/2020\/04\/Agrupaci\u00f3n-Folkl\u00f3rica-Danzar-6-Adrian-Sediles-Embi-666x444.jpg 666w, https:\/\/adriansediles.es\/wp-content\/uploads\/2020\/04\/Agrupaci\u00f3n-Folkl\u00f3rica-Danzar-6-Adrian-Sediles-Embi.jpg 1024w\" sizes=\"(max-width: 300px) 100vw, 300px\" \/><\/a>\n\t\t\t<\/div>\n\t\t\t\t<figcaption class='wp-caption-text gallery-caption' id='gallery-1-603'>\n\t\t\t\tAgrupaci\u00f3n Folkl\u00f3rica Danzar\n\t\t\t\t<\/figcaption><\/figure><figure class='gallery-item'>\n\t\t\t<div class='gallery-icon landscape'>\n\t\t\t\t<a data-elementor-open-lightbox=\"yes\" data-elementor-lightbox-slideshow=\"dfb272e\" data-elementor-lightbox-title=\"Agrupaci\u00f3n Folkl\u00f3rica Danzar - Adri\u00e1n Sediles\" data-elementor-lightbox-description=\"Agrupaci\u00f3n Folkl\u00f3rica Danzar\" data-e-action-hash=\"#elementor-action%3Aaction%3Dlightbox%26settings%3DeyJpZCI6NjA0LCJ1cmwiOiJodHRwczpcL1wvYWRyaWFuc2VkaWxlcy5lc1wvd3AtY29udGVudFwvdXBsb2Fkc1wvMjAyMFwvMDRcL0FncnVwYWNpXHUwMGYzbi1Gb2xrbFx1MDBmM3JpY2EtRGFuemFyLTctQWRyaWFuLVNlZGlsZXMtRW1iaS5qcGciLCJzbGlkZXNob3ciOiJkZmIyNzJlIn0%3D\" href='https:\/\/adriansediles.es\/wp-content\/uploads\/2020\/04\/Agrupaci\u00f3n-Folkl\u00f3rica-Danzar-7-Adrian-Sediles-Embi.jpg'><img loading=\"lazy\" decoding=\"async\" width=\"300\" height=\"200\" src=\"https:\/\/adriansediles.es\/wp-content\/uploads\/2020\/04\/Agrupaci\u00f3n-Folkl\u00f3rica-Danzar-7-Adrian-Sediles-Embi-300x200.jpg\" class=\"attachment-medium size-medium\" alt=\"Agrupaci\u00f3n Folkl\u00f3rica Danzar\" aria-describedby=\"gallery-1-604\" srcset=\"https:\/\/adriansediles.es\/wp-content\/uploads\/2020\/04\/Agrupaci\u00f3n-Folkl\u00f3rica-Danzar-7-Adrian-Sediles-Embi-300x200.jpg 300w, https:\/\/adriansediles.es\/wp-content\/uploads\/2020\/04\/Agrupaci\u00f3n-Folkl\u00f3rica-Danzar-7-Adrian-Sediles-Embi-768x512.jpg 768w, https:\/\/adriansediles.es\/wp-content\/uploads\/2020\/04\/Agrupaci\u00f3n-Folkl\u00f3rica-Danzar-7-Adrian-Sediles-Embi-666x444.jpg 666w, https:\/\/adriansediles.es\/wp-content\/uploads\/2020\/04\/Agrupaci\u00f3n-Folkl\u00f3rica-Danzar-7-Adrian-Sediles-Embi.jpg 1024w\" sizes=\"(max-width: 300px) 100vw, 300px\" \/><\/a>\n\t\t\t<\/div>\n\t\t\t\t<figcaption class='wp-caption-text gallery-caption' id='gallery-1-604'>\n\t\t\t\tAgrupaci\u00f3n Folkl\u00f3rica Danzar\n\t\t\t\t<\/figcaption><\/figure><figure class='gallery-item'>\n\t\t\t<div class='gallery-icon landscape'>\n\t\t\t\t<a data-elementor-open-lightbox=\"yes\" data-elementor-lightbox-slideshow=\"dfb272e\" data-elementor-lightbox-title=\"Agrupaci\u00f3n Folkl\u00f3rica Danzar - Adri\u00e1n Sediles\" data-elementor-lightbox-description=\"Agrupaci\u00f3n Folkl\u00f3rica Danzar\" data-e-action-hash=\"#elementor-action%3Aaction%3Dlightbox%26settings%3DeyJpZCI6NjA1LCJ1cmwiOiJodHRwczpcL1wvYWRyaWFuc2VkaWxlcy5lc1wvd3AtY29udGVudFwvdXBsb2Fkc1wvMjAyMFwvMDRcL0FncnVwYWNpXHUwMGYzbi1Gb2xrbFx1MDBmM3JpY2EtRGFuemFyLTgtQWRyaWFuLVNlZGlsZXMtRW1iaS5qcGciLCJzbGlkZXNob3ciOiJkZmIyNzJlIn0%3D\" href='https:\/\/adriansediles.es\/wp-content\/uploads\/2020\/04\/Agrupaci\u00f3n-Folkl\u00f3rica-Danzar-8-Adrian-Sediles-Embi.jpg'><img loading=\"lazy\" decoding=\"async\" width=\"300\" height=\"200\" src=\"https:\/\/adriansediles.es\/wp-content\/uploads\/2020\/04\/Agrupaci\u00f3n-Folkl\u00f3rica-Danzar-8-Adrian-Sediles-Embi-300x200.jpg\" class=\"attachment-medium size-medium\" alt=\"Agrupaci\u00f3n Folkl\u00f3rica Danzar\" aria-describedby=\"gallery-1-605\" srcset=\"https:\/\/adriansediles.es\/wp-content\/uploads\/2020\/04\/Agrupaci\u00f3n-Folkl\u00f3rica-Danzar-8-Adrian-Sediles-Embi-300x200.jpg 300w, https:\/\/adriansediles.es\/wp-content\/uploads\/2020\/04\/Agrupaci\u00f3n-Folkl\u00f3rica-Danzar-8-Adrian-Sediles-Embi-768x512.jpg 768w, https:\/\/adriansediles.es\/wp-content\/uploads\/2020\/04\/Agrupaci\u00f3n-Folkl\u00f3rica-Danzar-8-Adrian-Sediles-Embi-666x444.jpg 666w, https:\/\/adriansediles.es\/wp-content\/uploads\/2020\/04\/Agrupaci\u00f3n-Folkl\u00f3rica-Danzar-8-Adrian-Sediles-Embi.jpg 1024w\" sizes=\"(max-width: 300px) 100vw, 300px\" \/><\/a>\n\t\t\t<\/div>\n\t\t\t\t<figcaption class='wp-caption-text gallery-caption' id='gallery-1-605'>\n\t\t\t\tAgrupaci\u00f3n Folkl\u00f3rica Danzar\n\t\t\t\t<\/figcaption><\/figure><figure class='gallery-item'>\n\t\t\t<div class='gallery-icon landscape'>\n\t\t\t\t<a data-elementor-open-lightbox=\"yes\" data-elementor-lightbox-slideshow=\"dfb272e\" data-elementor-lightbox-title=\"Agrupaci\u00f3n Folkl\u00f3rica Danzar - Adri\u00e1n Sediles\" data-elementor-lightbox-description=\"Agrupaci\u00f3n Folkl\u00f3rica Danzar\" data-e-action-hash=\"#elementor-action%3Aaction%3Dlightbox%26settings%3DeyJpZCI6NjA2LCJ1cmwiOiJodHRwczpcL1wvYWRyaWFuc2VkaWxlcy5lc1wvd3AtY29udGVudFwvdXBsb2Fkc1wvMjAyMFwvMDRcL0FncnVwYWNpXHUwMGYzbi1Gb2xrbFx1MDBmM3JpY2EtRGFuemFyLTktQWRyaWFuLVNlZGlsZXMtRW1iaS5qcGciLCJzbGlkZXNob3ciOiJkZmIyNzJlIn0%3D\" href='https:\/\/adriansediles.es\/wp-content\/uploads\/2020\/04\/Agrupaci\u00f3n-Folkl\u00f3rica-Danzar-9-Adrian-Sediles-Embi.jpg'><img loading=\"lazy\" decoding=\"async\" width=\"300\" height=\"200\" src=\"https:\/\/adriansediles.es\/wp-content\/uploads\/2020\/04\/Agrupaci\u00f3n-Folkl\u00f3rica-Danzar-9-Adrian-Sediles-Embi-300x200.jpg\" class=\"attachment-medium size-medium\" alt=\"Agrupaci\u00f3n Folkl\u00f3rica Danzar\" aria-describedby=\"gallery-1-606\" srcset=\"https:\/\/adriansediles.es\/wp-content\/uploads\/2020\/04\/Agrupaci\u00f3n-Folkl\u00f3rica-Danzar-9-Adrian-Sediles-Embi-300x200.jpg 300w, https:\/\/adriansediles.es\/wp-content\/uploads\/2020\/04\/Agrupaci\u00f3n-Folkl\u00f3rica-Danzar-9-Adrian-Sediles-Embi-768x512.jpg 768w, https:\/\/adriansediles.es\/wp-content\/uploads\/2020\/04\/Agrupaci\u00f3n-Folkl\u00f3rica-Danzar-9-Adrian-Sediles-Embi-666x444.jpg 666w, https:\/\/adriansediles.es\/wp-content\/uploads\/2020\/04\/Agrupaci\u00f3n-Folkl\u00f3rica-Danzar-9-Adrian-Sediles-Embi.jpg 1024w\" sizes=\"(max-width: 300px) 100vw, 300px\" \/><\/a>\n\t\t\t<\/div>\n\t\t\t\t<figcaption class='wp-caption-text gallery-caption' id='gallery-1-606'>\n\t\t\t\tAgrupaci\u00f3n Folkl\u00f3rica Danzar\n\t\t\t\t<\/figcaption><\/figure><figure class='gallery-item'>\n\t\t\t<div class='gallery-icon portrait'>\n\t\t\t\t<a data-elementor-open-lightbox=\"yes\" data-elementor-lightbox-slideshow=\"dfb272e\" data-elementor-lightbox-title=\"Agrupaci\u00f3n Folkl\u00f3rica Danzar - Adri\u00e1n Sediles\" data-elementor-lightbox-description=\"Agrupaci\u00f3n Folkl\u00f3rica Danzar\" data-e-action-hash=\"#elementor-action%3Aaction%3Dlightbox%26settings%3DeyJpZCI6NjA3LCJ1cmwiOiJodHRwczpcL1wvYWRyaWFuc2VkaWxlcy5lc1wvd3AtY29udGVudFwvdXBsb2Fkc1wvMjAyMFwvMDRcL0FncnVwYWNpXHUwMGYzbi1Gb2xrbFx1MDBmM3JpY2EtRGFuemFyLTEwLUFkcmlhbi1TZWRpbGVzLUVtYmkuanBnIiwic2xpZGVzaG93IjoiZGZiMjcyZSJ9\" href='https:\/\/adriansediles.es\/wp-content\/uploads\/2020\/04\/Agrupaci\u00f3n-Folkl\u00f3rica-Danzar-10-Adrian-Sediles-Embi.jpg'><img loading=\"lazy\" decoding=\"async\" width=\"200\" height=\"300\" src=\"https:\/\/adriansediles.es\/wp-content\/uploads\/2020\/04\/Agrupaci\u00f3n-Folkl\u00f3rica-Danzar-10-Adrian-Sediles-Embi-200x300.jpg\" class=\"attachment-medium size-medium\" alt=\"Agrupaci\u00f3n Folkl\u00f3rica Danzar\" aria-describedby=\"gallery-1-607\" srcset=\"https:\/\/adriansediles.es\/wp-content\/uploads\/2020\/04\/Agrupaci\u00f3n-Folkl\u00f3rica-Danzar-10-Adrian-Sediles-Embi-200x300.jpg 200w, https:\/\/adriansediles.es\/wp-content\/uploads\/2020\/04\/Agrupaci\u00f3n-Folkl\u00f3rica-Danzar-10-Adrian-Sediles-Embi.jpg 683w\" sizes=\"(max-width: 200px) 100vw, 200px\" \/><\/a>\n\t\t\t<\/div>\n\t\t\t\t<figcaption class='wp-caption-text gallery-caption' id='gallery-1-607'>\n\t\t\t\tAgrupaci\u00f3n Folkl\u00f3rica Danzar\n\t\t\t\t<\/figcaption><\/figure><figure class='gallery-item'>\n\t\t\t<div class='gallery-icon landscape'>\n\t\t\t\t<a data-elementor-open-lightbox=\"yes\" data-elementor-lightbox-slideshow=\"dfb272e\" data-elementor-lightbox-title=\"Agrupaci\u00f3n Folkl\u00f3rica Danzar - Adri\u00e1n Sediles\" data-elementor-lightbox-description=\"Agrupaci\u00f3n Folkl\u00f3rica Danzar\" data-e-action-hash=\"#elementor-action%3Aaction%3Dlightbox%26settings%3DeyJpZCI6NjA4LCJ1cmwiOiJodHRwczpcL1wvYWRyaWFuc2VkaWxlcy5lc1wvd3AtY29udGVudFwvdXBsb2Fkc1wvMjAyMFwvMDRcL0FncnVwYWNpXHUwMGYzbi1Gb2xrbFx1MDBmM3JpY2EtRGFuemFyLTExLUFkcmlhbi1TZWRpbGVzLUVtYmkuanBnIiwic2xpZGVzaG93IjoiZGZiMjcyZSJ9\" href='https:\/\/adriansediles.es\/wp-content\/uploads\/2020\/04\/Agrupaci\u00f3n-Folkl\u00f3rica-Danzar-11-Adrian-Sediles-Embi.jpg'><img loading=\"lazy\" decoding=\"async\" width=\"300\" height=\"200\" src=\"https:\/\/adriansediles.es\/wp-content\/uploads\/2020\/04\/Agrupaci\u00f3n-Folkl\u00f3rica-Danzar-11-Adrian-Sediles-Embi-300x200.jpg\" class=\"attachment-medium size-medium\" alt=\"Agrupaci\u00f3n Folkl\u00f3rica Danzar\" aria-describedby=\"gallery-1-608\" srcset=\"https:\/\/adriansediles.es\/wp-content\/uploads\/2020\/04\/Agrupaci\u00f3n-Folkl\u00f3rica-Danzar-11-Adrian-Sediles-Embi-300x200.jpg 300w, https:\/\/adriansediles.es\/wp-content\/uploads\/2020\/04\/Agrupaci\u00f3n-Folkl\u00f3rica-Danzar-11-Adrian-Sediles-Embi-768x512.jpg 768w, https:\/\/adriansediles.es\/wp-content\/uploads\/2020\/04\/Agrupaci\u00f3n-Folkl\u00f3rica-Danzar-11-Adrian-Sediles-Embi-666x444.jpg 666w, https:\/\/adriansediles.es\/wp-content\/uploads\/2020\/04\/Agrupaci\u00f3n-Folkl\u00f3rica-Danzar-11-Adrian-Sediles-Embi.jpg 1024w\" sizes=\"(max-width: 300px) 100vw, 300px\" \/><\/a>\n\t\t\t<\/div>\n\t\t\t\t<figcaption class='wp-caption-text gallery-caption' id='gallery-1-608'>\n\t\t\t\tAgrupaci\u00f3n Folkl\u00f3rica Danzar\n\t\t\t\t<\/figcaption><\/figure><figure class='gallery-item'>\n\t\t\t<div class='gallery-icon landscape'>\n\t\t\t\t<a data-elementor-open-lightbox=\"yes\" data-elementor-lightbox-slideshow=\"dfb272e\" data-elementor-lightbox-title=\"Agrupaci\u00f3n Folkl\u00f3rica Danzar - Adri\u00e1n Sediles\" data-elementor-lightbox-description=\"Agrupaci\u00f3n Folkl\u00f3rica Danzar\" data-e-action-hash=\"#elementor-action%3Aaction%3Dlightbox%26settings%3DeyJpZCI6NjA5LCJ1cmwiOiJodHRwczpcL1wvYWRyaWFuc2VkaWxlcy5lc1wvd3AtY29udGVudFwvdXBsb2Fkc1wvMjAyMFwvMDRcL0FncnVwYWNpXHUwMGYzbi1Gb2xrbFx1MDBmM3JpY2EtRGFuemFyLTEyLUFkcmlhbi1TZWRpbGVzLUVtYmkuanBnIiwic2xpZGVzaG93IjoiZGZiMjcyZSJ9\" href='https:\/\/adriansediles.es\/wp-content\/uploads\/2020\/04\/Agrupaci\u00f3n-Folkl\u00f3rica-Danzar-12-Adrian-Sediles-Embi.jpg'><img loading=\"lazy\" decoding=\"async\" width=\"300\" height=\"200\" src=\"https:\/\/adriansediles.es\/wp-content\/uploads\/2020\/04\/Agrupaci\u00f3n-Folkl\u00f3rica-Danzar-12-Adrian-Sediles-Embi-300x200.jpg\" class=\"attachment-medium size-medium\" alt=\"Agrupaci\u00f3n Folkl\u00f3rica Danzar\" aria-describedby=\"gallery-1-609\" srcset=\"https:\/\/adriansediles.es\/wp-content\/uploads\/2020\/04\/Agrupaci\u00f3n-Folkl\u00f3rica-Danzar-12-Adrian-Sediles-Embi-300x200.jpg 300w, https:\/\/adriansediles.es\/wp-content\/uploads\/2020\/04\/Agrupaci\u00f3n-Folkl\u00f3rica-Danzar-12-Adrian-Sediles-Embi-768x512.jpg 768w, https:\/\/adriansediles.es\/wp-content\/uploads\/2020\/04\/Agrupaci\u00f3n-Folkl\u00f3rica-Danzar-12-Adrian-Sediles-Embi-666x444.jpg 666w, https:\/\/adriansediles.es\/wp-content\/uploads\/2020\/04\/Agrupaci\u00f3n-Folkl\u00f3rica-Danzar-12-Adrian-Sediles-Embi.jpg 1024w\" sizes=\"(max-width: 300px) 100vw, 300px\" \/><\/a>\n\t\t\t<\/div>\n\t\t\t\t<figcaption class='wp-caption-text gallery-caption' id='gallery-1-609'>\n\t\t\t\tAgrupaci\u00f3n Folkl\u00f3rica Danzar\n\t\t\t\t<\/figcaption><\/figure><figure class='gallery-item'>\n\t\t\t<div class='gallery-icon landscape'>\n\t\t\t\t<a data-elementor-open-lightbox=\"yes\" data-elementor-lightbox-slideshow=\"dfb272e\" data-elementor-lightbox-title=\"Agrupaci\u00f3n Folkl\u00f3rica Danzar - Adri\u00e1n Sediles\" data-elementor-lightbox-description=\"Agrupaci\u00f3n Folkl\u00f3rica Danzar\" data-e-action-hash=\"#elementor-action%3Aaction%3Dlightbox%26settings%3DeyJpZCI6NjEwLCJ1cmwiOiJodHRwczpcL1wvYWRyaWFuc2VkaWxlcy5lc1wvd3AtY29udGVudFwvdXBsb2Fkc1wvMjAyMFwvMDRcL0FncnVwYWNpXHUwMGYzbi1Gb2xrbFx1MDBmM3JpY2EtRGFuemFyLTEzLUFkcmlhbi1TZWRpbGVzLUVtYmkuanBnIiwic2xpZGVzaG93IjoiZGZiMjcyZSJ9\" href='https:\/\/adriansediles.es\/wp-content\/uploads\/2020\/04\/Agrupaci\u00f3n-Folkl\u00f3rica-Danzar-13-Adrian-Sediles-Embi.jpg'><img loading=\"lazy\" decoding=\"async\" width=\"300\" height=\"200\" src=\"https:\/\/adriansediles.es\/wp-content\/uploads\/2020\/04\/Agrupaci\u00f3n-Folkl\u00f3rica-Danzar-13-Adrian-Sediles-Embi-300x200.jpg\" class=\"attachment-medium size-medium\" alt=\"Agrupaci\u00f3n Folkl\u00f3rica Danzar\" aria-describedby=\"gallery-1-610\" srcset=\"https:\/\/adriansediles.es\/wp-content\/uploads\/2020\/04\/Agrupaci\u00f3n-Folkl\u00f3rica-Danzar-13-Adrian-Sediles-Embi-300x200.jpg 300w, https:\/\/adriansediles.es\/wp-content\/uploads\/2020\/04\/Agrupaci\u00f3n-Folkl\u00f3rica-Danzar-13-Adrian-Sediles-Embi-768x512.jpg 768w, https:\/\/adriansediles.es\/wp-content\/uploads\/2020\/04\/Agrupaci\u00f3n-Folkl\u00f3rica-Danzar-13-Adrian-Sediles-Embi-666x444.jpg 666w, https:\/\/adriansediles.es\/wp-content\/uploads\/2020\/04\/Agrupaci\u00f3n-Folkl\u00f3rica-Danzar-13-Adrian-Sediles-Embi.jpg 1024w\" sizes=\"(max-width: 300px) 100vw, 300px\" \/><\/a>\n\t\t\t<\/div>\n\t\t\t\t<figcaption class='wp-caption-text gallery-caption' id='gallery-1-610'>\n\t\t\t\tAgrupaci\u00f3n Folkl\u00f3rica Danzar\n\t\t\t\t<\/figcaption><\/figure><figure class='gallery-item'>\n\t\t\t<div class='gallery-icon landscape'>\n\t\t\t\t<a data-elementor-open-lightbox=\"yes\" data-elementor-lightbox-slideshow=\"dfb272e\" data-elementor-lightbox-title=\"Agrupaci\u00f3n Folkl\u00f3rica Danzar - Adri\u00e1n Sediles\" data-elementor-lightbox-description=\"Agrupaci\u00f3n Folkl\u00f3rica Danzar\" data-e-action-hash=\"#elementor-action%3Aaction%3Dlightbox%26settings%3DeyJpZCI6NjExLCJ1cmwiOiJodHRwczpcL1wvYWRyaWFuc2VkaWxlcy5lc1wvd3AtY29udGVudFwvdXBsb2Fkc1wvMjAyMFwvMDRcL0FncnVwYWNpXHUwMGYzbi1Gb2xrbFx1MDBmM3JpY2EtRGFuemFyLTE0LUFkcmlhbi1TZWRpbGVzLUVtYmkuanBnIiwic2xpZGVzaG93IjoiZGZiMjcyZSJ9\" href='https:\/\/adriansediles.es\/wp-content\/uploads\/2020\/04\/Agrupaci\u00f3n-Folkl\u00f3rica-Danzar-14-Adrian-Sediles-Embi.jpg'><img loading=\"lazy\" decoding=\"async\" width=\"300\" height=\"200\" src=\"https:\/\/adriansediles.es\/wp-content\/uploads\/2020\/04\/Agrupaci\u00f3n-Folkl\u00f3rica-Danzar-14-Adrian-Sediles-Embi-300x200.jpg\" class=\"attachment-medium size-medium\" alt=\"Agrupaci\u00f3n Folkl\u00f3rica Danzar\" aria-describedby=\"gallery-1-611\" srcset=\"https:\/\/adriansediles.es\/wp-content\/uploads\/2020\/04\/Agrupaci\u00f3n-Folkl\u00f3rica-Danzar-14-Adrian-Sediles-Embi-300x200.jpg 300w, https:\/\/adriansediles.es\/wp-content\/uploads\/2020\/04\/Agrupaci\u00f3n-Folkl\u00f3rica-Danzar-14-Adrian-Sediles-Embi-768x512.jpg 768w, https:\/\/adriansediles.es\/wp-content\/uploads\/2020\/04\/Agrupaci\u00f3n-Folkl\u00f3rica-Danzar-14-Adrian-Sediles-Embi-666x444.jpg 666w, https:\/\/adriansediles.es\/wp-content\/uploads\/2020\/04\/Agrupaci\u00f3n-Folkl\u00f3rica-Danzar-14-Adrian-Sediles-Embi.jpg 1024w\" sizes=\"(max-width: 300px) 100vw, 300px\" \/><\/a>\n\t\t\t<\/div>\n\t\t\t\t<figcaption class='wp-caption-text gallery-caption' id='gallery-1-611'>\n\t\t\t\tAgrupaci\u00f3n Folkl\u00f3rica Danzar\n\t\t\t\t<\/figcaption><\/figure><figure class='gallery-item'>\n\t\t\t<div class='gallery-icon landscape'>\n\t\t\t\t<a data-elementor-open-lightbox=\"yes\" data-elementor-lightbox-slideshow=\"dfb272e\" data-elementor-lightbox-title=\"Agrupaci\u00f3n Folkl\u00f3rica Danzar - Adri\u00e1n Sediles\" data-elementor-lightbox-description=\"Agrupaci\u00f3n Folkl\u00f3rica Danzar\" data-e-action-hash=\"#elementor-action%3Aaction%3Dlightbox%26settings%3DeyJpZCI6NjEyLCJ1cmwiOiJodHRwczpcL1wvYWRyaWFuc2VkaWxlcy5lc1wvd3AtY29udGVudFwvdXBsb2Fkc1wvMjAyMFwvMDRcL0FncnVwYWNpXHUwMGYzbi1Gb2xrbFx1MDBmM3JpY2EtRGFuemFyLTE1LUFkcmlhbi1TZWRpbGVzLUVtYmkuanBnIiwic2xpZGVzaG93IjoiZGZiMjcyZSJ9\" href='https:\/\/adriansediles.es\/wp-content\/uploads\/2020\/04\/Agrupaci\u00f3n-Folkl\u00f3rica-Danzar-15-Adrian-Sediles-Embi.jpg'><img loading=\"lazy\" decoding=\"async\" width=\"300\" height=\"200\" src=\"https:\/\/adriansediles.es\/wp-content\/uploads\/2020\/04\/Agrupaci\u00f3n-Folkl\u00f3rica-Danzar-15-Adrian-Sediles-Embi-300x200.jpg\" class=\"attachment-medium size-medium\" alt=\"Agrupaci\u00f3n Folkl\u00f3rica Danzar\" aria-describedby=\"gallery-1-612\" srcset=\"https:\/\/adriansediles.es\/wp-content\/uploads\/2020\/04\/Agrupaci\u00f3n-Folkl\u00f3rica-Danzar-15-Adrian-Sediles-Embi-300x200.jpg 300w, https:\/\/adriansediles.es\/wp-content\/uploads\/2020\/04\/Agrupaci\u00f3n-Folkl\u00f3rica-Danzar-15-Adrian-Sediles-Embi-768x512.jpg 768w, https:\/\/adriansediles.es\/wp-content\/uploads\/2020\/04\/Agrupaci\u00f3n-Folkl\u00f3rica-Danzar-15-Adrian-Sediles-Embi-666x444.jpg 666w, https:\/\/adriansediles.es\/wp-content\/uploads\/2020\/04\/Agrupaci\u00f3n-Folkl\u00f3rica-Danzar-15-Adrian-Sediles-Embi.jpg 1024w\" sizes=\"(max-width: 300px) 100vw, 300px\" \/><\/a>\n\t\t\t<\/div>\n\t\t\t\t<figcaption class='wp-caption-text gallery-caption' id='gallery-1-612'>\n\t\t\t\tAgrupaci\u00f3n Folkl\u00f3rica Danzar\n\t\t\t\t<\/figcaption><\/figure><figure class='gallery-item'>\n\t\t\t<div class='gallery-icon landscape'>\n\t\t\t\t<a data-elementor-open-lightbox=\"yes\" data-elementor-lightbox-slideshow=\"dfb272e\" data-elementor-lightbox-title=\"Agrupaci\u00f3n Folkl\u00f3rica Danzar - Adri\u00e1n Sediles\" data-elementor-lightbox-description=\"Agrupaci\u00f3n Folkl\u00f3rica Danzar\" data-e-action-hash=\"#elementor-action%3Aaction%3Dlightbox%26settings%3DeyJpZCI6NjEzLCJ1cmwiOiJodHRwczpcL1wvYWRyaWFuc2VkaWxlcy5lc1wvd3AtY29udGVudFwvdXBsb2Fkc1wvMjAyMFwvMDRcL0FncnVwYWNpXHUwMGYzbi1Gb2xrbFx1MDBmM3JpY2EtRGFuemFyLTE2LUFkcmlhbi1TZWRpbGVzLUVtYmkuanBnIiwic2xpZGVzaG93IjoiZGZiMjcyZSJ9\" href='https:\/\/adriansediles.es\/wp-content\/uploads\/2020\/04\/Agrupaci\u00f3n-Folkl\u00f3rica-Danzar-16-Adrian-Sediles-Embi.jpg'><img loading=\"lazy\" decoding=\"async\" width=\"300\" height=\"188\" src=\"https:\/\/adriansediles.es\/wp-content\/uploads\/2020\/04\/Agrupaci\u00f3n-Folkl\u00f3rica-Danzar-16-Adrian-Sediles-Embi-300x188.jpg\" class=\"attachment-medium size-medium\" alt=\"Agrupaci\u00f3n Folkl\u00f3rica Danzar\" aria-describedby=\"gallery-1-613\" srcset=\"https:\/\/adriansediles.es\/wp-content\/uploads\/2020\/04\/Agrupaci\u00f3n-Folkl\u00f3rica-Danzar-16-Adrian-Sediles-Embi-300x188.jpg 300w, https:\/\/adriansediles.es\/wp-content\/uploads\/2020\/04\/Agrupaci\u00f3n-Folkl\u00f3rica-Danzar-16-Adrian-Sediles-Embi-768x481.jpg 768w, https:\/\/adriansediles.es\/wp-content\/uploads\/2020\/04\/Agrupaci\u00f3n-Folkl\u00f3rica-Danzar-16-Adrian-Sediles-Embi.jpg 1024w\" sizes=\"(max-width: 300px) 100vw, 300px\" \/><\/a>\n\t\t\t<\/div>\n\t\t\t\t<figcaption class='wp-caption-text gallery-caption' id='gallery-1-613'>\n\t\t\t\tAgrupaci\u00f3n Folkl\u00f3rica Danzar\n\t\t\t\t<\/figcaption><\/figure><figure class='gallery-item'>\n\t\t\t<div class='gallery-icon landscape'>\n\t\t\t\t<a data-elementor-open-lightbox=\"yes\" data-elementor-lightbox-slideshow=\"dfb272e\" data-elementor-lightbox-title=\"Agrupaci\u00f3n Folkl\u00f3rica Danzar 17- Adrian Sediles Embi\" data-elementor-lightbox-description=\"Agrupaci\u00f3n Folkl\u00f3rica Danzar\" data-e-action-hash=\"#elementor-action%3Aaction%3Dlightbox%26settings%3DeyJpZCI6NjE0LCJ1cmwiOiJodHRwczpcL1wvYWRyaWFuc2VkaWxlcy5lc1wvd3AtY29udGVudFwvdXBsb2Fkc1wvMjAyMFwvMDRcL0FncnVwYWNpXHUwMGYzbi1Gb2xrbFx1MDBmM3JpY2EtRGFuemFyLTE3LUFkcmlhbi1TZWRpbGVzLUVtYmkuanBnIiwic2xpZGVzaG93IjoiZGZiMjcyZSJ9\" href='https:\/\/adriansediles.es\/wp-content\/uploads\/2020\/04\/Agrupaci\u00f3n-Folkl\u00f3rica-Danzar-17-Adrian-Sediles-Embi.jpg'><img loading=\"lazy\" decoding=\"async\" width=\"300\" height=\"200\" src=\"https:\/\/adriansediles.es\/wp-content\/uploads\/2020\/04\/Agrupaci\u00f3n-Folkl\u00f3rica-Danzar-17-Adrian-Sediles-Embi-300x200.jpg\" class=\"attachment-medium size-medium\" alt=\"Agrupaci\u00f3n Folkl\u00f3rica Danzar\" aria-describedby=\"gallery-1-614\" srcset=\"https:\/\/adriansediles.es\/wp-content\/uploads\/2020\/04\/Agrupaci\u00f3n-Folkl\u00f3rica-Danzar-17-Adrian-Sediles-Embi-300x200.jpg 300w, https:\/\/adriansediles.es\/wp-content\/uploads\/2020\/04\/Agrupaci\u00f3n-Folkl\u00f3rica-Danzar-17-Adrian-Sediles-Embi-768x512.jpg 768w, https:\/\/adriansediles.es\/wp-content\/uploads\/2020\/04\/Agrupaci\u00f3n-Folkl\u00f3rica-Danzar-17-Adrian-Sediles-Embi-666x444.jpg 666w, https:\/\/adriansediles.es\/wp-content\/uploads\/2020\/04\/Agrupaci\u00f3n-Folkl\u00f3rica-Danzar-17-Adrian-Sediles-Embi.jpg 1024w\" sizes=\"(max-width: 300px) 100vw, 300px\" \/><\/a>\n\t\t\t<\/div>\n\t\t\t\t<figcaption class='wp-caption-text gallery-caption' id='gallery-1-614'>\n\t\t\t\tAgrupaci\u00f3n Folkl\u00f3rica Danzar\n\t\t\t\t<\/figcaption><\/figure><figure class='gallery-item'>\n\t\t\t<div class='gallery-icon portrait'>\n\t\t\t\t<a data-elementor-open-lightbox=\"yes\" data-elementor-lightbox-slideshow=\"dfb272e\" data-elementor-lightbox-title=\"Agrupaci\u00f3n Folkl\u00f3rica Danzar 18- Adrian Sediles Embi\" data-elementor-lightbox-description=\"Agrupaci\u00f3n Folkl\u00f3rica Danzar\" data-e-action-hash=\"#elementor-action%3Aaction%3Dlightbox%26settings%3DeyJpZCI6NjE1LCJ1cmwiOiJodHRwczpcL1wvYWRyaWFuc2VkaWxlcy5lc1wvd3AtY29udGVudFwvdXBsb2Fkc1wvMjAyMFwvMDRcL0FncnVwYWNpXHUwMGYzbi1Gb2xrbFx1MDBmM3JpY2EtRGFuemFyLTE4LUFkcmlhbi1TZWRpbGVzLUVtYmkuanBnIiwic2xpZGVzaG93IjoiZGZiMjcyZSJ9\" href='https:\/\/adriansediles.es\/wp-content\/uploads\/2020\/04\/Agrupaci\u00f3n-Folkl\u00f3rica-Danzar-18-Adrian-Sediles-Embi.jpg'><img loading=\"lazy\" decoding=\"async\" width=\"200\" height=\"300\" src=\"https:\/\/adriansediles.es\/wp-content\/uploads\/2020\/04\/Agrupaci\u00f3n-Folkl\u00f3rica-Danzar-18-Adrian-Sediles-Embi-200x300.jpg\" class=\"attachment-medium size-medium\" alt=\"Agrupaci\u00f3n Folkl\u00f3rica Danzar\" aria-describedby=\"gallery-1-615\" srcset=\"https:\/\/adriansediles.es\/wp-content\/uploads\/2020\/04\/Agrupaci\u00f3n-Folkl\u00f3rica-Danzar-18-Adrian-Sediles-Embi-200x300.jpg 200w, https:\/\/adriansediles.es\/wp-content\/uploads\/2020\/04\/Agrupaci\u00f3n-Folkl\u00f3rica-Danzar-18-Adrian-Sediles-Embi.jpg 683w\" sizes=\"(max-width: 200px) 100vw, 200px\" \/><\/a>\n\t\t\t<\/div>\n\t\t\t\t<figcaption class='wp-caption-text gallery-caption' id='gallery-1-615'>\n\t\t\t\tAgrupaci\u00f3n Folkl\u00f3rica Danzar\n\t\t\t\t<\/figcaption><\/figure><figure class='gallery-item'>\n\t\t\t<div class='gallery-icon portrait'>\n\t\t\t\t<a data-elementor-open-lightbox=\"yes\" data-elementor-lightbox-slideshow=\"dfb272e\" data-elementor-lightbox-title=\"Agrupaci\u00f3n Folkl\u00f3rica Danzar 19- Adrian Sediles Embi\" data-elementor-lightbox-description=\"Agrupaci\u00f3n Folkl\u00f3rica Danzar\" data-e-action-hash=\"#elementor-action%3Aaction%3Dlightbox%26settings%3DeyJpZCI6NjE2LCJ1cmwiOiJodHRwczpcL1wvYWRyaWFuc2VkaWxlcy5lc1wvd3AtY29udGVudFwvdXBsb2Fkc1wvMjAyMFwvMDRcL0FncnVwYWNpXHUwMGYzbi1Gb2xrbFx1MDBmM3JpY2EtRGFuemFyLTE5LUFkcmlhbi1TZWRpbGVzLUVtYmkuanBnIiwic2xpZGVzaG93IjoiZGZiMjcyZSJ9\" href='https:\/\/adriansediles.es\/wp-content\/uploads\/2020\/04\/Agrupaci\u00f3n-Folkl\u00f3rica-Danzar-19-Adrian-Sediles-Embi.jpg'><img loading=\"lazy\" decoding=\"async\" width=\"200\" height=\"300\" src=\"https:\/\/adriansediles.es\/wp-content\/uploads\/2020\/04\/Agrupaci\u00f3n-Folkl\u00f3rica-Danzar-19-Adrian-Sediles-Embi-200x300.jpg\" class=\"attachment-medium size-medium\" alt=\"Agrupaci\u00f3n Folkl\u00f3rica Danzar\" aria-describedby=\"gallery-1-616\" srcset=\"https:\/\/adriansediles.es\/wp-content\/uploads\/2020\/04\/Agrupaci\u00f3n-Folkl\u00f3rica-Danzar-19-Adrian-Sediles-Embi-200x300.jpg 200w, https:\/\/adriansediles.es\/wp-content\/uploads\/2020\/04\/Agrupaci\u00f3n-Folkl\u00f3rica-Danzar-19-Adrian-Sediles-Embi.jpg 683w\" sizes=\"(max-width: 200px) 100vw, 200px\" \/><\/a>\n\t\t\t<\/div>\n\t\t\t\t<figcaption class='wp-caption-text gallery-caption' id='gallery-1-616'>\n\t\t\t\tAgrupaci\u00f3n Folkl\u00f3rica Danzar\n\t\t\t\t<\/figcaption><\/figure><figure class='gallery-item'>\n\t\t\t<div class='gallery-icon portrait'>\n\t\t\t\t<a data-elementor-open-lightbox=\"yes\" data-elementor-lightbox-slideshow=\"dfb272e\" data-elementor-lightbox-title=\"Agrupaci\u00f3n Folkl\u00f3rica Danzar 20- Adrian Sediles Embi\" data-elementor-lightbox-description=\"Agrupaci\u00f3n Folkl\u00f3rica Danzar\" data-e-action-hash=\"#elementor-action%3Aaction%3Dlightbox%26settings%3DeyJpZCI6NjE3LCJ1cmwiOiJodHRwczpcL1wvYWRyaWFuc2VkaWxlcy5lc1wvd3AtY29udGVudFwvdXBsb2Fkc1wvMjAyMFwvMDRcL0FncnVwYWNpXHUwMGYzbi1Gb2xrbFx1MDBmM3JpY2EtRGFuemFyLTIwLUFkcmlhbi1TZWRpbGVzLUVtYmkuanBnIiwic2xpZGVzaG93IjoiZGZiMjcyZSJ9\" href='https:\/\/adriansediles.es\/wp-content\/uploads\/2020\/04\/Agrupaci\u00f3n-Folkl\u00f3rica-Danzar-20-Adrian-Sediles-Embi.jpg'><img loading=\"lazy\" decoding=\"async\" width=\"200\" height=\"300\" src=\"https:\/\/adriansediles.es\/wp-content\/uploads\/2020\/04\/Agrupaci\u00f3n-Folkl\u00f3rica-Danzar-20-Adrian-Sediles-Embi-200x300.jpg\" class=\"attachment-medium size-medium\" alt=\"Agrupaci\u00f3n Folkl\u00f3rica Danzar\" aria-describedby=\"gallery-1-617\" srcset=\"https:\/\/adriansediles.es\/wp-content\/uploads\/2020\/04\/Agrupaci\u00f3n-Folkl\u00f3rica-Danzar-20-Adrian-Sediles-Embi-200x300.jpg 200w, https:\/\/adriansediles.es\/wp-content\/uploads\/2020\/04\/Agrupaci\u00f3n-Folkl\u00f3rica-Danzar-20-Adrian-Sediles-Embi.jpg 683w\" sizes=\"(max-width: 200px) 100vw, 200px\" \/><\/a>\n\t\t\t<\/div>\n\t\t\t\t<figcaption class='wp-caption-text gallery-caption' id='gallery-1-617'>\n\t\t\t\tAgrupaci\u00f3n Folkl\u00f3rica Danzar\n\t\t\t\t<\/figcaption><\/figure><figure class='gallery-item'>\n\t\t\t<div class='gallery-icon landscape'>\n\t\t\t\t<a data-elementor-open-lightbox=\"yes\" data-elementor-lightbox-slideshow=\"dfb272e\" data-elementor-lightbox-title=\"Agrupaci\u00f3n Folkl\u00f3rica Danzar 21- Adrian Sediles Embi\" data-elementor-lightbox-description=\"Agrupaci\u00f3n Folkl\u00f3rica Danzar\" data-e-action-hash=\"#elementor-action%3Aaction%3Dlightbox%26settings%3DeyJpZCI6NjE4LCJ1cmwiOiJodHRwczpcL1wvYWRyaWFuc2VkaWxlcy5lc1wvd3AtY29udGVudFwvdXBsb2Fkc1wvMjAyMFwvMDRcL0FncnVwYWNpXHUwMGYzbi1Gb2xrbFx1MDBmM3JpY2EtRGFuemFyLTIxLUFkcmlhbi1TZWRpbGVzLUVtYmkuanBnIiwic2xpZGVzaG93IjoiZGZiMjcyZSJ9\" href='https:\/\/adriansediles.es\/wp-content\/uploads\/2020\/04\/Agrupaci\u00f3n-Folkl\u00f3rica-Danzar-21-Adrian-Sediles-Embi.jpg'><img loading=\"lazy\" decoding=\"async\" width=\"300\" height=\"200\" src=\"https:\/\/adriansediles.es\/wp-content\/uploads\/2020\/04\/Agrupaci\u00f3n-Folkl\u00f3rica-Danzar-21-Adrian-Sediles-Embi-300x200.jpg\" class=\"attachment-medium size-medium\" alt=\"Agrupaci\u00f3n Folkl\u00f3rica Danzar\" aria-describedby=\"gallery-1-618\" srcset=\"https:\/\/adriansediles.es\/wp-content\/uploads\/2020\/04\/Agrupaci\u00f3n-Folkl\u00f3rica-Danzar-21-Adrian-Sediles-Embi-300x200.jpg 300w, https:\/\/adriansediles.es\/wp-content\/uploads\/2020\/04\/Agrupaci\u00f3n-Folkl\u00f3rica-Danzar-21-Adrian-Sediles-Embi-768x512.jpg 768w, https:\/\/adriansediles.es\/wp-content\/uploads\/2020\/04\/Agrupaci\u00f3n-Folkl\u00f3rica-Danzar-21-Adrian-Sediles-Embi-666x444.jpg 666w, https:\/\/adriansediles.es\/wp-content\/uploads\/2020\/04\/Agrupaci\u00f3n-Folkl\u00f3rica-Danzar-21-Adrian-Sediles-Embi.jpg 1024w\" sizes=\"(max-width: 300px) 100vw, 300px\" \/><\/a>\n\t\t\t<\/div>\n\t\t\t\t<figcaption class='wp-caption-text gallery-caption' id='gallery-1-618'>\n\t\t\t\tAgrupaci\u00f3n Folkl\u00f3rica Danzar\n\t\t\t\t<\/figcaption><\/figure><figure class='gallery-item'>\n\t\t\t<div class='gallery-icon landscape'>\n\t\t\t\t<a data-elementor-open-lightbox=\"yes\" data-elementor-lightbox-slideshow=\"dfb272e\" data-elementor-lightbox-title=\"Agrupaci\u00f3n Folkl\u00f3rica Danzar 22- Adrian Sediles Embi\" data-elementor-lightbox-description=\"Agrupaci\u00f3n Folkl\u00f3rica Danzar\" data-e-action-hash=\"#elementor-action%3Aaction%3Dlightbox%26settings%3DeyJpZCI6NjE5LCJ1cmwiOiJodHRwczpcL1wvYWRyaWFuc2VkaWxlcy5lc1wvd3AtY29udGVudFwvdXBsb2Fkc1wvMjAyMFwvMDRcL0FncnVwYWNpXHUwMGYzbi1Gb2xrbFx1MDBmM3JpY2EtRGFuemFyLTIyLUFkcmlhbi1TZWRpbGVzLUVtYmkuanBnIiwic2xpZGVzaG93IjoiZGZiMjcyZSJ9\" href='https:\/\/adriansediles.es\/wp-content\/uploads\/2020\/04\/Agrupaci\u00f3n-Folkl\u00f3rica-Danzar-22-Adrian-Sediles-Embi.jpg'><img loading=\"lazy\" decoding=\"async\" width=\"300\" height=\"200\" src=\"https:\/\/adriansediles.es\/wp-content\/uploads\/2020\/04\/Agrupaci\u00f3n-Folkl\u00f3rica-Danzar-22-Adrian-Sediles-Embi-300x200.jpg\" class=\"attachment-medium size-medium\" alt=\"Agrupaci\u00f3n Folkl\u00f3rica Danzar\" aria-describedby=\"gallery-1-619\" srcset=\"https:\/\/adriansediles.es\/wp-content\/uploads\/2020\/04\/Agrupaci\u00f3n-Folkl\u00f3rica-Danzar-22-Adrian-Sediles-Embi-300x200.jpg 300w, https:\/\/adriansediles.es\/wp-content\/uploads\/2020\/04\/Agrupaci\u00f3n-Folkl\u00f3rica-Danzar-22-Adrian-Sediles-Embi-768x512.jpg 768w, https:\/\/adriansediles.es\/wp-content\/uploads\/2020\/04\/Agrupaci\u00f3n-Folkl\u00f3rica-Danzar-22-Adrian-Sediles-Embi-666x444.jpg 666w, https:\/\/adriansediles.es\/wp-content\/uploads\/2020\/04\/Agrupaci\u00f3n-Folkl\u00f3rica-Danzar-22-Adrian-Sediles-Embi.jpg 1024w\" sizes=\"(max-width: 300px) 100vw, 300px\" \/><\/a>\n\t\t\t<\/div>\n\t\t\t\t<figcaption class='wp-caption-text gallery-caption' id='gallery-1-619'>\n\t\t\t\tAgrupaci\u00f3n Folkl\u00f3rica Danzar\n\t\t\t\t<\/figcaption><\/figure><figure class='gallery-item'>\n\t\t\t<div class='gallery-icon landscape'>\n\t\t\t\t<a data-elementor-open-lightbox=\"yes\" data-elementor-lightbox-slideshow=\"dfb272e\" data-elementor-lightbox-title=\"Agrupaci\u00f3n Folkl\u00f3rica Danzar 23- Adrian Sediles Embi\" data-elementor-lightbox-description=\"Agrupaci\u00f3n Folkl\u00f3rica Danzar\" data-e-action-hash=\"#elementor-action%3Aaction%3Dlightbox%26settings%3DeyJpZCI6NjIwLCJ1cmwiOiJodHRwczpcL1wvYWRyaWFuc2VkaWxlcy5lc1wvd3AtY29udGVudFwvdXBsb2Fkc1wvMjAyMFwvMDRcL0FncnVwYWNpXHUwMGYzbi1Gb2xrbFx1MDBmM3JpY2EtRGFuemFyLTIzLUFkcmlhbi1TZWRpbGVzLUVtYmkuanBnIiwic2xpZGVzaG93IjoiZGZiMjcyZSJ9\" href='https:\/\/adriansediles.es\/wp-content\/uploads\/2020\/04\/Agrupaci\u00f3n-Folkl\u00f3rica-Danzar-23-Adrian-Sediles-Embi.jpg'><img loading=\"lazy\" decoding=\"async\" width=\"300\" height=\"200\" src=\"https:\/\/adriansediles.es\/wp-content\/uploads\/2020\/04\/Agrupaci\u00f3n-Folkl\u00f3rica-Danzar-23-Adrian-Sediles-Embi-300x200.jpg\" class=\"attachment-medium size-medium\" alt=\"\" aria-describedby=\"gallery-1-620\" srcset=\"https:\/\/adriansediles.es\/wp-content\/uploads\/2020\/04\/Agrupaci\u00f3n-Folkl\u00f3rica-Danzar-23-Adrian-Sediles-Embi-300x200.jpg 300w, https:\/\/adriansediles.es\/wp-content\/uploads\/2020\/04\/Agrupaci\u00f3n-Folkl\u00f3rica-Danzar-23-Adrian-Sediles-Embi-768x512.jpg 768w, https:\/\/adriansediles.es\/wp-content\/uploads\/2020\/04\/Agrupaci\u00f3n-Folkl\u00f3rica-Danzar-23-Adrian-Sediles-Embi-666x444.jpg 666w, https:\/\/adriansediles.es\/wp-content\/uploads\/2020\/04\/Agrupaci\u00f3n-Folkl\u00f3rica-Danzar-23-Adrian-Sediles-Embi.jpg 1024w\" sizes=\"(max-width: 300px) 100vw, 300px\" \/><\/a>\n\t\t\t<\/div>\n\t\t\t\t<figcaption class='wp-caption-text gallery-caption' id='gallery-1-620'>\n\t\t\t\tAgrupaci\u00f3n Folkl\u00f3rica Danzar\n\t\t\t\t<\/figcaption><\/figure><figure class='gallery-item'>\n\t\t\t<div class='gallery-icon landscape'>\n\t\t\t\t<a data-elementor-open-lightbox=\"yes\" data-elementor-lightbox-slideshow=\"dfb272e\" data-elementor-lightbox-title=\"Agrupaci\u00f3n Folkl\u00f3rica Danzar 24- Adrian Sediles Embi\" data-elementor-lightbox-description=\"Agrupaci\u00f3n Folkl\u00f3rica Danzar\" data-e-action-hash=\"#elementor-action%3Aaction%3Dlightbox%26settings%3DeyJpZCI6NjIxLCJ1cmwiOiJodHRwczpcL1wvYWRyaWFuc2VkaWxlcy5lc1wvd3AtY29udGVudFwvdXBsb2Fkc1wvMjAyMFwvMDRcL0FncnVwYWNpXHUwMGYzbi1Gb2xrbFx1MDBmM3JpY2EtRGFuemFyLTI0LUFkcmlhbi1TZWRpbGVzLUVtYmktMS5qcGciLCJzbGlkZXNob3ciOiJkZmIyNzJlIn0%3D\" href='https:\/\/adriansediles.es\/wp-content\/uploads\/2020\/04\/Agrupaci\u00f3n-Folkl\u00f3rica-Danzar-24-Adrian-Sediles-Embi-1.jpg'><img loading=\"lazy\" decoding=\"async\" width=\"300\" height=\"200\" src=\"https:\/\/adriansediles.es\/wp-content\/uploads\/2020\/04\/Agrupaci\u00f3n-Folkl\u00f3rica-Danzar-24-Adrian-Sediles-Embi-1-300x200.jpg\" class=\"attachment-medium size-medium\" alt=\"Agrupaci\u00f3n Folkl\u00f3rica Danzar\" aria-describedby=\"gallery-1-621\" srcset=\"https:\/\/adriansediles.es\/wp-content\/uploads\/2020\/04\/Agrupaci\u00f3n-Folkl\u00f3rica-Danzar-24-Adrian-Sediles-Embi-1-300x200.jpg 300w, https:\/\/adriansediles.es\/wp-content\/uploads\/2020\/04\/Agrupaci\u00f3n-Folkl\u00f3rica-Danzar-24-Adrian-Sediles-Embi-1-768x512.jpg 768w, https:\/\/adriansediles.es\/wp-content\/uploads\/2020\/04\/Agrupaci\u00f3n-Folkl\u00f3rica-Danzar-24-Adrian-Sediles-Embi-1-666x444.jpg 666w, https:\/\/adriansediles.es\/wp-content\/uploads\/2020\/04\/Agrupaci\u00f3n-Folkl\u00f3rica-Danzar-24-Adrian-Sediles-Embi-1.jpg 1024w\" sizes=\"(max-width: 300px) 100vw, 300px\" \/><\/a>\n\t\t\t<\/div>\n\t\t\t\t<figcaption class='wp-caption-text gallery-caption' id='gallery-1-621'>\n\t\t\t\tAgrupaci\u00f3n Folkl\u00f3rica Danzar\n\t\t\t\t<\/figcaption><\/figure><figure class='gallery-item'>\n\t\t\t<div class='gallery-icon landscape'>\n\t\t\t\t<a data-elementor-open-lightbox=\"yes\" data-elementor-lightbox-slideshow=\"dfb272e\" data-elementor-lightbox-title=\"Agrupaci\u00f3n Folkl\u00f3rica Danzar 25- Adrian Sediles Embi\" data-elementor-lightbox-description=\"Agrupaci\u00f3n Folkl\u00f3rica Danzar\" data-e-action-hash=\"#elementor-action%3Aaction%3Dlightbox%26settings%3DeyJpZCI6NjIyLCJ1cmwiOiJodHRwczpcL1wvYWRyaWFuc2VkaWxlcy5lc1wvd3AtY29udGVudFwvdXBsb2Fkc1wvMjAyMFwvMDRcL0FncnVwYWNpXHUwMGYzbi1Gb2xrbFx1MDBmM3JpY2EtRGFuemFyLTI1LUFkcmlhbi1TZWRpbGVzLUVtYmkuanBnIiwic2xpZGVzaG93IjoiZGZiMjcyZSJ9\" href='https:\/\/adriansediles.es\/wp-content\/uploads\/2020\/04\/Agrupaci\u00f3n-Folkl\u00f3rica-Danzar-25-Adrian-Sediles-Embi.jpg'><img loading=\"lazy\" decoding=\"async\" width=\"300\" height=\"200\" src=\"https:\/\/adriansediles.es\/wp-content\/uploads\/2020\/04\/Agrupaci\u00f3n-Folkl\u00f3rica-Danzar-25-Adrian-Sediles-Embi-300x200.jpg\" class=\"attachment-medium size-medium\" alt=\"Agrupaci\u00f3n Folkl\u00f3rica Danzar\" aria-describedby=\"gallery-1-622\" srcset=\"https:\/\/adriansediles.es\/wp-content\/uploads\/2020\/04\/Agrupaci\u00f3n-Folkl\u00f3rica-Danzar-25-Adrian-Sediles-Embi-300x200.jpg 300w, https:\/\/adriansediles.es\/wp-content\/uploads\/2020\/04\/Agrupaci\u00f3n-Folkl\u00f3rica-Danzar-25-Adrian-Sediles-Embi-768x512.jpg 768w, https:\/\/adriansediles.es\/wp-content\/uploads\/2020\/04\/Agrupaci\u00f3n-Folkl\u00f3rica-Danzar-25-Adrian-Sediles-Embi-666x444.jpg 666w, https:\/\/adriansediles.es\/wp-content\/uploads\/2020\/04\/Agrupaci\u00f3n-Folkl\u00f3rica-Danzar-25-Adrian-Sediles-Embi.jpg 1024w\" sizes=\"(max-width: 300px) 100vw, 300px\" \/><\/a>\n\t\t\t<\/div>\n\t\t\t\t<figcaption class='wp-caption-text gallery-caption' id='gallery-1-622'>\n\t\t\t\tAgrupaci\u00f3n Folkl\u00f3rica Danzar\n\t\t\t\t<\/figcaption><\/figure>\n\t\t<\/div>\n\t\t<\/div>\n\t\t\t\t\t\t<\/div>\n\t\t\t\t<\/div>\n\t\t\t\t\t<\/div>\n\t\t<\/div>\n\t\t\t\t\t<\/div>\n\t\t<\/section>\n\t\t\t\t<\/div>\n\t\t","protected":false},"excerpt":{"rendered":"<p>Agrupaci\u00f3n Folkl\u00f3rica Danzar Agrupaci\u00f3n Folkl\u00f3rica Danzar Agrupaci\u00f3n Folkl\u00f3rica Danzar Agrupaci\u00f3n Folkl\u00f3rica Danzar Agrupaci\u00f3n Folkl\u00f3rica Danzar Agrupaci\u00f3n Folkl\u00f3rica Danzar Agrupaci\u00f3n Folkl\u00f3rica &hellip; <a href=\"https:\/\/adriansediles.es\/?page_id=596\" class=\"more-link\"><span class=\"more-button\">Seguir leyendo<span class=\"screen-reader-text\">Agrupaci\u00f3n Folkl\u00f3rica Danzar<\/span><\/span><\/a><\/p>\n","protected":false},"author":1,"featured_media":0,"parent":0,"menu_order":0,"comment_status":"closed","ping_status":"closed","template":"","meta":{"footnotes":""},"class_list":["post-596","page","type-page","status-publish","hentry"],"_links":{"self":[{"href":"https:\/\/adriansediles.es\/index.php?rest_route=\/wp\/v2\/pages\/596","targetHints":{"allow":["GET"]}}],"collection":[{"href":"https:\/\/adriansediles.es\/index.php?rest_route=\/wp\/v2\/pages"}],"about":[{"href":"https:\/\/adriansediles.es\/index.php?rest_route=\/wp\/v2\/types\/page"}],"author":[{"embeddable":true,"href":"https:\/\/adriansediles.es\/index.php?rest_route=\/wp\/v2\/users\/1"}],"replies":[{"embeddable":true,"href":"https:\/\/adriansediles.es\/index.php?rest_route=%2Fwp%2Fv2%2Fcomments&post=596"}],"version-history":[{"count":3,"href":"https:\/\/adriansediles.es\/index.php?rest_route=\/wp\/v2\/pages\/596\/revisions"}],"predecessor-version":[{"id":624,"href":"https:\/\/adriansediles.es\/index.php?rest_route=\/wp\/v2\/pages\/596\/revisions\/624"}],"wp:attachment":[{"href":"https:\/\/adriansediles.es\/index.php?rest_route=%2Fwp%2Fv2%2Fmedia&parent=596"}],"curies":[{"name":"wp","href":"https:\/\/api.w.org\/{rel}","templated":true}]}}