{"id":625,"date":"2020-04-05T16:40:32","date_gmt":"2020-04-05T16:40:32","guid":{"rendered":"http:\/\/192.168.1.111\/?page_id=625"},"modified":"2020-04-05T16:41:31","modified_gmt":"2020-04-05T16:41:31","slug":"fotografia-de-pareja-andrea-cortes-y-javier-ortiz","status":"publish","type":"page","link":"https:\/\/adriansediles.es\/?page_id=625","title":{"rendered":"Fotograf\u00eda de pareja, Andrea Cort\u00e9s y Javier Ortiz"},"content":{"rendered":"\t\t<div data-elementor-type=\"wp-page\" data-elementor-id=\"625\" class=\"elementor elementor-625\">\n\t\t\t\t\t\t<section class=\"elementor-section elementor-top-section elementor-element elementor-element-1a59ebc elementor-section-boxed elementor-section-height-default elementor-section-height-default\" data-id=\"1a59ebc\" data-element_type=\"section\" data-e-type=\"section\">\n\t\t\t\t\t\t<div class=\"elementor-container elementor-column-gap-default\">\n\t\t\t\t\t<div class=\"elementor-column elementor-col-100 elementor-top-column elementor-element elementor-element-7c4aed89\" data-id=\"7c4aed89\" data-element_type=\"column\" data-e-type=\"column\">\n\t\t\t<div class=\"elementor-widget-wrap elementor-element-populated\">\n\t\t\t\t\t\t<div class=\"elementor-element elementor-element-5cc096fc elementor-widget elementor-widget-text-editor\" data-id=\"5cc096fc\" data-element_type=\"widget\" data-e-type=\"widget\" data-widget_type=\"text-editor.default\">\n\t\t\t\t<div class=\"elementor-widget-container\">\n\t\t\t\t\t\t\t\t\t\n<figure class=\"wp-block-gallery columns-0 is-cropped wp-block-gallery-2 is-layout-flex wp-block-gallery-is-layout-flex\"><ul class=\"blocks-gallery-grid\"><\/ul><\/figure>\n\t\t\t\t\t\t\t\t<\/div>\n\t\t\t\t<\/div>\n\t\t\t\t\t<\/div>\n\t\t<\/div>\n\t\t\t\t\t<\/div>\n\t\t<\/section>\n\t\t\t\t<section class=\"elementor-section elementor-top-section elementor-element elementor-element-576c776 elementor-section-boxed elementor-section-height-default elementor-section-height-default\" data-id=\"576c776\" data-element_type=\"section\" data-e-type=\"section\">\n\t\t\t\t\t\t<div class=\"elementor-container elementor-column-gap-default\">\n\t\t\t\t\t<div class=\"elementor-column elementor-col-100 elementor-top-column elementor-element elementor-element-f995026\" data-id=\"f995026\" data-element_type=\"column\" data-e-type=\"column\">\n\t\t\t<div class=\"elementor-widget-wrap elementor-element-populated\">\n\t\t\t\t\t\t<div class=\"elementor-element elementor-element-dfb272e elementor-widget elementor-widget-image-gallery\" data-id=\"dfb272e\" data-element_type=\"widget\" data-e-type=\"widget\" data-widget_type=\"image-gallery.default\">\n\t\t\t\t<div class=\"elementor-widget-container\">\n\t\t\t\t\t\t\t<div class=\"elementor-image-gallery\">\n\t\t\t<div id='gallery-1' class='gallery galleryid-625 gallery-columns-3 gallery-size-medium'><figure class='gallery-item'>\n\t\t\t<div class='gallery-icon portrait'>\n\t\t\t\t<a data-elementor-open-lightbox=\"yes\" data-elementor-lightbox-slideshow=\"dfb272e\" data-elementor-lightbox-title=\"Javier Ortiz y Andrea Cort\u00e9s - Adri\u00e1n Sediles Embi\" data-elementor-lightbox-description=\"Fotograf\u00eda de pareja, Andrea Cort\u00e9s y Javier Ortiz\" data-e-action-hash=\"#elementor-action%3Aaction%3Dlightbox%26settings%3DeyJpZCI6NjM3LCJ1cmwiOiJodHRwczpcL1wvYWRyaWFuc2VkaWxlcy5lc1wvd3AtY29udGVudFwvdXBsb2Fkc1wvMjAyMFwvMDRcL0phdmllci1PcnRpei15LUFuZHJlYS1Db3J0XHUwMGU5cy1BZHJpXHUwMGUxbi1TZWRpbGVzLUVtYmktMDExLmpwZyIsInNsaWRlc2hvdyI6ImRmYjI3MmUifQ%3D%3D\" href='https:\/\/adriansediles.es\/wp-content\/uploads\/2020\/04\/Javier-Ortiz-y-Andrea-Cort\u00e9s-Adri\u00e1n-Sediles-Embi-011.jpg'><img fetchpriority=\"high\" decoding=\"async\" width=\"200\" height=\"300\" src=\"https:\/\/adriansediles.es\/wp-content\/uploads\/2020\/04\/Javier-Ortiz-y-Andrea-Cort\u00e9s-Adri\u00e1n-Sediles-Embi-011-200x300.jpg\" class=\"attachment-medium size-medium\" alt=\"Fotograf\u00eda de pareja, Andrea Cort\u00e9s y Javier Ortiz\" aria-describedby=\"gallery-1-637\" srcset=\"https:\/\/adriansediles.es\/wp-content\/uploads\/2020\/04\/Javier-Ortiz-y-Andrea-Cort\u00e9s-Adri\u00e1n-Sediles-Embi-011-200x300.jpg 200w, https:\/\/adriansediles.es\/wp-content\/uploads\/2020\/04\/Javier-Ortiz-y-Andrea-Cort\u00e9s-Adri\u00e1n-Sediles-Embi-011.jpg 683w\" sizes=\"(max-width: 200px) 100vw, 200px\" \/><\/a>\n\t\t\t<\/div>\n\t\t\t\t<figcaption class='wp-caption-text gallery-caption' id='gallery-1-637'>\n\t\t\t\tFotograf\u00eda de pareja, Andrea Cort\u00e9s y Javier Ortiz\n\t\t\t\t<\/figcaption><\/figure><figure class='gallery-item'>\n\t\t\t<div class='gallery-icon portrait'>\n\t\t\t\t<a data-elementor-open-lightbox=\"yes\" data-elementor-lightbox-slideshow=\"dfb272e\" data-elementor-lightbox-title=\"Javier Ortiz y Andrea Cort\u00e9s - Adri\u00e1n Sediles Embi\" data-elementor-lightbox-description=\"Fotograf\u00eda de pareja, Andrea Cort\u00e9s y Javier Ortiz\" data-e-action-hash=\"#elementor-action%3Aaction%3Dlightbox%26settings%3DeyJpZCI6NjI3LCJ1cmwiOiJodHRwczpcL1wvYWRyaWFuc2VkaWxlcy5lc1wvd3AtY29udGVudFwvdXBsb2Fkc1wvMjAyMFwvMDRcL0phdmllci1PcnRpei15LUFuZHJlYS1Db3J0XHUwMGU5cy1BZHJpXHUwMGUxbi1TZWRpbGVzLUVtYmktMDEuanBnIiwic2xpZGVzaG93IjoiZGZiMjcyZSJ9\" href='https:\/\/adriansediles.es\/wp-content\/uploads\/2020\/04\/Javier-Ortiz-y-Andrea-Cort\u00e9s-Adri\u00e1n-Sediles-Embi-01.jpg'><img decoding=\"async\" width=\"200\" height=\"300\" src=\"https:\/\/adriansediles.es\/wp-content\/uploads\/2020\/04\/Javier-Ortiz-y-Andrea-Cort\u00e9s-Adri\u00e1n-Sediles-Embi-01-200x300.jpg\" class=\"attachment-medium size-medium\" alt=\"Fotograf\u00eda de pareja, Andrea Cort\u00e9s y Javier Ortiz\" aria-describedby=\"gallery-1-627\" srcset=\"https:\/\/adriansediles.es\/wp-content\/uploads\/2020\/04\/Javier-Ortiz-y-Andrea-Cort\u00e9s-Adri\u00e1n-Sediles-Embi-01-200x300.jpg 200w, https:\/\/adriansediles.es\/wp-content\/uploads\/2020\/04\/Javier-Ortiz-y-Andrea-Cort\u00e9s-Adri\u00e1n-Sediles-Embi-01.jpg 683w\" sizes=\"(max-width: 200px) 100vw, 200px\" \/><\/a>\n\t\t\t<\/div>\n\t\t\t\t<figcaption class='wp-caption-text gallery-caption' id='gallery-1-627'>\n\t\t\t\tFotograf\u00eda de pareja, Andrea Cort\u00e9s y Javier Ortiz\n\t\t\t\t<\/figcaption><\/figure><figure class='gallery-item'>\n\t\t\t<div class='gallery-icon landscape'>\n\t\t\t\t<a data-elementor-open-lightbox=\"yes\" data-elementor-lightbox-slideshow=\"dfb272e\" data-elementor-lightbox-title=\"Javier Ortiz y Andrea Cort\u00e9s - Adri\u00e1n Sediles Embi\" data-elementor-lightbox-description=\"Fotograf\u00eda de pareja, Andrea Cort\u00e9s y Javier Ortiz\" data-e-action-hash=\"#elementor-action%3Aaction%3Dlightbox%26settings%3DeyJpZCI6NjM4LCJ1cmwiOiJodHRwczpcL1wvYWRyaWFuc2VkaWxlcy5lc1wvd3AtY29udGVudFwvdXBsb2Fkc1wvMjAyMFwvMDRcL0phdmllci1PcnRpei15LUFuZHJlYS1Db3J0XHUwMGU5cy1BZHJpXHUwMGUxbi1TZWRpbGVzLUVtYmktMDEzLmpwZyIsInNsaWRlc2hvdyI6ImRmYjI3MmUifQ%3D%3D\" href='https:\/\/adriansediles.es\/wp-content\/uploads\/2020\/04\/Javier-Ortiz-y-Andrea-Cort\u00e9s-Adri\u00e1n-Sediles-Embi-013.jpg'><img decoding=\"async\" width=\"300\" height=\"200\" src=\"https:\/\/adriansediles.es\/wp-content\/uploads\/2020\/04\/Javier-Ortiz-y-Andrea-Cort\u00e9s-Adri\u00e1n-Sediles-Embi-013-300x200.jpg\" class=\"attachment-medium size-medium\" alt=\"Fotograf\u00eda de pareja, Andrea Cort\u00e9s y Javier Ortiz\" aria-describedby=\"gallery-1-638\" srcset=\"https:\/\/adriansediles.es\/wp-content\/uploads\/2020\/04\/Javier-Ortiz-y-Andrea-Cort\u00e9s-Adri\u00e1n-Sediles-Embi-013-300x200.jpg 300w, https:\/\/adriansediles.es\/wp-content\/uploads\/2020\/04\/Javier-Ortiz-y-Andrea-Cort\u00e9s-Adri\u00e1n-Sediles-Embi-013-768x512.jpg 768w, https:\/\/adriansediles.es\/wp-content\/uploads\/2020\/04\/Javier-Ortiz-y-Andrea-Cort\u00e9s-Adri\u00e1n-Sediles-Embi-013-666x444.jpg 666w, https:\/\/adriansediles.es\/wp-content\/uploads\/2020\/04\/Javier-Ortiz-y-Andrea-Cort\u00e9s-Adri\u00e1n-Sediles-Embi-013.jpg 1024w\" sizes=\"(max-width: 300px) 100vw, 300px\" \/><\/a>\n\t\t\t<\/div>\n\t\t\t\t<figcaption class='wp-caption-text gallery-caption' id='gallery-1-638'>\n\t\t\t\tFotograf\u00eda de pareja, Andrea Cort\u00e9s y Javier Ortiz\n\t\t\t\t<\/figcaption><\/figure><figure class='gallery-item'>\n\t\t\t<div class='gallery-icon landscape'>\n\t\t\t\t<a data-elementor-open-lightbox=\"yes\" data-elementor-lightbox-slideshow=\"dfb272e\" data-elementor-lightbox-title=\"Javier Ortiz y Andrea Cort\u00e9s - Adri\u00e1n Sediles Embi\" data-elementor-lightbox-description=\"Fotograf\u00eda de pareja, Andrea Cort\u00e9s y Javier Ortiz\" data-e-action-hash=\"#elementor-action%3Aaction%3Dlightbox%26settings%3DeyJpZCI6NjI4LCJ1cmwiOiJodHRwczpcL1wvYWRyaWFuc2VkaWxlcy5lc1wvd3AtY29udGVudFwvdXBsb2Fkc1wvMjAyMFwvMDRcL0phdmllci1PcnRpei15LUFuZHJlYS1Db3J0XHUwMGU5cy1BZHJpXHUwMGUxbi1TZWRpbGVzLUVtYmktMDIuanBnIiwic2xpZGVzaG93IjoiZGZiMjcyZSJ9\" href='https:\/\/adriansediles.es\/wp-content\/uploads\/2020\/04\/Javier-Ortiz-y-Andrea-Cort\u00e9s-Adri\u00e1n-Sediles-Embi-02.jpg'><img loading=\"lazy\" decoding=\"async\" width=\"300\" height=\"200\" src=\"https:\/\/adriansediles.es\/wp-content\/uploads\/2020\/04\/Javier-Ortiz-y-Andrea-Cort\u00e9s-Adri\u00e1n-Sediles-Embi-02-300x200.jpg\" class=\"attachment-medium size-medium\" alt=\"Fotograf\u00eda de pareja, Andrea Cort\u00e9s y Javier Ortiz\" aria-describedby=\"gallery-1-628\" srcset=\"https:\/\/adriansediles.es\/wp-content\/uploads\/2020\/04\/Javier-Ortiz-y-Andrea-Cort\u00e9s-Adri\u00e1n-Sediles-Embi-02-300x200.jpg 300w, https:\/\/adriansediles.es\/wp-content\/uploads\/2020\/04\/Javier-Ortiz-y-Andrea-Cort\u00e9s-Adri\u00e1n-Sediles-Embi-02-768x512.jpg 768w, https:\/\/adriansediles.es\/wp-content\/uploads\/2020\/04\/Javier-Ortiz-y-Andrea-Cort\u00e9s-Adri\u00e1n-Sediles-Embi-02-666x444.jpg 666w, https:\/\/adriansediles.es\/wp-content\/uploads\/2020\/04\/Javier-Ortiz-y-Andrea-Cort\u00e9s-Adri\u00e1n-Sediles-Embi-02.jpg 1024w\" sizes=\"(max-width: 300px) 100vw, 300px\" \/><\/a>\n\t\t\t<\/div>\n\t\t\t\t<figcaption class='wp-caption-text gallery-caption' id='gallery-1-628'>\n\t\t\t\tFotograf\u00eda de pareja, Andrea Cort\u00e9s y Javier Ortiz\n\t\t\t\t<\/figcaption><\/figure><figure class='gallery-item'>\n\t\t\t<div class='gallery-icon landscape'>\n\t\t\t\t<a data-elementor-open-lightbox=\"yes\" data-elementor-lightbox-slideshow=\"dfb272e\" data-elementor-lightbox-title=\"Javier Ortiz y Andrea Cort\u00e9s - Adri\u00e1n Sediles Embi\" data-elementor-lightbox-description=\"Fotograf\u00eda de pareja, Andrea Cort\u00e9s y Javier Ortiz\" data-e-action-hash=\"#elementor-action%3Aaction%3Dlightbox%26settings%3DeyJpZCI6NjMwLCJ1cmwiOiJodHRwczpcL1wvYWRyaWFuc2VkaWxlcy5lc1wvd3AtY29udGVudFwvdXBsb2Fkc1wvMjAyMFwvMDRcL0phdmllci1PcnRpei15LUFuZHJlYS1Db3J0XHUwMGU5cy1BZHJpXHUwMGUxbi1TZWRpbGVzLUVtYmktMDQuanBnIiwic2xpZGVzaG93IjoiZGZiMjcyZSJ9\" href='https:\/\/adriansediles.es\/wp-content\/uploads\/2020\/04\/Javier-Ortiz-y-Andrea-Cort\u00e9s-Adri\u00e1n-Sediles-Embi-04.jpg'><img loading=\"lazy\" decoding=\"async\" width=\"300\" height=\"200\" src=\"https:\/\/adriansediles.es\/wp-content\/uploads\/2020\/04\/Javier-Ortiz-y-Andrea-Cort\u00e9s-Adri\u00e1n-Sediles-Embi-04-300x200.jpg\" class=\"attachment-medium size-medium\" alt=\"Fotograf\u00eda de pareja, Andrea Cort\u00e9s y Javier Ortiz\" aria-describedby=\"gallery-1-630\" srcset=\"https:\/\/adriansediles.es\/wp-content\/uploads\/2020\/04\/Javier-Ortiz-y-Andrea-Cort\u00e9s-Adri\u00e1n-Sediles-Embi-04-300x200.jpg 300w, https:\/\/adriansediles.es\/wp-content\/uploads\/2020\/04\/Javier-Ortiz-y-Andrea-Cort\u00e9s-Adri\u00e1n-Sediles-Embi-04-768x512.jpg 768w, https:\/\/adriansediles.es\/wp-content\/uploads\/2020\/04\/Javier-Ortiz-y-Andrea-Cort\u00e9s-Adri\u00e1n-Sediles-Embi-04-666x444.jpg 666w, https:\/\/adriansediles.es\/wp-content\/uploads\/2020\/04\/Javier-Ortiz-y-Andrea-Cort\u00e9s-Adri\u00e1n-Sediles-Embi-04.jpg 1024w\" sizes=\"(max-width: 300px) 100vw, 300px\" \/><\/a>\n\t\t\t<\/div>\n\t\t\t\t<figcaption class='wp-caption-text gallery-caption' id='gallery-1-630'>\n\t\t\t\tFotograf\u00eda de pareja, Andrea Cort\u00e9s y Javier Ortiz\n\t\t\t\t<\/figcaption><\/figure><figure class='gallery-item'>\n\t\t\t<div class='gallery-icon landscape'>\n\t\t\t\t<a data-elementor-open-lightbox=\"yes\" data-elementor-lightbox-slideshow=\"dfb272e\" data-elementor-lightbox-title=\"Javier Ortiz y Andrea Cort\u00e9s - Adri\u00e1n Sediles Embi\" data-elementor-lightbox-description=\"Fotograf\u00eda de pareja, Andrea Cort\u00e9s y Javier Ortiz\" data-e-action-hash=\"#elementor-action%3Aaction%3Dlightbox%26settings%3DeyJpZCI6NjI5LCJ1cmwiOiJodHRwczpcL1wvYWRyaWFuc2VkaWxlcy5lc1wvd3AtY29udGVudFwvdXBsb2Fkc1wvMjAyMFwvMDRcL0phdmllci1PcnRpei15LUFuZHJlYS1Db3J0XHUwMGU5cy1BZHJpXHUwMGUxbi1TZWRpbGVzLUVtYmktMDMuanBnIiwic2xpZGVzaG93IjoiZGZiMjcyZSJ9\" href='https:\/\/adriansediles.es\/wp-content\/uploads\/2020\/04\/Javier-Ortiz-y-Andrea-Cort\u00e9s-Adri\u00e1n-Sediles-Embi-03.jpg'><img loading=\"lazy\" decoding=\"async\" width=\"300\" height=\"200\" src=\"https:\/\/adriansediles.es\/wp-content\/uploads\/2020\/04\/Javier-Ortiz-y-Andrea-Cort\u00e9s-Adri\u00e1n-Sediles-Embi-03-300x200.jpg\" class=\"attachment-medium size-medium\" alt=\"Fotograf\u00eda de pareja, Andrea Cort\u00e9s y Javier Ortiz\" aria-describedby=\"gallery-1-629\" srcset=\"https:\/\/adriansediles.es\/wp-content\/uploads\/2020\/04\/Javier-Ortiz-y-Andrea-Cort\u00e9s-Adri\u00e1n-Sediles-Embi-03-300x200.jpg 300w, https:\/\/adriansediles.es\/wp-content\/uploads\/2020\/04\/Javier-Ortiz-y-Andrea-Cort\u00e9s-Adri\u00e1n-Sediles-Embi-03-768x512.jpg 768w, https:\/\/adriansediles.es\/wp-content\/uploads\/2020\/04\/Javier-Ortiz-y-Andrea-Cort\u00e9s-Adri\u00e1n-Sediles-Embi-03-666x444.jpg 666w, https:\/\/adriansediles.es\/wp-content\/uploads\/2020\/04\/Javier-Ortiz-y-Andrea-Cort\u00e9s-Adri\u00e1n-Sediles-Embi-03.jpg 1024w\" sizes=\"(max-width: 300px) 100vw, 300px\" \/><\/a>\n\t\t\t<\/div>\n\t\t\t\t<figcaption class='wp-caption-text gallery-caption' id='gallery-1-629'>\n\t\t\t\tFotograf\u00eda de pareja, Andrea Cort\u00e9s y Javier Ortiz\n\t\t\t\t<\/figcaption><\/figure><figure class='gallery-item'>\n\t\t\t<div class='gallery-icon landscape'>\n\t\t\t\t<a data-elementor-open-lightbox=\"yes\" data-elementor-lightbox-slideshow=\"dfb272e\" data-elementor-lightbox-title=\"Javier Ortiz y Andrea Cort\u00e9s - Adri\u00e1n Sediles Embi\" data-elementor-lightbox-description=\"Fotograf\u00eda de pareja, Andrea Cort\u00e9s y Javier Ortiz\" data-e-action-hash=\"#elementor-action%3Aaction%3Dlightbox%26settings%3DeyJpZCI6NjMzLCJ1cmwiOiJodHRwczpcL1wvYWRyaWFuc2VkaWxlcy5lc1wvd3AtY29udGVudFwvdXBsb2Fkc1wvMjAyMFwvMDRcL0phdmllci1PcnRpei15LUFuZHJlYS1Db3J0XHUwMGU5cy1BZHJpXHUwMGUxbi1TZWRpbGVzLUVtYmktMDcuanBnIiwic2xpZGVzaG93IjoiZGZiMjcyZSJ9\" href='https:\/\/adriansediles.es\/wp-content\/uploads\/2020\/04\/Javier-Ortiz-y-Andrea-Cort\u00e9s-Adri\u00e1n-Sediles-Embi-07.jpg'><img loading=\"lazy\" decoding=\"async\" width=\"300\" height=\"157\" src=\"https:\/\/adriansediles.es\/wp-content\/uploads\/2020\/04\/Javier-Ortiz-y-Andrea-Cort\u00e9s-Adri\u00e1n-Sediles-Embi-07-300x157.jpg\" class=\"attachment-medium size-medium\" alt=\"Fotograf\u00eda de pareja, Andrea Cort\u00e9s y Javier Ortiz\" aria-describedby=\"gallery-1-633\" srcset=\"https:\/\/adriansediles.es\/wp-content\/uploads\/2020\/04\/Javier-Ortiz-y-Andrea-Cort\u00e9s-Adri\u00e1n-Sediles-Embi-07-300x157.jpg 300w, https:\/\/adriansediles.es\/wp-content\/uploads\/2020\/04\/Javier-Ortiz-y-Andrea-Cort\u00e9s-Adri\u00e1n-Sediles-Embi-07-768x403.jpg 768w, https:\/\/adriansediles.es\/wp-content\/uploads\/2020\/04\/Javier-Ortiz-y-Andrea-Cort\u00e9s-Adri\u00e1n-Sediles-Embi-07.jpg 1024w\" sizes=\"(max-width: 300px) 100vw, 300px\" \/><\/a>\n\t\t\t<\/div>\n\t\t\t\t<figcaption class='wp-caption-text gallery-caption' id='gallery-1-633'>\n\t\t\t\tFotograf\u00eda de pareja, Andrea Cort\u00e9s y Javier Ortiz\n\t\t\t\t<\/figcaption><\/figure><figure class='gallery-item'>\n\t\t\t<div class='gallery-icon portrait'>\n\t\t\t\t<a data-elementor-open-lightbox=\"yes\" data-elementor-lightbox-slideshow=\"dfb272e\" data-elementor-lightbox-title=\"Javier Ortiz y Andrea Cort\u00e9s - Adri\u00e1n Sediles Embi\" data-elementor-lightbox-description=\"Fotograf\u00eda de pareja, Andrea Cort\u00e9s y Javier Ortiz\" data-e-action-hash=\"#elementor-action%3Aaction%3Dlightbox%26settings%3DeyJpZCI6NjM0LCJ1cmwiOiJodHRwczpcL1wvYWRyaWFuc2VkaWxlcy5lc1wvd3AtY29udGVudFwvdXBsb2Fkc1wvMjAyMFwvMDRcL0phdmllci1PcnRpei15LUFuZHJlYS1Db3J0XHUwMGU5cy1BZHJpXHUwMGUxbi1TZWRpbGVzLUVtYmktMDguanBnIiwic2xpZGVzaG93IjoiZGZiMjcyZSJ9\" href='https:\/\/adriansediles.es\/wp-content\/uploads\/2020\/04\/Javier-Ortiz-y-Andrea-Cort\u00e9s-Adri\u00e1n-Sediles-Embi-08.jpg'><img loading=\"lazy\" decoding=\"async\" width=\"200\" height=\"300\" src=\"https:\/\/adriansediles.es\/wp-content\/uploads\/2020\/04\/Javier-Ortiz-y-Andrea-Cort\u00e9s-Adri\u00e1n-Sediles-Embi-08-200x300.jpg\" class=\"attachment-medium size-medium\" alt=\"Fotograf\u00eda de pareja, Andrea Cort\u00e9s y Javier Ortiz\" aria-describedby=\"gallery-1-634\" srcset=\"https:\/\/adriansediles.es\/wp-content\/uploads\/2020\/04\/Javier-Ortiz-y-Andrea-Cort\u00e9s-Adri\u00e1n-Sediles-Embi-08-200x300.jpg 200w, https:\/\/adriansediles.es\/wp-content\/uploads\/2020\/04\/Javier-Ortiz-y-Andrea-Cort\u00e9s-Adri\u00e1n-Sediles-Embi-08.jpg 683w\" sizes=\"(max-width: 200px) 100vw, 200px\" \/><\/a>\n\t\t\t<\/div>\n\t\t\t\t<figcaption class='wp-caption-text gallery-caption' id='gallery-1-634'>\n\t\t\t\tFotograf\u00eda de pareja, Andrea Cort\u00e9s y Javier Ortiz\n\t\t\t\t<\/figcaption><\/figure><figure class='gallery-item'>\n\t\t\t<div class='gallery-icon landscape'>\n\t\t\t\t<a data-elementor-open-lightbox=\"yes\" data-elementor-lightbox-slideshow=\"dfb272e\" data-elementor-lightbox-title=\"Javier Ortiz y Andrea Cort\u00e9s - Adri\u00e1n Sediles Embi\" data-elementor-lightbox-description=\"Fotograf\u00eda de pareja, Andrea Cort\u00e9s y Javier Ortiz\" data-e-action-hash=\"#elementor-action%3Aaction%3Dlightbox%26settings%3DeyJpZCI6NjMxLCJ1cmwiOiJodHRwczpcL1wvYWRyaWFuc2VkaWxlcy5lc1wvd3AtY29udGVudFwvdXBsb2Fkc1wvMjAyMFwvMDRcL0phdmllci1PcnRpei15LUFuZHJlYS1Db3J0XHUwMGU5cy1BZHJpXHUwMGUxbi1TZWRpbGVzLUVtYmktMDUuanBnIiwic2xpZGVzaG93IjoiZGZiMjcyZSJ9\" href='https:\/\/adriansediles.es\/wp-content\/uploads\/2020\/04\/Javier-Ortiz-y-Andrea-Cort\u00e9s-Adri\u00e1n-Sediles-Embi-05.jpg'><img loading=\"lazy\" decoding=\"async\" width=\"300\" height=\"200\" src=\"https:\/\/adriansediles.es\/wp-content\/uploads\/2020\/04\/Javier-Ortiz-y-Andrea-Cort\u00e9s-Adri\u00e1n-Sediles-Embi-05-300x200.jpg\" class=\"attachment-medium size-medium\" alt=\"Agrupaci\u00f3n Folkl\u00f3rica Danzar\" aria-describedby=\"gallery-1-631\" srcset=\"https:\/\/adriansediles.es\/wp-content\/uploads\/2020\/04\/Javier-Ortiz-y-Andrea-Cort\u00e9s-Adri\u00e1n-Sediles-Embi-05-300x200.jpg 300w, https:\/\/adriansediles.es\/wp-content\/uploads\/2020\/04\/Javier-Ortiz-y-Andrea-Cort\u00e9s-Adri\u00e1n-Sediles-Embi-05-768x512.jpg 768w, https:\/\/adriansediles.es\/wp-content\/uploads\/2020\/04\/Javier-Ortiz-y-Andrea-Cort\u00e9s-Adri\u00e1n-Sediles-Embi-05-666x444.jpg 666w, https:\/\/adriansediles.es\/wp-content\/uploads\/2020\/04\/Javier-Ortiz-y-Andrea-Cort\u00e9s-Adri\u00e1n-Sediles-Embi-05.jpg 1024w\" sizes=\"(max-width: 300px) 100vw, 300px\" \/><\/a>\n\t\t\t<\/div>\n\t\t\t\t<figcaption class='wp-caption-text gallery-caption' id='gallery-1-631'>\n\t\t\t\tFotograf\u00eda de pareja, Andrea Cort\u00e9s y Javier Ortiz\n\t\t\t\t<\/figcaption><\/figure><figure class='gallery-item'>\n\t\t\t<div class='gallery-icon landscape'>\n\t\t\t\t<a data-elementor-open-lightbox=\"yes\" data-elementor-lightbox-slideshow=\"dfb272e\" data-elementor-lightbox-title=\"Javier Ortiz y Andrea Cort\u00e9s - Adri\u00e1n Sediles Embi\" data-elementor-lightbox-description=\"Fotograf\u00eda de pareja, Andrea Cort\u00e9s y Javier Ortiz\" data-e-action-hash=\"#elementor-action%3Aaction%3Dlightbox%26settings%3DeyJpZCI6NjMyLCJ1cmwiOiJodHRwczpcL1wvYWRyaWFuc2VkaWxlcy5lc1wvd3AtY29udGVudFwvdXBsb2Fkc1wvMjAyMFwvMDRcL0phdmllci1PcnRpei15LUFuZHJlYS1Db3J0XHUwMGU5cy1BZHJpXHUwMGUxbi1TZWRpbGVzLUVtYmktMDYuanBnIiwic2xpZGVzaG93IjoiZGZiMjcyZSJ9\" href='https:\/\/adriansediles.es\/wp-content\/uploads\/2020\/04\/Javier-Ortiz-y-Andrea-Cort\u00e9s-Adri\u00e1n-Sediles-Embi-06.jpg'><img loading=\"lazy\" decoding=\"async\" width=\"300\" height=\"200\" src=\"https:\/\/adriansediles.es\/wp-content\/uploads\/2020\/04\/Javier-Ortiz-y-Andrea-Cort\u00e9s-Adri\u00e1n-Sediles-Embi-06-300x200.jpg\" class=\"attachment-medium size-medium\" alt=\"Fotograf\u00eda de pareja, Andrea Cort\u00e9s y Javier Ortiz\" aria-describedby=\"gallery-1-632\" srcset=\"https:\/\/adriansediles.es\/wp-content\/uploads\/2020\/04\/Javier-Ortiz-y-Andrea-Cort\u00e9s-Adri\u00e1n-Sediles-Embi-06-300x200.jpg 300w, https:\/\/adriansediles.es\/wp-content\/uploads\/2020\/04\/Javier-Ortiz-y-Andrea-Cort\u00e9s-Adri\u00e1n-Sediles-Embi-06-768x512.jpg 768w, https:\/\/adriansediles.es\/wp-content\/uploads\/2020\/04\/Javier-Ortiz-y-Andrea-Cort\u00e9s-Adri\u00e1n-Sediles-Embi-06-666x444.jpg 666w, https:\/\/adriansediles.es\/wp-content\/uploads\/2020\/04\/Javier-Ortiz-y-Andrea-Cort\u00e9s-Adri\u00e1n-Sediles-Embi-06.jpg 1024w\" sizes=\"(max-width: 300px) 100vw, 300px\" \/><\/a>\n\t\t\t<\/div>\n\t\t\t\t<figcaption class='wp-caption-text gallery-caption' id='gallery-1-632'>\n\t\t\t\tFotograf\u00eda de pareja, Andrea Cort\u00e9s y Javier Ortiz\n\t\t\t\t<\/figcaption><\/figure><figure class='gallery-item'>\n\t\t\t<div class='gallery-icon landscape'>\n\t\t\t\t<a data-elementor-open-lightbox=\"yes\" data-elementor-lightbox-slideshow=\"dfb272e\" data-elementor-lightbox-title=\"Javier Ortiz y Andrea Cort\u00e9s - Adri\u00e1n Sediles Embi\" data-elementor-lightbox-description=\"Fotograf\u00eda de pareja, Andrea Cort\u00e9s y Javier Ortiz\" data-e-action-hash=\"#elementor-action%3Aaction%3Dlightbox%26settings%3DeyJpZCI6NjM1LCJ1cmwiOiJodHRwczpcL1wvYWRyaWFuc2VkaWxlcy5lc1wvd3AtY29udGVudFwvdXBsb2Fkc1wvMjAyMFwvMDRcL0phdmllci1PcnRpei15LUFuZHJlYS1Db3J0XHUwMGU5cy1BZHJpXHUwMGUxbi1TZWRpbGVzLUVtYmktMDkuanBnIiwic2xpZGVzaG93IjoiZGZiMjcyZSJ9\" href='https:\/\/adriansediles.es\/wp-content\/uploads\/2020\/04\/Javier-Ortiz-y-Andrea-Cort\u00e9s-Adri\u00e1n-Sediles-Embi-09.jpg'><img loading=\"lazy\" decoding=\"async\" width=\"300\" height=\"200\" src=\"https:\/\/adriansediles.es\/wp-content\/uploads\/2020\/04\/Javier-Ortiz-y-Andrea-Cort\u00e9s-Adri\u00e1n-Sediles-Embi-09-300x200.jpg\" class=\"attachment-medium size-medium\" alt=\"Fotograf\u00eda de pareja, Andrea Cort\u00e9s y Javier Ortiz\" aria-describedby=\"gallery-1-635\" srcset=\"https:\/\/adriansediles.es\/wp-content\/uploads\/2020\/04\/Javier-Ortiz-y-Andrea-Cort\u00e9s-Adri\u00e1n-Sediles-Embi-09-300x200.jpg 300w, https:\/\/adriansediles.es\/wp-content\/uploads\/2020\/04\/Javier-Ortiz-y-Andrea-Cort\u00e9s-Adri\u00e1n-Sediles-Embi-09-768x512.jpg 768w, https:\/\/adriansediles.es\/wp-content\/uploads\/2020\/04\/Javier-Ortiz-y-Andrea-Cort\u00e9s-Adri\u00e1n-Sediles-Embi-09-666x444.jpg 666w, https:\/\/adriansediles.es\/wp-content\/uploads\/2020\/04\/Javier-Ortiz-y-Andrea-Cort\u00e9s-Adri\u00e1n-Sediles-Embi-09.jpg 1024w\" sizes=\"(max-width: 300px) 100vw, 300px\" \/><\/a>\n\t\t\t<\/div>\n\t\t\t\t<figcaption class='wp-caption-text gallery-caption' id='gallery-1-635'>\n\t\t\t\tFotograf\u00eda de pareja, Andrea Cort\u00e9s y Javier Ortiz\n\t\t\t\t<\/figcaption><\/figure><figure class='gallery-item'>\n\t\t\t<div class='gallery-icon landscape'>\n\t\t\t\t<a data-elementor-open-lightbox=\"yes\" data-elementor-lightbox-slideshow=\"dfb272e\" data-elementor-lightbox-title=\"Javier Ortiz y Andrea Cort\u00e9s - Adri\u00e1n Sediles Embi\" data-elementor-lightbox-description=\"Fotograf\u00eda de pareja, Andrea Cort\u00e9s y Javier Ortiz\" data-e-action-hash=\"#elementor-action%3Aaction%3Dlightbox%26settings%3DeyJpZCI6NjM2LCJ1cmwiOiJodHRwczpcL1wvYWRyaWFuc2VkaWxlcy5lc1wvd3AtY29udGVudFwvdXBsb2Fkc1wvMjAyMFwvMDRcL0phdmllci1PcnRpei15LUFuZHJlYS1Db3J0XHUwMGU5cy1BZHJpXHUwMGUxbi1TZWRpbGVzLUVtYmktMDEwLmpwZyIsInNsaWRlc2hvdyI6ImRmYjI3MmUifQ%3D%3D\" href='https:\/\/adriansediles.es\/wp-content\/uploads\/2020\/04\/Javier-Ortiz-y-Andrea-Cort\u00e9s-Adri\u00e1n-Sediles-Embi-010.jpg'><img loading=\"lazy\" decoding=\"async\" width=\"300\" height=\"200\" src=\"https:\/\/adriansediles.es\/wp-content\/uploads\/2020\/04\/Javier-Ortiz-y-Andrea-Cort\u00e9s-Adri\u00e1n-Sediles-Embi-010-300x200.jpg\" class=\"attachment-medium size-medium\" alt=\"Fotograf\u00eda de pareja, Andrea Cort\u00e9s y Javier Ortiz\" aria-describedby=\"gallery-1-636\" srcset=\"https:\/\/adriansediles.es\/wp-content\/uploads\/2020\/04\/Javier-Ortiz-y-Andrea-Cort\u00e9s-Adri\u00e1n-Sediles-Embi-010-300x200.jpg 300w, https:\/\/adriansediles.es\/wp-content\/uploads\/2020\/04\/Javier-Ortiz-y-Andrea-Cort\u00e9s-Adri\u00e1n-Sediles-Embi-010-768x512.jpg 768w, https:\/\/adriansediles.es\/wp-content\/uploads\/2020\/04\/Javier-Ortiz-y-Andrea-Cort\u00e9s-Adri\u00e1n-Sediles-Embi-010-666x444.jpg 666w, https:\/\/adriansediles.es\/wp-content\/uploads\/2020\/04\/Javier-Ortiz-y-Andrea-Cort\u00e9s-Adri\u00e1n-Sediles-Embi-010.jpg 1024w\" sizes=\"(max-width: 300px) 100vw, 300px\" \/><\/a>\n\t\t\t<\/div>\n\t\t\t\t<figcaption class='wp-caption-text gallery-caption' id='gallery-1-636'>\n\t\t\t\tFotograf\u00eda de pareja, Andrea Cort\u00e9s y Javier Ortiz\n\t\t\t\t<\/figcaption><\/figure><figure class='gallery-item'>\n\t\t\t<div class='gallery-icon landscape'>\n\t\t\t\t<a data-elementor-open-lightbox=\"yes\" data-elementor-lightbox-slideshow=\"dfb272e\" data-elementor-lightbox-title=\"Javier Ortiz y Andrea Cort\u00e9s - Adri\u00e1n Sediles Embi\" data-elementor-lightbox-description=\"Fotograf\u00eda de pareja, Andrea Cort\u00e9s y Javier Ortiz\" data-e-action-hash=\"#elementor-action%3Aaction%3Dlightbox%26settings%3DeyJpZCI6NjQxLCJ1cmwiOiJodHRwczpcL1wvYWRyaWFuc2VkaWxlcy5lc1wvd3AtY29udGVudFwvdXBsb2Fkc1wvMjAyMFwvMDRcL0phdmllci1PcnRpei15LUFuZHJlYS1Db3J0XHUwMGU5cy1BZHJpXHUwMGUxbi1TZWRpbGVzLUVtYmkwMTIuanBnIiwic2xpZGVzaG93IjoiZGZiMjcyZSJ9\" href='https:\/\/adriansediles.es\/wp-content\/uploads\/2020\/04\/Javier-Ortiz-y-Andrea-Cort\u00e9s-Adri\u00e1n-Sediles-Embi012.jpg'><img loading=\"lazy\" decoding=\"async\" width=\"300\" height=\"200\" src=\"https:\/\/adriansediles.es\/wp-content\/uploads\/2020\/04\/Javier-Ortiz-y-Andrea-Cort\u00e9s-Adri\u00e1n-Sediles-Embi012-300x200.jpg\" class=\"attachment-medium size-medium\" alt=\"Fotograf\u00eda de pareja, Andrea Cort\u00e9s y Javier Ortiz\" aria-describedby=\"gallery-1-641\" srcset=\"https:\/\/adriansediles.es\/wp-content\/uploads\/2020\/04\/Javier-Ortiz-y-Andrea-Cort\u00e9s-Adri\u00e1n-Sediles-Embi012-300x200.jpg 300w, https:\/\/adriansediles.es\/wp-content\/uploads\/2020\/04\/Javier-Ortiz-y-Andrea-Cort\u00e9s-Adri\u00e1n-Sediles-Embi012-768x512.jpg 768w, https:\/\/adriansediles.es\/wp-content\/uploads\/2020\/04\/Javier-Ortiz-y-Andrea-Cort\u00e9s-Adri\u00e1n-Sediles-Embi012-666x444.jpg 666w, https:\/\/adriansediles.es\/wp-content\/uploads\/2020\/04\/Javier-Ortiz-y-Andrea-Cort\u00e9s-Adri\u00e1n-Sediles-Embi012.jpg 1024w\" sizes=\"(max-width: 300px) 100vw, 300px\" \/><\/a>\n\t\t\t<\/div>\n\t\t\t\t<figcaption class='wp-caption-text gallery-caption' id='gallery-1-641'>\n\t\t\t\tFotograf\u00eda de pareja, Andrea Cort\u00e9s y Javier Ortiz\n\t\t\t\t<\/figcaption><\/figure><figure class='gallery-item'>\n\t\t\t<div class='gallery-icon landscape'>\n\t\t\t\t<a data-elementor-open-lightbox=\"yes\" data-elementor-lightbox-slideshow=\"dfb272e\" data-elementor-lightbox-title=\"Javier Ortiz y Andrea Cort\u00e9s - Adri\u00e1n Sediles Embi\" data-elementor-lightbox-description=\"Fotograf\u00eda de pareja, Andrea Cort\u00e9s y Javier Ortiz\" data-e-action-hash=\"#elementor-action%3Aaction%3Dlightbox%26settings%3DeyJpZCI6NjM5LCJ1cmwiOiJodHRwczpcL1wvYWRyaWFuc2VkaWxlcy5lc1wvd3AtY29udGVudFwvdXBsb2Fkc1wvMjAyMFwvMDRcL0phdmllci1PcnRpei15LUFuZHJlYS1Db3J0XHUwMGU5cy1BZHJpXHUwMGUxbi1TZWRpbGVzLUVtYmktMDE0LmpwZyIsInNsaWRlc2hvdyI6ImRmYjI3MmUifQ%3D%3D\" href='https:\/\/adriansediles.es\/wp-content\/uploads\/2020\/04\/Javier-Ortiz-y-Andrea-Cort\u00e9s-Adri\u00e1n-Sediles-Embi-014.jpg'><img loading=\"lazy\" decoding=\"async\" width=\"300\" height=\"200\" src=\"https:\/\/adriansediles.es\/wp-content\/uploads\/2020\/04\/Javier-Ortiz-y-Andrea-Cort\u00e9s-Adri\u00e1n-Sediles-Embi-014-300x200.jpg\" class=\"attachment-medium size-medium\" alt=\"Fotograf\u00eda de pareja, Andrea Cort\u00e9s y Javier Ortiz\" aria-describedby=\"gallery-1-639\" srcset=\"https:\/\/adriansediles.es\/wp-content\/uploads\/2020\/04\/Javier-Ortiz-y-Andrea-Cort\u00e9s-Adri\u00e1n-Sediles-Embi-014-300x200.jpg 300w, https:\/\/adriansediles.es\/wp-content\/uploads\/2020\/04\/Javier-Ortiz-y-Andrea-Cort\u00e9s-Adri\u00e1n-Sediles-Embi-014-768x512.jpg 768w, https:\/\/adriansediles.es\/wp-content\/uploads\/2020\/04\/Javier-Ortiz-y-Andrea-Cort\u00e9s-Adri\u00e1n-Sediles-Embi-014-666x444.jpg 666w, https:\/\/adriansediles.es\/wp-content\/uploads\/2020\/04\/Javier-Ortiz-y-Andrea-Cort\u00e9s-Adri\u00e1n-Sediles-Embi-014.jpg 1024w\" sizes=\"(max-width: 300px) 100vw, 300px\" \/><\/a>\n\t\t\t<\/div>\n\t\t\t\t<figcaption class='wp-caption-text gallery-caption' id='gallery-1-639'>\n\t\t\t\tFotograf\u00eda de pareja, Andrea Cort\u00e9s y Javier Ortiz\n\t\t\t\t<\/figcaption><\/figure><figure class='gallery-item'>\n\t\t\t<div class='gallery-icon landscape'>\n\t\t\t\t<a data-elementor-open-lightbox=\"yes\" data-elementor-lightbox-slideshow=\"dfb272e\" data-elementor-lightbox-title=\"Javier Ortiz y Andrea Cort\u00e9s - Adri\u00e1n Sediles Embi\" data-elementor-lightbox-description=\"Fotograf\u00eda de pareja, Andrea Cort\u00e9s y Javier Ortiz\" data-e-action-hash=\"#elementor-action%3Aaction%3Dlightbox%26settings%3DeyJpZCI6NjQwLCJ1cmwiOiJodHRwczpcL1wvYWRyaWFuc2VkaWxlcy5lc1wvd3AtY29udGVudFwvdXBsb2Fkc1wvMjAyMFwvMDRcL0phdmllci1PcnRpei15LUFuZHJlYS1Db3J0XHUwMGU5cy1BZHJpXHUwMGUxbi1TZWRpbGVzLUVtYmktMS5qcGciLCJzbGlkZXNob3ciOiJkZmIyNzJlIn0%3D\" href='https:\/\/adriansediles.es\/wp-content\/uploads\/2020\/04\/Javier-Ortiz-y-Andrea-Cort\u00e9s-Adri\u00e1n-Sediles-Embi-1.jpg'><img loading=\"lazy\" decoding=\"async\" width=\"300\" height=\"200\" src=\"https:\/\/adriansediles.es\/wp-content\/uploads\/2020\/04\/Javier-Ortiz-y-Andrea-Cort\u00e9s-Adri\u00e1n-Sediles-Embi-1-300x200.jpg\" class=\"attachment-medium size-medium\" alt=\"Fotograf\u00eda de pareja, Andrea Cort\u00e9s y Javier Ortiz\" aria-describedby=\"gallery-1-640\" srcset=\"https:\/\/adriansediles.es\/wp-content\/uploads\/2020\/04\/Javier-Ortiz-y-Andrea-Cort\u00e9s-Adri\u00e1n-Sediles-Embi-1-300x200.jpg 300w, https:\/\/adriansediles.es\/wp-content\/uploads\/2020\/04\/Javier-Ortiz-y-Andrea-Cort\u00e9s-Adri\u00e1n-Sediles-Embi-1-768x512.jpg 768w, https:\/\/adriansediles.es\/wp-content\/uploads\/2020\/04\/Javier-Ortiz-y-Andrea-Cort\u00e9s-Adri\u00e1n-Sediles-Embi-1-666x444.jpg 666w, https:\/\/adriansediles.es\/wp-content\/uploads\/2020\/04\/Javier-Ortiz-y-Andrea-Cort\u00e9s-Adri\u00e1n-Sediles-Embi-1.jpg 1024w\" sizes=\"(max-width: 300px) 100vw, 300px\" \/><\/a>\n\t\t\t<\/div>\n\t\t\t\t<figcaption class='wp-caption-text gallery-caption' id='gallery-1-640'>\n\t\t\t\tFotograf\u00eda de pareja, Andrea Cort\u00e9s y Javier Ortiz\n\t\t\t\t<\/figcaption><\/figure>\n\t\t<\/div>\n\t\t<\/div>\n\t\t\t\t\t\t<\/div>\n\t\t\t\t<\/div>\n\t\t\t\t\t<\/div>\n\t\t<\/div>\n\t\t\t\t\t<\/div>\n\t\t<\/section>\n\t\t\t\t<\/div>\n\t\t","protected":false},"excerpt":{"rendered":"<p>Fotograf\u00eda de pareja, Andrea Cort\u00e9s y Javier Ortiz Fotograf\u00eda de pareja, Andrea Cort\u00e9s y Javier Ortiz Fotograf\u00eda de pareja, Andrea &hellip; <a href=\"https:\/\/adriansediles.es\/?page_id=625\" class=\"more-link\"><span class=\"more-button\">Seguir leyendo<span class=\"screen-reader-text\">Fotograf\u00eda de pareja, Andrea Cort\u00e9s y Javier Ortiz<\/span><\/span><\/a><\/p>\n","protected":false},"author":1,"featured_media":0,"parent":0,"menu_order":0,"comment_status":"closed","ping_status":"closed","template":"","meta":{"footnotes":""},"class_list":["post-625","page","type-page","status-publish","hentry"],"_links":{"self":[{"href":"https:\/\/adriansediles.es\/index.php?rest_route=\/wp\/v2\/pages\/625","targetHints":{"allow":["GET"]}}],"collection":[{"href":"https:\/\/adriansediles.es\/index.php?rest_route=\/wp\/v2\/pages"}],"about":[{"href":"https:\/\/adriansediles.es\/index.php?rest_route=\/wp\/v2\/types\/page"}],"author":[{"embeddable":true,"href":"https:\/\/adriansediles.es\/index.php?rest_route=\/wp\/v2\/users\/1"}],"replies":[{"embeddable":true,"href":"https:\/\/adriansediles.es\/index.php?rest_route=%2Fwp%2Fv2%2Fcomments&post=625"}],"version-history":[{"count":3,"href":"https:\/\/adriansediles.es\/index.php?rest_route=\/wp\/v2\/pages\/625\/revisions"}],"predecessor-version":[{"id":643,"href":"https:\/\/adriansediles.es\/index.php?rest_route=\/wp\/v2\/pages\/625\/revisions\/643"}],"wp:attachment":[{"href":"https:\/\/adriansediles.es\/index.php?rest_route=%2Fwp%2Fv2%2Fmedia&parent=625"}],"curies":[{"name":"wp","href":"https:\/\/api.w.org\/{rel}","templated":true}]}}