{"id":644,"date":"2020-04-05T16:43:03","date_gmt":"2020-04-05T16:43:03","guid":{"rendered":"http:\/\/192.168.1.111\/?page_id=644"},"modified":"2020-04-05T16:43:22","modified_gmt":"2020-04-05T16:43:22","slug":"federacion-aragonesa-de-baile-deportivo-y-de-competicion-f-a-b-d","status":"publish","type":"page","link":"https:\/\/adriansediles.es\/?page_id=644","title":{"rendered":"Federaci\u00f3n Aragonesa de Baile Deportivo y de Competici\u00f3n F.A.B.D"},"content":{"rendered":"\t\t<div data-elementor-type=\"wp-page\" data-elementor-id=\"644\" class=\"elementor elementor-644\">\n\t\t\t\t\t\t<section class=\"elementor-section elementor-top-section elementor-element elementor-element-1a59ebc elementor-section-boxed elementor-section-height-default elementor-section-height-default\" data-id=\"1a59ebc\" data-element_type=\"section\" data-e-type=\"section\">\n\t\t\t\t\t\t<div class=\"elementor-container elementor-column-gap-default\">\n\t\t\t\t\t<div class=\"elementor-column elementor-col-100 elementor-top-column elementor-element elementor-element-7c4aed89\" data-id=\"7c4aed89\" data-element_type=\"column\" data-e-type=\"column\">\n\t\t\t<div class=\"elementor-widget-wrap elementor-element-populated\">\n\t\t\t\t\t\t<div class=\"elementor-element elementor-element-5cc096fc elementor-widget elementor-widget-text-editor\" data-id=\"5cc096fc\" data-element_type=\"widget\" data-e-type=\"widget\" data-widget_type=\"text-editor.default\">\n\t\t\t\t<div class=\"elementor-widget-container\">\n\t\t\t\t\t\t\t\t\t\n<figure class=\"wp-block-gallery columns-0 is-cropped wp-block-gallery-2 is-layout-flex wp-block-gallery-is-layout-flex\"><ul class=\"blocks-gallery-grid\"><\/ul><\/figure>\n\t\t\t\t\t\t\t\t<\/div>\n\t\t\t\t<\/div>\n\t\t\t\t\t<\/div>\n\t\t<\/div>\n\t\t\t\t\t<\/div>\n\t\t<\/section>\n\t\t\t\t<section class=\"elementor-section elementor-top-section elementor-element elementor-element-576c776 elementor-section-boxed elementor-section-height-default elementor-section-height-default\" data-id=\"576c776\" data-element_type=\"section\" data-e-type=\"section\">\n\t\t\t\t\t\t<div class=\"elementor-container elementor-column-gap-default\">\n\t\t\t\t\t<div class=\"elementor-column elementor-col-100 elementor-top-column elementor-element elementor-element-f995026\" data-id=\"f995026\" data-element_type=\"column\" data-e-type=\"column\">\n\t\t\t<div class=\"elementor-widget-wrap elementor-element-populated\">\n\t\t\t\t\t\t<div class=\"elementor-element elementor-element-dfb272e elementor-widget elementor-widget-image-gallery\" data-id=\"dfb272e\" data-element_type=\"widget\" data-e-type=\"widget\" data-widget_type=\"image-gallery.default\">\n\t\t\t\t<div class=\"elementor-widget-container\">\n\t\t\t\t\t\t\t<div class=\"elementor-image-gallery\">\n\t\t\t<div id='gallery-1' class='gallery galleryid-644 gallery-columns-3 gallery-size-medium'><figure class='gallery-item'>\n\t\t\t<div class='gallery-icon landscape'>\n\t\t\t\t<a data-elementor-open-lightbox=\"yes\" data-elementor-lightbox-slideshow=\"dfb272e\" data-elementor-lightbox-title=\"Federaci\u00f3n Aragonesa de Baile Deportivo y de Competici\u00f3n 11- Adrian Sediles Embi\" data-elementor-lightbox-description=\"Federaci\u00f3n Aragonesa de Baile Deportivo y de Competici\u00f3n F.A.B.D\" data-e-action-hash=\"#elementor-action%3Aaction%3Dlightbox%26settings%3DeyJpZCI6NjU2LCJ1cmwiOiJodHRwczpcL1wvYWRyaWFuc2VkaWxlcy5lc1wvd3AtY29udGVudFwvdXBsb2Fkc1wvMjAyMFwvMDRcL0ZlZGVyYWNpXHUwMGYzbi1BcmFnb25lc2EtZGUtQmFpbGUtRGVwb3J0aXZvLXktZGUtQ29tcGV0aWNpXHUwMGYzbi0xMS1BZHJpYW4tU2VkaWxlcy1FbWJpLTEuanBnIiwic2xpZGVzaG93IjoiZGZiMjcyZSJ9\" href='https:\/\/adriansediles.es\/wp-content\/uploads\/2020\/04\/Federaci\u00f3n-Aragonesa-de-Baile-Deportivo-y-de-Competici\u00f3n-11-Adrian-Sediles-Embi-1.jpg'><img fetchpriority=\"high\" decoding=\"async\" width=\"300\" height=\"200\" src=\"https:\/\/adriansediles.es\/wp-content\/uploads\/2020\/04\/Federaci\u00f3n-Aragonesa-de-Baile-Deportivo-y-de-Competici\u00f3n-11-Adrian-Sediles-Embi-1-300x200.jpg\" class=\"attachment-medium size-medium\" alt=\"Federaci\u00f3n Aragonesa de Baile Deportivo y de Competici\u00f3n F.A.B.D\" aria-describedby=\"gallery-1-656\" srcset=\"https:\/\/adriansediles.es\/wp-content\/uploads\/2020\/04\/Federaci\u00f3n-Aragonesa-de-Baile-Deportivo-y-de-Competici\u00f3n-11-Adrian-Sediles-Embi-1-300x200.jpg 300w, https:\/\/adriansediles.es\/wp-content\/uploads\/2020\/04\/Federaci\u00f3n-Aragonesa-de-Baile-Deportivo-y-de-Competici\u00f3n-11-Adrian-Sediles-Embi-1-666x444.jpg 666w, https:\/\/adriansediles.es\/wp-content\/uploads\/2020\/04\/Federaci\u00f3n-Aragonesa-de-Baile-Deportivo-y-de-Competici\u00f3n-11-Adrian-Sediles-Embi-1.jpg 680w\" sizes=\"(max-width: 300px) 100vw, 300px\" \/><\/a>\n\t\t\t<\/div>\n\t\t\t\t<figcaption class='wp-caption-text gallery-caption' id='gallery-1-656'>\n\t\t\t\tFederaci\u00f3n Aragonesa de Baile Deportivo y de Competici\u00f3n F.A.B.D\n\t\t\t\t<\/figcaption><\/figure><figure class='gallery-item'>\n\t\t\t<div class='gallery-icon landscape'>\n\t\t\t\t<a data-elementor-open-lightbox=\"yes\" data-elementor-lightbox-slideshow=\"dfb272e\" data-elementor-lightbox-title=\"Federaci\u00f3n Aragonesa de Baile Deportivo y de Competici\u00f3n 1- Adrian Sediles Embi\" data-elementor-lightbox-description=\"Federaci\u00f3n Aragonesa de Baile Deportivo y de Competici\u00f3n F.A.B.D\" data-e-action-hash=\"#elementor-action%3Aaction%3Dlightbox%26settings%3DeyJpZCI6NjQ2LCJ1cmwiOiJodHRwczpcL1wvYWRyaWFuc2VkaWxlcy5lc1wvd3AtY29udGVudFwvdXBsb2Fkc1wvMjAyMFwvMDRcL0ZlZGVyYWNpXHUwMGYzbi1BcmFnb25lc2EtZGUtQmFpbGUtRGVwb3J0aXZvLXktZGUtQ29tcGV0aWNpXHUwMGYzbi0xLUFkcmlhbi1TZWRpbGVzLUVtYmkuanBnIiwic2xpZGVzaG93IjoiZGZiMjcyZSJ9\" href='https:\/\/adriansediles.es\/wp-content\/uploads\/2020\/04\/Federaci\u00f3n-Aragonesa-de-Baile-Deportivo-y-de-Competici\u00f3n-1-Adrian-Sediles-Embi.jpg'><img decoding=\"async\" width=\"300\" height=\"200\" src=\"https:\/\/adriansediles.es\/wp-content\/uploads\/2020\/04\/Federaci\u00f3n-Aragonesa-de-Baile-Deportivo-y-de-Competici\u00f3n-1-Adrian-Sediles-Embi-300x200.jpg\" class=\"attachment-medium size-medium\" alt=\"Federaci\u00f3n Aragonesa de Baile Deportivo y de Competici\u00f3n F.A.B.D\" aria-describedby=\"gallery-1-646\" srcset=\"https:\/\/adriansediles.es\/wp-content\/uploads\/2020\/04\/Federaci\u00f3n-Aragonesa-de-Baile-Deportivo-y-de-Competici\u00f3n-1-Adrian-Sediles-Embi-300x200.jpg 300w, https:\/\/adriansediles.es\/wp-content\/uploads\/2020\/04\/Federaci\u00f3n-Aragonesa-de-Baile-Deportivo-y-de-Competici\u00f3n-1-Adrian-Sediles-Embi-666x444.jpg 666w, https:\/\/adriansediles.es\/wp-content\/uploads\/2020\/04\/Federaci\u00f3n-Aragonesa-de-Baile-Deportivo-y-de-Competici\u00f3n-1-Adrian-Sediles-Embi.jpg 680w\" sizes=\"(max-width: 300px) 100vw, 300px\" \/><\/a>\n\t\t\t<\/div>\n\t\t\t\t<figcaption class='wp-caption-text gallery-caption' id='gallery-1-646'>\n\t\t\t\tFederaci\u00f3n Aragonesa de Baile Deportivo y de Competici\u00f3n F.A.B.D\n\t\t\t\t<\/figcaption><\/figure><figure class='gallery-item'>\n\t\t\t<div class='gallery-icon landscape'>\n\t\t\t\t<a data-elementor-open-lightbox=\"yes\" data-elementor-lightbox-slideshow=\"dfb272e\" data-elementor-lightbox-title=\"Federaci\u00f3n Aragonesa de Baile Deportivo y de Competici\u00f3n 2- Adrian Sediles Embi\" data-elementor-lightbox-description=\"Federaci\u00f3n Aragonesa de Baile Deportivo y de Competici\u00f3n F.A.B.D\" data-e-action-hash=\"#elementor-action%3Aaction%3Dlightbox%26settings%3DeyJpZCI6NjQ3LCJ1cmwiOiJodHRwczpcL1wvYWRyaWFuc2VkaWxlcy5lc1wvd3AtY29udGVudFwvdXBsb2Fkc1wvMjAyMFwvMDRcL0ZlZGVyYWNpXHUwMGYzbi1BcmFnb25lc2EtZGUtQmFpbGUtRGVwb3J0aXZvLXktZGUtQ29tcGV0aWNpXHUwMGYzbi0yLUFkcmlhbi1TZWRpbGVzLUVtYmkuanBnIiwic2xpZGVzaG93IjoiZGZiMjcyZSJ9\" href='https:\/\/adriansediles.es\/wp-content\/uploads\/2020\/04\/Federaci\u00f3n-Aragonesa-de-Baile-Deportivo-y-de-Competici\u00f3n-2-Adrian-Sediles-Embi.jpg'><img decoding=\"async\" width=\"300\" height=\"200\" src=\"https:\/\/adriansediles.es\/wp-content\/uploads\/2020\/04\/Federaci\u00f3n-Aragonesa-de-Baile-Deportivo-y-de-Competici\u00f3n-2-Adrian-Sediles-Embi-300x200.jpg\" class=\"attachment-medium size-medium\" alt=\"Federaci\u00f3n Aragonesa de Baile Deportivo y de Competici\u00f3n F.A.B.D\" aria-describedby=\"gallery-1-647\" srcset=\"https:\/\/adriansediles.es\/wp-content\/uploads\/2020\/04\/Federaci\u00f3n-Aragonesa-de-Baile-Deportivo-y-de-Competici\u00f3n-2-Adrian-Sediles-Embi-300x200.jpg 300w, https:\/\/adriansediles.es\/wp-content\/uploads\/2020\/04\/Federaci\u00f3n-Aragonesa-de-Baile-Deportivo-y-de-Competici\u00f3n-2-Adrian-Sediles-Embi-666x444.jpg 666w, https:\/\/adriansediles.es\/wp-content\/uploads\/2020\/04\/Federaci\u00f3n-Aragonesa-de-Baile-Deportivo-y-de-Competici\u00f3n-2-Adrian-Sediles-Embi.jpg 680w\" sizes=\"(max-width: 300px) 100vw, 300px\" \/><\/a>\n\t\t\t<\/div>\n\t\t\t\t<figcaption class='wp-caption-text gallery-caption' id='gallery-1-647'>\n\t\t\t\tFederaci\u00f3n Aragonesa de Baile Deportivo y de Competici\u00f3n F.A.B.D\n\t\t\t\t<\/figcaption><\/figure><figure class='gallery-item'>\n\t\t\t<div class='gallery-icon landscape'>\n\t\t\t\t<a data-elementor-open-lightbox=\"yes\" data-elementor-lightbox-slideshow=\"dfb272e\" data-elementor-lightbox-title=\"Federaci\u00f3n Aragonesa de Baile Deportivo y de Competici\u00f3n 3- Adrian Sediles Embi\" data-elementor-lightbox-description=\"Federaci\u00f3n Aragonesa de Baile Deportivo y de Competici\u00f3n F.A.B.D\" data-e-action-hash=\"#elementor-action%3Aaction%3Dlightbox%26settings%3DeyJpZCI6NjQ4LCJ1cmwiOiJodHRwczpcL1wvYWRyaWFuc2VkaWxlcy5lc1wvd3AtY29udGVudFwvdXBsb2Fkc1wvMjAyMFwvMDRcL0ZlZGVyYWNpXHUwMGYzbi1BcmFnb25lc2EtZGUtQmFpbGUtRGVwb3J0aXZvLXktZGUtQ29tcGV0aWNpXHUwMGYzbi0zLUFkcmlhbi1TZWRpbGVzLUVtYmkuanBnIiwic2xpZGVzaG93IjoiZGZiMjcyZSJ9\" href='https:\/\/adriansediles.es\/wp-content\/uploads\/2020\/04\/Federaci\u00f3n-Aragonesa-de-Baile-Deportivo-y-de-Competici\u00f3n-3-Adrian-Sediles-Embi.jpg'><img loading=\"lazy\" decoding=\"async\" width=\"300\" height=\"240\" src=\"https:\/\/adriansediles.es\/wp-content\/uploads\/2020\/04\/Federaci\u00f3n-Aragonesa-de-Baile-Deportivo-y-de-Competici\u00f3n-3-Adrian-Sediles-Embi-300x240.jpg\" class=\"attachment-medium size-medium\" alt=\"Federaci\u00f3n Aragonesa de Baile Deportivo y de Competici\u00f3n F.A.B.D\" aria-describedby=\"gallery-1-648\" srcset=\"https:\/\/adriansediles.es\/wp-content\/uploads\/2020\/04\/Federaci\u00f3n-Aragonesa-de-Baile-Deportivo-y-de-Competici\u00f3n-3-Adrian-Sediles-Embi-300x240.jpg 300w, https:\/\/adriansediles.es\/wp-content\/uploads\/2020\/04\/Federaci\u00f3n-Aragonesa-de-Baile-Deportivo-y-de-Competici\u00f3n-3-Adrian-Sediles-Embi.jpg 680w\" sizes=\"(max-width: 300px) 100vw, 300px\" \/><\/a>\n\t\t\t<\/div>\n\t\t\t\t<figcaption class='wp-caption-text gallery-caption' id='gallery-1-648'>\n\t\t\t\tFederaci\u00f3n Aragonesa de Baile Deportivo y de Competici\u00f3n F.A.B.D\n\t\t\t\t<\/figcaption><\/figure><figure class='gallery-item'>\n\t\t\t<div class='gallery-icon landscape'>\n\t\t\t\t<a data-elementor-open-lightbox=\"yes\" data-elementor-lightbox-slideshow=\"dfb272e\" data-elementor-lightbox-title=\"Federaci\u00f3n Aragonesa de Baile Deportivo y de Competici\u00f3n 13- Adrian Sediles Embi\" data-elementor-lightbox-description=\"Federaci\u00f3n Aragonesa de Baile Deportivo y de Competici\u00f3n F.A.B.D\" data-e-action-hash=\"#elementor-action%3Aaction%3Dlightbox%26settings%3DeyJpZCI6NjU4LCJ1cmwiOiJodHRwczpcL1wvYWRyaWFuc2VkaWxlcy5lc1wvd3AtY29udGVudFwvdXBsb2Fkc1wvMjAyMFwvMDRcL0ZlZGVyYWNpXHUwMGYzbi1BcmFnb25lc2EtZGUtQmFpbGUtRGVwb3J0aXZvLXktZGUtQ29tcGV0aWNpXHUwMGYzbi0xMy1BZHJpYW4tU2VkaWxlcy1FbWJpLmpwZyIsInNsaWRlc2hvdyI6ImRmYjI3MmUifQ%3D%3D\" href='https:\/\/adriansediles.es\/wp-content\/uploads\/2020\/04\/Federaci\u00f3n-Aragonesa-de-Baile-Deportivo-y-de-Competici\u00f3n-13-Adrian-Sediles-Embi.jpg'><img loading=\"lazy\" decoding=\"async\" width=\"300\" height=\"277\" src=\"https:\/\/adriansediles.es\/wp-content\/uploads\/2020\/04\/Federaci\u00f3n-Aragonesa-de-Baile-Deportivo-y-de-Competici\u00f3n-13-Adrian-Sediles-Embi-300x277.jpg\" class=\"attachment-medium size-medium\" alt=\"Federaci\u00f3n Aragonesa de Baile Deportivo y de Competici\u00f3n F.A.B.D\" aria-describedby=\"gallery-1-658\" srcset=\"https:\/\/adriansediles.es\/wp-content\/uploads\/2020\/04\/Federaci\u00f3n-Aragonesa-de-Baile-Deportivo-y-de-Competici\u00f3n-13-Adrian-Sediles-Embi-300x277.jpg 300w, https:\/\/adriansediles.es\/wp-content\/uploads\/2020\/04\/Federaci\u00f3n-Aragonesa-de-Baile-Deportivo-y-de-Competici\u00f3n-13-Adrian-Sediles-Embi.jpg 680w\" sizes=\"(max-width: 300px) 100vw, 300px\" \/><\/a>\n\t\t\t<\/div>\n\t\t\t\t<figcaption class='wp-caption-text gallery-caption' id='gallery-1-658'>\n\t\t\t\tFederaci\u00f3n Aragonesa de Baile Deportivo y de Competici\u00f3n F.A.B.D\n\t\t\t\t<\/figcaption><\/figure><figure class='gallery-item'>\n\t\t\t<div class='gallery-icon landscape'>\n\t\t\t\t<a data-elementor-open-lightbox=\"yes\" data-elementor-lightbox-slideshow=\"dfb272e\" data-elementor-lightbox-title=\"Federaci\u00f3n Aragonesa de Baile Deportivo y de Competici\u00f3n 4- Adrian Sediles Embi\" data-elementor-lightbox-description=\"Federaci\u00f3n Aragonesa de Baile Deportivo y de Competici\u00f3n F.A.B.D\" data-e-action-hash=\"#elementor-action%3Aaction%3Dlightbox%26settings%3DeyJpZCI6NjQ5LCJ1cmwiOiJodHRwczpcL1wvYWRyaWFuc2VkaWxlcy5lc1wvd3AtY29udGVudFwvdXBsb2Fkc1wvMjAyMFwvMDRcL0ZlZGVyYWNpXHUwMGYzbi1BcmFnb25lc2EtZGUtQmFpbGUtRGVwb3J0aXZvLXktZGUtQ29tcGV0aWNpXHUwMGYzbi00LUFkcmlhbi1TZWRpbGVzLUVtYmkuanBnIiwic2xpZGVzaG93IjoiZGZiMjcyZSJ9\" href='https:\/\/adriansediles.es\/wp-content\/uploads\/2020\/04\/Federaci\u00f3n-Aragonesa-de-Baile-Deportivo-y-de-Competici\u00f3n-4-Adrian-Sediles-Embi.jpg'><img loading=\"lazy\" decoding=\"async\" width=\"300\" height=\"200\" src=\"https:\/\/adriansediles.es\/wp-content\/uploads\/2020\/04\/Federaci\u00f3n-Aragonesa-de-Baile-Deportivo-y-de-Competici\u00f3n-4-Adrian-Sediles-Embi-300x200.jpg\" class=\"attachment-medium size-medium\" alt=\"Federaci\u00f3n Aragonesa de Baile Deportivo y de Competici\u00f3n F.A.B.D\" aria-describedby=\"gallery-1-649\" srcset=\"https:\/\/adriansediles.es\/wp-content\/uploads\/2020\/04\/Federaci\u00f3n-Aragonesa-de-Baile-Deportivo-y-de-Competici\u00f3n-4-Adrian-Sediles-Embi-300x200.jpg 300w, https:\/\/adriansediles.es\/wp-content\/uploads\/2020\/04\/Federaci\u00f3n-Aragonesa-de-Baile-Deportivo-y-de-Competici\u00f3n-4-Adrian-Sediles-Embi-666x444.jpg 666w, https:\/\/adriansediles.es\/wp-content\/uploads\/2020\/04\/Federaci\u00f3n-Aragonesa-de-Baile-Deportivo-y-de-Competici\u00f3n-4-Adrian-Sediles-Embi.jpg 680w\" sizes=\"(max-width: 300px) 100vw, 300px\" \/><\/a>\n\t\t\t<\/div>\n\t\t\t\t<figcaption class='wp-caption-text gallery-caption' id='gallery-1-649'>\n\t\t\t\tFederaci\u00f3n Aragonesa de Baile Deportivo y de Competici\u00f3n F.A.B.D\n\t\t\t\t<\/figcaption><\/figure><figure class='gallery-item'>\n\t\t\t<div class='gallery-icon landscape'>\n\t\t\t\t<a data-elementor-open-lightbox=\"yes\" data-elementor-lightbox-slideshow=\"dfb272e\" data-elementor-lightbox-title=\"Federaci\u00f3n Aragonesa de Baile Deportivo y de Competici\u00f3n 5- Adrian Sediles Embi\" data-elementor-lightbox-description=\"Federaci\u00f3n Aragonesa de Baile Deportivo y de Competici\u00f3n F.A.B.D\" data-e-action-hash=\"#elementor-action%3Aaction%3Dlightbox%26settings%3DeyJpZCI6NjUwLCJ1cmwiOiJodHRwczpcL1wvYWRyaWFuc2VkaWxlcy5lc1wvd3AtY29udGVudFwvdXBsb2Fkc1wvMjAyMFwvMDRcL0ZlZGVyYWNpXHUwMGYzbi1BcmFnb25lc2EtZGUtQmFpbGUtRGVwb3J0aXZvLXktZGUtQ29tcGV0aWNpXHUwMGYzbi01LUFkcmlhbi1TZWRpbGVzLUVtYmkuanBnIiwic2xpZGVzaG93IjoiZGZiMjcyZSJ9\" href='https:\/\/adriansediles.es\/wp-content\/uploads\/2020\/04\/Federaci\u00f3n-Aragonesa-de-Baile-Deportivo-y-de-Competici\u00f3n-5-Adrian-Sediles-Embi.jpg'><img loading=\"lazy\" decoding=\"async\" width=\"300\" height=\"200\" src=\"https:\/\/adriansediles.es\/wp-content\/uploads\/2020\/04\/Federaci\u00f3n-Aragonesa-de-Baile-Deportivo-y-de-Competici\u00f3n-5-Adrian-Sediles-Embi-300x200.jpg\" class=\"attachment-medium size-medium\" alt=\"Federaci\u00f3n Aragonesa de Baile Deportivo y de Competici\u00f3n F.A.B.D\" aria-describedby=\"gallery-1-650\" srcset=\"https:\/\/adriansediles.es\/wp-content\/uploads\/2020\/04\/Federaci\u00f3n-Aragonesa-de-Baile-Deportivo-y-de-Competici\u00f3n-5-Adrian-Sediles-Embi-300x200.jpg 300w, https:\/\/adriansediles.es\/wp-content\/uploads\/2020\/04\/Federaci\u00f3n-Aragonesa-de-Baile-Deportivo-y-de-Competici\u00f3n-5-Adrian-Sediles-Embi-666x444.jpg 666w, https:\/\/adriansediles.es\/wp-content\/uploads\/2020\/04\/Federaci\u00f3n-Aragonesa-de-Baile-Deportivo-y-de-Competici\u00f3n-5-Adrian-Sediles-Embi.jpg 680w\" sizes=\"(max-width: 300px) 100vw, 300px\" \/><\/a>\n\t\t\t<\/div>\n\t\t\t\t<figcaption class='wp-caption-text gallery-caption' id='gallery-1-650'>\n\t\t\t\tFederaci\u00f3n Aragonesa de Baile Deportivo y de Competici\u00f3n F.A.B.D\n\t\t\t\t<\/figcaption><\/figure><figure class='gallery-item'>\n\t\t\t<div class='gallery-icon landscape'>\n\t\t\t\t<a data-elementor-open-lightbox=\"yes\" data-elementor-lightbox-slideshow=\"dfb272e\" data-elementor-lightbox-title=\"Federaci\u00f3n Aragonesa de Baile Deportivo y de Competici\u00f3n 6- Adrian Sediles Embi\" data-elementor-lightbox-description=\"Federaci\u00f3n Aragonesa de Baile Deportivo y de Competici\u00f3n F.A.B.D\" data-e-action-hash=\"#elementor-action%3Aaction%3Dlightbox%26settings%3DeyJpZCI6NjUxLCJ1cmwiOiJodHRwczpcL1wvYWRyaWFuc2VkaWxlcy5lc1wvd3AtY29udGVudFwvdXBsb2Fkc1wvMjAyMFwvMDRcL0ZlZGVyYWNpXHUwMGYzbi1BcmFnb25lc2EtZGUtQmFpbGUtRGVwb3J0aXZvLXktZGUtQ29tcGV0aWNpXHUwMGYzbi02LUFkcmlhbi1TZWRpbGVzLUVtYmkuanBnIiwic2xpZGVzaG93IjoiZGZiMjcyZSJ9\" href='https:\/\/adriansediles.es\/wp-content\/uploads\/2020\/04\/Federaci\u00f3n-Aragonesa-de-Baile-Deportivo-y-de-Competici\u00f3n-6-Adrian-Sediles-Embi.jpg'><img loading=\"lazy\" decoding=\"async\" width=\"300\" height=\"200\" src=\"https:\/\/adriansediles.es\/wp-content\/uploads\/2020\/04\/Federaci\u00f3n-Aragonesa-de-Baile-Deportivo-y-de-Competici\u00f3n-6-Adrian-Sediles-Embi-300x200.jpg\" class=\"attachment-medium size-medium\" alt=\"Federaci\u00f3n Aragonesa de Baile Deportivo y de Competici\u00f3n F.A.B.D\" aria-describedby=\"gallery-1-651\" srcset=\"https:\/\/adriansediles.es\/wp-content\/uploads\/2020\/04\/Federaci\u00f3n-Aragonesa-de-Baile-Deportivo-y-de-Competici\u00f3n-6-Adrian-Sediles-Embi-300x200.jpg 300w, https:\/\/adriansediles.es\/wp-content\/uploads\/2020\/04\/Federaci\u00f3n-Aragonesa-de-Baile-Deportivo-y-de-Competici\u00f3n-6-Adrian-Sediles-Embi-666x444.jpg 666w, https:\/\/adriansediles.es\/wp-content\/uploads\/2020\/04\/Federaci\u00f3n-Aragonesa-de-Baile-Deportivo-y-de-Competici\u00f3n-6-Adrian-Sediles-Embi.jpg 680w\" sizes=\"(max-width: 300px) 100vw, 300px\" \/><\/a>\n\t\t\t<\/div>\n\t\t\t\t<figcaption class='wp-caption-text gallery-caption' id='gallery-1-651'>\n\t\t\t\tFederaci\u00f3n Aragonesa de Baile Deportivo y de Competici\u00f3n F.A.B.D\n\t\t\t\t<\/figcaption><\/figure><figure class='gallery-item'>\n\t\t\t<div class='gallery-icon landscape'>\n\t\t\t\t<a data-elementor-open-lightbox=\"yes\" data-elementor-lightbox-slideshow=\"dfb272e\" data-elementor-lightbox-title=\"Federaci\u00f3n Aragonesa de Baile Deportivo y de Competici\u00f3n 7- Adrian Sediles Embi\" data-elementor-lightbox-description=\"Federaci\u00f3n Aragonesa de Baile Deportivo y de Competici\u00f3n F.A.B.D\" data-e-action-hash=\"#elementor-action%3Aaction%3Dlightbox%26settings%3DeyJpZCI6NjUyLCJ1cmwiOiJodHRwczpcL1wvYWRyaWFuc2VkaWxlcy5lc1wvd3AtY29udGVudFwvdXBsb2Fkc1wvMjAyMFwvMDRcL0ZlZGVyYWNpXHUwMGYzbi1BcmFnb25lc2EtZGUtQmFpbGUtRGVwb3J0aXZvLXktZGUtQ29tcGV0aWNpXHUwMGYzbi03LUFkcmlhbi1TZWRpbGVzLUVtYmkuanBnIiwic2xpZGVzaG93IjoiZGZiMjcyZSJ9\" href='https:\/\/adriansediles.es\/wp-content\/uploads\/2020\/04\/Federaci\u00f3n-Aragonesa-de-Baile-Deportivo-y-de-Competici\u00f3n-7-Adrian-Sediles-Embi.jpg'><img loading=\"lazy\" decoding=\"async\" width=\"300\" height=\"200\" src=\"https:\/\/adriansediles.es\/wp-content\/uploads\/2020\/04\/Federaci\u00f3n-Aragonesa-de-Baile-Deportivo-y-de-Competici\u00f3n-7-Adrian-Sediles-Embi-300x200.jpg\" class=\"attachment-medium size-medium\" alt=\"Federaci\u00f3n Aragonesa de Baile Deportivo y de Competici\u00f3n F.A.B.D\" aria-describedby=\"gallery-1-652\" srcset=\"https:\/\/adriansediles.es\/wp-content\/uploads\/2020\/04\/Federaci\u00f3n-Aragonesa-de-Baile-Deportivo-y-de-Competici\u00f3n-7-Adrian-Sediles-Embi-300x200.jpg 300w, https:\/\/adriansediles.es\/wp-content\/uploads\/2020\/04\/Federaci\u00f3n-Aragonesa-de-Baile-Deportivo-y-de-Competici\u00f3n-7-Adrian-Sediles-Embi-666x444.jpg 666w, https:\/\/adriansediles.es\/wp-content\/uploads\/2020\/04\/Federaci\u00f3n-Aragonesa-de-Baile-Deportivo-y-de-Competici\u00f3n-7-Adrian-Sediles-Embi.jpg 680w\" sizes=\"(max-width: 300px) 100vw, 300px\" \/><\/a>\n\t\t\t<\/div>\n\t\t\t\t<figcaption class='wp-caption-text gallery-caption' id='gallery-1-652'>\n\t\t\t\tFederaci\u00f3n Aragonesa de Baile Deportivo y de Competici\u00f3n F.A.B.D\n\t\t\t\t<\/figcaption><\/figure><figure class='gallery-item'>\n\t\t\t<div class='gallery-icon landscape'>\n\t\t\t\t<a data-elementor-open-lightbox=\"yes\" data-elementor-lightbox-slideshow=\"dfb272e\" data-elementor-lightbox-title=\"Federaci\u00f3n Aragonesa de Baile Deportivo y de Competici\u00f3n 8- Adrian Sediles Embi\" data-elementor-lightbox-description=\"Federaci\u00f3n Aragonesa de Baile Deportivo y de Competici\u00f3n F.A.B.D\" data-e-action-hash=\"#elementor-action%3Aaction%3Dlightbox%26settings%3DeyJpZCI6NjUzLCJ1cmwiOiJodHRwczpcL1wvYWRyaWFuc2VkaWxlcy5lc1wvd3AtY29udGVudFwvdXBsb2Fkc1wvMjAyMFwvMDRcL0ZlZGVyYWNpXHUwMGYzbi1BcmFnb25lc2EtZGUtQmFpbGUtRGVwb3J0aXZvLXktZGUtQ29tcGV0aWNpXHUwMGYzbi04LUFkcmlhbi1TZWRpbGVzLUVtYmkuanBnIiwic2xpZGVzaG93IjoiZGZiMjcyZSJ9\" href='https:\/\/adriansediles.es\/wp-content\/uploads\/2020\/04\/Federaci\u00f3n-Aragonesa-de-Baile-Deportivo-y-de-Competici\u00f3n-8-Adrian-Sediles-Embi.jpg'><img loading=\"lazy\" decoding=\"async\" width=\"300\" height=\"257\" src=\"https:\/\/adriansediles.es\/wp-content\/uploads\/2020\/04\/Federaci\u00f3n-Aragonesa-de-Baile-Deportivo-y-de-Competici\u00f3n-8-Adrian-Sediles-Embi-300x257.jpg\" class=\"attachment-medium size-medium\" alt=\"Federaci\u00f3n Aragonesa de Baile Deportivo y de Competici\u00f3n F.A.B.D\" aria-describedby=\"gallery-1-653\" srcset=\"https:\/\/adriansediles.es\/wp-content\/uploads\/2020\/04\/Federaci\u00f3n-Aragonesa-de-Baile-Deportivo-y-de-Competici\u00f3n-8-Adrian-Sediles-Embi-300x257.jpg 300w, https:\/\/adriansediles.es\/wp-content\/uploads\/2020\/04\/Federaci\u00f3n-Aragonesa-de-Baile-Deportivo-y-de-Competici\u00f3n-8-Adrian-Sediles-Embi.jpg 680w\" sizes=\"(max-width: 300px) 100vw, 300px\" \/><\/a>\n\t\t\t<\/div>\n\t\t\t\t<figcaption class='wp-caption-text gallery-caption' id='gallery-1-653'>\n\t\t\t\tFederaci\u00f3n Aragonesa de Baile Deportivo y de Competici\u00f3n F.A.B.D\n\t\t\t\t<\/figcaption><\/figure><figure class='gallery-item'>\n\t\t\t<div class='gallery-icon landscape'>\n\t\t\t\t<a data-elementor-open-lightbox=\"yes\" data-elementor-lightbox-slideshow=\"dfb272e\" data-elementor-lightbox-title=\"Federaci\u00f3n Aragonesa de Baile Deportivo y de Competici\u00f3n 9- Adrian Sediles Embi\" data-elementor-lightbox-description=\"Federaci\u00f3n Aragonesa de Baile Deportivo y de Competici\u00f3n F.A.B.D\" data-e-action-hash=\"#elementor-action%3Aaction%3Dlightbox%26settings%3DeyJpZCI6NjU0LCJ1cmwiOiJodHRwczpcL1wvYWRyaWFuc2VkaWxlcy5lc1wvd3AtY29udGVudFwvdXBsb2Fkc1wvMjAyMFwvMDRcL0ZlZGVyYWNpXHUwMGYzbi1BcmFnb25lc2EtZGUtQmFpbGUtRGVwb3J0aXZvLXktZGUtQ29tcGV0aWNpXHUwMGYzbi05LUFkcmlhbi1TZWRpbGVzLUVtYmkuanBnIiwic2xpZGVzaG93IjoiZGZiMjcyZSJ9\" href='https:\/\/adriansediles.es\/wp-content\/uploads\/2020\/04\/Federaci\u00f3n-Aragonesa-de-Baile-Deportivo-y-de-Competici\u00f3n-9-Adrian-Sediles-Embi.jpg'><img loading=\"lazy\" decoding=\"async\" width=\"300\" height=\"200\" src=\"https:\/\/adriansediles.es\/wp-content\/uploads\/2020\/04\/Federaci\u00f3n-Aragonesa-de-Baile-Deportivo-y-de-Competici\u00f3n-9-Adrian-Sediles-Embi-300x200.jpg\" class=\"attachment-medium size-medium\" alt=\"Federaci\u00f3n Aragonesa de Baile Deportivo y de Competici\u00f3n F.A.B.D\" aria-describedby=\"gallery-1-654\" srcset=\"https:\/\/adriansediles.es\/wp-content\/uploads\/2020\/04\/Federaci\u00f3n-Aragonesa-de-Baile-Deportivo-y-de-Competici\u00f3n-9-Adrian-Sediles-Embi-300x200.jpg 300w, https:\/\/adriansediles.es\/wp-content\/uploads\/2020\/04\/Federaci\u00f3n-Aragonesa-de-Baile-Deportivo-y-de-Competici\u00f3n-9-Adrian-Sediles-Embi-666x444.jpg 666w, https:\/\/adriansediles.es\/wp-content\/uploads\/2020\/04\/Federaci\u00f3n-Aragonesa-de-Baile-Deportivo-y-de-Competici\u00f3n-9-Adrian-Sediles-Embi.jpg 680w\" sizes=\"(max-width: 300px) 100vw, 300px\" \/><\/a>\n\t\t\t<\/div>\n\t\t\t\t<figcaption class='wp-caption-text gallery-caption' id='gallery-1-654'>\n\t\t\t\tFederaci\u00f3n Aragonesa de Baile Deportivo y de Competici\u00f3n F.A.B.D\n\t\t\t\t<\/figcaption><\/figure><figure class='gallery-item'>\n\t\t\t<div class='gallery-icon landscape'>\n\t\t\t\t<a data-elementor-open-lightbox=\"yes\" data-elementor-lightbox-slideshow=\"dfb272e\" data-elementor-lightbox-title=\"Federaci\u00f3n Aragonesa de Baile Deportivo y de Competici\u00f3n 10- Adrian Sediles Embi\" data-elementor-lightbox-description=\"Federaci\u00f3n Aragonesa de Baile Deportivo y de Competici\u00f3n F.A.B.D\" data-e-action-hash=\"#elementor-action%3Aaction%3Dlightbox%26settings%3DeyJpZCI6NjU1LCJ1cmwiOiJodHRwczpcL1wvYWRyaWFuc2VkaWxlcy5lc1wvd3AtY29udGVudFwvdXBsb2Fkc1wvMjAyMFwvMDRcL0ZlZGVyYWNpXHUwMGYzbi1BcmFnb25lc2EtZGUtQmFpbGUtRGVwb3J0aXZvLXktZGUtQ29tcGV0aWNpXHUwMGYzbi0xMC1BZHJpYW4tU2VkaWxlcy1FbWJpLmpwZyIsInNsaWRlc2hvdyI6ImRmYjI3MmUifQ%3D%3D\" href='https:\/\/adriansediles.es\/wp-content\/uploads\/2020\/04\/Federaci\u00f3n-Aragonesa-de-Baile-Deportivo-y-de-Competici\u00f3n-10-Adrian-Sediles-Embi.jpg'><img loading=\"lazy\" decoding=\"async\" width=\"300\" height=\"200\" src=\"https:\/\/adriansediles.es\/wp-content\/uploads\/2020\/04\/Federaci\u00f3n-Aragonesa-de-Baile-Deportivo-y-de-Competici\u00f3n-10-Adrian-Sediles-Embi-300x200.jpg\" class=\"attachment-medium size-medium\" alt=\"Federaci\u00f3n Aragonesa de Baile Deportivo y de Competici\u00f3n F.A.B.D\" aria-describedby=\"gallery-1-655\" srcset=\"https:\/\/adriansediles.es\/wp-content\/uploads\/2020\/04\/Federaci\u00f3n-Aragonesa-de-Baile-Deportivo-y-de-Competici\u00f3n-10-Adrian-Sediles-Embi-300x200.jpg 300w, https:\/\/adriansediles.es\/wp-content\/uploads\/2020\/04\/Federaci\u00f3n-Aragonesa-de-Baile-Deportivo-y-de-Competici\u00f3n-10-Adrian-Sediles-Embi-666x444.jpg 666w, https:\/\/adriansediles.es\/wp-content\/uploads\/2020\/04\/Federaci\u00f3n-Aragonesa-de-Baile-Deportivo-y-de-Competici\u00f3n-10-Adrian-Sediles-Embi.jpg 680w\" sizes=\"(max-width: 300px) 100vw, 300px\" \/><\/a>\n\t\t\t<\/div>\n\t\t\t\t<figcaption class='wp-caption-text gallery-caption' id='gallery-1-655'>\n\t\t\t\tFederaci\u00f3n Aragonesa de Baile Deportivo y de Competici\u00f3n F.A.B.D\n\t\t\t\t<\/figcaption><\/figure><figure class='gallery-item'>\n\t\t\t<div class='gallery-icon landscape'>\n\t\t\t\t<a data-elementor-open-lightbox=\"yes\" data-elementor-lightbox-slideshow=\"dfb272e\" data-elementor-lightbox-title=\"Federaci\u00f3n Aragonesa de Baile Deportivo y de Competici\u00f3n 12- Adrian Sediles Embi\" data-elementor-lightbox-description=\"Federaci\u00f3n Aragonesa de Baile Deportivo y de Competici\u00f3n F.A.B.D\" data-e-action-hash=\"#elementor-action%3Aaction%3Dlightbox%26settings%3DeyJpZCI6NjU3LCJ1cmwiOiJodHRwczpcL1wvYWRyaWFuc2VkaWxlcy5lc1wvd3AtY29udGVudFwvdXBsb2Fkc1wvMjAyMFwvMDRcL0ZlZGVyYWNpXHUwMGYzbi1BcmFnb25lc2EtZGUtQmFpbGUtRGVwb3J0aXZvLXktZGUtQ29tcGV0aWNpXHUwMGYzbi0xMi1BZHJpYW4tU2VkaWxlcy1FbWJpLmpwZyIsInNsaWRlc2hvdyI6ImRmYjI3MmUifQ%3D%3D\" href='https:\/\/adriansediles.es\/wp-content\/uploads\/2020\/04\/Federaci\u00f3n-Aragonesa-de-Baile-Deportivo-y-de-Competici\u00f3n-12-Adrian-Sediles-Embi.jpg'><img loading=\"lazy\" decoding=\"async\" width=\"300\" height=\"200\" src=\"https:\/\/adriansediles.es\/wp-content\/uploads\/2020\/04\/Federaci\u00f3n-Aragonesa-de-Baile-Deportivo-y-de-Competici\u00f3n-12-Adrian-Sediles-Embi-300x200.jpg\" class=\"attachment-medium size-medium\" alt=\"Federaci\u00f3n Aragonesa de Baile Deportivo y de Competici\u00f3n F.A.B.D\" aria-describedby=\"gallery-1-657\" srcset=\"https:\/\/adriansediles.es\/wp-content\/uploads\/2020\/04\/Federaci\u00f3n-Aragonesa-de-Baile-Deportivo-y-de-Competici\u00f3n-12-Adrian-Sediles-Embi-300x200.jpg 300w, https:\/\/adriansediles.es\/wp-content\/uploads\/2020\/04\/Federaci\u00f3n-Aragonesa-de-Baile-Deportivo-y-de-Competici\u00f3n-12-Adrian-Sediles-Embi-666x444.jpg 666w, https:\/\/adriansediles.es\/wp-content\/uploads\/2020\/04\/Federaci\u00f3n-Aragonesa-de-Baile-Deportivo-y-de-Competici\u00f3n-12-Adrian-Sediles-Embi.jpg 680w\" sizes=\"(max-width: 300px) 100vw, 300px\" \/><\/a>\n\t\t\t<\/div>\n\t\t\t\t<figcaption class='wp-caption-text gallery-caption' id='gallery-1-657'>\n\t\t\t\tFederaci\u00f3n Aragonesa de Baile Deportivo y de Competici\u00f3n F.A.B.D\n\t\t\t\t<\/figcaption><\/figure><figure class='gallery-item'>\n\t\t\t<div class='gallery-icon landscape'>\n\t\t\t\t<a data-elementor-open-lightbox=\"yes\" data-elementor-lightbox-slideshow=\"dfb272e\" data-elementor-lightbox-title=\"Federaci\u00f3n Aragonesa de Baile Deportivo y de Competici\u00f3n 14- Adrian Sediles Embi\" data-elementor-lightbox-description=\"Federaci\u00f3n Aragonesa de Baile Deportivo y de Competici\u00f3n F.A.B.D\" data-e-action-hash=\"#elementor-action%3Aaction%3Dlightbox%26settings%3DeyJpZCI6NjU5LCJ1cmwiOiJodHRwczpcL1wvYWRyaWFuc2VkaWxlcy5lc1wvd3AtY29udGVudFwvdXBsb2Fkc1wvMjAyMFwvMDRcL0ZlZGVyYWNpXHUwMGYzbi1BcmFnb25lc2EtZGUtQmFpbGUtRGVwb3J0aXZvLXktZGUtQ29tcGV0aWNpXHUwMGYzbi0xNC1BZHJpYW4tU2VkaWxlcy1FbWJpLmpwZyIsInNsaWRlc2hvdyI6ImRmYjI3MmUifQ%3D%3D\" href='https:\/\/adriansediles.es\/wp-content\/uploads\/2020\/04\/Federaci\u00f3n-Aragonesa-de-Baile-Deportivo-y-de-Competici\u00f3n-14-Adrian-Sediles-Embi.jpg'><img loading=\"lazy\" decoding=\"async\" width=\"300\" height=\"200\" src=\"https:\/\/adriansediles.es\/wp-content\/uploads\/2020\/04\/Federaci\u00f3n-Aragonesa-de-Baile-Deportivo-y-de-Competici\u00f3n-14-Adrian-Sediles-Embi-300x200.jpg\" class=\"attachment-medium size-medium\" alt=\"Federaci\u00f3n Aragonesa de Baile Deportivo y de Competici\u00f3n F.A.B.D\" aria-describedby=\"gallery-1-659\" srcset=\"https:\/\/adriansediles.es\/wp-content\/uploads\/2020\/04\/Federaci\u00f3n-Aragonesa-de-Baile-Deportivo-y-de-Competici\u00f3n-14-Adrian-Sediles-Embi-300x200.jpg 300w, https:\/\/adriansediles.es\/wp-content\/uploads\/2020\/04\/Federaci\u00f3n-Aragonesa-de-Baile-Deportivo-y-de-Competici\u00f3n-14-Adrian-Sediles-Embi-666x444.jpg 666w, https:\/\/adriansediles.es\/wp-content\/uploads\/2020\/04\/Federaci\u00f3n-Aragonesa-de-Baile-Deportivo-y-de-Competici\u00f3n-14-Adrian-Sediles-Embi.jpg 680w\" sizes=\"(max-width: 300px) 100vw, 300px\" \/><\/a>\n\t\t\t<\/div>\n\t\t\t\t<figcaption class='wp-caption-text gallery-caption' id='gallery-1-659'>\n\t\t\t\tFederaci\u00f3n Aragonesa de Baile Deportivo y de Competici\u00f3n F.A.B.D\n\t\t\t\t<\/figcaption><\/figure><figure class='gallery-item'>\n\t\t\t<div class='gallery-icon landscape'>\n\t\t\t\t<a data-elementor-open-lightbox=\"yes\" data-elementor-lightbox-slideshow=\"dfb272e\" data-elementor-lightbox-title=\"Federaci\u00f3n Aragonesa de Baile Deportivo y de Competici\u00f3n 15- Adrian Sediles Embi\" data-elementor-lightbox-description=\"Federaci\u00f3n Aragonesa de Baile Deportivo y de Competici\u00f3n F.A.B.D\" data-e-action-hash=\"#elementor-action%3Aaction%3Dlightbox%26settings%3DeyJpZCI6NjYwLCJ1cmwiOiJodHRwczpcL1wvYWRyaWFuc2VkaWxlcy5lc1wvd3AtY29udGVudFwvdXBsb2Fkc1wvMjAyMFwvMDRcL0ZlZGVyYWNpXHUwMGYzbi1BcmFnb25lc2EtZGUtQmFpbGUtRGVwb3J0aXZvLXktZGUtQ29tcGV0aWNpXHUwMGYzbi0xNS1BZHJpYW4tU2VkaWxlcy1FbWJpLmpwZyIsInNsaWRlc2hvdyI6ImRmYjI3MmUifQ%3D%3D\" href='https:\/\/adriansediles.es\/wp-content\/uploads\/2020\/04\/Federaci\u00f3n-Aragonesa-de-Baile-Deportivo-y-de-Competici\u00f3n-15-Adrian-Sediles-Embi.jpg'><img loading=\"lazy\" decoding=\"async\" width=\"300\" height=\"200\" src=\"https:\/\/adriansediles.es\/wp-content\/uploads\/2020\/04\/Federaci\u00f3n-Aragonesa-de-Baile-Deportivo-y-de-Competici\u00f3n-15-Adrian-Sediles-Embi-300x200.jpg\" class=\"attachment-medium size-medium\" alt=\"Federaci\u00f3n Aragonesa de Baile Deportivo y de Competici\u00f3n F.A.B.D\" aria-describedby=\"gallery-1-660\" srcset=\"https:\/\/adriansediles.es\/wp-content\/uploads\/2020\/04\/Federaci\u00f3n-Aragonesa-de-Baile-Deportivo-y-de-Competici\u00f3n-15-Adrian-Sediles-Embi-300x200.jpg 300w, https:\/\/adriansediles.es\/wp-content\/uploads\/2020\/04\/Federaci\u00f3n-Aragonesa-de-Baile-Deportivo-y-de-Competici\u00f3n-15-Adrian-Sediles-Embi-666x444.jpg 666w, https:\/\/adriansediles.es\/wp-content\/uploads\/2020\/04\/Federaci\u00f3n-Aragonesa-de-Baile-Deportivo-y-de-Competici\u00f3n-15-Adrian-Sediles-Embi.jpg 680w\" sizes=\"(max-width: 300px) 100vw, 300px\" \/><\/a>\n\t\t\t<\/div>\n\t\t\t\t<figcaption class='wp-caption-text gallery-caption' id='gallery-1-660'>\n\t\t\t\tFederaci\u00f3n Aragonesa de Baile Deportivo y de Competici\u00f3n F.A.B.D\n\t\t\t\t<\/figcaption><\/figure><figure class='gallery-item'>\n\t\t\t<div class='gallery-icon landscape'>\n\t\t\t\t<a data-elementor-open-lightbox=\"yes\" data-elementor-lightbox-slideshow=\"dfb272e\" data-elementor-lightbox-title=\"Federaci\u00f3n Aragonesa de Baile Deportivo y de Competici\u00f3n 16- Adrian Sediles Embi\" data-elementor-lightbox-description=\"Federaci\u00f3n Aragonesa de Baile Deportivo y de Competici\u00f3n F.A.B.D\" data-e-action-hash=\"#elementor-action%3Aaction%3Dlightbox%26settings%3DeyJpZCI6NjYxLCJ1cmwiOiJodHRwczpcL1wvYWRyaWFuc2VkaWxlcy5lc1wvd3AtY29udGVudFwvdXBsb2Fkc1wvMjAyMFwvMDRcL0ZlZGVyYWNpXHUwMGYzbi1BcmFnb25lc2EtZGUtQmFpbGUtRGVwb3J0aXZvLXktZGUtQ29tcGV0aWNpXHUwMGYzbi0xNi1BZHJpYW4tU2VkaWxlcy1FbWJpLmpwZyIsInNsaWRlc2hvdyI6ImRmYjI3MmUifQ%3D%3D\" href='https:\/\/adriansediles.es\/wp-content\/uploads\/2020\/04\/Federaci\u00f3n-Aragonesa-de-Baile-Deportivo-y-de-Competici\u00f3n-16-Adrian-Sediles-Embi.jpg'><img loading=\"lazy\" decoding=\"async\" width=\"300\" height=\"200\" src=\"https:\/\/adriansediles.es\/wp-content\/uploads\/2020\/04\/Federaci\u00f3n-Aragonesa-de-Baile-Deportivo-y-de-Competici\u00f3n-16-Adrian-Sediles-Embi-300x200.jpg\" class=\"attachment-medium size-medium\" alt=\"Federaci\u00f3n Aragonesa de Baile Deportivo y de Competici\u00f3n F.A.B.D\" aria-describedby=\"gallery-1-661\" srcset=\"https:\/\/adriansediles.es\/wp-content\/uploads\/2020\/04\/Federaci\u00f3n-Aragonesa-de-Baile-Deportivo-y-de-Competici\u00f3n-16-Adrian-Sediles-Embi-300x200.jpg 300w, https:\/\/adriansediles.es\/wp-content\/uploads\/2020\/04\/Federaci\u00f3n-Aragonesa-de-Baile-Deportivo-y-de-Competici\u00f3n-16-Adrian-Sediles-Embi-666x444.jpg 666w, https:\/\/adriansediles.es\/wp-content\/uploads\/2020\/04\/Federaci\u00f3n-Aragonesa-de-Baile-Deportivo-y-de-Competici\u00f3n-16-Adrian-Sediles-Embi.jpg 680w\" sizes=\"(max-width: 300px) 100vw, 300px\" \/><\/a>\n\t\t\t<\/div>\n\t\t\t\t<figcaption class='wp-caption-text gallery-caption' id='gallery-1-661'>\n\t\t\t\tFederaci\u00f3n Aragonesa de Baile Deportivo y de Competici\u00f3n F.A.B.D\n\t\t\t\t<\/figcaption><\/figure><figure class='gallery-item'>\n\t\t\t<div class='gallery-icon landscape'>\n\t\t\t\t<a data-elementor-open-lightbox=\"yes\" data-elementor-lightbox-slideshow=\"dfb272e\" data-elementor-lightbox-title=\"Federaci\u00f3n Aragonesa de Baile Deportivo y de Competici\u00f3n 17- Adrian Sediles Embi\" data-elementor-lightbox-description=\"Federaci\u00f3n Aragonesa de Baile Deportivo y de Competici\u00f3n F.A.B.D\" data-e-action-hash=\"#elementor-action%3Aaction%3Dlightbox%26settings%3DeyJpZCI6NjYyLCJ1cmwiOiJodHRwczpcL1wvYWRyaWFuc2VkaWxlcy5lc1wvd3AtY29udGVudFwvdXBsb2Fkc1wvMjAyMFwvMDRcL0ZlZGVyYWNpXHUwMGYzbi1BcmFnb25lc2EtZGUtQmFpbGUtRGVwb3J0aXZvLXktZGUtQ29tcGV0aWNpXHUwMGYzbi0xNy1BZHJpYW4tU2VkaWxlcy1FbWJpLmpwZyIsInNsaWRlc2hvdyI6ImRmYjI3MmUifQ%3D%3D\" href='https:\/\/adriansediles.es\/wp-content\/uploads\/2020\/04\/Federaci\u00f3n-Aragonesa-de-Baile-Deportivo-y-de-Competici\u00f3n-17-Adrian-Sediles-Embi.jpg'><img loading=\"lazy\" decoding=\"async\" width=\"300\" height=\"200\" src=\"https:\/\/adriansediles.es\/wp-content\/uploads\/2020\/04\/Federaci\u00f3n-Aragonesa-de-Baile-Deportivo-y-de-Competici\u00f3n-17-Adrian-Sediles-Embi-300x200.jpg\" class=\"attachment-medium size-medium\" alt=\"Federaci\u00f3n Aragonesa de Baile Deportivo y de Competici\u00f3n F.A.B.D\" aria-describedby=\"gallery-1-662\" srcset=\"https:\/\/adriansediles.es\/wp-content\/uploads\/2020\/04\/Federaci\u00f3n-Aragonesa-de-Baile-Deportivo-y-de-Competici\u00f3n-17-Adrian-Sediles-Embi-300x200.jpg 300w, https:\/\/adriansediles.es\/wp-content\/uploads\/2020\/04\/Federaci\u00f3n-Aragonesa-de-Baile-Deportivo-y-de-Competici\u00f3n-17-Adrian-Sediles-Embi-666x444.jpg 666w, https:\/\/adriansediles.es\/wp-content\/uploads\/2020\/04\/Federaci\u00f3n-Aragonesa-de-Baile-Deportivo-y-de-Competici\u00f3n-17-Adrian-Sediles-Embi.jpg 680w\" sizes=\"(max-width: 300px) 100vw, 300px\" \/><\/a>\n\t\t\t<\/div>\n\t\t\t\t<figcaption class='wp-caption-text gallery-caption' id='gallery-1-662'>\n\t\t\t\tFederaci\u00f3n Aragonesa de Baile Deportivo y de Competici\u00f3n F.A.B.D\n\t\t\t\t<\/figcaption><\/figure><figure class='gallery-item'>\n\t\t\t<div class='gallery-icon landscape'>\n\t\t\t\t<a data-elementor-open-lightbox=\"yes\" data-elementor-lightbox-slideshow=\"dfb272e\" data-elementor-lightbox-title=\"Federaci\u00f3n Aragonesa de Baile Deportivo y de Competici\u00f3n 18- Adrian Sediles Embi\" data-elementor-lightbox-description=\"Federaci\u00f3n Aragonesa de Baile Deportivo y de Competici\u00f3n F.A.B.D\" data-e-action-hash=\"#elementor-action%3Aaction%3Dlightbox%26settings%3DeyJpZCI6NjYzLCJ1cmwiOiJodHRwczpcL1wvYWRyaWFuc2VkaWxlcy5lc1wvd3AtY29udGVudFwvdXBsb2Fkc1wvMjAyMFwvMDRcL0ZlZGVyYWNpXHUwMGYzbi1BcmFnb25lc2EtZGUtQmFpbGUtRGVwb3J0aXZvLXktZGUtQ29tcGV0aWNpXHUwMGYzbi0xOC1BZHJpYW4tU2VkaWxlcy1FbWJpLmpwZyIsInNsaWRlc2hvdyI6ImRmYjI3MmUifQ%3D%3D\" href='https:\/\/adriansediles.es\/wp-content\/uploads\/2020\/04\/Federaci\u00f3n-Aragonesa-de-Baile-Deportivo-y-de-Competici\u00f3n-18-Adrian-Sediles-Embi.jpg'><img loading=\"lazy\" decoding=\"async\" width=\"300\" height=\"200\" src=\"https:\/\/adriansediles.es\/wp-content\/uploads\/2020\/04\/Federaci\u00f3n-Aragonesa-de-Baile-Deportivo-y-de-Competici\u00f3n-18-Adrian-Sediles-Embi-300x200.jpg\" class=\"attachment-medium size-medium\" alt=\"Federaci\u00f3n Aragonesa de Baile Deportivo y de Competici\u00f3n F.A.B.D\" aria-describedby=\"gallery-1-663\" srcset=\"https:\/\/adriansediles.es\/wp-content\/uploads\/2020\/04\/Federaci\u00f3n-Aragonesa-de-Baile-Deportivo-y-de-Competici\u00f3n-18-Adrian-Sediles-Embi-300x200.jpg 300w, https:\/\/adriansediles.es\/wp-content\/uploads\/2020\/04\/Federaci\u00f3n-Aragonesa-de-Baile-Deportivo-y-de-Competici\u00f3n-18-Adrian-Sediles-Embi-666x444.jpg 666w, https:\/\/adriansediles.es\/wp-content\/uploads\/2020\/04\/Federaci\u00f3n-Aragonesa-de-Baile-Deportivo-y-de-Competici\u00f3n-18-Adrian-Sediles-Embi.jpg 680w\" sizes=\"(max-width: 300px) 100vw, 300px\" \/><\/a>\n\t\t\t<\/div>\n\t\t\t\t<figcaption class='wp-caption-text gallery-caption' id='gallery-1-663'>\n\t\t\t\tFederaci\u00f3n Aragonesa de Baile Deportivo y de Competici\u00f3n F.A.B.D\n\t\t\t\t<\/figcaption><\/figure><figure class='gallery-item'>\n\t\t\t<div class='gallery-icon landscape'>\n\t\t\t\t<a data-elementor-open-lightbox=\"yes\" data-elementor-lightbox-slideshow=\"dfb272e\" data-elementor-lightbox-title=\"Federaci\u00f3n Aragonesa de Baile Deportivo y de Competici\u00f3n 19- Adrian Sediles Embi\" data-elementor-lightbox-description=\"Federaci\u00f3n Aragonesa de Baile Deportivo y de Competici\u00f3n F.A.B.D\" data-e-action-hash=\"#elementor-action%3Aaction%3Dlightbox%26settings%3DeyJpZCI6NjY0LCJ1cmwiOiJodHRwczpcL1wvYWRyaWFuc2VkaWxlcy5lc1wvd3AtY29udGVudFwvdXBsb2Fkc1wvMjAyMFwvMDRcL0ZlZGVyYWNpXHUwMGYzbi1BcmFnb25lc2EtZGUtQmFpbGUtRGVwb3J0aXZvLXktZGUtQ29tcGV0aWNpXHUwMGYzbi0xOS1BZHJpYW4tU2VkaWxlcy1FbWJpLmpwZyIsInNsaWRlc2hvdyI6ImRmYjI3MmUifQ%3D%3D\" href='https:\/\/adriansediles.es\/wp-content\/uploads\/2020\/04\/Federaci\u00f3n-Aragonesa-de-Baile-Deportivo-y-de-Competici\u00f3n-19-Adrian-Sediles-Embi.jpg'><img loading=\"lazy\" decoding=\"async\" width=\"300\" height=\"200\" src=\"https:\/\/adriansediles.es\/wp-content\/uploads\/2020\/04\/Federaci\u00f3n-Aragonesa-de-Baile-Deportivo-y-de-Competici\u00f3n-19-Adrian-Sediles-Embi-300x200.jpg\" class=\"attachment-medium size-medium\" alt=\"Federaci\u00f3n Aragonesa de Baile Deportivo y de Competici\u00f3n F.A.B.D\" aria-describedby=\"gallery-1-664\" srcset=\"https:\/\/adriansediles.es\/wp-content\/uploads\/2020\/04\/Federaci\u00f3n-Aragonesa-de-Baile-Deportivo-y-de-Competici\u00f3n-19-Adrian-Sediles-Embi-300x200.jpg 300w, https:\/\/adriansediles.es\/wp-content\/uploads\/2020\/04\/Federaci\u00f3n-Aragonesa-de-Baile-Deportivo-y-de-Competici\u00f3n-19-Adrian-Sediles-Embi-666x444.jpg 666w, https:\/\/adriansediles.es\/wp-content\/uploads\/2020\/04\/Federaci\u00f3n-Aragonesa-de-Baile-Deportivo-y-de-Competici\u00f3n-19-Adrian-Sediles-Embi.jpg 680w\" sizes=\"(max-width: 300px) 100vw, 300px\" \/><\/a>\n\t\t\t<\/div>\n\t\t\t\t<figcaption class='wp-caption-text gallery-caption' id='gallery-1-664'>\n\t\t\t\tFederaci\u00f3n Aragonesa de Baile Deportivo y de Competici\u00f3n F.A.B.D\n\t\t\t\t<\/figcaption><\/figure>\n\t\t<\/div>\n\t\t<\/div>\n\t\t\t\t\t\t<\/div>\n\t\t\t\t<\/div>\n\t\t\t\t\t<\/div>\n\t\t<\/div>\n\t\t\t\t\t<\/div>\n\t\t<\/section>\n\t\t\t\t<\/div>\n\t\t","protected":false},"excerpt":{"rendered":"<p>Federaci\u00f3n Aragonesa de Baile Deportivo y de Competici\u00f3n F.A.B.D Federaci\u00f3n Aragonesa de Baile Deportivo y de Competici\u00f3n F.A.B.D Federaci\u00f3n Aragonesa &hellip; <a href=\"https:\/\/adriansediles.es\/?page_id=644\" class=\"more-link\"><span class=\"more-button\">Seguir leyendo<span class=\"screen-reader-text\">Federaci\u00f3n Aragonesa de Baile Deportivo y de Competici\u00f3n F.A.B.D<\/span><\/span><\/a><\/p>\n","protected":false},"author":1,"featured_media":0,"parent":0,"menu_order":0,"comment_status":"closed","ping_status":"closed","template":"","meta":{"footnotes":""},"class_list":["post-644","page","type-page","status-publish","hentry"],"_links":{"self":[{"href":"https:\/\/adriansediles.es\/index.php?rest_route=\/wp\/v2\/pages\/644","targetHints":{"allow":["GET"]}}],"collection":[{"href":"https:\/\/adriansediles.es\/index.php?rest_route=\/wp\/v2\/pages"}],"about":[{"href":"https:\/\/adriansediles.es\/index.php?rest_route=\/wp\/v2\/types\/page"}],"author":[{"embeddable":true,"href":"https:\/\/adriansediles.es\/index.php?rest_route=\/wp\/v2\/users\/1"}],"replies":[{"embeddable":true,"href":"https:\/\/adriansediles.es\/index.php?rest_route=%2Fwp%2Fv2%2Fcomments&post=644"}],"version-history":[{"count":3,"href":"https:\/\/adriansediles.es\/index.php?rest_route=\/wp\/v2\/pages\/644\/revisions"}],"predecessor-version":[{"id":666,"href":"https:\/\/adriansediles.es\/index.php?rest_route=\/wp\/v2\/pages\/644\/revisions\/666"}],"wp:attachment":[{"href":"https:\/\/adriansediles.es\/index.php?rest_route=%2Fwp%2Fv2%2Fmedia&parent=644"}],"curies":[{"name":"wp","href":"https:\/\/api.w.org\/{rel}","templated":true}]}}