{"id":691,"date":"2020-04-05T16:47:02","date_gmt":"2020-04-05T16:47:02","guid":{"rendered":"http:\/\/192.168.1.111\/?page_id=691"},"modified":"2020-04-05T16:48:28","modified_gmt":"2020-04-05T16:48:28","slug":"sesion-embarazadapremama-de-tais-lopez-y-daniel-blancart","status":"publish","type":"page","link":"https:\/\/adriansediles.es\/?page_id=691","title":{"rendered":"Sesi\u00f3n embarazada,premam\u00e1 de Tais Lopez y Daniel Blancart"},"content":{"rendered":"\t\t<div data-elementor-type=\"wp-page\" data-elementor-id=\"691\" class=\"elementor elementor-691\">\n\t\t\t\t\t\t<section class=\"elementor-section elementor-top-section elementor-element elementor-element-1a59ebc elementor-section-boxed elementor-section-height-default elementor-section-height-default\" data-id=\"1a59ebc\" data-element_type=\"section\" data-e-type=\"section\">\n\t\t\t\t\t\t<div class=\"elementor-container elementor-column-gap-default\">\n\t\t\t\t\t<div class=\"elementor-column elementor-col-100 elementor-top-column elementor-element elementor-element-7c4aed89\" data-id=\"7c4aed89\" data-element_type=\"column\" data-e-type=\"column\">\n\t\t\t<div class=\"elementor-widget-wrap elementor-element-populated\">\n\t\t\t\t\t\t<div class=\"elementor-element elementor-element-5cc096fc elementor-widget elementor-widget-text-editor\" data-id=\"5cc096fc\" data-element_type=\"widget\" data-e-type=\"widget\" data-widget_type=\"text-editor.default\">\n\t\t\t\t<div class=\"elementor-widget-container\">\n\t\t\t\t\t\t\t\t\t\n<figure class=\"wp-block-gallery columns-0 is-cropped wp-block-gallery-2 is-layout-flex wp-block-gallery-is-layout-flex\"><ul class=\"blocks-gallery-grid\"><\/ul><\/figure>\n\t\t\t\t\t\t\t\t<\/div>\n\t\t\t\t<\/div>\n\t\t\t\t\t<\/div>\n\t\t<\/div>\n\t\t\t\t\t<\/div>\n\t\t<\/section>\n\t\t\t\t<section class=\"elementor-section elementor-top-section elementor-element elementor-element-576c776 elementor-section-boxed elementor-section-height-default elementor-section-height-default\" data-id=\"576c776\" data-element_type=\"section\" data-e-type=\"section\">\n\t\t\t\t\t\t<div class=\"elementor-container elementor-column-gap-default\">\n\t\t\t\t\t<div class=\"elementor-column elementor-col-100 elementor-top-column elementor-element elementor-element-f995026\" data-id=\"f995026\" data-element_type=\"column\" data-e-type=\"column\">\n\t\t\t<div class=\"elementor-widget-wrap elementor-element-populated\">\n\t\t\t\t\t\t<div class=\"elementor-element elementor-element-dfb272e elementor-widget elementor-widget-image-gallery\" data-id=\"dfb272e\" data-element_type=\"widget\" data-e-type=\"widget\" data-widget_type=\"image-gallery.default\">\n\t\t\t\t<div class=\"elementor-widget-container\">\n\t\t\t\t\t\t\t<div class=\"elementor-image-gallery\">\n\t\t\t<div id='gallery-1' class='gallery galleryid-691 gallery-columns-3 gallery-size-medium'><figure class='gallery-item'>\n\t\t\t<div class='gallery-icon landscape'>\n\t\t\t\t<a data-elementor-open-lightbox=\"yes\" data-elementor-lightbox-slideshow=\"dfb272e\" data-elementor-lightbox-title=\"Daniel Blancart y Tais Lopez - Adrian Sediles Embi\" data-e-action-hash=\"#elementor-action%3Aaction%3Dlightbox%26settings%3DeyJpZCI6NjkzLCJ1cmwiOiJodHRwczpcL1wvYWRyaWFuc2VkaWxlcy5lc1wvd3AtY29udGVudFwvdXBsb2Fkc1wvMjAyMFwvMDRcL0RhbmllbC1CbGFuY2FydC15LVRhaXMtTG9wZXotQWRyaWFuLVNlZGlsZXMtRW1iaS0yLmpwZyIsInNsaWRlc2hvdyI6ImRmYjI3MmUifQ%3D%3D\" href='https:\/\/adriansediles.es\/wp-content\/uploads\/2020\/04\/Daniel-Blancart-y-Tais-Lopez-Adrian-Sediles-Embi-2.jpg'><img fetchpriority=\"high\" decoding=\"async\" width=\"300\" height=\"200\" src=\"https:\/\/adriansediles.es\/wp-content\/uploads\/2020\/04\/Daniel-Blancart-y-Tais-Lopez-Adrian-Sediles-Embi-2-300x200.jpg\" class=\"attachment-medium size-medium\" alt=\"\" aria-describedby=\"gallery-1-693\" srcset=\"https:\/\/adriansediles.es\/wp-content\/uploads\/2020\/04\/Daniel-Blancart-y-Tais-Lopez-Adrian-Sediles-Embi-2-300x200.jpg 300w, https:\/\/adriansediles.es\/wp-content\/uploads\/2020\/04\/Daniel-Blancart-y-Tais-Lopez-Adrian-Sediles-Embi-2-768x512.jpg 768w, https:\/\/adriansediles.es\/wp-content\/uploads\/2020\/04\/Daniel-Blancart-y-Tais-Lopez-Adrian-Sediles-Embi-2-666x444.jpg 666w, https:\/\/adriansediles.es\/wp-content\/uploads\/2020\/04\/Daniel-Blancart-y-Tais-Lopez-Adrian-Sediles-Embi-2.jpg 1024w\" sizes=\"(max-width: 300px) 100vw, 300px\" \/><\/a>\n\t\t\t<\/div>\n\t\t\t\t<figcaption class='wp-caption-text gallery-caption' id='gallery-1-693'>\n\t\t\t\tSesi\u00f3n embarazada,premam\u00e1 de Tais Lopez y Daniel Blancart\n\t\t\t\t<\/figcaption><\/figure><figure class='gallery-item'>\n\t\t\t<div class='gallery-icon landscape'>\n\t\t\t\t<a data-elementor-open-lightbox=\"yes\" data-elementor-lightbox-slideshow=\"dfb272e\" data-elementor-lightbox-title=\"Daniel Blancart y Tais Lopez - Adrian Sediles Embi\" data-e-action-hash=\"#elementor-action%3Aaction%3Dlightbox%26settings%3DeyJpZCI6Njk0LCJ1cmwiOiJodHRwczpcL1wvYWRyaWFuc2VkaWxlcy5lc1wvd3AtY29udGVudFwvdXBsb2Fkc1wvMjAyMFwvMDRcL0RhbmllbC1CbGFuY2FydC15LVRhaXMtTG9wZXotQWRyaWFuLVNlZGlsZXMtRW1iaS0zLmpwZyIsInNsaWRlc2hvdyI6ImRmYjI3MmUifQ%3D%3D\" href='https:\/\/adriansediles.es\/wp-content\/uploads\/2020\/04\/Daniel-Blancart-y-Tais-Lopez-Adrian-Sediles-Embi-3.jpg'><img decoding=\"async\" width=\"300\" height=\"200\" src=\"https:\/\/adriansediles.es\/wp-content\/uploads\/2020\/04\/Daniel-Blancart-y-Tais-Lopez-Adrian-Sediles-Embi-3-300x200.jpg\" class=\"attachment-medium size-medium\" alt=\"\" aria-describedby=\"gallery-1-694\" srcset=\"https:\/\/adriansediles.es\/wp-content\/uploads\/2020\/04\/Daniel-Blancart-y-Tais-Lopez-Adrian-Sediles-Embi-3-300x200.jpg 300w, https:\/\/adriansediles.es\/wp-content\/uploads\/2020\/04\/Daniel-Blancart-y-Tais-Lopez-Adrian-Sediles-Embi-3-768x512.jpg 768w, https:\/\/adriansediles.es\/wp-content\/uploads\/2020\/04\/Daniel-Blancart-y-Tais-Lopez-Adrian-Sediles-Embi-3-666x444.jpg 666w, https:\/\/adriansediles.es\/wp-content\/uploads\/2020\/04\/Daniel-Blancart-y-Tais-Lopez-Adrian-Sediles-Embi-3.jpg 1024w\" sizes=\"(max-width: 300px) 100vw, 300px\" \/><\/a>\n\t\t\t<\/div>\n\t\t\t\t<figcaption class='wp-caption-text gallery-caption' id='gallery-1-694'>\n\t\t\t\tSesi\u00f3n embarazada,premam\u00e1 de Tais Lopez y Daniel Blancart\n\t\t\t\t<\/figcaption><\/figure><figure class='gallery-item'>\n\t\t\t<div class='gallery-icon portrait'>\n\t\t\t\t<a data-elementor-open-lightbox=\"yes\" data-elementor-lightbox-slideshow=\"dfb272e\" data-elementor-lightbox-title=\"Daniel Blancart y Tais Lopez - Adrian Sediles Embi\" data-e-action-hash=\"#elementor-action%3Aaction%3Dlightbox%26settings%3DeyJpZCI6Njk1LCJ1cmwiOiJodHRwczpcL1wvYWRyaWFuc2VkaWxlcy5lc1wvd3AtY29udGVudFwvdXBsb2Fkc1wvMjAyMFwvMDRcL0RhbmllbC1CbGFuY2FydC15LVRhaXMtTG9wZXotQWRyaWFuLVNlZGlsZXMtRW1iaS00LmpwZyIsInNsaWRlc2hvdyI6ImRmYjI3MmUifQ%3D%3D\" href='https:\/\/adriansediles.es\/wp-content\/uploads\/2020\/04\/Daniel-Blancart-y-Tais-Lopez-Adrian-Sediles-Embi-4.jpg'><img decoding=\"async\" width=\"200\" height=\"300\" src=\"https:\/\/adriansediles.es\/wp-content\/uploads\/2020\/04\/Daniel-Blancart-y-Tais-Lopez-Adrian-Sediles-Embi-4-200x300.jpg\" class=\"attachment-medium size-medium\" alt=\"\" aria-describedby=\"gallery-1-695\" srcset=\"https:\/\/adriansediles.es\/wp-content\/uploads\/2020\/04\/Daniel-Blancart-y-Tais-Lopez-Adrian-Sediles-Embi-4-200x300.jpg 200w, https:\/\/adriansediles.es\/wp-content\/uploads\/2020\/04\/Daniel-Blancart-y-Tais-Lopez-Adrian-Sediles-Embi-4.jpg 683w\" sizes=\"(max-width: 200px) 100vw, 200px\" \/><\/a>\n\t\t\t<\/div>\n\t\t\t\t<figcaption class='wp-caption-text gallery-caption' id='gallery-1-695'>\n\t\t\t\tSesi\u00f3n embarazada,premam\u00e1 de Tais Lopez y Daniel Blancart\n\t\t\t\t<\/figcaption><\/figure><figure class='gallery-item'>\n\t\t\t<div class='gallery-icon portrait'>\n\t\t\t\t<a data-elementor-open-lightbox=\"yes\" data-elementor-lightbox-slideshow=\"dfb272e\" data-elementor-lightbox-title=\"Daniel Blancart y Tais Lopez - Adrian Sediles Embi\" data-e-action-hash=\"#elementor-action%3Aaction%3Dlightbox%26settings%3DeyJpZCI6Njk2LCJ1cmwiOiJodHRwczpcL1wvYWRyaWFuc2VkaWxlcy5lc1wvd3AtY29udGVudFwvdXBsb2Fkc1wvMjAyMFwvMDRcL0RhbmllbC1CbGFuY2FydC15LVRhaXMtTG9wZXotQWRyaWFuLVNlZGlsZXMtRW1iaS01LmpwZyIsInNsaWRlc2hvdyI6ImRmYjI3MmUifQ%3D%3D\" href='https:\/\/adriansediles.es\/wp-content\/uploads\/2020\/04\/Daniel-Blancart-y-Tais-Lopez-Adrian-Sediles-Embi-5.jpg'><img loading=\"lazy\" decoding=\"async\" width=\"200\" height=\"300\" src=\"https:\/\/adriansediles.es\/wp-content\/uploads\/2020\/04\/Daniel-Blancart-y-Tais-Lopez-Adrian-Sediles-Embi-5-200x300.jpg\" class=\"attachment-medium size-medium\" alt=\"\" aria-describedby=\"gallery-1-696\" srcset=\"https:\/\/adriansediles.es\/wp-content\/uploads\/2020\/04\/Daniel-Blancart-y-Tais-Lopez-Adrian-Sediles-Embi-5-200x300.jpg 200w, https:\/\/adriansediles.es\/wp-content\/uploads\/2020\/04\/Daniel-Blancart-y-Tais-Lopez-Adrian-Sediles-Embi-5.jpg 683w\" sizes=\"(max-width: 200px) 100vw, 200px\" \/><\/a>\n\t\t\t<\/div>\n\t\t\t\t<figcaption class='wp-caption-text gallery-caption' id='gallery-1-696'>\n\t\t\t\tSesi\u00f3n embarazada,premam\u00e1 de Tais Lopez y Daniel Blancart\n\t\t\t\t<\/figcaption><\/figure><figure class='gallery-item'>\n\t\t\t<div class='gallery-icon landscape'>\n\t\t\t\t<a data-elementor-open-lightbox=\"yes\" data-elementor-lightbox-slideshow=\"dfb272e\" data-elementor-lightbox-title=\"Daniel Blancart y Tais Lopez - Adrian Sediles Embi\" data-e-action-hash=\"#elementor-action%3Aaction%3Dlightbox%26settings%3DeyJpZCI6Njk3LCJ1cmwiOiJodHRwczpcL1wvYWRyaWFuc2VkaWxlcy5lc1wvd3AtY29udGVudFwvdXBsb2Fkc1wvMjAyMFwvMDRcL0RhbmllbC1CbGFuY2FydC15LVRhaXMtTG9wZXotQWRyaWFuLVNlZGlsZXMtRW1iaS02LTEuanBnIiwic2xpZGVzaG93IjoiZGZiMjcyZSJ9\" href='https:\/\/adriansediles.es\/wp-content\/uploads\/2020\/04\/Daniel-Blancart-y-Tais-Lopez-Adrian-Sediles-Embi-6-1.jpg'><img loading=\"lazy\" decoding=\"async\" width=\"300\" height=\"200\" src=\"https:\/\/adriansediles.es\/wp-content\/uploads\/2020\/04\/Daniel-Blancart-y-Tais-Lopez-Adrian-Sediles-Embi-6-1-300x200.jpg\" class=\"attachment-medium size-medium\" alt=\"\" aria-describedby=\"gallery-1-697\" srcset=\"https:\/\/adriansediles.es\/wp-content\/uploads\/2020\/04\/Daniel-Blancart-y-Tais-Lopez-Adrian-Sediles-Embi-6-1-300x200.jpg 300w, https:\/\/adriansediles.es\/wp-content\/uploads\/2020\/04\/Daniel-Blancart-y-Tais-Lopez-Adrian-Sediles-Embi-6-1-768x512.jpg 768w, https:\/\/adriansediles.es\/wp-content\/uploads\/2020\/04\/Daniel-Blancart-y-Tais-Lopez-Adrian-Sediles-Embi-6-1-666x444.jpg 666w, https:\/\/adriansediles.es\/wp-content\/uploads\/2020\/04\/Daniel-Blancart-y-Tais-Lopez-Adrian-Sediles-Embi-6-1.jpg 1024w\" sizes=\"(max-width: 300px) 100vw, 300px\" \/><\/a>\n\t\t\t<\/div>\n\t\t\t\t<figcaption class='wp-caption-text gallery-caption' id='gallery-1-697'>\n\t\t\t\tSesi\u00f3n embarazada,premam\u00e1 de Tais Lopez y Daniel Blancart\n\t\t\t\t<\/figcaption><\/figure><figure class='gallery-item'>\n\t\t\t<div class='gallery-icon landscape'>\n\t\t\t\t<a data-elementor-open-lightbox=\"yes\" data-elementor-lightbox-slideshow=\"dfb272e\" data-elementor-lightbox-title=\"Daniel Blancart y Tais Lopez - Adrian Sediles Embi\" data-e-action-hash=\"#elementor-action%3Aaction%3Dlightbox%26settings%3DeyJpZCI6Njk4LCJ1cmwiOiJodHRwczpcL1wvYWRyaWFuc2VkaWxlcy5lc1wvd3AtY29udGVudFwvdXBsb2Fkc1wvMjAyMFwvMDRcL0RhbmllbC1CbGFuY2FydC15LVRhaXMtTG9wZXotQWRyaWFuLVNlZGlsZXMtRW1iaS03LmpwZyIsInNsaWRlc2hvdyI6ImRmYjI3MmUifQ%3D%3D\" href='https:\/\/adriansediles.es\/wp-content\/uploads\/2020\/04\/Daniel-Blancart-y-Tais-Lopez-Adrian-Sediles-Embi-7.jpg'><img loading=\"lazy\" decoding=\"async\" width=\"300\" height=\"200\" src=\"https:\/\/adriansediles.es\/wp-content\/uploads\/2020\/04\/Daniel-Blancart-y-Tais-Lopez-Adrian-Sediles-Embi-7-300x200.jpg\" class=\"attachment-medium size-medium\" alt=\"\" aria-describedby=\"gallery-1-698\" srcset=\"https:\/\/adriansediles.es\/wp-content\/uploads\/2020\/04\/Daniel-Blancart-y-Tais-Lopez-Adrian-Sediles-Embi-7-300x200.jpg 300w, https:\/\/adriansediles.es\/wp-content\/uploads\/2020\/04\/Daniel-Blancart-y-Tais-Lopez-Adrian-Sediles-Embi-7-768x512.jpg 768w, https:\/\/adriansediles.es\/wp-content\/uploads\/2020\/04\/Daniel-Blancart-y-Tais-Lopez-Adrian-Sediles-Embi-7-666x444.jpg 666w, https:\/\/adriansediles.es\/wp-content\/uploads\/2020\/04\/Daniel-Blancart-y-Tais-Lopez-Adrian-Sediles-Embi-7.jpg 1024w\" sizes=\"(max-width: 300px) 100vw, 300px\" \/><\/a>\n\t\t\t<\/div>\n\t\t\t\t<figcaption class='wp-caption-text gallery-caption' id='gallery-1-698'>\n\t\t\t\tSesi\u00f3n embarazada,premam\u00e1 de Tais Lopez y Daniel Blancart\n\t\t\t\t<\/figcaption><\/figure><figure class='gallery-item'>\n\t\t\t<div class='gallery-icon landscape'>\n\t\t\t\t<a data-elementor-open-lightbox=\"yes\" data-elementor-lightbox-slideshow=\"dfb272e\" data-elementor-lightbox-title=\"Daniel Blancart y Tais Lopez - Adrian Sediles Embi\" data-e-action-hash=\"#elementor-action%3Aaction%3Dlightbox%26settings%3DeyJpZCI6Njk5LCJ1cmwiOiJodHRwczpcL1wvYWRyaWFuc2VkaWxlcy5lc1wvd3AtY29udGVudFwvdXBsb2Fkc1wvMjAyMFwvMDRcL0RhbmllbC1CbGFuY2FydC15LVRhaXMtTG9wZXotQWRyaWFuLVNlZGlsZXMtRW1iaS04LmpwZyIsInNsaWRlc2hvdyI6ImRmYjI3MmUifQ%3D%3D\" href='https:\/\/adriansediles.es\/wp-content\/uploads\/2020\/04\/Daniel-Blancart-y-Tais-Lopez-Adrian-Sediles-Embi-8.jpg'><img loading=\"lazy\" decoding=\"async\" width=\"300\" height=\"200\" src=\"https:\/\/adriansediles.es\/wp-content\/uploads\/2020\/04\/Daniel-Blancart-y-Tais-Lopez-Adrian-Sediles-Embi-8-300x200.jpg\" class=\"attachment-medium size-medium\" alt=\"\" aria-describedby=\"gallery-1-699\" srcset=\"https:\/\/adriansediles.es\/wp-content\/uploads\/2020\/04\/Daniel-Blancart-y-Tais-Lopez-Adrian-Sediles-Embi-8-300x200.jpg 300w, https:\/\/adriansediles.es\/wp-content\/uploads\/2020\/04\/Daniel-Blancart-y-Tais-Lopez-Adrian-Sediles-Embi-8-768x512.jpg 768w, https:\/\/adriansediles.es\/wp-content\/uploads\/2020\/04\/Daniel-Blancart-y-Tais-Lopez-Adrian-Sediles-Embi-8-666x444.jpg 666w, https:\/\/adriansediles.es\/wp-content\/uploads\/2020\/04\/Daniel-Blancart-y-Tais-Lopez-Adrian-Sediles-Embi-8.jpg 1024w\" sizes=\"(max-width: 300px) 100vw, 300px\" \/><\/a>\n\t\t\t<\/div>\n\t\t\t\t<figcaption class='wp-caption-text gallery-caption' id='gallery-1-699'>\n\t\t\t\tSesi\u00f3n embarazada,premam\u00e1 de Tais Lopez y Daniel Blancart\n\t\t\t\t<\/figcaption><\/figure><figure class='gallery-item'>\n\t\t\t<div class='gallery-icon landscape'>\n\t\t\t\t<a data-elementor-open-lightbox=\"yes\" data-elementor-lightbox-slideshow=\"dfb272e\" data-elementor-lightbox-title=\"Daniel Blancart y Tais Lopez - Adrian Sediles Embi\" data-e-action-hash=\"#elementor-action%3Aaction%3Dlightbox%26settings%3DeyJpZCI6NzAwLCJ1cmwiOiJodHRwczpcL1wvYWRyaWFuc2VkaWxlcy5lc1wvd3AtY29udGVudFwvdXBsb2Fkc1wvMjAyMFwvMDRcL0RhbmllbC1CbGFuY2FydC15LVRhaXMtTG9wZXotQWRyaWFuLVNlZGlsZXMtRW1iaS05LmpwZyIsInNsaWRlc2hvdyI6ImRmYjI3MmUifQ%3D%3D\" href='https:\/\/adriansediles.es\/wp-content\/uploads\/2020\/04\/Daniel-Blancart-y-Tais-Lopez-Adrian-Sediles-Embi-9.jpg'><img loading=\"lazy\" decoding=\"async\" width=\"300\" height=\"200\" src=\"https:\/\/adriansediles.es\/wp-content\/uploads\/2020\/04\/Daniel-Blancart-y-Tais-Lopez-Adrian-Sediles-Embi-9-300x200.jpg\" class=\"attachment-medium size-medium\" alt=\"\" aria-describedby=\"gallery-1-700\" srcset=\"https:\/\/adriansediles.es\/wp-content\/uploads\/2020\/04\/Daniel-Blancart-y-Tais-Lopez-Adrian-Sediles-Embi-9-300x200.jpg 300w, https:\/\/adriansediles.es\/wp-content\/uploads\/2020\/04\/Daniel-Blancart-y-Tais-Lopez-Adrian-Sediles-Embi-9-768x512.jpg 768w, https:\/\/adriansediles.es\/wp-content\/uploads\/2020\/04\/Daniel-Blancart-y-Tais-Lopez-Adrian-Sediles-Embi-9-666x444.jpg 666w, https:\/\/adriansediles.es\/wp-content\/uploads\/2020\/04\/Daniel-Blancart-y-Tais-Lopez-Adrian-Sediles-Embi-9.jpg 1024w\" sizes=\"(max-width: 300px) 100vw, 300px\" \/><\/a>\n\t\t\t<\/div>\n\t\t\t\t<figcaption class='wp-caption-text gallery-caption' id='gallery-1-700'>\n\t\t\t\tSesi\u00f3n embarazada,premam\u00e1 de Tais Lopez y Daniel Blancart\n\t\t\t\t<\/figcaption><\/figure><figure class='gallery-item'>\n\t\t\t<div class='gallery-icon landscape'>\n\t\t\t\t<a data-elementor-open-lightbox=\"yes\" data-elementor-lightbox-slideshow=\"dfb272e\" data-elementor-lightbox-title=\"Daniel Blancart y Tais Lopez - Adrian Sediles Embi\" data-e-action-hash=\"#elementor-action%3Aaction%3Dlightbox%26settings%3DeyJpZCI6NzAxLCJ1cmwiOiJodHRwczpcL1wvYWRyaWFuc2VkaWxlcy5lc1wvd3AtY29udGVudFwvdXBsb2Fkc1wvMjAyMFwvMDRcL0RhbmllbC1CbGFuY2FydC15LVRhaXMtTG9wZXotQWRyaWFuLVNlZGlsZXMtRW1iaS0wMTAuanBnIiwic2xpZGVzaG93IjoiZGZiMjcyZSJ9\" href='https:\/\/adriansediles.es\/wp-content\/uploads\/2020\/04\/Daniel-Blancart-y-Tais-Lopez-Adrian-Sediles-Embi-010.jpg'><img loading=\"lazy\" decoding=\"async\" width=\"300\" height=\"200\" src=\"https:\/\/adriansediles.es\/wp-content\/uploads\/2020\/04\/Daniel-Blancart-y-Tais-Lopez-Adrian-Sediles-Embi-010-300x200.jpg\" class=\"attachment-medium size-medium\" alt=\"\" aria-describedby=\"gallery-1-701\" srcset=\"https:\/\/adriansediles.es\/wp-content\/uploads\/2020\/04\/Daniel-Blancart-y-Tais-Lopez-Adrian-Sediles-Embi-010-300x200.jpg 300w, https:\/\/adriansediles.es\/wp-content\/uploads\/2020\/04\/Daniel-Blancart-y-Tais-Lopez-Adrian-Sediles-Embi-010-768x512.jpg 768w, https:\/\/adriansediles.es\/wp-content\/uploads\/2020\/04\/Daniel-Blancart-y-Tais-Lopez-Adrian-Sediles-Embi-010-666x444.jpg 666w, https:\/\/adriansediles.es\/wp-content\/uploads\/2020\/04\/Daniel-Blancart-y-Tais-Lopez-Adrian-Sediles-Embi-010.jpg 1024w\" sizes=\"(max-width: 300px) 100vw, 300px\" \/><\/a>\n\t\t\t<\/div>\n\t\t\t\t<figcaption class='wp-caption-text gallery-caption' id='gallery-1-701'>\n\t\t\t\tSesi\u00f3n embarazada,premam\u00e1 de Tais Lopez y Daniel Blancart\n\t\t\t\t<\/figcaption><\/figure><figure class='gallery-item'>\n\t\t\t<div class='gallery-icon landscape'>\n\t\t\t\t<a data-elementor-open-lightbox=\"yes\" data-elementor-lightbox-slideshow=\"dfb272e\" data-elementor-lightbox-title=\"Daniel Blancart y Tais Lopez - Adrian Sediles Embi\" data-e-action-hash=\"#elementor-action%3Aaction%3Dlightbox%26settings%3DeyJpZCI6NzAyLCJ1cmwiOiJodHRwczpcL1wvYWRyaWFuc2VkaWxlcy5lc1wvd3AtY29udGVudFwvdXBsb2Fkc1wvMjAyMFwvMDRcL0RhbmllbC1CbGFuY2FydC15LVRhaXMtTG9wZXotQWRyaWFuLVNlZGlsZXMtRW1iaS0wMTEuanBnIiwic2xpZGVzaG93IjoiZGZiMjcyZSJ9\" href='https:\/\/adriansediles.es\/wp-content\/uploads\/2020\/04\/Daniel-Blancart-y-Tais-Lopez-Adrian-Sediles-Embi-011.jpg'><img loading=\"lazy\" decoding=\"async\" width=\"300\" height=\"200\" src=\"https:\/\/adriansediles.es\/wp-content\/uploads\/2020\/04\/Daniel-Blancart-y-Tais-Lopez-Adrian-Sediles-Embi-011-300x200.jpg\" class=\"attachment-medium size-medium\" alt=\"\" aria-describedby=\"gallery-1-702\" srcset=\"https:\/\/adriansediles.es\/wp-content\/uploads\/2020\/04\/Daniel-Blancart-y-Tais-Lopez-Adrian-Sediles-Embi-011-300x200.jpg 300w, https:\/\/adriansediles.es\/wp-content\/uploads\/2020\/04\/Daniel-Blancart-y-Tais-Lopez-Adrian-Sediles-Embi-011-768x512.jpg 768w, https:\/\/adriansediles.es\/wp-content\/uploads\/2020\/04\/Daniel-Blancart-y-Tais-Lopez-Adrian-Sediles-Embi-011-666x444.jpg 666w, https:\/\/adriansediles.es\/wp-content\/uploads\/2020\/04\/Daniel-Blancart-y-Tais-Lopez-Adrian-Sediles-Embi-011.jpg 1024w\" sizes=\"(max-width: 300px) 100vw, 300px\" \/><\/a>\n\t\t\t<\/div>\n\t\t\t\t<figcaption class='wp-caption-text gallery-caption' id='gallery-1-702'>\n\t\t\t\tSesi\u00f3n embarazada,premam\u00e1 de Tais Lopez y Daniel Blancart\n\t\t\t\t<\/figcaption><\/figure><figure class='gallery-item'>\n\t\t\t<div class='gallery-icon landscape'>\n\t\t\t\t<a data-elementor-open-lightbox=\"yes\" data-elementor-lightbox-slideshow=\"dfb272e\" data-elementor-lightbox-title=\"Daniel Blancart y Tais Lopez - Adrian Sediles Embi\" data-e-action-hash=\"#elementor-action%3Aaction%3Dlightbox%26settings%3DeyJpZCI6NzAzLCJ1cmwiOiJodHRwczpcL1wvYWRyaWFuc2VkaWxlcy5lc1wvd3AtY29udGVudFwvdXBsb2Fkc1wvMjAyMFwvMDRcL0RhbmllbC1CbGFuY2FydC15LVRhaXMtTG9wZXotQWRyaWFuLVNlZGlsZXMtRW1iaS0wMTIuanBnIiwic2xpZGVzaG93IjoiZGZiMjcyZSJ9\" href='https:\/\/adriansediles.es\/wp-content\/uploads\/2020\/04\/Daniel-Blancart-y-Tais-Lopez-Adrian-Sediles-Embi-012.jpg'><img loading=\"lazy\" decoding=\"async\" width=\"300\" height=\"200\" src=\"https:\/\/adriansediles.es\/wp-content\/uploads\/2020\/04\/Daniel-Blancart-y-Tais-Lopez-Adrian-Sediles-Embi-012-300x200.jpg\" class=\"attachment-medium size-medium\" alt=\"\" aria-describedby=\"gallery-1-703\" srcset=\"https:\/\/adriansediles.es\/wp-content\/uploads\/2020\/04\/Daniel-Blancart-y-Tais-Lopez-Adrian-Sediles-Embi-012-300x200.jpg 300w, https:\/\/adriansediles.es\/wp-content\/uploads\/2020\/04\/Daniel-Blancart-y-Tais-Lopez-Adrian-Sediles-Embi-012-768x512.jpg 768w, https:\/\/adriansediles.es\/wp-content\/uploads\/2020\/04\/Daniel-Blancart-y-Tais-Lopez-Adrian-Sediles-Embi-012-666x444.jpg 666w, https:\/\/adriansediles.es\/wp-content\/uploads\/2020\/04\/Daniel-Blancart-y-Tais-Lopez-Adrian-Sediles-Embi-012.jpg 1024w\" sizes=\"(max-width: 300px) 100vw, 300px\" \/><\/a>\n\t\t\t<\/div>\n\t\t\t\t<figcaption class='wp-caption-text gallery-caption' id='gallery-1-703'>\n\t\t\t\tSesi\u00f3n embarazada,premam\u00e1 de Tais Lopez y Daniel Blancart\n\t\t\t\t<\/figcaption><\/figure><figure class='gallery-item'>\n\t\t\t<div class='gallery-icon landscape'>\n\t\t\t\t<a data-elementor-open-lightbox=\"yes\" data-elementor-lightbox-slideshow=\"dfb272e\" data-elementor-lightbox-title=\"Daniel Blancart y Tais Lopez - Adrian Sediles Embi\" data-e-action-hash=\"#elementor-action%3Aaction%3Dlightbox%26settings%3DeyJpZCI6NzA0LCJ1cmwiOiJodHRwczpcL1wvYWRyaWFuc2VkaWxlcy5lc1wvd3AtY29udGVudFwvdXBsb2Fkc1wvMjAyMFwvMDRcL0RhbmllbC1CbGFuY2FydC15LVRhaXMtTG9wZXotQWRyaWFuLVNlZGlsZXMtRW1iaS0wMTMuanBnIiwic2xpZGVzaG93IjoiZGZiMjcyZSJ9\" href='https:\/\/adriansediles.es\/wp-content\/uploads\/2020\/04\/Daniel-Blancart-y-Tais-Lopez-Adrian-Sediles-Embi-013.jpg'><img loading=\"lazy\" decoding=\"async\" width=\"300\" height=\"200\" src=\"https:\/\/adriansediles.es\/wp-content\/uploads\/2020\/04\/Daniel-Blancart-y-Tais-Lopez-Adrian-Sediles-Embi-013-300x200.jpg\" class=\"attachment-medium size-medium\" alt=\"\" aria-describedby=\"gallery-1-704\" srcset=\"https:\/\/adriansediles.es\/wp-content\/uploads\/2020\/04\/Daniel-Blancart-y-Tais-Lopez-Adrian-Sediles-Embi-013-300x200.jpg 300w, https:\/\/adriansediles.es\/wp-content\/uploads\/2020\/04\/Daniel-Blancart-y-Tais-Lopez-Adrian-Sediles-Embi-013-768x512.jpg 768w, https:\/\/adriansediles.es\/wp-content\/uploads\/2020\/04\/Daniel-Blancart-y-Tais-Lopez-Adrian-Sediles-Embi-013-666x444.jpg 666w, https:\/\/adriansediles.es\/wp-content\/uploads\/2020\/04\/Daniel-Blancart-y-Tais-Lopez-Adrian-Sediles-Embi-013.jpg 1024w\" sizes=\"(max-width: 300px) 100vw, 300px\" \/><\/a>\n\t\t\t<\/div>\n\t\t\t\t<figcaption class='wp-caption-text gallery-caption' id='gallery-1-704'>\n\t\t\t\tSesi\u00f3n embarazada,premam\u00e1 de Tais Lopez y Daniel Blancart\n\t\t\t\t<\/figcaption><\/figure><figure class='gallery-item'>\n\t\t\t<div class='gallery-icon portrait'>\n\t\t\t\t<a data-elementor-open-lightbox=\"yes\" data-elementor-lightbox-slideshow=\"dfb272e\" data-elementor-lightbox-title=\"Daniel Blancart y Tais Lopez - Adrian Sediles Embi\" data-e-action-hash=\"#elementor-action%3Aaction%3Dlightbox%26settings%3DeyJpZCI6NzA1LCJ1cmwiOiJodHRwczpcL1wvYWRyaWFuc2VkaWxlcy5lc1wvd3AtY29udGVudFwvdXBsb2Fkc1wvMjAyMFwvMDRcL0RhbmllbC1CbGFuY2FydC15LVRhaXMtTG9wZXotQWRyaWFuLVNlZGlsZXMtRW1iaS0wMTQuanBnIiwic2xpZGVzaG93IjoiZGZiMjcyZSJ9\" href='https:\/\/adriansediles.es\/wp-content\/uploads\/2020\/04\/Daniel-Blancart-y-Tais-Lopez-Adrian-Sediles-Embi-014.jpg'><img loading=\"lazy\" decoding=\"async\" width=\"200\" height=\"300\" src=\"https:\/\/adriansediles.es\/wp-content\/uploads\/2020\/04\/Daniel-Blancart-y-Tais-Lopez-Adrian-Sediles-Embi-014-200x300.jpg\" class=\"attachment-medium size-medium\" alt=\"\" aria-describedby=\"gallery-1-705\" srcset=\"https:\/\/adriansediles.es\/wp-content\/uploads\/2020\/04\/Daniel-Blancart-y-Tais-Lopez-Adrian-Sediles-Embi-014-200x300.jpg 200w, https:\/\/adriansediles.es\/wp-content\/uploads\/2020\/04\/Daniel-Blancart-y-Tais-Lopez-Adrian-Sediles-Embi-014.jpg 683w\" sizes=\"(max-width: 200px) 100vw, 200px\" \/><\/a>\n\t\t\t<\/div>\n\t\t\t\t<figcaption class='wp-caption-text gallery-caption' id='gallery-1-705'>\n\t\t\t\tSesi\u00f3n embarazada,premam\u00e1 de Tais Lopez y Daniel Blancart\n\t\t\t\t<\/figcaption><\/figure><figure class='gallery-item'>\n\t\t\t<div class='gallery-icon portrait'>\n\t\t\t\t<a data-elementor-open-lightbox=\"yes\" data-elementor-lightbox-slideshow=\"dfb272e\" data-elementor-lightbox-title=\"Daniel Blancart y Tais Lopez - Adrian Sediles Embi\" data-e-action-hash=\"#elementor-action%3Aaction%3Dlightbox%26settings%3DeyJpZCI6NzA2LCJ1cmwiOiJodHRwczpcL1wvYWRyaWFuc2VkaWxlcy5lc1wvd3AtY29udGVudFwvdXBsb2Fkc1wvMjAyMFwvMDRcL0RhbmllbC1CbGFuY2FydC15LVRhaXMtTG9wZXotQWRyaWFuLVNlZGlsZXMtRW1iaS0wMTUuanBnIiwic2xpZGVzaG93IjoiZGZiMjcyZSJ9\" href='https:\/\/adriansediles.es\/wp-content\/uploads\/2020\/04\/Daniel-Blancart-y-Tais-Lopez-Adrian-Sediles-Embi-015.jpg'><img loading=\"lazy\" decoding=\"async\" width=\"200\" height=\"300\" src=\"https:\/\/adriansediles.es\/wp-content\/uploads\/2020\/04\/Daniel-Blancart-y-Tais-Lopez-Adrian-Sediles-Embi-015-200x300.jpg\" class=\"attachment-medium size-medium\" alt=\"\" aria-describedby=\"gallery-1-706\" srcset=\"https:\/\/adriansediles.es\/wp-content\/uploads\/2020\/04\/Daniel-Blancart-y-Tais-Lopez-Adrian-Sediles-Embi-015-200x300.jpg 200w, https:\/\/adriansediles.es\/wp-content\/uploads\/2020\/04\/Daniel-Blancart-y-Tais-Lopez-Adrian-Sediles-Embi-015.jpg 683w\" sizes=\"(max-width: 200px) 100vw, 200px\" \/><\/a>\n\t\t\t<\/div>\n\t\t\t\t<figcaption class='wp-caption-text gallery-caption' id='gallery-1-706'>\n\t\t\t\tSesi\u00f3n embarazada,premam\u00e1 de Tais Lopez y Daniel Blancart\n\t\t\t\t<\/figcaption><\/figure><figure class='gallery-item'>\n\t\t\t<div class='gallery-icon landscape'>\n\t\t\t\t<a data-elementor-open-lightbox=\"yes\" data-elementor-lightbox-slideshow=\"dfb272e\" data-elementor-lightbox-title=\"Daniel Blancart y Tais Lopez - Adrian Sediles Embi\" data-e-action-hash=\"#elementor-action%3Aaction%3Dlightbox%26settings%3DeyJpZCI6NzA3LCJ1cmwiOiJodHRwczpcL1wvYWRyaWFuc2VkaWxlcy5lc1wvd3AtY29udGVudFwvdXBsb2Fkc1wvMjAyMFwvMDRcL0RhbmllbC1CbGFuY2FydC15LVRhaXMtTG9wZXotQWRyaWFuLVNlZGlsZXMtRW1iaS0wMTYuanBnIiwic2xpZGVzaG93IjoiZGZiMjcyZSJ9\" href='https:\/\/adriansediles.es\/wp-content\/uploads\/2020\/04\/Daniel-Blancart-y-Tais-Lopez-Adrian-Sediles-Embi-016.jpg'><img loading=\"lazy\" decoding=\"async\" width=\"300\" height=\"200\" src=\"https:\/\/adriansediles.es\/wp-content\/uploads\/2020\/04\/Daniel-Blancart-y-Tais-Lopez-Adrian-Sediles-Embi-016-300x200.jpg\" class=\"attachment-medium size-medium\" alt=\"\" aria-describedby=\"gallery-1-707\" srcset=\"https:\/\/adriansediles.es\/wp-content\/uploads\/2020\/04\/Daniel-Blancart-y-Tais-Lopez-Adrian-Sediles-Embi-016-300x200.jpg 300w, https:\/\/adriansediles.es\/wp-content\/uploads\/2020\/04\/Daniel-Blancart-y-Tais-Lopez-Adrian-Sediles-Embi-016-768x512.jpg 768w, https:\/\/adriansediles.es\/wp-content\/uploads\/2020\/04\/Daniel-Blancart-y-Tais-Lopez-Adrian-Sediles-Embi-016-666x444.jpg 666w, https:\/\/adriansediles.es\/wp-content\/uploads\/2020\/04\/Daniel-Blancart-y-Tais-Lopez-Adrian-Sediles-Embi-016.jpg 1024w\" sizes=\"(max-width: 300px) 100vw, 300px\" \/><\/a>\n\t\t\t<\/div>\n\t\t\t\t<figcaption class='wp-caption-text gallery-caption' id='gallery-1-707'>\n\t\t\t\tSesi\u00f3n embarazada,premam\u00e1 de Tais Lopez y Daniel Blancart\n\t\t\t\t<\/figcaption><\/figure><figure class='gallery-item'>\n\t\t\t<div class='gallery-icon landscape'>\n\t\t\t\t<a data-elementor-open-lightbox=\"yes\" data-elementor-lightbox-slideshow=\"dfb272e\" data-elementor-lightbox-title=\"Daniel Blancart y Tais Lopez - Adrian Sediles Embi\" data-e-action-hash=\"#elementor-action%3Aaction%3Dlightbox%26settings%3DeyJpZCI6NzA5LCJ1cmwiOiJodHRwczpcL1wvYWRyaWFuc2VkaWxlcy5lc1wvd3AtY29udGVudFwvdXBsb2Fkc1wvMjAyMFwvMDRcL0RhbmllbC1CbGFuY2FydC15LVRhaXMtTG9wZXotQWRyaWFuLVNlZGlsZXMtRW1iaS0wMTguanBnIiwic2xpZGVzaG93IjoiZGZiMjcyZSJ9\" href='https:\/\/adriansediles.es\/wp-content\/uploads\/2020\/04\/Daniel-Blancart-y-Tais-Lopez-Adrian-Sediles-Embi-018.jpg'><img loading=\"lazy\" decoding=\"async\" width=\"300\" height=\"200\" src=\"https:\/\/adriansediles.es\/wp-content\/uploads\/2020\/04\/Daniel-Blancart-y-Tais-Lopez-Adrian-Sediles-Embi-018-300x200.jpg\" class=\"attachment-medium size-medium\" alt=\"\" aria-describedby=\"gallery-1-709\" srcset=\"https:\/\/adriansediles.es\/wp-content\/uploads\/2020\/04\/Daniel-Blancart-y-Tais-Lopez-Adrian-Sediles-Embi-018-300x200.jpg 300w, https:\/\/adriansediles.es\/wp-content\/uploads\/2020\/04\/Daniel-Blancart-y-Tais-Lopez-Adrian-Sediles-Embi-018-768x512.jpg 768w, https:\/\/adriansediles.es\/wp-content\/uploads\/2020\/04\/Daniel-Blancart-y-Tais-Lopez-Adrian-Sediles-Embi-018-666x444.jpg 666w, https:\/\/adriansediles.es\/wp-content\/uploads\/2020\/04\/Daniel-Blancart-y-Tais-Lopez-Adrian-Sediles-Embi-018.jpg 1024w\" sizes=\"(max-width: 300px) 100vw, 300px\" \/><\/a>\n\t\t\t<\/div>\n\t\t\t\t<figcaption class='wp-caption-text gallery-caption' id='gallery-1-709'>\n\t\t\t\tSesi\u00f3n embarazada,premam\u00e1 de Tais Lopez y Daniel Blancart\n\t\t\t\t<\/figcaption><\/figure><figure class='gallery-item'>\n\t\t\t<div class='gallery-icon landscape'>\n\t\t\t\t<a data-elementor-open-lightbox=\"yes\" data-elementor-lightbox-slideshow=\"dfb272e\" data-elementor-lightbox-title=\"Daniel Blancart y Tais Lopez - Adrian Sediles Embi\" data-e-action-hash=\"#elementor-action%3Aaction%3Dlightbox%26settings%3DeyJpZCI6NzEwLCJ1cmwiOiJodHRwczpcL1wvYWRyaWFuc2VkaWxlcy5lc1wvd3AtY29udGVudFwvdXBsb2Fkc1wvMjAyMFwvMDRcL0RhbmllbC1CbGFuY2FydC15LVRhaXMtTG9wZXotQWRyaWFuLVNlZGlsZXMtRW1iaS0wMTkuanBnIiwic2xpZGVzaG93IjoiZGZiMjcyZSJ9\" href='https:\/\/adriansediles.es\/wp-content\/uploads\/2020\/04\/Daniel-Blancart-y-Tais-Lopez-Adrian-Sediles-Embi-019.jpg'><img loading=\"lazy\" decoding=\"async\" width=\"300\" height=\"200\" src=\"https:\/\/adriansediles.es\/wp-content\/uploads\/2020\/04\/Daniel-Blancart-y-Tais-Lopez-Adrian-Sediles-Embi-019-300x200.jpg\" class=\"attachment-medium size-medium\" alt=\"\" aria-describedby=\"gallery-1-710\" srcset=\"https:\/\/adriansediles.es\/wp-content\/uploads\/2020\/04\/Daniel-Blancart-y-Tais-Lopez-Adrian-Sediles-Embi-019-300x200.jpg 300w, https:\/\/adriansediles.es\/wp-content\/uploads\/2020\/04\/Daniel-Blancart-y-Tais-Lopez-Adrian-Sediles-Embi-019-768x512.jpg 768w, https:\/\/adriansediles.es\/wp-content\/uploads\/2020\/04\/Daniel-Blancart-y-Tais-Lopez-Adrian-Sediles-Embi-019-666x444.jpg 666w, https:\/\/adriansediles.es\/wp-content\/uploads\/2020\/04\/Daniel-Blancart-y-Tais-Lopez-Adrian-Sediles-Embi-019.jpg 1024w\" sizes=\"(max-width: 300px) 100vw, 300px\" \/><\/a>\n\t\t\t<\/div>\n\t\t\t\t<figcaption class='wp-caption-text gallery-caption' id='gallery-1-710'>\n\t\t\t\tSesi\u00f3n embarazada,premam\u00e1 de Tais Lopez y Daniel Blancart\n\t\t\t\t<\/figcaption><\/figure><figure class='gallery-item'>\n\t\t\t<div class='gallery-icon landscape'>\n\t\t\t\t<a data-elementor-open-lightbox=\"yes\" data-elementor-lightbox-slideshow=\"dfb272e\" data-elementor-lightbox-title=\"Daniel Blancart y Tais Lopez - Adrian Sediles Embi\" data-e-action-hash=\"#elementor-action%3Aaction%3Dlightbox%26settings%3DeyJpZCI6NzExLCJ1cmwiOiJodHRwczpcL1wvYWRyaWFuc2VkaWxlcy5lc1wvd3AtY29udGVudFwvdXBsb2Fkc1wvMjAyMFwvMDRcL0RhbmllbC1CbGFuY2FydC15LVRhaXMtTG9wZXotQWRyaWFuLVNlZGlsZXMtRW1iaS0wMjAuanBnIiwic2xpZGVzaG93IjoiZGZiMjcyZSJ9\" href='https:\/\/adriansediles.es\/wp-content\/uploads\/2020\/04\/Daniel-Blancart-y-Tais-Lopez-Adrian-Sediles-Embi-020.jpg'><img loading=\"lazy\" decoding=\"async\" width=\"300\" height=\"200\" src=\"https:\/\/adriansediles.es\/wp-content\/uploads\/2020\/04\/Daniel-Blancart-y-Tais-Lopez-Adrian-Sediles-Embi-020-300x200.jpg\" class=\"attachment-medium size-medium\" alt=\"\" aria-describedby=\"gallery-1-711\" srcset=\"https:\/\/adriansediles.es\/wp-content\/uploads\/2020\/04\/Daniel-Blancart-y-Tais-Lopez-Adrian-Sediles-Embi-020-300x200.jpg 300w, https:\/\/adriansediles.es\/wp-content\/uploads\/2020\/04\/Daniel-Blancart-y-Tais-Lopez-Adrian-Sediles-Embi-020-768x512.jpg 768w, https:\/\/adriansediles.es\/wp-content\/uploads\/2020\/04\/Daniel-Blancart-y-Tais-Lopez-Adrian-Sediles-Embi-020-666x444.jpg 666w, https:\/\/adriansediles.es\/wp-content\/uploads\/2020\/04\/Daniel-Blancart-y-Tais-Lopez-Adrian-Sediles-Embi-020.jpg 1024w\" sizes=\"(max-width: 300px) 100vw, 300px\" \/><\/a>\n\t\t\t<\/div>\n\t\t\t\t<figcaption class='wp-caption-text gallery-caption' id='gallery-1-711'>\n\t\t\t\tSesi\u00f3n embarazada,premam\u00e1 de Tais Lopez y Daniel Blancart\n\t\t\t\t<\/figcaption><\/figure><figure class='gallery-item'>\n\t\t\t<div class='gallery-icon landscape'>\n\t\t\t\t<a data-elementor-open-lightbox=\"yes\" data-elementor-lightbox-slideshow=\"dfb272e\" data-elementor-lightbox-title=\"Daniel Blancart y Tais Lopez - Adrian Sediles Embi\" data-e-action-hash=\"#elementor-action%3Aaction%3Dlightbox%26settings%3DeyJpZCI6NzEyLCJ1cmwiOiJodHRwczpcL1wvYWRyaWFuc2VkaWxlcy5lc1wvd3AtY29udGVudFwvdXBsb2Fkc1wvMjAyMFwvMDRcL0RhbmllbC1CbGFuY2FydC15LVRhaXMtTG9wZXotQWRyaWFuLVNlZGlsZXMtRW1iaS0wMjEuanBnIiwic2xpZGVzaG93IjoiZGZiMjcyZSJ9\" href='https:\/\/adriansediles.es\/wp-content\/uploads\/2020\/04\/Daniel-Blancart-y-Tais-Lopez-Adrian-Sediles-Embi-021.jpg'><img loading=\"lazy\" decoding=\"async\" width=\"300\" height=\"200\" src=\"https:\/\/adriansediles.es\/wp-content\/uploads\/2020\/04\/Daniel-Blancart-y-Tais-Lopez-Adrian-Sediles-Embi-021-300x200.jpg\" class=\"attachment-medium size-medium\" alt=\"\" aria-describedby=\"gallery-1-712\" srcset=\"https:\/\/adriansediles.es\/wp-content\/uploads\/2020\/04\/Daniel-Blancart-y-Tais-Lopez-Adrian-Sediles-Embi-021-300x200.jpg 300w, https:\/\/adriansediles.es\/wp-content\/uploads\/2020\/04\/Daniel-Blancart-y-Tais-Lopez-Adrian-Sediles-Embi-021-768x512.jpg 768w, https:\/\/adriansediles.es\/wp-content\/uploads\/2020\/04\/Daniel-Blancart-y-Tais-Lopez-Adrian-Sediles-Embi-021-666x444.jpg 666w, https:\/\/adriansediles.es\/wp-content\/uploads\/2020\/04\/Daniel-Blancart-y-Tais-Lopez-Adrian-Sediles-Embi-021.jpg 1024w\" sizes=\"(max-width: 300px) 100vw, 300px\" \/><\/a>\n\t\t\t<\/div>\n\t\t\t\t<figcaption class='wp-caption-text gallery-caption' id='gallery-1-712'>\n\t\t\t\tSesi\u00f3n embarazada,premam\u00e1 de Tais Lopez y Daniel Blancart\n\t\t\t\t<\/figcaption><\/figure><figure class='gallery-item'>\n\t\t\t<div class='gallery-icon portrait'>\n\t\t\t\t<a data-elementor-open-lightbox=\"yes\" data-elementor-lightbox-slideshow=\"dfb272e\" data-elementor-lightbox-title=\"Daniel Blancart y Tais Lopez - Adrian Sediles Embi\" data-e-action-hash=\"#elementor-action%3Aaction%3Dlightbox%26settings%3DeyJpZCI6NzEzLCJ1cmwiOiJodHRwczpcL1wvYWRyaWFuc2VkaWxlcy5lc1wvd3AtY29udGVudFwvdXBsb2Fkc1wvMjAyMFwvMDRcL0RhbmllbC1CbGFuY2FydC15LVRhaXMtTG9wZXotQWRyaWFuLVNlZGlsZXMtRW1iaS0wMjIuanBnIiwic2xpZGVzaG93IjoiZGZiMjcyZSJ9\" href='https:\/\/adriansediles.es\/wp-content\/uploads\/2020\/04\/Daniel-Blancart-y-Tais-Lopez-Adrian-Sediles-Embi-022.jpg'><img loading=\"lazy\" decoding=\"async\" width=\"200\" height=\"300\" src=\"https:\/\/adriansediles.es\/wp-content\/uploads\/2020\/04\/Daniel-Blancart-y-Tais-Lopez-Adrian-Sediles-Embi-022-200x300.jpg\" class=\"attachment-medium size-medium\" alt=\"\" aria-describedby=\"gallery-1-713\" srcset=\"https:\/\/adriansediles.es\/wp-content\/uploads\/2020\/04\/Daniel-Blancart-y-Tais-Lopez-Adrian-Sediles-Embi-022-200x300.jpg 200w, https:\/\/adriansediles.es\/wp-content\/uploads\/2020\/04\/Daniel-Blancart-y-Tais-Lopez-Adrian-Sediles-Embi-022.jpg 683w\" sizes=\"(max-width: 200px) 100vw, 200px\" \/><\/a>\n\t\t\t<\/div>\n\t\t\t\t<figcaption class='wp-caption-text gallery-caption' id='gallery-1-713'>\n\t\t\t\tSesi\u00f3n embarazada,premam\u00e1 de Tais Lopez y Daniel Blancart\n\t\t\t\t<\/figcaption><\/figure><figure class='gallery-item'>\n\t\t\t<div class='gallery-icon landscape'>\n\t\t\t\t<a data-elementor-open-lightbox=\"yes\" data-elementor-lightbox-slideshow=\"dfb272e\" data-elementor-lightbox-title=\"Daniel Blancart y Tais Lopez - Adrian Sediles Embi\" data-e-action-hash=\"#elementor-action%3Aaction%3Dlightbox%26settings%3DeyJpZCI6NzE0LCJ1cmwiOiJodHRwczpcL1wvYWRyaWFuc2VkaWxlcy5lc1wvd3AtY29udGVudFwvdXBsb2Fkc1wvMjAyMFwvMDRcL0RhbmllbC1CbGFuY2FydC15LVRhaXMtTG9wZXotQWRyaWFuLVNlZGlsZXMtRW1iaS0wMjMuanBnIiwic2xpZGVzaG93IjoiZGZiMjcyZSJ9\" href='https:\/\/adriansediles.es\/wp-content\/uploads\/2020\/04\/Daniel-Blancart-y-Tais-Lopez-Adrian-Sediles-Embi-023.jpg'><img loading=\"lazy\" decoding=\"async\" width=\"300\" height=\"200\" src=\"https:\/\/adriansediles.es\/wp-content\/uploads\/2020\/04\/Daniel-Blancart-y-Tais-Lopez-Adrian-Sediles-Embi-023-300x200.jpg\" class=\"attachment-medium size-medium\" alt=\"\" aria-describedby=\"gallery-1-714\" srcset=\"https:\/\/adriansediles.es\/wp-content\/uploads\/2020\/04\/Daniel-Blancart-y-Tais-Lopez-Adrian-Sediles-Embi-023-300x200.jpg 300w, https:\/\/adriansediles.es\/wp-content\/uploads\/2020\/04\/Daniel-Blancart-y-Tais-Lopez-Adrian-Sediles-Embi-023-768x512.jpg 768w, https:\/\/adriansediles.es\/wp-content\/uploads\/2020\/04\/Daniel-Blancart-y-Tais-Lopez-Adrian-Sediles-Embi-023-666x444.jpg 666w, https:\/\/adriansediles.es\/wp-content\/uploads\/2020\/04\/Daniel-Blancart-y-Tais-Lopez-Adrian-Sediles-Embi-023.jpg 1024w\" sizes=\"(max-width: 300px) 100vw, 300px\" \/><\/a>\n\t\t\t<\/div>\n\t\t\t\t<figcaption class='wp-caption-text gallery-caption' id='gallery-1-714'>\n\t\t\t\tSesi\u00f3n embarazada,premam\u00e1 de Tais Lopez y Daniel Blancart\n\t\t\t\t<\/figcaption><\/figure><figure class='gallery-item'>\n\t\t\t<div class='gallery-icon portrait'>\n\t\t\t\t<a data-elementor-open-lightbox=\"yes\" data-elementor-lightbox-slideshow=\"dfb272e\" data-elementor-lightbox-title=\"Daniel Blancart y Tais Lopez - Adrian Sediles Embi\" data-e-action-hash=\"#elementor-action%3Aaction%3Dlightbox%26settings%3DeyJpZCI6NzE1LCJ1cmwiOiJodHRwczpcL1wvYWRyaWFuc2VkaWxlcy5lc1wvd3AtY29udGVudFwvdXBsb2Fkc1wvMjAyMFwvMDRcL0RhbmllbC1CbGFuY2FydC15LVRhaXMtTG9wZXotQWRyaWFuLVNlZGlsZXMtRW1iaS0wMjQuanBnIiwic2xpZGVzaG93IjoiZGZiMjcyZSJ9\" href='https:\/\/adriansediles.es\/wp-content\/uploads\/2020\/04\/Daniel-Blancart-y-Tais-Lopez-Adrian-Sediles-Embi-024.jpg'><img loading=\"lazy\" decoding=\"async\" width=\"200\" height=\"300\" src=\"https:\/\/adriansediles.es\/wp-content\/uploads\/2020\/04\/Daniel-Blancart-y-Tais-Lopez-Adrian-Sediles-Embi-024-200x300.jpg\" class=\"attachment-medium size-medium\" alt=\"\" aria-describedby=\"gallery-1-715\" srcset=\"https:\/\/adriansediles.es\/wp-content\/uploads\/2020\/04\/Daniel-Blancart-y-Tais-Lopez-Adrian-Sediles-Embi-024-200x300.jpg 200w, https:\/\/adriansediles.es\/wp-content\/uploads\/2020\/04\/Daniel-Blancart-y-Tais-Lopez-Adrian-Sediles-Embi-024.jpg 683w\" sizes=\"(max-width: 200px) 100vw, 200px\" \/><\/a>\n\t\t\t<\/div>\n\t\t\t\t<figcaption class='wp-caption-text gallery-caption' id='gallery-1-715'>\n\t\t\t\tSesi\u00f3n embarazada,premam\u00e1 de Tais Lopez y Daniel Blancart\n\t\t\t\t<\/figcaption><\/figure><figure class='gallery-item'>\n\t\t\t<div class='gallery-icon landscape'>\n\t\t\t\t<a data-elementor-open-lightbox=\"yes\" data-elementor-lightbox-slideshow=\"dfb272e\" data-elementor-lightbox-title=\"Daniel Blancart y Tais Lopez - Adrian Sediles Embi\" data-e-action-hash=\"#elementor-action%3Aaction%3Dlightbox%26settings%3DeyJpZCI6NzE2LCJ1cmwiOiJodHRwczpcL1wvYWRyaWFuc2VkaWxlcy5lc1wvd3AtY29udGVudFwvdXBsb2Fkc1wvMjAyMFwvMDRcL0RhbmllbC1CbGFuY2FydC15LVRhaXMtTG9wZXotQWRyaWFuLVNlZGlsZXMtRW1iaS0wMjUuanBnIiwic2xpZGVzaG93IjoiZGZiMjcyZSJ9\" href='https:\/\/adriansediles.es\/wp-content\/uploads\/2020\/04\/Daniel-Blancart-y-Tais-Lopez-Adrian-Sediles-Embi-025.jpg'><img loading=\"lazy\" decoding=\"async\" width=\"300\" height=\"200\" src=\"https:\/\/adriansediles.es\/wp-content\/uploads\/2020\/04\/Daniel-Blancart-y-Tais-Lopez-Adrian-Sediles-Embi-025-300x200.jpg\" class=\"attachment-medium size-medium\" alt=\"\" aria-describedby=\"gallery-1-716\" srcset=\"https:\/\/adriansediles.es\/wp-content\/uploads\/2020\/04\/Daniel-Blancart-y-Tais-Lopez-Adrian-Sediles-Embi-025-300x200.jpg 300w, https:\/\/adriansediles.es\/wp-content\/uploads\/2020\/04\/Daniel-Blancart-y-Tais-Lopez-Adrian-Sediles-Embi-025-768x512.jpg 768w, https:\/\/adriansediles.es\/wp-content\/uploads\/2020\/04\/Daniel-Blancart-y-Tais-Lopez-Adrian-Sediles-Embi-025-666x444.jpg 666w, https:\/\/adriansediles.es\/wp-content\/uploads\/2020\/04\/Daniel-Blancart-y-Tais-Lopez-Adrian-Sediles-Embi-025.jpg 1024w\" sizes=\"(max-width: 300px) 100vw, 300px\" \/><\/a>\n\t\t\t<\/div>\n\t\t\t\t<figcaption class='wp-caption-text gallery-caption' id='gallery-1-716'>\n\t\t\t\tSesi\u00f3n embarazada,premam\u00e1 de Tais Lopez y Daniel Blancart\n\t\t\t\t<\/figcaption><\/figure><figure class='gallery-item'>\n\t\t\t<div class='gallery-icon landscape'>\n\t\t\t\t<a data-elementor-open-lightbox=\"yes\" data-elementor-lightbox-slideshow=\"dfb272e\" data-elementor-lightbox-title=\"Daniel Blancart y Tais Lopez - Adrian Sediles Embi\" data-e-action-hash=\"#elementor-action%3Aaction%3Dlightbox%26settings%3DeyJpZCI6NzE3LCJ1cmwiOiJodHRwczpcL1wvYWRyaWFuc2VkaWxlcy5lc1wvd3AtY29udGVudFwvdXBsb2Fkc1wvMjAyMFwvMDRcL0RhbmllbC1CbGFuY2FydC15LVRhaXMtTG9wZXotQWRyaWFuLVNlZGlsZXMtRW1iaS0wMjYuanBnIiwic2xpZGVzaG93IjoiZGZiMjcyZSJ9\" href='https:\/\/adriansediles.es\/wp-content\/uploads\/2020\/04\/Daniel-Blancart-y-Tais-Lopez-Adrian-Sediles-Embi-026.jpg'><img loading=\"lazy\" decoding=\"async\" width=\"300\" height=\"200\" src=\"https:\/\/adriansediles.es\/wp-content\/uploads\/2020\/04\/Daniel-Blancart-y-Tais-Lopez-Adrian-Sediles-Embi-026-300x200.jpg\" class=\"attachment-medium size-medium\" alt=\"\" aria-describedby=\"gallery-1-717\" srcset=\"https:\/\/adriansediles.es\/wp-content\/uploads\/2020\/04\/Daniel-Blancart-y-Tais-Lopez-Adrian-Sediles-Embi-026-300x200.jpg 300w, https:\/\/adriansediles.es\/wp-content\/uploads\/2020\/04\/Daniel-Blancart-y-Tais-Lopez-Adrian-Sediles-Embi-026-768x512.jpg 768w, https:\/\/adriansediles.es\/wp-content\/uploads\/2020\/04\/Daniel-Blancart-y-Tais-Lopez-Adrian-Sediles-Embi-026-666x444.jpg 666w, https:\/\/adriansediles.es\/wp-content\/uploads\/2020\/04\/Daniel-Blancart-y-Tais-Lopez-Adrian-Sediles-Embi-026.jpg 1024w\" sizes=\"(max-width: 300px) 100vw, 300px\" \/><\/a>\n\t\t\t<\/div>\n\t\t\t\t<figcaption class='wp-caption-text gallery-caption' id='gallery-1-717'>\n\t\t\t\tSesi\u00f3n embarazada,premam\u00e1 de Tais Lopez y Daniel Blancart\n\t\t\t\t<\/figcaption><\/figure><figure class='gallery-item'>\n\t\t\t<div class='gallery-icon landscape'>\n\t\t\t\t<a data-elementor-open-lightbox=\"yes\" data-elementor-lightbox-slideshow=\"dfb272e\" data-elementor-lightbox-title=\"Daniel Blancart y Tais Lopez - Adrian Sediles Embi\" data-e-action-hash=\"#elementor-action%3Aaction%3Dlightbox%26settings%3DeyJpZCI6NzE5LCJ1cmwiOiJodHRwczpcL1wvYWRyaWFuc2VkaWxlcy5lc1wvd3AtY29udGVudFwvdXBsb2Fkc1wvMjAyMFwvMDRcL0RhbmllbC1CbGFuY2FydC15LVRhaXMtTG9wZXotQWRyaWFuLVNlZGlsZXMtRW1iaS0wMjcuanBnIiwic2xpZGVzaG93IjoiZGZiMjcyZSJ9\" href='https:\/\/adriansediles.es\/wp-content\/uploads\/2020\/04\/Daniel-Blancart-y-Tais-Lopez-Adrian-Sediles-Embi-027.jpg'><img loading=\"lazy\" decoding=\"async\" width=\"300\" height=\"200\" src=\"https:\/\/adriansediles.es\/wp-content\/uploads\/2020\/04\/Daniel-Blancart-y-Tais-Lopez-Adrian-Sediles-Embi-027-300x200.jpg\" class=\"attachment-medium size-medium\" alt=\"\" aria-describedby=\"gallery-1-719\" srcset=\"https:\/\/adriansediles.es\/wp-content\/uploads\/2020\/04\/Daniel-Blancart-y-Tais-Lopez-Adrian-Sediles-Embi-027-300x200.jpg 300w, https:\/\/adriansediles.es\/wp-content\/uploads\/2020\/04\/Daniel-Blancart-y-Tais-Lopez-Adrian-Sediles-Embi-027-768x512.jpg 768w, https:\/\/adriansediles.es\/wp-content\/uploads\/2020\/04\/Daniel-Blancart-y-Tais-Lopez-Adrian-Sediles-Embi-027-666x444.jpg 666w, https:\/\/adriansediles.es\/wp-content\/uploads\/2020\/04\/Daniel-Blancart-y-Tais-Lopez-Adrian-Sediles-Embi-027.jpg 1024w\" sizes=\"(max-width: 300px) 100vw, 300px\" \/><\/a>\n\t\t\t<\/div>\n\t\t\t\t<figcaption class='wp-caption-text gallery-caption' id='gallery-1-719'>\n\t\t\t\tSesi\u00f3n embarazada,premam\u00e1 de Tais Lopez y Daniel Blancart\n\t\t\t\t<\/figcaption><\/figure><figure class='gallery-item'>\n\t\t\t<div class='gallery-icon portrait'>\n\t\t\t\t<a data-elementor-open-lightbox=\"yes\" data-elementor-lightbox-slideshow=\"dfb272e\" data-elementor-lightbox-title=\"Daniel Blancart y Tais Lopez - Adrian Sediles Embi\" data-e-action-hash=\"#elementor-action%3Aaction%3Dlightbox%26settings%3DeyJpZCI6NzIwLCJ1cmwiOiJodHRwczpcL1wvYWRyaWFuc2VkaWxlcy5lc1wvd3AtY29udGVudFwvdXBsb2Fkc1wvMjAyMFwvMDRcL0RhbmllbC1CbGFuY2FydC15LVRhaXMtTG9wZXotQWRyaWFuLVNlZGlsZXMtRW1iaS0wMjguanBnIiwic2xpZGVzaG93IjoiZGZiMjcyZSJ9\" href='https:\/\/adriansediles.es\/wp-content\/uploads\/2020\/04\/Daniel-Blancart-y-Tais-Lopez-Adrian-Sediles-Embi-028.jpg'><img loading=\"lazy\" decoding=\"async\" width=\"200\" height=\"300\" src=\"https:\/\/adriansediles.es\/wp-content\/uploads\/2020\/04\/Daniel-Blancart-y-Tais-Lopez-Adrian-Sediles-Embi-028-200x300.jpg\" class=\"attachment-medium size-medium\" alt=\"\" aria-describedby=\"gallery-1-720\" srcset=\"https:\/\/adriansediles.es\/wp-content\/uploads\/2020\/04\/Daniel-Blancart-y-Tais-Lopez-Adrian-Sediles-Embi-028-200x300.jpg 200w, https:\/\/adriansediles.es\/wp-content\/uploads\/2020\/04\/Daniel-Blancart-y-Tais-Lopez-Adrian-Sediles-Embi-028.jpg 683w\" sizes=\"(max-width: 200px) 100vw, 200px\" \/><\/a>\n\t\t\t<\/div>\n\t\t\t\t<figcaption class='wp-caption-text gallery-caption' id='gallery-1-720'>\n\t\t\t\tSesi\u00f3n embarazada,premam\u00e1 de Tais Lopez y Daniel Blancart\n\t\t\t\t<\/figcaption><\/figure><figure class='gallery-item'>\n\t\t\t<div class='gallery-icon portrait'>\n\t\t\t\t<a data-elementor-open-lightbox=\"yes\" data-elementor-lightbox-slideshow=\"dfb272e\" data-elementor-lightbox-title=\"Daniel Blancart y Tais Lopez - Adrian Sediles Embi\" data-e-action-hash=\"#elementor-action%3Aaction%3Dlightbox%26settings%3DeyJpZCI6NzIxLCJ1cmwiOiJodHRwczpcL1wvYWRyaWFuc2VkaWxlcy5lc1wvd3AtY29udGVudFwvdXBsb2Fkc1wvMjAyMFwvMDRcL0RhbmllbC1CbGFuY2FydC15LVRhaXMtTG9wZXotQWRyaWFuLVNlZGlsZXMtRW1iaS0xLmpwZyIsInNsaWRlc2hvdyI6ImRmYjI3MmUifQ%3D%3D\" href='https:\/\/adriansediles.es\/wp-content\/uploads\/2020\/04\/Daniel-Blancart-y-Tais-Lopez-Adrian-Sediles-Embi-1.jpg'><img loading=\"lazy\" decoding=\"async\" width=\"200\" height=\"300\" src=\"https:\/\/adriansediles.es\/wp-content\/uploads\/2020\/04\/Daniel-Blancart-y-Tais-Lopez-Adrian-Sediles-Embi-1-200x300.jpg\" class=\"attachment-medium size-medium\" alt=\"\" aria-describedby=\"gallery-1-721\" srcset=\"https:\/\/adriansediles.es\/wp-content\/uploads\/2020\/04\/Daniel-Blancart-y-Tais-Lopez-Adrian-Sediles-Embi-1-200x300.jpg 200w, https:\/\/adriansediles.es\/wp-content\/uploads\/2020\/04\/Daniel-Blancart-y-Tais-Lopez-Adrian-Sediles-Embi-1.jpg 683w\" sizes=\"(max-width: 200px) 100vw, 200px\" \/><\/a>\n\t\t\t<\/div>\n\t\t\t\t<figcaption class='wp-caption-text gallery-caption' id='gallery-1-721'>\n\t\t\t\tSesi\u00f3n embarazada,premam\u00e1 de Tais Lopez y Daniel Blancart\n\t\t\t\t<\/figcaption><\/figure><figure class='gallery-item'>\n\t\t\t<div class='gallery-icon landscape'>\n\t\t\t\t<a data-elementor-open-lightbox=\"yes\" data-elementor-lightbox-slideshow=\"dfb272e\" data-elementor-lightbox-title=\"Daniel Blancart y Tais Lopez - Adrian Sediles Embi\" data-e-action-hash=\"#elementor-action%3Aaction%3Dlightbox%26settings%3DeyJpZCI6NzIyLCJ1cmwiOiJodHRwczpcL1wvYWRyaWFuc2VkaWxlcy5lc1wvd3AtY29udGVudFwvdXBsb2Fkc1wvMjAyMFwvMDRcL0RhbmllbC1CbGFuY2FydC15LVRhaXMtTG9wZXotQWRyaWFuLVNlZGlsZXMtRW1iaS0wMTcuanBnIiwic2xpZGVzaG93IjoiZGZiMjcyZSJ9\" href='https:\/\/adriansediles.es\/wp-content\/uploads\/2020\/04\/Daniel-Blancart-y-Tais-Lopez-Adrian-Sediles-Embi-017.jpg'><img loading=\"lazy\" decoding=\"async\" width=\"300\" height=\"200\" src=\"https:\/\/adriansediles.es\/wp-content\/uploads\/2020\/04\/Daniel-Blancart-y-Tais-Lopez-Adrian-Sediles-Embi-017-300x200.jpg\" class=\"attachment-medium size-medium\" alt=\"\" aria-describedby=\"gallery-1-722\" srcset=\"https:\/\/adriansediles.es\/wp-content\/uploads\/2020\/04\/Daniel-Blancart-y-Tais-Lopez-Adrian-Sediles-Embi-017-300x200.jpg 300w, https:\/\/adriansediles.es\/wp-content\/uploads\/2020\/04\/Daniel-Blancart-y-Tais-Lopez-Adrian-Sediles-Embi-017-768x512.jpg 768w, https:\/\/adriansediles.es\/wp-content\/uploads\/2020\/04\/Daniel-Blancart-y-Tais-Lopez-Adrian-Sediles-Embi-017-666x444.jpg 666w, https:\/\/adriansediles.es\/wp-content\/uploads\/2020\/04\/Daniel-Blancart-y-Tais-Lopez-Adrian-Sediles-Embi-017.jpg 1024w\" sizes=\"(max-width: 300px) 100vw, 300px\" \/><\/a>\n\t\t\t<\/div>\n\t\t\t\t<figcaption class='wp-caption-text gallery-caption' id='gallery-1-722'>\n\t\t\t\tSesi\u00f3n embarazada,premam\u00e1 de Tais Lopez y Daniel Blancart\n\t\t\t\t<\/figcaption><\/figure>\n\t\t<\/div>\n\t\t<\/div>\n\t\t\t\t\t\t<\/div>\n\t\t\t\t<\/div>\n\t\t\t\t\t<\/div>\n\t\t<\/div>\n\t\t\t\t\t<\/div>\n\t\t<\/section>\n\t\t\t\t<\/div>\n\t\t","protected":false},"excerpt":{"rendered":"<p>Sesi\u00f3n embarazada,premam\u00e1 de Tais Lopez y Daniel Blancart Sesi\u00f3n embarazada,premam\u00e1 de Tais Lopez y Daniel Blancart Sesi\u00f3n embarazada,premam\u00e1 de Tais &hellip; <a href=\"https:\/\/adriansediles.es\/?page_id=691\" class=\"more-link\"><span class=\"more-button\">Seguir leyendo<span class=\"screen-reader-text\">Sesi\u00f3n embarazada,premam\u00e1 de Tais Lopez y Daniel Blancart<\/span><\/span><\/a><\/p>\n","protected":false},"author":1,"featured_media":0,"parent":0,"menu_order":0,"comment_status":"closed","ping_status":"closed","template":"","meta":{"footnotes":""},"class_list":["post-691","page","type-page","status-publish","hentry"],"_links":{"self":[{"href":"https:\/\/adriansediles.es\/index.php?rest_route=\/wp\/v2\/pages\/691","targetHints":{"allow":["GET"]}}],"collection":[{"href":"https:\/\/adriansediles.es\/index.php?rest_route=\/wp\/v2\/pages"}],"about":[{"href":"https:\/\/adriansediles.es\/index.php?rest_route=\/wp\/v2\/types\/page"}],"author":[{"embeddable":true,"href":"https:\/\/adriansediles.es\/index.php?rest_route=\/wp\/v2\/users\/1"}],"replies":[{"embeddable":true,"href":"https:\/\/adriansediles.es\/index.php?rest_route=%2Fwp%2Fv2%2Fcomments&post=691"}],"version-history":[{"count":3,"href":"https:\/\/adriansediles.es\/index.php?rest_route=\/wp\/v2\/pages\/691\/revisions"}],"predecessor-version":[{"id":724,"href":"https:\/\/adriansediles.es\/index.php?rest_route=\/wp\/v2\/pages\/691\/revisions\/724"}],"wp:attachment":[{"href":"https:\/\/adriansediles.es\/index.php?rest_route=%2Fwp%2Fv2%2Fmedia&parent=691"}],"curies":[{"name":"wp","href":"https:\/\/api.w.org\/{rel}","templated":true}]}}