{"id":80,"date":"2020-02-03T10:47:48","date_gmt":"2020-02-03T10:47:48","guid":{"rendered":"http:\/\/192.168.1.111\/?page_id=80"},"modified":"2025-03-28T10:40:29","modified_gmt":"2025-03-28T10:40:29","slug":"comuniones","status":"publish","type":"page","link":"https:\/\/adriansediles.es\/?page_id=80","title":{"rendered":"COMUNIONES"},"content":{"rendered":"\t\t<div data-elementor-type=\"wp-page\" data-elementor-id=\"80\" class=\"elementor elementor-80\">\n\t\t\t\t\t\t<section class=\"elementor-section elementor-top-section elementor-element elementor-element-3381f326 elementor-section-boxed elementor-section-height-default elementor-section-height-default\" data-id=\"3381f326\" data-element_type=\"section\" data-e-type=\"section\">\n\t\t\t\t\t\t<div class=\"elementor-container elementor-column-gap-default\">\n\t\t\t\t\t<div class=\"elementor-column elementor-col-100 elementor-top-column elementor-element elementor-element-7f37b763\" data-id=\"7f37b763\" data-element_type=\"column\" data-e-type=\"column\">\n\t\t\t<div class=\"elementor-widget-wrap elementor-element-populated\">\n\t\t\t\t\t\t<div class=\"elementor-element elementor-element-7373118b elementor-widget elementor-widget-text-editor\" data-id=\"7373118b\" data-element_type=\"widget\" data-e-type=\"widget\" data-widget_type=\"text-editor.default\">\n\t\t\t\t<div class=\"elementor-widget-container\">\n\t\t\t\t\t\t\t\t\t\n<figure class=\"wp-block-image size-large\"><img decoding=\"async\" src=\"blob:http:\/\/192.168.1.111\/1483eac9-4731-44e6-985e-769ac78e3567\" alt=\"\"\/><\/figure>\n\t\t\t\t\t\t\t\t<\/div>\n\t\t\t\t<\/div>\n\t\t\t\t\t<\/div>\n\t\t<\/div>\n\t\t\t\t\t<\/div>\n\t\t<\/section>\n\t\t\t\t<section class=\"elementor-section elementor-top-section elementor-element elementor-element-5e3d358 elementor-section-boxed elementor-section-height-default elementor-section-height-default\" data-id=\"5e3d358\" data-element_type=\"section\" data-e-type=\"section\">\n\t\t\t\t\t\t<div class=\"elementor-container elementor-column-gap-default\">\n\t\t\t\t\t<div class=\"elementor-column elementor-col-100 elementor-top-column elementor-element elementor-element-6e392c0\" data-id=\"6e392c0\" data-element_type=\"column\" data-e-type=\"column\">\n\t\t\t<div class=\"elementor-widget-wrap elementor-element-populated\">\n\t\t\t\t\t\t<div class=\"elementor-element elementor-element-72d9408 elementor-position-top elementor-widget elementor-widget-image-box\" data-id=\"72d9408\" data-element_type=\"widget\" data-e-type=\"widget\" data-widget_type=\"image-box.default\">\n\t\t\t\t<div class=\"elementor-widget-container\">\n\t\t\t\t\t<div class=\"elementor-image-box-wrapper\"><figure class=\"elementor-image-box-img\"><a href=\"https:\/\/adriansediles.es\/?page_id=243\" tabindex=\"-1\"><img fetchpriority=\"high\" decoding=\"async\" width=\"876\" height=\"1024\" src=\"https:\/\/adriansediles.es\/wp-content\/uploads\/2020\/02\/MG_4981-R.jpg\" class=\"attachment-full size-full wp-image-241\" alt=\"Comunion Ariadna Termis Casas - Adrian Sediles Embi\" srcset=\"https:\/\/adriansediles.es\/wp-content\/uploads\/2020\/02\/MG_4981-R.jpg 876w, https:\/\/adriansediles.es\/wp-content\/uploads\/2020\/02\/MG_4981-R-257x300.jpg 257w, https:\/\/adriansediles.es\/wp-content\/uploads\/2020\/02\/MG_4981-R-768x898.jpg 768w\" sizes=\"(max-width: 876px) 100vw, 876px\" \/><\/a><\/figure><div class=\"elementor-image-box-content\"><h3 class=\"elementor-image-box-title\"><a href=\"https:\/\/adriansediles.es\/?page_id=243\">Ariadna Termis Casas<\/a><\/h3><p class=\"elementor-image-box-description\">Comuni\u00f3n de Ariadna Termis Casas, sesi\u00f3n de fotos realizada en el parque del Agua, Bas\u00edlica del Pilar y Puente de Piedra de Zaragoza.<\/p><\/div><\/div>\t\t\t\t<\/div>\n\t\t\t\t<\/div>\n\t\t\t\t\t<\/div>\n\t\t<\/div>\n\t\t\t\t\t<\/div>\n\t\t<\/section>\n\t\t\t\t<section class=\"elementor-section elementor-top-section elementor-element elementor-element-2ac03f9 elementor-section-boxed elementor-section-height-default elementor-section-height-default\" data-id=\"2ac03f9\" data-element_type=\"section\" data-e-type=\"section\">\n\t\t\t\t\t\t<div class=\"elementor-container elementor-column-gap-default\">\n\t\t\t\t\t<div class=\"elementor-column elementor-col-100 elementor-top-column elementor-element elementor-element-3751ecf\" data-id=\"3751ecf\" data-element_type=\"column\" data-e-type=\"column\">\n\t\t\t<div class=\"elementor-widget-wrap elementor-element-populated\">\n\t\t\t\t\t\t<div class=\"elementor-element elementor-element-5a4c548 elementor-position-top elementor-widget elementor-widget-image-box\" data-id=\"5a4c548\" data-element_type=\"widget\" data-e-type=\"widget\" data-widget_type=\"image-box.default\">\n\t\t\t\t<div class=\"elementor-widget-container\">\n\t\t\t\t\t<div class=\"elementor-image-box-wrapper\"><figure class=\"elementor-image-box-img\"><a href=\"https:\/\/adriansediles.es\/?page_id=286\" tabindex=\"-1\"><img decoding=\"async\" width=\"1024\" height=\"683\" src=\"https:\/\/adriansediles.es\/wp-content\/uploads\/2020\/02\/MG_9457-como-objeto-inteligente-1.jpg\" class=\"attachment-full size-full wp-image-236\" alt=\"Comunion Samuel Trasobares Ruiz - Adrian Sediles Embi\" srcset=\"https:\/\/adriansediles.es\/wp-content\/uploads\/2020\/02\/MG_9457-como-objeto-inteligente-1.jpg 1024w, https:\/\/adriansediles.es\/wp-content\/uploads\/2020\/02\/MG_9457-como-objeto-inteligente-1-300x200.jpg 300w, https:\/\/adriansediles.es\/wp-content\/uploads\/2020\/02\/MG_9457-como-objeto-inteligente-1-768x512.jpg 768w, https:\/\/adriansediles.es\/wp-content\/uploads\/2020\/02\/MG_9457-como-objeto-inteligente-1-666x444.jpg 666w\" sizes=\"(max-width: 1024px) 100vw, 1024px\" \/><\/a><\/figure><div class=\"elementor-image-box-content\"><h3 class=\"elementor-image-box-title\"><a href=\"https:\/\/adriansediles.es\/?page_id=286\">Comuni\u00f3n de Samuel Trasobares Ruiz<\/a><\/h3><p class=\"elementor-image-box-description\">Comuni\u00f3n de Samuel Trasobares Ruiz, sesi\u00f3n de fotos realizada en el parque del Agua en Zaragoza<\/p><\/div><\/div>\t\t\t\t<\/div>\n\t\t\t\t<\/div>\n\t\t\t\t\t<\/div>\n\t\t<\/div>\n\t\t\t\t\t<\/div>\n\t\t<\/section>\n\t\t\t\t<section class=\"elementor-section elementor-top-section elementor-element elementor-element-8c9e6da elementor-section-boxed elementor-section-height-default elementor-section-height-default\" data-id=\"8c9e6da\" data-element_type=\"section\" data-e-type=\"section\">\n\t\t\t\t\t\t<div class=\"elementor-container elementor-column-gap-default\">\n\t\t\t\t\t<div class=\"elementor-column elementor-col-100 elementor-top-column elementor-element elementor-element-56b23b0\" data-id=\"56b23b0\" data-element_type=\"column\" data-e-type=\"column\">\n\t\t\t<div class=\"elementor-widget-wrap elementor-element-populated\">\n\t\t\t\t\t\t<div class=\"elementor-element elementor-element-8c46529 elementor-position-top elementor-widget elementor-widget-image-box\" data-id=\"8c46529\" data-element_type=\"widget\" data-e-type=\"widget\" data-widget_type=\"image-box.default\">\n\t\t\t\t<div class=\"elementor-widget-container\">\n\t\t\t\t\t<div class=\"elementor-image-box-wrapper\"><figure class=\"elementor-image-box-img\"><a href=\"https:\/\/adriansediles.es\/?page_id=267\" tabindex=\"-1\"><img decoding=\"async\" width=\"1024\" height=\"683\" src=\"https:\/\/adriansediles.es\/wp-content\/uploads\/2020\/02\/MG_8804-como-objeto-inteligente-1.jpg\" class=\"attachment-full size-full wp-image-239\" alt=\"Comunion Diego Rodriguez Coca - Adrian Sediles Embi\" srcset=\"https:\/\/adriansediles.es\/wp-content\/uploads\/2020\/02\/MG_8804-como-objeto-inteligente-1.jpg 1024w, https:\/\/adriansediles.es\/wp-content\/uploads\/2020\/02\/MG_8804-como-objeto-inteligente-1-300x200.jpg 300w, https:\/\/adriansediles.es\/wp-content\/uploads\/2020\/02\/MG_8804-como-objeto-inteligente-1-768x512.jpg 768w, https:\/\/adriansediles.es\/wp-content\/uploads\/2020\/02\/MG_8804-como-objeto-inteligente-1-666x444.jpg 666w\" sizes=\"(max-width: 1024px) 100vw, 1024px\" \/><\/a><\/figure><div class=\"elementor-image-box-content\"><h3 class=\"elementor-image-box-title\"><a href=\"https:\/\/adriansediles.es\/?page_id=267\">Comuni\u00f3n de Diego Rodriguez Coca<\/a><\/h3><p class=\"elementor-image-box-description\">Comuni\u00f3n de Diego Rodriguez Coca, sesi\u00f3n de fotos realizada en el parque del Agua y puente de Piedra de Zaragoza<\/p><\/div><\/div>\t\t\t\t<\/div>\n\t\t\t\t<\/div>\n\t\t\t\t\t<\/div>\n\t\t<\/div>\n\t\t\t\t\t<\/div>\n\t\t<\/section>\n\t\t\t\t<section class=\"elementor-section elementor-top-section elementor-element elementor-element-1af2a69 elementor-section-boxed elementor-section-height-default elementor-section-height-default\" data-id=\"1af2a69\" data-element_type=\"section\" data-e-type=\"section\">\n\t\t\t\t\t\t<div class=\"elementor-container elementor-column-gap-default\">\n\t\t\t\t\t<div class=\"elementor-column elementor-col-100 elementor-top-column elementor-element elementor-element-63c2d60\" data-id=\"63c2d60\" data-element_type=\"column\" data-e-type=\"column\">\n\t\t\t<div class=\"elementor-widget-wrap elementor-element-populated\">\n\t\t\t\t\t\t<div class=\"elementor-element elementor-element-b50d3d0 elementor-position-top elementor-widget elementor-widget-image-box\" data-id=\"b50d3d0\" data-element_type=\"widget\" data-e-type=\"widget\" data-widget_type=\"image-box.default\">\n\t\t\t\t<div class=\"elementor-widget-container\">\n\t\t\t\t\t<div class=\"elementor-image-box-wrapper\"><figure class=\"elementor-image-box-img\"><a href=\"https:\/\/adriansediles.es\/?page_id=306\" tabindex=\"-1\"><img loading=\"lazy\" decoding=\"async\" width=\"864\" height=\"576\" src=\"https:\/\/adriansediles.es\/wp-content\/uploads\/2020\/02\/33.jpg\" class=\"attachment-full size-full wp-image-240\" alt=\"Comunion Hector Casas Gonzalez - Adrian Sediles Embi\" srcset=\"https:\/\/adriansediles.es\/wp-content\/uploads\/2020\/02\/33.jpg 864w, https:\/\/adriansediles.es\/wp-content\/uploads\/2020\/02\/33-300x200.jpg 300w, https:\/\/adriansediles.es\/wp-content\/uploads\/2020\/02\/33-768x512.jpg 768w, https:\/\/adriansediles.es\/wp-content\/uploads\/2020\/02\/33-666x444.jpg 666w\" sizes=\"(max-width: 864px) 100vw, 864px\" \/><\/a><\/figure><div class=\"elementor-image-box-content\"><h3 class=\"elementor-image-box-title\"><a href=\"https:\/\/adriansediles.es\/?page_id=306\">Comuni\u00f3n de Hector Casas Gonzalez<\/a><\/h3><p class=\"elementor-image-box-description\">Comuni\u00f3n de Diego Rodriguez Coca, sesi\u00f3n de fotos realizada en el parque del Agua, Bas\u00edlica del Pilar y Puente de Piedra de Zaragoza.<\/p><\/div><\/div>\t\t\t\t<\/div>\n\t\t\t\t<\/div>\n\t\t\t\t\t<\/div>\n\t\t<\/div>\n\t\t\t\t\t<\/div>\n\t\t<\/section>\n\t\t\t\t<\/div>\n\t\t","protected":false},"excerpt":{"rendered":"<p>Ariadna Termis Casas Comuni\u00f3n de Ariadna Termis Casas, sesi\u00f3n de fotos realizada en el parque del Agua, Bas\u00edlica del Pilar &hellip; <a href=\"https:\/\/adriansediles.es\/?page_id=80\" class=\"more-link\"><span class=\"more-button\">Seguir leyendo<span class=\"screen-reader-text\">COMUNIONES<\/span><\/span><\/a><\/p>\n","protected":false},"author":1,"featured_media":0,"parent":0,"menu_order":0,"comment_status":"closed","ping_status":"closed","template":"","meta":{"footnotes":""},"class_list":["post-80","page","type-page","status-publish","hentry"],"_links":{"self":[{"href":"https:\/\/adriansediles.es\/index.php?rest_route=\/wp\/v2\/pages\/80","targetHints":{"allow":["GET"]}}],"collection":[{"href":"https:\/\/adriansediles.es\/index.php?rest_route=\/wp\/v2\/pages"}],"about":[{"href":"https:\/\/adriansediles.es\/index.php?rest_route=\/wp\/v2\/types\/page"}],"author":[{"embeddable":true,"href":"https:\/\/adriansediles.es\/index.php?rest_route=\/wp\/v2\/users\/1"}],"replies":[{"embeddable":true,"href":"https:\/\/adriansediles.es\/index.php?rest_route=%2Fwp%2Fv2%2Fcomments&post=80"}],"version-history":[{"count":20,"href":"https:\/\/adriansediles.es\/index.php?rest_route=\/wp\/v2\/pages\/80\/revisions"}],"predecessor-version":[{"id":1681,"href":"https:\/\/adriansediles.es\/index.php?rest_route=\/wp\/v2\/pages\/80\/revisions\/1681"}],"wp:attachment":[{"href":"https:\/\/adriansediles.es\/index.php?rest_route=%2Fwp%2Fv2%2Fmedia&parent=80"}],"curies":[{"name":"wp","href":"https:\/\/api.w.org\/{rel}","templated":true}]}}